{"id":27050,"date":"2025-03-05T06:45:44","date_gmt":"2025-03-05T06:45:44","guid":{"rendered":"https:\/\/repairandshop.ch\/reparation-de-lapple-watch\/"},"modified":"2026-04-12T15:17:27","modified_gmt":"2026-04-12T15:17:27","slug":"reparation-apple-watch","status":"publish","type":"page","link":"https:\/\/repairandshop.ch\/fr\/reparation-apple-watch\/","title":{"rendered":"R\u00e9paration Apple Watch"},"content":{"rendered":"\t\t<div data-elementor-type=\"wp-page\" data-elementor-id=\"27050\" class=\"elementor elementor-27050 elementor-16613\" data-elementor-post-type=\"page\">\n\t\t\t\t<div class=\"wd-negative-gap elementor-element elementor-element-a9f81d6 e-flex e-con-boxed e-con e-parent\" data-id=\"a9f81d6\" data-element_type=\"container\" data-e-type=\"container\" data-settings=\"{&quot;_ha_eqh_enable&quot;:false}\">\n\t\t\t\t\t<div class=\"e-con-inner\">\n\t\t\t\t\t<\/div>\n\t\t\t\t<\/div>\n\t\t<div class=\"wd-negative-gap elementor-element elementor-element-16eb037 e-grid e-con-boxed e-con e-parent\" data-id=\"16eb037\" data-element_type=\"container\" data-e-type=\"container\" data-settings=\"{&quot;_ha_eqh_enable&quot;:&quot;yes&quot;,&quot;_ha_eqh_widget&quot;:[&quot;elementskit-image-box&quot;],&quot;_ha_eqh_to&quot;:&quot;widget&quot;}\">\n\t\t\t\t\t<div class=\"e-con-inner\">\n\t\t\t\t<div class=\"elementor-element elementor-element-3ba0ebc ekit-equal-height-enable ha-has-bg-overlay elementor-widget elementor-widget-elementskit-image-box\" data-id=\"3ba0ebc\" data-element_type=\"widget\" data-e-type=\"widget\" data-widget_type=\"elementskit-image-box.default\">\n\t\t\t\t<div class=\"elementor-widget-container\">\n\t\t\t\t\t<div class=\"ekit-wid-con\" >\n            <div class=\"elementskit-info-image-box ekit-image-box text-center simple-card\" >\n\n                \n                <div class=\"elementskit-box-header image-box-img-center\">\n\n                    <img loading=\"lazy\" decoding=\"async\" width=\"300\" height=\"300\" src=\"https:\/\/repairandshop.ch\/wp-content\/uploads\/2026\/04\/apple-watch-se-3rd-gen-2025-1-300x300.jpg\" class=\"attachment-medium size-medium wp-image-73646\" alt=\"\" srcset=\"https:\/\/repairandshop.ch\/wp-content\/uploads\/2026\/04\/apple-watch-se-3rd-gen-2025-1-300x300.jpg 300w, https:\/\/repairandshop.ch\/wp-content\/uploads\/2026\/04\/apple-watch-se-3rd-gen-2025-1-150x150.jpg 150w, https:\/\/repairandshop.ch\/wp-content\/uploads\/2026\/04\/apple-watch-se-3rd-gen-2025-1-768x768.jpg 768w, https:\/\/repairandshop.ch\/wp-content\/uploads\/2026\/04\/apple-watch-se-3rd-gen-2025-1-600x600.jpg 600w, https:\/\/repairandshop.ch\/wp-content\/uploads\/2026\/04\/apple-watch-se-3rd-gen-2025-1.jpg 1000w\" sizes=\"auto, (max-width: 300px) 100vw, 300px\" \/>\n                <\/div>\n                \n                <div class=\"elementskit-box-body ekit-image-box-body\">\n                    <div class=\"elementskit-box-content ekit-image-box-body-inner\">\n                                                <h2 class=\"elementskit-info-box-title\">\n\n                        Watch SE (3rd Gen \u2013 2025)\n                        \n                    <\/h2>\n                                                            <div class=\"elementskit-box-style-content\">\n                        Mod\u00e8les: 40mm, 44mm\n\u2013 R\u00e9paration \u00e9cran, changement de batterie, r\u00e9paration capteur &amp; cam\u00e9ra et plus encore.                    <\/div>\n                                    <\/div>\n\n                                <div class=\"elementskit-box-footer\">\n                    <div class=\"box-footer\">\n                        <div class=\"btn-wraper\">\n                                                            <a href=\"https:\/\/repairandshop.ch\/apple-watch-se-3rd-gen-2025-reparatur\/\" class=\"elementskit-btn whitespace--normal\">\n                                    Voir r\u00e9paration                                <\/a>\n                                                    <\/div>\n                    <\/div>\n                <\/div>\n                            <\/div>\n            <\/div>\n    <\/div>\t\t\t\t<\/div>\n\t\t\t\t<\/div>\n\t\t\t\t<div class=\"elementor-element elementor-element-1831080 ekit-equal-height-enable ha-has-bg-overlay elementor-widget elementor-widget-elementskit-image-box\" data-id=\"1831080\" data-element_type=\"widget\" data-e-type=\"widget\" data-widget_type=\"elementskit-image-box.default\">\n\t\t\t\t<div class=\"elementor-widget-container\">\n\t\t\t\t\t<div class=\"ekit-wid-con\" >\n            <div class=\"elementskit-info-image-box ekit-image-box text-center simple-card\" >\n\n                \n                <div class=\"elementskit-box-header image-box-img-center\">\n\n                    <img loading=\"lazy\" decoding=\"async\" width=\"300\" height=\"300\" src=\"https:\/\/repairandshop.ch\/wp-content\/uploads\/2026\/04\/watch-ultra-3-1-300x300.jpg\" class=\"attachment-medium size-medium wp-image-73645\" alt=\"\" srcset=\"https:\/\/repairandshop.ch\/wp-content\/uploads\/2026\/04\/watch-ultra-3-1-300x300.jpg 300w, https:\/\/repairandshop.ch\/wp-content\/uploads\/2026\/04\/watch-ultra-3-1-150x150.jpg 150w, https:\/\/repairandshop.ch\/wp-content\/uploads\/2026\/04\/watch-ultra-3-1-768x768.jpg 768w, https:\/\/repairandshop.ch\/wp-content\/uploads\/2026\/04\/watch-ultra-3-1-600x600.jpg 600w, https:\/\/repairandshop.ch\/wp-content\/uploads\/2026\/04\/watch-ultra-3-1.jpg 1000w\" sizes=\"auto, (max-width: 300px) 100vw, 300px\" \/>\n                <\/div>\n                \n                <div class=\"elementskit-box-body ekit-image-box-body\">\n                    <div class=\"elementskit-box-content ekit-image-box-body-inner\">\n                                                <h2 class=\"elementskit-info-box-title\">\n\n                        Watch Ultra 3 (2025)\n                        \n                    <\/h2>\n                                                            <div class=\"elementskit-box-style-content\">\n                        Mod\u00e8les: 49mm\u2013 \n\nR\u00e9paration \u00e9cran, changement de batterie, r\u00e9paration capteur &amp; cam\u00e9ra et plus encore.                    <\/div>\n                                    <\/div>\n\n                                <div class=\"elementskit-box-footer\">\n                    <div class=\"box-footer\">\n                        <div class=\"btn-wraper\">\n                                                            <a href=\"https:\/\/repairandshop.ch\/fr\/reparation-apple-watch-ultra-3\/\" class=\"elementskit-btn whitespace--normal\">\n                                    Voir r\u00e9paration                                <\/a>\n                                                    <\/div>\n                    <\/div>\n                <\/div>\n                            <\/div>\n            <\/div>\n    <\/div>\t\t\t\t<\/div>\n\t\t\t\t<\/div>\n\t\t\t\t<div class=\"elementor-element elementor-element-0795d86 ekit-equal-height-enable ha-has-bg-overlay elementor-widget elementor-widget-elementskit-image-box\" data-id=\"0795d86\" data-element_type=\"widget\" data-e-type=\"widget\" data-widget_type=\"elementskit-image-box.default\">\n\t\t\t\t<div class=\"elementor-widget-container\">\n\t\t\t\t\t<div class=\"ekit-wid-con\" >\n            <div class=\"elementskit-info-image-box ekit-image-box text-center simple-card\" >\n\n                \n                <div class=\"elementskit-box-header image-box-img-center\">\n\n                    <img loading=\"lazy\" decoding=\"async\" width=\"300\" height=\"300\" src=\"https:\/\/repairandshop.ch\/wp-content\/uploads\/2026\/04\/apple-watch-series-11-1-300x300.jpg\" class=\"attachment-medium size-medium wp-image-73644\" alt=\"\" srcset=\"https:\/\/repairandshop.ch\/wp-content\/uploads\/2026\/04\/apple-watch-series-11-1-300x300.jpg 300w, https:\/\/repairandshop.ch\/wp-content\/uploads\/2026\/04\/apple-watch-series-11-1-150x150.jpg 150w, https:\/\/repairandshop.ch\/wp-content\/uploads\/2026\/04\/apple-watch-series-11-1-768x768.jpg 768w, https:\/\/repairandshop.ch\/wp-content\/uploads\/2026\/04\/apple-watch-series-11-1-600x600.jpg 600w, https:\/\/repairandshop.ch\/wp-content\/uploads\/2026\/04\/apple-watch-series-11-1.jpg 1000w\" sizes=\"auto, (max-width: 300px) 100vw, 300px\" \/>\n                <\/div>\n                \n                <div class=\"elementskit-box-body ekit-image-box-body\">\n                    <div class=\"elementskit-box-content ekit-image-box-body-inner\">\n                                                <h2 class=\"elementskit-info-box-title\">\n\n                        Watch Series 11 (2025)\n                        \n                    <\/h2>\n                                                            <div class=\"elementskit-box-style-content\">\n                        Mod\u00e8les: 42mm, 46mm \u2013R\u00e9paration \u00e9cran, changement de batterie, r\u00e9paration capteur &amp; cam\u00e9ra et plus encore.                    <\/div>\n                                    <\/div>\n\n                                <div class=\"elementskit-box-footer\">\n                    <div class=\"box-footer\">\n                        <div class=\"btn-wraper\">\n                                                            <a href=\"https:\/\/repairandshop.ch\/fr\/reparation-apple-watch-series-11\/\" class=\"elementskit-btn whitespace--normal\">\n                                    Voir r\u00e9paration                                <\/a>\n                                                    <\/div>\n                    <\/div>\n                <\/div>\n                            <\/div>\n            <\/div>\n    <\/div>\t\t\t\t<\/div>\n\t\t\t\t<\/div>\n\t\t\t\t<div class=\"elementor-element elementor-element-2220361 ekit-equal-height-enable ha-has-bg-overlay elementor-widget elementor-widget-elementskit-image-box\" data-id=\"2220361\" data-element_type=\"widget\" data-e-type=\"widget\" data-widget_type=\"elementskit-image-box.default\">\n\t\t\t\t<div class=\"elementor-widget-container\">\n\t\t\t\t\t<div class=\"ekit-wid-con\" >\n            <div class=\"elementskit-info-image-box ekit-image-box text-center simple-card\" >\n\n                \n                <div class=\"elementskit-box-header image-box-img-center\">\n\n                    <img loading=\"lazy\" decoding=\"async\" width=\"300\" height=\"300\" src=\"https:\/\/repairandshop.ch\/wp-content\/uploads\/2026\/04\/apple-watch-series-10-1-300x300.jpg\" class=\"attachment-medium size-medium wp-image-73643\" alt=\"\" srcset=\"https:\/\/repairandshop.ch\/wp-content\/uploads\/2026\/04\/apple-watch-series-10-1-300x300.jpg 300w, https:\/\/repairandshop.ch\/wp-content\/uploads\/2026\/04\/apple-watch-series-10-1-150x150.jpg 150w, https:\/\/repairandshop.ch\/wp-content\/uploads\/2026\/04\/apple-watch-series-10-1-768x768.jpg 768w, https:\/\/repairandshop.ch\/wp-content\/uploads\/2026\/04\/apple-watch-series-10-1-600x600.jpg 600w, https:\/\/repairandshop.ch\/wp-content\/uploads\/2026\/04\/apple-watch-series-10-1.jpg 1000w\" sizes=\"auto, (max-width: 300px) 100vw, 300px\" \/>\n                <\/div>\n                \n                <div class=\"elementskit-box-body ekit-image-box-body\">\n                    <div class=\"elementskit-box-content ekit-image-box-body-inner\">\n                                                <h2 class=\"elementskit-info-box-title\">\n\n                        Watch Series 10 (2024)\n                        \n                    <\/h2>\n                                                            <div class=\"elementskit-box-style-content\">\n                        Mod\u00e8les: 42mm, 46mm\u2013R\u00e9paration \u00e9cran, changement de batterie, r\u00e9paration capteur &amp; cam\u00e9ra et plus encore.                    <\/div>\n                                    <\/div>\n\n                                <div class=\"elementskit-box-footer\">\n                    <div class=\"box-footer\">\n                        <div class=\"btn-wraper\">\n                                                            <a href=\"https:\/\/repairandshop.ch\/fr\/reparation-apple-watch-series-10\/\" class=\"elementskit-btn whitespace--normal\">\n                                    Voir r\u00e9paration                                <\/a>\n                                                    <\/div>\n                    <\/div>\n                <\/div>\n                            <\/div>\n            <\/div>\n    <\/div>\t\t\t\t<\/div>\n\t\t\t\t<\/div>\n\t\t\t\t<div class=\"elementor-element elementor-element-fa626b0 ekit-equal-height-enable ha-has-bg-overlay elementor-widget elementor-widget-elementskit-image-box\" data-id=\"fa626b0\" data-element_type=\"widget\" data-e-type=\"widget\" data-widget_type=\"elementskit-image-box.default\">\n\t\t\t\t<div class=\"elementor-widget-container\">\n\t\t\t\t\t<div class=\"ekit-wid-con\" >\n            <div class=\"elementskit-info-image-box ekit-image-box text-center simple-card\" >\n\n                \n                <div class=\"elementskit-box-header image-box-img-center\">\n\n                    <img loading=\"lazy\" decoding=\"async\" width=\"300\" height=\"300\" src=\"https:\/\/repairandshop.ch\/wp-content\/uploads\/2026\/04\/apple-watch-ultra-2-1-300x300.jpg\" class=\"attachment-medium size-medium wp-image-73642\" alt=\"\" srcset=\"https:\/\/repairandshop.ch\/wp-content\/uploads\/2026\/04\/apple-watch-ultra-2-1-300x300.jpg 300w, https:\/\/repairandshop.ch\/wp-content\/uploads\/2026\/04\/apple-watch-ultra-2-1-150x150.jpg 150w, https:\/\/repairandshop.ch\/wp-content\/uploads\/2026\/04\/apple-watch-ultra-2-1-768x768.jpg 768w, https:\/\/repairandshop.ch\/wp-content\/uploads\/2026\/04\/apple-watch-ultra-2-1-600x600.jpg 600w, https:\/\/repairandshop.ch\/wp-content\/uploads\/2026\/04\/apple-watch-ultra-2-1.jpg 1000w\" sizes=\"auto, (max-width: 300px) 100vw, 300px\" \/>\n                <\/div>\n                \n                <div class=\"elementskit-box-body ekit-image-box-body\">\n                    <div class=\"elementskit-box-content ekit-image-box-body-inner\">\n                                                <h2 class=\"elementskit-info-box-title\">\n\n                        Watch Ultra 2\n                        \n                    <\/h2>\n                                                            <div class=\"elementskit-box-style-content\">\n                        Mod\u00e8les: 49mm  \u2013 R\u00e9paration \u00e9cran, changement de batterie, r\u00e9paration capteur &amp; cam\u00e9ra et plus encore.                    <\/div>\n                                    <\/div>\n\n                                <div class=\"elementskit-box-footer\">\n                    <div class=\"box-footer\">\n                        <div class=\"btn-wraper\">\n                                                            <a href=\"https:\/\/repairandshop.ch\/fr\/reparation-apple-watch-ultra-2\/\" class=\"elementskit-btn whitespace--normal\">\n                                    Voir r\u00e9paration                                <\/a>\n                                                    <\/div>\n                    <\/div>\n                <\/div>\n                            <\/div>\n            <\/div>\n    <\/div>\t\t\t\t<\/div>\n\t\t\t\t<\/div>\n\t\t\t\t<div class=\"elementor-element elementor-element-307f804 ekit-equal-height-enable ha-has-bg-overlay elementor-widget elementor-widget-elementskit-image-box\" data-id=\"307f804\" data-element_type=\"widget\" data-e-type=\"widget\" data-widget_type=\"elementskit-image-box.default\">\n\t\t\t\t<div class=\"elementor-widget-container\">\n\t\t\t\t\t<div class=\"ekit-wid-con\" >\n            <div class=\"elementskit-info-image-box ekit-image-box text-center simple-card\" >\n\n                \n                <div class=\"elementskit-box-header image-box-img-center\">\n\n                    <img loading=\"lazy\" decoding=\"async\" width=\"300\" height=\"300\" src=\"https:\/\/repairandshop.ch\/wp-content\/uploads\/2025\/11\/apple-watch-series-9-repair-300x300.jpg\" class=\"attachment-medium size-medium wp-image-40428\" alt=\"\" srcset=\"https:\/\/repairandshop.ch\/wp-content\/uploads\/2025\/11\/apple-watch-series-9-repair-300x300.jpg 300w, https:\/\/repairandshop.ch\/wp-content\/uploads\/2025\/11\/apple-watch-series-9-repair-150x150.jpg 150w, https:\/\/repairandshop.ch\/wp-content\/uploads\/2025\/11\/apple-watch-series-9-repair-768x768.jpg 768w, https:\/\/repairandshop.ch\/wp-content\/uploads\/2025\/11\/apple-watch-series-9-repair-600x600.jpg 600w, https:\/\/repairandshop.ch\/wp-content\/uploads\/2025\/11\/apple-watch-series-9-repair.jpg 1000w\" sizes=\"auto, (max-width: 300px) 100vw, 300px\" \/>\n                <\/div>\n                \n                <div class=\"elementskit-box-body ekit-image-box-body\">\n                    <div class=\"elementskit-box-content ekit-image-box-body-inner\">\n                                                <h2 class=\"elementskit-info-box-title\">\n\n                        Watch Series 9\n                        \n                    <\/h2>\n                                                            <div class=\"elementskit-box-style-content\">\n                        Mod\u00e8les: 45mm \u2013 A2984-A2985-A2980\n41mm \u2013 A2982-A2983-A2978 \u2013 R\u00e9paration \u00e9cran, changement de batterie, r\u00e9paration capteur &amp; cam\u00e9ra et plus encore.                    <\/div>\n                                    <\/div>\n\n                                <div class=\"elementskit-box-footer\">\n                    <div class=\"box-footer\">\n                        <div class=\"btn-wraper\">\n                                                            <a href=\"https:\/\/repairandshop.ch\/fr\/reparation-apple-watch-series-9\/\" class=\"elementskit-btn whitespace--normal\">\n                                    Voir r\u00e9paration                                <\/a>\n                                                    <\/div>\n                    <\/div>\n                <\/div>\n                            <\/div>\n            <\/div>\n    <\/div>\t\t\t\t<\/div>\n\t\t\t\t<\/div>\n\t\t\t\t<div class=\"elementor-element elementor-element-e386fb9 ekit-equal-height-enable ha-has-bg-overlay elementor-widget elementor-widget-elementskit-image-box\" data-id=\"e386fb9\" data-element_type=\"widget\" data-e-type=\"widget\" data-widget_type=\"elementskit-image-box.default\">\n\t\t\t\t<div class=\"elementor-widget-container\">\n\t\t\t\t\t<div class=\"ekit-wid-con\" >\n            <div class=\"elementskit-info-image-box ekit-image-box text-center simple-card\" >\n\n                \n                <div class=\"elementskit-box-header image-box-img-center\">\n\n                    <img loading=\"lazy\" decoding=\"async\" width=\"300\" height=\"300\" src=\"https:\/\/repairandshop.ch\/wp-content\/uploads\/2025\/11\/apple-watch-series-8-repair-300x300.jpg\" class=\"attachment-medium size-medium wp-image-40429\" alt=\"\" srcset=\"https:\/\/repairandshop.ch\/wp-content\/uploads\/2025\/11\/apple-watch-series-8-repair-300x300.jpg 300w, https:\/\/repairandshop.ch\/wp-content\/uploads\/2025\/11\/apple-watch-series-8-repair-150x150.jpg 150w, https:\/\/repairandshop.ch\/wp-content\/uploads\/2025\/11\/apple-watch-series-8-repair-768x768.jpg 768w, https:\/\/repairandshop.ch\/wp-content\/uploads\/2025\/11\/apple-watch-series-8-repair-600x600.jpg 600w, https:\/\/repairandshop.ch\/wp-content\/uploads\/2025\/11\/apple-watch-series-8-repair.jpg 1000w\" sizes=\"auto, (max-width: 300px) 100vw, 300px\" \/>\n                <\/div>\n                \n                <div class=\"elementskit-box-body ekit-image-box-body\">\n                    <div class=\"elementskit-box-content ekit-image-box-body-inner\">\n                                                <h2 class=\"elementskit-info-box-title\">\n\n                        Watch Series 8\n                        \n                    <\/h2>\n                                                            <div class=\"elementskit-box-style-content\">\n                        Mod\u00e8les:  A2775-A2774-A2858\n41mm \u2013 A2773-A2772-A2857 \u2013 R\u00e9paration \u00e9cran, changement de batterie, r\u00e9paration capteur &amp; cam\u00e9ra et plus encore.                    <\/div>\n                                    <\/div>\n\n                                <div class=\"elementskit-box-footer\">\n                    <div class=\"box-footer\">\n                        <div class=\"btn-wraper\">\n                                                            <a href=\"https:\/\/repairandshop.ch\/fr\/reparation-apple-watch-series-8\/\" class=\"elementskit-btn whitespace--normal\">\n                                    Voir r\u00e9paration                                <\/a>\n                                                    <\/div>\n                    <\/div>\n                <\/div>\n                            <\/div>\n            <\/div>\n    <\/div>\t\t\t\t<\/div>\n\t\t\t\t<\/div>\n\t\t\t\t<div class=\"elementor-element elementor-element-e07869a ekit-equal-height-enable ha-has-bg-overlay elementor-widget elementor-widget-elementskit-image-box\" data-id=\"e07869a\" data-element_type=\"widget\" data-e-type=\"widget\" data-widget_type=\"elementskit-image-box.default\">\n\t\t\t\t<div class=\"elementor-widget-container\">\n\t\t\t\t\t<div class=\"ekit-wid-con\" >\n            <div class=\"elementskit-info-image-box ekit-image-box text-center simple-card\" >\n\n                \n                <div class=\"elementskit-box-header image-box-img-center\">\n\n                    <img loading=\"lazy\" decoding=\"async\" width=\"300\" height=\"300\" src=\"https:\/\/repairandshop.ch\/wp-content\/uploads\/2025\/11\/apple-watch-series-7-repair-300x300.jpg\" class=\"attachment-medium size-medium wp-image-40430\" alt=\"\" srcset=\"https:\/\/repairandshop.ch\/wp-content\/uploads\/2025\/11\/apple-watch-series-7-repair-300x300.jpg 300w, https:\/\/repairandshop.ch\/wp-content\/uploads\/2025\/11\/apple-watch-series-7-repair-150x150.jpg 150w, https:\/\/repairandshop.ch\/wp-content\/uploads\/2025\/11\/apple-watch-series-7-repair-768x768.jpg 768w, https:\/\/repairandshop.ch\/wp-content\/uploads\/2025\/11\/apple-watch-series-7-repair-600x600.jpg 600w, https:\/\/repairandshop.ch\/wp-content\/uploads\/2025\/11\/apple-watch-series-7-repair.jpg 1000w\" sizes=\"auto, (max-width: 300px) 100vw, 300px\" \/>\n                <\/div>\n                \n                <div class=\"elementskit-box-body ekit-image-box-body\">\n                    <div class=\"elementskit-box-content ekit-image-box-body-inner\">\n                                                <h2 class=\"elementskit-info-box-title\">\n\n                        Watch Series 7\n                        \n                    <\/h2>\n                                                            <div class=\"elementskit-box-style-content\">\n                        Mod\u00e8les:  45mm \u2013 A2478-A2477 41mm \u2013 A2476-A2475 \u2013 R\u00e9paration \u00e9cran, changement de batterie, r\u00e9paration capteur &amp; cam\u00e9ra et plus encore.                    <\/div>\n                                    <\/div>\n\n                                <div class=\"elementskit-box-footer\">\n                    <div class=\"box-footer\">\n                        <div class=\"btn-wraper\">\n                                                            <a href=\"https:\/\/repairandshop.ch\/fr\/reparation-apple-watch-series-7\/\" class=\"elementskit-btn whitespace--normal\">\n                                    Voir r\u00e9paration                                <\/a>\n                                                    <\/div>\n                    <\/div>\n                <\/div>\n                            <\/div>\n            <\/div>\n    <\/div>\t\t\t\t<\/div>\n\t\t\t\t<\/div>\n\t\t\t\t<div class=\"elementor-element elementor-element-c73ddba ekit-equal-height-enable ha-has-bg-overlay elementor-widget elementor-widget-elementskit-image-box\" data-id=\"c73ddba\" data-element_type=\"widget\" data-e-type=\"widget\" data-widget_type=\"elementskit-image-box.default\">\n\t\t\t\t<div class=\"elementor-widget-container\">\n\t\t\t\t\t<div class=\"ekit-wid-con\" >\n            <div class=\"elementskit-info-image-box ekit-image-box text-center simple-card\" >\n\n                \n                <div class=\"elementskit-box-header image-box-img-center\">\n\n                    <img loading=\"lazy\" decoding=\"async\" width=\"300\" height=\"300\" src=\"https:\/\/repairandshop.ch\/wp-content\/uploads\/2025\/11\/apple-watch-series-6-repair-300x300.jpg\" class=\"attachment-medium size-medium wp-image-40431\" alt=\"\" srcset=\"https:\/\/repairandshop.ch\/wp-content\/uploads\/2025\/11\/apple-watch-series-6-repair-300x300.jpg 300w, https:\/\/repairandshop.ch\/wp-content\/uploads\/2025\/11\/apple-watch-series-6-repair-150x150.jpg 150w, https:\/\/repairandshop.ch\/wp-content\/uploads\/2025\/11\/apple-watch-series-6-repair-768x768.jpg 768w, https:\/\/repairandshop.ch\/wp-content\/uploads\/2025\/11\/apple-watch-series-6-repair-600x600.jpg 600w, https:\/\/repairandshop.ch\/wp-content\/uploads\/2025\/11\/apple-watch-series-6-repair.jpg 1000w\" sizes=\"auto, (max-width: 300px) 100vw, 300px\" \/>\n                <\/div>\n                \n                <div class=\"elementskit-box-body ekit-image-box-body\">\n                    <div class=\"elementskit-box-content ekit-image-box-body-inner\">\n                                                <h2 class=\"elementskit-info-box-title\">\n\n                        Watch Series 6\n                        \n                    <\/h2>\n                                                            <div class=\"elementskit-box-style-content\">\n                        Mod\u00e8les: 44mm \u2013 A2292-A2294-A2376\n40mm \u2013 A2291-A2293-A2375 \u2013 R\u00e9paration \u00e9cran, changement de batterie, r\u00e9paration capteur &amp; cam\u00e9ra et plus encore.                    <\/div>\n                                    <\/div>\n\n                                <div class=\"elementskit-box-footer\">\n                    <div class=\"box-footer\">\n                        <div class=\"btn-wraper\">\n                                                            <a href=\"https:\/\/repairandshop.ch\/fr\/reparation-apple-watch-series-6\/\" class=\"elementskit-btn whitespace--normal\">\n                                    Voir r\u00e9paration                                <\/a>\n                                                    <\/div>\n                    <\/div>\n                <\/div>\n                            <\/div>\n            <\/div>\n    <\/div>\t\t\t\t<\/div>\n\t\t\t\t<\/div>\n\t\t\t\t<div class=\"elementor-element elementor-element-75f4135 ekit-equal-height-enable ha-has-bg-overlay elementor-widget elementor-widget-elementskit-image-box\" data-id=\"75f4135\" data-element_type=\"widget\" data-e-type=\"widget\" data-widget_type=\"elementskit-image-box.default\">\n\t\t\t\t<div class=\"elementor-widget-container\">\n\t\t\t\t\t<div class=\"ekit-wid-con\" >\n            <div class=\"elementskit-info-image-box ekit-image-box text-center simple-card\" >\n\n                \n                <div class=\"elementskit-box-header image-box-img-center\">\n\n                    <img loading=\"lazy\" decoding=\"async\" width=\"300\" height=\"300\" src=\"https:\/\/repairandshop.ch\/wp-content\/uploads\/2025\/11\/apple-watch-series-5-reparatur-300x300.jpg\" class=\"attachment-medium size-medium wp-image-40339\" alt=\"\" srcset=\"https:\/\/repairandshop.ch\/wp-content\/uploads\/2025\/11\/apple-watch-series-5-reparatur-300x300.jpg 300w, https:\/\/repairandshop.ch\/wp-content\/uploads\/2025\/11\/apple-watch-series-5-reparatur-150x150.jpg 150w, https:\/\/repairandshop.ch\/wp-content\/uploads\/2025\/11\/apple-watch-series-5-reparatur-768x768.jpg 768w, https:\/\/repairandshop.ch\/wp-content\/uploads\/2025\/11\/apple-watch-series-5-reparatur-600x600.jpg 600w, https:\/\/repairandshop.ch\/wp-content\/uploads\/2025\/11\/apple-watch-series-5-reparatur.jpg 1000w\" sizes=\"auto, (max-width: 300px) 100vw, 300px\" \/>\n                <\/div>\n                \n                <div class=\"elementskit-box-body ekit-image-box-body\">\n                    <div class=\"elementskit-box-content ekit-image-box-body-inner\">\n                                                <h2 class=\"elementskit-info-box-title\">\n\n                        Watch Series 5\n                        \n                    <\/h2>\n                                                            <div class=\"elementskit-box-style-content\">\n                        Mod\u00e8les: A2092, A2093, A2094, A2095\nA2156, A2157 \u2013 R\u00e9paration \u00e9cran, changement de batterie, r\u00e9paration capteur &amp; cam\u00e9ra et plus encore.                    <\/div>\n                                    <\/div>\n\n                                <div class=\"elementskit-box-footer\">\n                    <div class=\"box-footer\">\n                        <div class=\"btn-wraper\">\n                                                            <a href=\"https:\/\/repairandshop.ch\/fr\/reparation-apple-watch-series-5\/\" class=\"elementskit-btn whitespace--normal\">\n                                    Voir r\u00e9paration                                <\/a>\n                                                    <\/div>\n                    <\/div>\n                <\/div>\n                            <\/div>\n            <\/div>\n    <\/div>\t\t\t\t<\/div>\n\t\t\t\t<\/div>\n\t\t\t\t<div class=\"elementor-element elementor-element-5e6b80f ekit-equal-height-enable ha-has-bg-overlay elementor-widget elementor-widget-elementskit-image-box\" data-id=\"5e6b80f\" data-element_type=\"widget\" data-e-type=\"widget\" data-widget_type=\"elementskit-image-box.default\">\n\t\t\t\t<div class=\"elementor-widget-container\">\n\t\t\t\t\t<div class=\"ekit-wid-con\" >\n            <div class=\"elementskit-info-image-box ekit-image-box text-center simple-card\" >\n\n                \n                <div class=\"elementskit-box-header image-box-img-center\">\n\n                    <img loading=\"lazy\" decoding=\"async\" width=\"300\" height=\"300\" src=\"https:\/\/repairandshop.ch\/wp-content\/uploads\/2025\/11\/apple-watch-series-4-reparatur-300x300.jpg\" class=\"attachment-medium size-medium wp-image-40343\" alt=\"\" srcset=\"https:\/\/repairandshop.ch\/wp-content\/uploads\/2025\/11\/apple-watch-series-4-reparatur-300x300.jpg 300w, https:\/\/repairandshop.ch\/wp-content\/uploads\/2025\/11\/apple-watch-series-4-reparatur-150x150.jpg 150w, https:\/\/repairandshop.ch\/wp-content\/uploads\/2025\/11\/apple-watch-series-4-reparatur-768x768.jpg 768w, https:\/\/repairandshop.ch\/wp-content\/uploads\/2025\/11\/apple-watch-series-4-reparatur-600x600.jpg 600w, https:\/\/repairandshop.ch\/wp-content\/uploads\/2025\/11\/apple-watch-series-4-reparatur.jpg 1000w\" sizes=\"auto, (max-width: 300px) 100vw, 300px\" \/>\n                <\/div>\n                \n                <div class=\"elementskit-box-body ekit-image-box-body\">\n                    <div class=\"elementskit-box-content ekit-image-box-body-inner\">\n                                                <h2 class=\"elementskit-info-box-title\">\n\n                        Watch Series 4\n                        \n                    <\/h2>\n                                                            <div class=\"elementskit-box-style-content\">\n                        Mod\u00e8les: A1977, A1978, A2007, A2008\nA1975, A1976  \u2013 R\u00e9paration \u00e9cran, changement de batterie, r\u00e9paration capteur &amp; cam\u00e9ra et plus encore.                    <\/div>\n                                    <\/div>\n\n                                <div class=\"elementskit-box-footer\">\n                    <div class=\"box-footer\">\n                        <div class=\"btn-wraper\">\n                                                            <a href=\"https:\/\/repairandshop.ch\/fr\/reparation-apple-watch-series-4\/\" class=\"elementskit-btn whitespace--normal\">\n                                    Voir r\u00e9paration                                <\/a>\n                                                    <\/div>\n                    <\/div>\n                <\/div>\n                            <\/div>\n            <\/div>\n    <\/div>\t\t\t\t<\/div>\n\t\t\t\t<\/div>\n\t\t\t\t<div class=\"elementor-element elementor-element-7e6f042 ekit-equal-height-disable ha-has-bg-overlay elementor-widget elementor-widget-elementskit-image-box\" data-id=\"7e6f042\" data-element_type=\"widget\" data-e-type=\"widget\" data-widget_type=\"elementskit-image-box.default\">\n\t\t\t\t<div class=\"elementor-widget-container\">\n\t\t\t\t\t<div class=\"ekit-wid-con\" >\n            <div class=\"elementskit-info-image-box ekit-image-box text-center simple-card\" >\n\n                \n                <div class=\"elementskit-box-header image-box-img-center\">\n\n                    <img loading=\"lazy\" decoding=\"async\" width=\"300\" height=\"300\" src=\"https:\/\/repairandshop.ch\/wp-content\/uploads\/2025\/11\/apple-watch-series-3-reparatur-300x300.jpg\" class=\"attachment-medium size-medium wp-image-40342\" alt=\"\" srcset=\"https:\/\/repairandshop.ch\/wp-content\/uploads\/2025\/11\/apple-watch-series-3-reparatur-300x300.jpg 300w, https:\/\/repairandshop.ch\/wp-content\/uploads\/2025\/11\/apple-watch-series-3-reparatur-150x150.jpg 150w, https:\/\/repairandshop.ch\/wp-content\/uploads\/2025\/11\/apple-watch-series-3-reparatur-768x768.jpg 768w, https:\/\/repairandshop.ch\/wp-content\/uploads\/2025\/11\/apple-watch-series-3-reparatur-600x600.jpg 600w, https:\/\/repairandshop.ch\/wp-content\/uploads\/2025\/11\/apple-watch-series-3-reparatur.jpg 1000w\" sizes=\"auto, (max-width: 300px) 100vw, 300px\" \/>\n                <\/div>\n                \n                <div class=\"elementskit-box-body ekit-image-box-body\">\n                    <div class=\"elementskit-box-content ekit-image-box-body-inner\">\n                                                <h2 class=\"elementskit-info-box-title\">\n\n                        Watch Series 3\n                        \n                    <\/h2>\n                                                            <div class=\"elementskit-box-style-content\">\n                        Mod\u00e8les: A1858, A1859,  A1889, A1891\nA1860, A1861 \u2013 R\u00e9paration \u00e9cran, changement de batterie, r\u00e9paration capteur &amp; cam\u00e9ra et plus encore.                    <\/div>\n                                    <\/div>\n\n                                <div class=\"elementskit-box-footer\">\n                    <div class=\"box-footer\">\n                        <div class=\"btn-wraper\">\n                                                            <a href=\"https:\/\/repairandshop.ch\/fr\/reparation-apple-watch-series-3\/\" class=\"elementskit-btn whitespace--normal\">\n                                    Voir r\u00e9paration                                <\/a>\n                                                    <\/div>\n                    <\/div>\n                <\/div>\n                            <\/div>\n            <\/div>\n    <\/div>\t\t\t\t<\/div>\n\t\t\t\t<\/div>\n\t\t\t\t<div class=\"elementor-element elementor-element-1f1a247 ekit-equal-height-disable ha-has-bg-overlay elementor-widget elementor-widget-elementskit-image-box\" data-id=\"1f1a247\" data-element_type=\"widget\" data-e-type=\"widget\" data-widget_type=\"elementskit-image-box.default\">\n\t\t\t\t<div class=\"elementor-widget-container\">\n\t\t\t\t\t<div class=\"ekit-wid-con\" >\n            <div class=\"elementskit-info-image-box ekit-image-box text-center simple-card\" >\n\n                \n                <div class=\"elementskit-box-header image-box-img-center\">\n\n                    <img loading=\"lazy\" decoding=\"async\" width=\"300\" height=\"300\" src=\"https:\/\/repairandshop.ch\/wp-content\/uploads\/2025\/11\/apple-watch-series-2-reparatur-300x300.jpg\" class=\"attachment-medium size-medium wp-image-40341\" alt=\"\" srcset=\"https:\/\/repairandshop.ch\/wp-content\/uploads\/2025\/11\/apple-watch-series-2-reparatur-300x300.jpg 300w, https:\/\/repairandshop.ch\/wp-content\/uploads\/2025\/11\/apple-watch-series-2-reparatur-150x150.jpg 150w, https:\/\/repairandshop.ch\/wp-content\/uploads\/2025\/11\/apple-watch-series-2-reparatur-768x768.jpg 768w, https:\/\/repairandshop.ch\/wp-content\/uploads\/2025\/11\/apple-watch-series-2-reparatur-600x600.jpg 600w, https:\/\/repairandshop.ch\/wp-content\/uploads\/2025\/11\/apple-watch-series-2-reparatur.jpg 1000w\" sizes=\"auto, (max-width: 300px) 100vw, 300px\" \/>\n                <\/div>\n                \n                <div class=\"elementskit-box-body ekit-image-box-body\">\n                    <div class=\"elementskit-box-content ekit-image-box-body-inner\">\n                                                <h2 class=\"elementskit-info-box-title\">\n\n                        Watch Series 2\n                        \n                    <\/h2>\n                                                            <div class=\"elementskit-box-style-content\">\n                        Mod\u00e8les: A1757, A1758,\nA1816, A1817  \u2013 R\u00e9paration \u00e9cran, changement de batterie, r\u00e9paration capteur &amp; cam\u00e9ra et plus encore.                    <\/div>\n                                    <\/div>\n\n                                <div class=\"elementskit-box-footer\">\n                    <div class=\"box-footer\">\n                        <div class=\"btn-wraper\">\n                                                            <a href=\"https:\/\/repairandshop.ch\/fr\/reparation-apple-watch-series-2\/\" class=\"elementskit-btn whitespace--normal\">\n                                    Voir r\u00e9paration                                <\/a>\n                                                    <\/div>\n                    <\/div>\n                <\/div>\n                            <\/div>\n            <\/div>\n    <\/div>\t\t\t\t<\/div>\n\t\t\t\t<\/div>\n\t\t\t\t<div class=\"elementor-element elementor-element-ba28afb ekit-equal-height-disable ha-has-bg-overlay elementor-widget elementor-widget-elementskit-image-box\" data-id=\"ba28afb\" data-element_type=\"widget\" data-e-type=\"widget\" data-widget_type=\"elementskit-image-box.default\">\n\t\t\t\t<div class=\"elementor-widget-container\">\n\t\t\t\t\t<div class=\"ekit-wid-con\" >\n            <div class=\"elementskit-info-image-box ekit-image-box text-center simple-card\" >\n\n                \n                <div class=\"elementskit-box-header image-box-img-center\">\n\n                    <img loading=\"lazy\" decoding=\"async\" width=\"300\" height=\"300\" src=\"https:\/\/repairandshop.ch\/wp-content\/uploads\/2025\/11\/apple-watch-series-1-repair-300x300.jpg\" class=\"attachment-medium size-medium wp-image-40433\" alt=\"\" srcset=\"https:\/\/repairandshop.ch\/wp-content\/uploads\/2025\/11\/apple-watch-series-1-repair-300x300.jpg 300w, https:\/\/repairandshop.ch\/wp-content\/uploads\/2025\/11\/apple-watch-series-1-repair-150x150.jpg 150w, https:\/\/repairandshop.ch\/wp-content\/uploads\/2025\/11\/apple-watch-series-1-repair-768x768.jpg 768w, https:\/\/repairandshop.ch\/wp-content\/uploads\/2025\/11\/apple-watch-series-1-repair-600x600.jpg 600w, https:\/\/repairandshop.ch\/wp-content\/uploads\/2025\/11\/apple-watch-series-1-repair.jpg 1000w\" sizes=\"auto, (max-width: 300px) 100vw, 300px\" \/>\n                <\/div>\n                \n                <div class=\"elementskit-box-body ekit-image-box-body\">\n                    <div class=\"elementskit-box-content ekit-image-box-body-inner\">\n                                                <h2 class=\"elementskit-info-box-title\">\n\n                        Watch Series 1\n                        \n                    <\/h2>\n                                                            <div class=\"elementskit-box-style-content\">\n                        Mod\u00e8les: A1553, A1554 \u2013 R\u00e9paration \u00e9cran, changement de batterie, r\u00e9paration capteur &amp; cam\u00e9ra et plus encore.                    <\/div>\n                                    <\/div>\n\n                                <div class=\"elementskit-box-footer\">\n                    <div class=\"box-footer\">\n                        <div class=\"btn-wraper\">\n                                                            <a href=\"https:\/\/repairandshop.ch\/fr\/reparation-watch-series-1\/\" class=\"elementskit-btn whitespace--normal\">\n                                    Voir r\u00e9paration                                <\/a>\n                                                    <\/div>\n                    <\/div>\n                <\/div>\n                            <\/div>\n            <\/div>\n    <\/div>\t\t\t\t<\/div>\n\t\t\t\t<\/div>\n\t\t\t\t\t<\/div>\n\t\t\t\t<\/div>\n\t\t<div class=\"wd-negative-gap elementor-element elementor-element-2481122 e-flex e-con-boxed e-con e-parent\" data-id=\"2481122\" data-element_type=\"container\" data-e-type=\"container\" data-settings=\"{&quot;_ha_eqh_enable&quot;:false}\">\n\t\t\t\t\t<div class=\"e-con-inner\">\n\t\t\t\t<div class=\"elementor-element elementor-element-07517df elementor-widget elementor-widget-heading\" data-id=\"07517df\" data-element_type=\"widget\" data-e-type=\"widget\" data-widget_type=\"heading.default\">\n\t\t\t\t<div class=\"elementor-widget-container\">\n\t\t\t\t\t<h3 class=\"elementor-heading-title elementor-size-default\">R\u00e9paration Apple Watch \u00e0 La Chaux-de-Fonds, Neuch\u00e2tel, Berne, Thoune, Interlaken, M\u00fcnsingen, Biel\/Bienne, Yverdon, Zurich, B\u00e2le, Olten et Soleure<\/h3>\t\t\t\t<\/div>\n\t\t\t\t<\/div>\n\t\t\t\t\t<\/div>\n\t\t\t\t<\/div>\n\t\t<div class=\"wd-negative-gap elementor-element elementor-element-5bb3e4b e-flex e-con-boxed e-con e-parent\" data-id=\"5bb3e4b\" data-element_type=\"container\" data-e-type=\"container\" data-settings=\"{&quot;_ha_eqh_enable&quot;:false}\">\n\t\t\t\t\t<div class=\"e-con-inner\">\n\t\t\t\t<div class=\"elementor-element elementor-element-dec03c4 color-scheme-inherit text-left elementor-widget elementor-widget-text-editor\" data-id=\"dec03c4\" data-element_type=\"widget\" data-e-type=\"widget\" data-widget_type=\"text-editor.default\">\n\t\t\t\t<div class=\"elementor-widget-container\">\n\t\t\t\t\t\t\t\t\t<h1 class=\"\" data-start=\"287\" data-end=\"356\">R\u00e9paration Apple Watch &#8211; Rapide et professionnelle chez repairandshop<\/h1><p class=\"\" data-start=\"358\" data-end=\"633\">Votre <strong data-start=\"368\" data-end=\"390\">Apple Watch est d\u00e9fectueuse<\/strong> et vous cherchez une r\u00e9paration rapide et professionnelle ? Vous \u00eates \u00e0 la bonne adresse chez <strong data-start=\"463\" data-end=\"480\">repairandshop<\/strong>! Nous remettons votre Watch en \u00e9tat de marche en quelques minutes &#8211; et nous effectuons les r\u00e9parations plus complexes en 24 heures.  <\/p><p class=\"\" data-start=\"635\" data-end=\"916\">Venez nous rendre visite dans l&rsquo;une de nos succursales \u00e0 <strong data-start=\"676\" data-end=\"697\">La Chaux-de-Fonds<\/strong>, <strong data-start=\"699\" data-end=\"712\">Neuch\u00e2tel<\/strong>, <strong data-start=\"714\" data-end=\"722\">Berne<\/strong>, <strong data-start=\"724\" data-end=\"732\">Thoune<\/strong>, <strong data-start=\"734\" data-end=\"748\">Interlaken<\/strong>, <strong data-start=\"750\" data-end=\"763\">M\u00fcnsingen<\/strong>, <strong data-start=\"765\" data-end=\"780\">Biel\/Bienne<\/strong>, <strong data-start=\"782\" data-end=\"793\">Yverdon<\/strong>, <strong data-start=\"795\" data-end=\"805\">Zurich<\/strong>, <strong data-start=\"807\" data-end=\"816\">B\u00e2le<\/strong>, <strong data-start=\"818\" data-end=\"827\">Olten<\/strong> ou <strong data-start=\"833\" data-end=\"846\">Soleure<\/strong>. Nos techniciens exp\u00e9riment\u00e9s vous aideront personnellement et facilement. <\/p><h2 class=\"\" data-start=\"918\" data-end=\"983\">Assistance rapide en cas de bris d&rsquo;\u00e9cran, de remplacement de la batterie et de d\u00e9g\u00e2ts des eaux<\/h2><p class=\"\" data-start=\"985\" data-end=\"1323\">Qu&rsquo;il s&rsquo;agisse d&rsquo;un \u00e9cran cass\u00e9, d&rsquo;une batterie faible ou de probl\u00e8mes avec le bouton d&rsquo;alimentation, nous trouvons une solution adapt\u00e9e \u00e0 chaque type de <strong data-start=\"1096\" data-end=\"1121\">r\u00e9paration d&rsquo;Apple Watch<\/strong>. M\u00eame en cas de <strong data-start=\"1153\" data-end=\"1169\">perte totale<\/strong> ou <strong data-start=\"1175\" data-end=\"1192\">de d\u00e9g\u00e2ts des eaux<\/strong>, vous \u00eates entre de bonnes mains. Nos techniciens sp\u00e9cialis\u00e9s mettent tout en \u0153uvre pour r\u00e9parer votre smartwatch dans les r\u00e8gles de l&rsquo;art.  <\/p><h2 class=\"\" data-start=\"1325\" data-end=\"1387\">Pourquoi choisir repairandshop pour votre r\u00e9paration d&rsquo;Apple Watch ?<\/h2><ul data-start=\"1389\" data-end=\"1625\"><li class=\"\" data-start=\"1389\" data-end=\"1451\"><p class=\"\" data-start=\"1391\" data-end=\"1451\"><strong data-start=\"1391\" data-end=\"1419\">Des d\u00e9lais de r\u00e9paration rapides<\/strong> &#8211; souvent en quelques minutes<\/p><\/li><li class=\"\" data-start=\"1452\" data-end=\"1487\"><p class=\"\" data-start=\"1454\" data-end=\"1487\"><strong data-start=\"1454\" data-end=\"1487\">Des prix justes et transparents<\/strong><\/p><\/li><li class=\"\" data-start=\"1488\" data-end=\"1547\"><p class=\"\" data-start=\"1490\" data-end=\"1547\"><strong data-start=\"1490\" data-end=\"1517\">Des pi\u00e8ces de rechange de haute qualit\u00e9<\/strong> pour une r\u00e9paration durable<\/p><\/li><li class=\"\" data-start=\"1548\" data-end=\"1589\"><p class=\"\" data-start=\"1550\" data-end=\"1589\"><strong data-start=\"1550\" data-end=\"1574\">Un service convivial<\/strong> pr\u00e8s de chez vous<\/p><\/li><li class=\"\" data-start=\"1590\" data-end=\"1625\"><p class=\"\" data-start=\"1592\" data-end=\"1625\"><strong data-start=\"1592\" data-end=\"1604\">Garantie<\/strong> sur toutes les r\u00e9parations<\/p><\/li><\/ul><p class=\"\" data-start=\"1627\" data-end=\"1768\">Nous r\u00e9parons tous les mod\u00e8les, que ce soit l&rsquo;Apple Watch Series 3, Series 4, Series 5, Series 6, Series 7, Series 8, Series 9 ou l&rsquo;Apple Watch Ultra.<\/p><h2 class=\"\" data-start=\"1770\" data-end=\"1826\">Venez maintenant faire r\u00e9parer votre Apple Watch !<\/h2><p class=\"\" data-start=\"1828\" data-end=\"2164\">N&rsquo;attendez plus si votre Apple Watch est endommag\u00e9e. Visitez repairandshop \u00e0 <strong data-start=\"1912\" data-end=\"1933\">La Chaux-de-Fonds<\/strong>, <strong data-start=\"1935\" data-end=\"1948\">Neuch\u00e2tel<\/strong>, <strong data-start=\"1950\" data-end=\"1958\">Berne<\/strong>, <strong data-start=\"1960\" data-end=\"1968\">Thoune<\/strong>, <strong data-start=\"1970\" data-end=\"1984\">Interlaken<\/strong>, <strong data-start=\"1986\" data-end=\"1999\">M\u00fcnsingen<\/strong>, <strong data-start=\"2001\" data-end=\"2016\">Biel\/Bienne<\/strong>, <strong data-start=\"2018\" data-end=\"2029\">Yverdon<\/strong>, <strong data-start=\"2031\" data-end=\"2041\">Zurich<\/strong>, <strong data-start=\"2043\" data-end=\"2052\">B\u00e2le<\/strong>, <strong data-start=\"2054\" data-end=\"2063\">Olten<\/strong> ou <strong data-start=\"2069\" data-end=\"2082\">Soleure<\/strong> &#8211; et faites r\u00e9parer votre Watch de mani\u00e8re professionnelle. Notre \u00e9quipe se r\u00e9jouit de vous accueillir !  <\/p>\t\t\t\t\t\t\t\t<\/div>\n\t\t\t\t<\/div>\n\t\t\t\t\t<\/div>\n\t\t\t\t<\/div>\n\t\t<div class=\"wd-negative-gap elementor-element elementor-element-953870c e-grid e-con-boxed e-con e-parent\" data-id=\"953870c\" data-element_type=\"container\" data-e-type=\"container\" data-settings=\"{&quot;_ha_eqh_enable&quot;:false}\">\n\t\t\t\t\t<div class=\"e-con-inner\">\n\t\t\t\t<div class=\"elementor-element elementor-element-9cea271 elementor-widget elementor-widget-wd_text_block\" data-id=\"9cea271\" data-element_type=\"widget\" data-e-type=\"widget\" data-widget_type=\"wd_text_block.default\">\n\t\t\t\t<div class=\"elementor-widget-container\">\n\t\t\t\t\t\t\t<div class=\"wd-text-block reset-last-child text-left\">\n\t\t\t\n\t\t\t<h1 class=\"\" data-start=\"201\" data-end=\"276\">\u00c9cran cass\u00e9 sur votre Apple Watch ? R\u00e9par\u00e9 rapidement chez repairandshop ! <\/h1><p class=\"\" data-start=\"278\" data-end=\"492\">Un <strong data-start=\"282\" data-end=\"320\">\u00e9cran cass\u00e9 sur votre Apple Watch<\/strong> est ennuyeux - mais ne vous inqui\u00e9tez pas, chez <strong data-start=\"359\" data-end=\"376\">repairandshop<\/strong> vous \u00eates entre de bonnes mains ! Dans votre magasin, nous r\u00e9parons souvent votre <strong data-start=\"441\" data-end=\"464\">\u00e9cran d'Apple Watch<\/strong> en quelques minutes seulement. <\/p><p class=\"\" data-start=\"494\" data-end=\"697\">La r\u00e9paration d'un \u00e9cran fait partie de <strong data-start=\"545\" data-end=\"567\">nos prestations standard<\/strong>. Nos techniciens exp\u00e9riment\u00e9s effectuent chaque jour de nombreuses r\u00e9parations d'\u00e9crans et sont des sp\u00e9cialistes absolus dans leur domaine. <\/p><p class=\"\" data-start=\"699\" data-end=\"1002\">Que votre \u00e9cran soit l\u00e9g\u00e8rement <strong data-start=\"739\" data-end=\"747\">fissur\u00e9<\/strong>, compl\u00e8tement <strong data-start=\"762\" data-end=\"775\">cass\u00e9<\/strong> ou qu'<strong data-start=\"785\" data-end=\"798\">il n'<\/strong> affiche <strong data-start=\"785\" data-end=\"798\">plus aucune image<\/strong>, nous trouverons toujours la solution adapt\u00e9e \u00e0 vos besoins. Et si votre Apple Watch pr\u00e9sente plusieurs dommages en m\u00eame temps, nous vous proposons <strong data-start=\"948\" data-end=\"970\">des forfaits combin\u00e9s<\/strong> attractifs \u00e0 des prix particuli\u00e8rement raisonnables. <\/p><h2 class=\"\" data-start=\"1004\" data-end=\"1040\">Vos avantages chez repairandshop :<\/h2><ul data-start=\"1042\" data-end=\"1305\"><li class=\"\" data-start=\"1042\" data-end=\"1092\"><p class=\"\" data-start=\"1044\" data-end=\"1092\"><strong data-start=\"1044\" data-end=\"1073\">R\u00e9paration express de l'\u00e9cran<\/strong> en quelques minutes<\/p><\/li><li class=\"\" data-start=\"1093\" data-end=\"1149\"><p class=\"\" data-start=\"1095\" data-end=\"1149\"><strong data-start=\"1095\" data-end=\"1123\">Des techniciens professionnels<\/strong> avec des ann\u00e9es d'exp\u00e9rience<\/p><\/li><li class=\"\" data-start=\"1150\" data-end=\"1194\"><p class=\"\" data-start=\"1152\" data-end=\"1194\"><strong data-start=\"1152\" data-end=\"1168\">Des prix justes<\/strong> et des offres transparentes<\/p><\/li><li class=\"\" data-start=\"1195\" data-end=\"1254\"><p class=\"\" data-start=\"1197\" data-end=\"1254\"><strong data-start=\"1197\" data-end=\"1224\">Des pi\u00e8ces de rechange de haute qualit\u00e9<\/strong> pour une r\u00e9paration durable<\/p><\/li><li class=\"\" data-start=\"1255\" data-end=\"1305\"><p class=\"\" data-start=\"1257\" data-end=\"1305\"><strong data-start=\"1257\" data-end=\"1269\">Garantie<\/strong> sur toutes les r\u00e9parations effectu\u00e9es<\/p><\/li><\/ul><p class=\"\" data-start=\"1307\" data-end=\"1593\">Passez simplement dans l'une de nos succursales, par exemple \u00e0 <strong data-start=\"1370\" data-end=\"1391\">La Chaux-de-Fonds<\/strong>, <strong data-start=\"1393\" data-end=\"1406\">Neuch\u00e2tel<\/strong>, <strong data-start=\"1408\" data-end=\"1416\">Berne<\/strong>, <strong data-start=\"1418\" data-end=\"1426\">Thoune<\/strong>, <strong data-start=\"1428\" data-end=\"1442\">Interlaken<\/strong>, <strong data-start=\"1444\" data-end=\"1457\">M\u00fcnsingen<\/strong>, <strong data-start=\"1459\" data-end=\"1474\">Biel\/Bienne<\/strong>, <strong data-start=\"1476\" data-end=\"1487\">Yverdon<\/strong>, <strong data-start=\"1489\" data-end=\"1499\">Zurich<\/strong>, <strong data-start=\"1501\" data-end=\"1510\">B\u00e2le<\/strong>, <strong data-start=\"1512\" data-end=\"1521\">Olten<\/strong> ou <strong data-start=\"1527\" data-end=\"1540\">Soleure<\/strong> - nous ferons briller votre Apple Watch \u00e0 nouveau !<\/p>\n\t\t\t\t\t<\/div>\n\t\t\t\t\t\t<\/div>\n\t\t\t\t<\/div>\n\t\t\t\t<div class=\"elementor-element elementor-element-16343c3 elementor-widget elementor-widget-wd_text_block\" data-id=\"16343c3\" data-element_type=\"widget\" data-e-type=\"widget\" data-widget_type=\"wd_text_block.default\">\n\t\t\t\t<div class=\"elementor-widget-container\">\n\t\t\t\t\t\t\t<div class=\"wd-text-block reset-last-child text-left\">\n\t\t\t\n\t\t\t<h1 class=\"\" data-start=\"180\" data-end=\"273\">repairandshop - Rapide, fiable et \u00e9quitable ! Votre Apple Watch r\u00e9par\u00e9e par un sp\u00e9cialiste <\/h1><p class=\"\" data-start=\"275\" data-end=\"560\">Chez <strong data-start=\"279\" data-end=\"296\">repairandshop<\/strong>, vous \u00eates \u00e0 la bonne adresse pour une <strong data-start=\"364\" data-end=\"389\">r\u00e9paration<\/strong> rapide et professionnelle de votre <strong data-start=\"364\" data-end=\"389\">Apple Watch<\/strong>! Dans chaque magasin, plusieurs sp\u00e9cialistes Watch certifi\u00e9s sont \u00e0 votre disposition pour vous offrir un service de premi\u00e8re classe - fiable, comp\u00e9tent et juste en termes de prix. <\/p><p class=\"\" data-start=\"562\" data-end=\"857\">Vous voulez r\u00e9utiliser votre <strong data-start=\"578\" data-end=\"593\">Apple Watch<\/strong> le plus rapidement possible ? Alors venez nous rendre visite dans l'une de nos succursales \u00e0 <strong data-start=\"686\" data-end=\"707\">La Chaux-de-Fonds<\/strong>, <strong data-start=\"709\" data-end=\"722\">Neuch\u00e2tel<\/strong>, <strong data-start=\"724\" data-end=\"732\">Berne<\/strong>, <strong data-start=\"734\" data-end=\"742\">Thoune<\/strong>, <strong data-start=\"744\" data-end=\"758\">Interlaken<\/strong>, <strong data-start=\"760\" data-end=\"773\">M\u00fcnsingen<\/strong>, <strong data-start=\"775\" data-end=\"790\">Biel\/Bienne<\/strong>, <strong data-start=\"792\" data-end=\"803\">Yverdon<\/strong>, <strong data-start=\"805\" data-end=\"815\">Zurich<\/strong>, <strong data-start=\"817\" data-end=\"826\">B\u00e2le<\/strong>, <strong data-start=\"828\" data-end=\"837\">Olten<\/strong> ou <strong data-start=\"843\" data-end=\"856\">Soleure<\/strong>. <\/p><h2 class=\"\" data-start=\"1065\" data-end=\"1139\">Pourquoi repairandshop est le meilleur choix pour votre r\u00e9paration d'Apple Watch :<\/h2><ul data-start=\"1141\" data-end=\"1385\"><li class=\"\" data-start=\"1141\" data-end=\"1196\"><p class=\"\" data-start=\"1143\" data-end=\"1196\"><strong data-start=\"1143\" data-end=\"1179\">Des sp\u00e9cialistes certifi\u00e9s de la montre<\/strong> dans chaque magasin<\/p><\/li><li class=\"\" data-start=\"1197\" data-end=\"1258\"><p class=\"\" data-start=\"1199\" data-end=\"1258\"><strong data-start=\"1199\" data-end=\"1227\">D\u00e9lais de r\u00e9paration rapides<\/strong>, souvent en quelques minutes<\/p><\/li><li class=\"\" data-start=\"1259\" data-end=\"1300\"><p class=\"\" data-start=\"1261\" data-end=\"1300\"><strong data-start=\"1261\" data-end=\"1277\">Des prix justes<\/strong> sans co\u00fbts cach\u00e9s<\/p><\/li><li class=\"\" data-start=\"1301\" data-end=\"1349\"><p class=\"\" data-start=\"1303\" data-end=\"1349\"><strong data-start=\"1303\" data-end=\"1330\">Des pi\u00e8ces de rechange de haute<\/strong> qualit\u00e9 pour une qualit\u00e9 optimale<\/p><\/li><li class=\"\" data-start=\"1350\" data-end=\"1385\"><p class=\"\" data-start=\"1352\" data-end=\"1385\"><strong data-start=\"1352\" data-end=\"1364\">Garantie<\/strong> sur toutes les r\u00e9parations<\/p><\/li><\/ul><p class=\"\" data-start=\"1387\" data-end=\"1521\">Faites confiance aux professionnels - nous r\u00e9parons votre Apple Watch rapidement, soigneusement et de mani\u00e8re fiable. Venez nous voir - nous serons ravis de vous accueillir ! <\/p>\n\t\t\t\t\t<\/div>\n\t\t\t\t\t\t<\/div>\n\t\t\t\t<\/div>\n\t\t\t\t<div class=\"elementor-element elementor-element-0ca4390 elementor-widget elementor-widget-wd_text_block\" data-id=\"0ca4390\" data-element_type=\"widget\" data-e-type=\"widget\" data-widget_type=\"wd_text_block.default\">\n\t\t\t\t<div class=\"elementor-widget-container\">\n\t\t\t\t\t\t\t<div class=\"wd-text-block reset-last-child text-left\">\n\t\t\t\n\t\t\t<h1 class=\"\" data-start=\"197\" data-end=\"283\">R\u00e9paration Apple Watch pour tous les mod\u00e8les - Rapide et professionnelle chez repairandshop<\/h1><p class=\"\" data-start=\"285\" data-end=\"617\">Apple est aujourd'hui le leader dans le domaine des <strong data-start=\"334\" data-end=\"350\">smartwatches<\/strong> - et chez <strong data-start=\"361\" data-end=\"378\">repairandshop<\/strong>, nous sommes sp\u00e9cialis\u00e9s dans la r\u00e9paration rapide et fiable de tous les <strong data-start=\"415\" data-end=\"438\">mod\u00e8les d'Apple Watch<\/strong>. Nos techniciens exp\u00e9riment\u00e9s connaissent parfaitement chaque g\u00e9n\u00e9ration et remettent votre Apple Watch en pleine forme dans les plus brefs d\u00e9lais. <\/p><p class=\"\" data-start=\"619\" data-end=\"852\">M\u00eame si des mod\u00e8les plus r\u00e9cents comme l'Apple Watch Series 9 ou Ultra sont d\u00e9sormais disponibles, de nombreux mod\u00e8les plus anciens comme les Series 1 \u00e0 Series 5 restent en circulation - et c'est pr\u00e9cis\u00e9ment pour cela que nous vous proposons un service de r\u00e9paration complet.<\/p><h2 class=\"\" data-start=\"854\" data-end=\"913\">Nous proposons des r\u00e9parations pour ces mod\u00e8les d'Apple Watch :<\/h2><ul data-start=\"915\" data-end=\"1029\"><li class=\"\" data-start=\"915\" data-end=\"937\"><p class=\"\" data-start=\"917\" data-end=\"937\">Apple Watch Series 5<\/p><\/li><li class=\"\" data-start=\"938\" data-end=\"960\"><p class=\"\" data-start=\"940\" data-end=\"960\">Apple Watch Series 4<\/p><\/li><li class=\"\" data-start=\"961\" data-end=\"983\"><p class=\"\" data-start=\"963\" data-end=\"983\">Apple Watch Series 3<\/p><\/li><li class=\"\" data-start=\"984\" data-end=\"1006\"><p class=\"\" data-start=\"986\" data-end=\"1006\">Apple Watch Series 2<\/p><\/li><li class=\"\" data-start=\"1007\" data-end=\"1029\"><p class=\"\" data-start=\"1009\" data-end=\"1029\">Apple Watch Series 1<\/p><\/li><\/ul><p class=\"\" data-start=\"1031\" data-end=\"1145\">Qu'il s'agisse d'un \u00e9cran cass\u00e9, d'un remplacement de batterie, d'un d\u00e9g\u00e2t des eaux ou d'une perte totale, nous avons la solution adapt\u00e9e \u00e0 votre appareil.<\/p><h2 class=\"\" data-start=\"1147\" data-end=\"1184\">Plus qu'une simple r\u00e9paration d'Apple Watch<\/h2><p class=\"\" data-start=\"1186\" data-end=\"1409\">Bien s\u00fbr, nous ne r\u00e9parons pas seulement votre Apple Watch ! Chez <strong data-start=\"1244\" data-end=\"1261\">repairandshop<\/strong>, nous proposons \u00e9galement des r\u00e9parations professionnelles pour vos autres appareils Apple comme <strong data-start=\"1340\" data-end=\"1351\">les iPhones<\/strong>, <strong data-start=\"1353\" data-end=\"1362\">iPads<\/strong>, <strong data-start=\"1364\" data-end=\"1373\">iPods<\/strong>, <strong data-start=\"1375\" data-end=\"1387\">MacBooks<\/strong> et bien d'autres. <\/p><p class=\"\" data-start=\"1411\" data-end=\"1685\"><strong data-start=\"1411\" data-end=\"1432\">Venez nous rendre visite<\/strong> pr\u00e8s de chez vous - par exemple \u00e0 <strong data-start=\"1466\" data-end=\"1487\">La Chaux-de-Fonds<\/strong>, <strong data-start=\"1489\" data-end=\"1502\">Neuch\u00e2tel<\/strong>, <strong data-start=\"1504\" data-end=\"1512\">Berne<\/strong>, <strong data-start=\"1514\" data-end=\"1522\">Thoune<\/strong>, <strong data-start=\"1524\" data-end=\"1538\">Interlaken<\/strong>, <strong data-start=\"1540\" data-end=\"1553\">M\u00fcnsingen<\/strong>, <strong data-start=\"1555\" data-end=\"1570\">Biel\/Bienne<\/strong>, <strong data-start=\"1572\" data-end=\"1583\">Yverdon<\/strong>, <strong data-start=\"1585\" data-end=\"1595\">Zurich<\/strong>, <strong data-start=\"1597\" data-end=\"1606\">B\u00e2le<\/strong>, <strong data-start=\"1608\" data-end=\"1617\">Olten<\/strong> ou <strong data-start=\"1623\" data-end=\"1636\">Soleure<\/strong> - et remettez vos appareils en \u00e9tat de marche !<\/p>\n\t\t\t\t\t<\/div>\n\t\t\t\t\t\t<\/div>\n\t\t\t\t<\/div>\n\t\t\t\t<div class=\"elementor-element elementor-element-83b1204 elementor-widget elementor-widget-wd_text_block\" data-id=\"83b1204\" data-element_type=\"widget\" data-e-type=\"widget\" data-widget_type=\"wd_text_block.default\">\n\t\t\t\t<div class=\"elementor-widget-container\">\n\t\t\t\t\t\t\t<div class=\"wd-text-block reset-last-child text-left\">\n\t\t\t\n\t\t\t<h1 class=\"\" data-start=\"169\" data-end=\"250\">R\u00e9paration Apple Watch en ligne - Il suffit de l'envoyer pour qu'elle soit r\u00e9par\u00e9e rapidement !<\/h1><p class=\"\" data-start=\"252\" data-end=\"465\">Pas de magasin pr\u00e8s de chez vous ou pas le temps de vous y rendre ? Pas de probl\u00e8me ! Chez <strong data-start=\"333\" data-end=\"350\">repairandshop<\/strong>, vous pouvez facilement envoyer votre <strong data-start=\"367\" data-end=\"382\">Apple Watch<\/strong> par la poste et la faire r\u00e9parer - rapidement, en toute s\u00e9curit\u00e9 et de mani\u00e8re fiable.  <\/p><p class=\"\" data-start=\"467\" data-end=\"877\">R\u00e9servez facilement votre r\u00e9paration en ligne sur notre site web <strong data-start=\"530\" data-end=\"586\"><a class=\"\" href=\"https:\/\/www.repairandshop.ch\" target=\"_new\" rel=\"noopener\" data-start=\"532\" data-end=\"584\">www.repairandshop.ch<\/a><\/strong>. Une fois votre commande confirm\u00e9e, vous nous envoyez directement votre appareil d\u00e9fectueux sous forme de <strong data-start=\"652\" data-end=\"674\">colis assur\u00e9<\/strong>. Apr\u00e8s r\u00e9ception, nos techniciens certifi\u00e9s traitent votre commande dans un d\u00e9lai d'un jour ouvrable. Nous analysons soigneusement votre appareil et r\u00e9parons le d\u00e9faut de mani\u00e8re professionnelle et rapide.   <\/p><p class=\"\" data-start=\"879\" data-end=\"993\">Le retour s'effectue \u00e9galement par <strong data-start=\"917\" data-end=\"939\">colis assur\u00e9<\/strong> - les frais sont bien entendu \u00e0 notre charge !<\/p><h2 class=\"\" data-start=\"995\" data-end=\"1038\">Vos avantages avec la r\u00e9paration en ligne :<\/h2><ul data-start=\"1040\" data-end=\"1322\"><li class=\"\" data-start=\"1040\" data-end=\"1088\"><p class=\"\" data-start=\"1042\" data-end=\"1088\"><strong data-start=\"1042\" data-end=\"1069\">R\u00e9servation en ligne facile<\/strong> en quelques minutes<\/p><\/li><li class=\"\" data-start=\"1089\" data-end=\"1152\"><p class=\"\" data-start=\"1091\" data-end=\"1152\"><strong data-start=\"1091\" data-end=\"1128\">Exp\u00e9dition aller-retour assur\u00e9e<\/strong> pour une s\u00e9curit\u00e9 maximale<\/p><\/li><li class=\"\" data-start=\"1153\" data-end=\"1208\"><p class=\"\" data-start=\"1155\" data-end=\"1208\"><strong data-start=\"1155\" data-end=\"1196\">Traitement dans un d\u00e9lai d'un jour ouvrable<\/strong> apr\u00e8s r\u00e9ception<\/p><\/li><li class=\"\" data-start=\"1209\" data-end=\"1277\"><p class=\"\" data-start=\"1211\" data-end=\"1277\"><strong data-start=\"1211\" data-end=\"1251\">Analyse et r\u00e9paration professionnelles<\/strong> par des techniciens exp\u00e9riment\u00e9s<\/p><\/li><li class=\"\" data-start=\"1278\" data-end=\"1322\"><p class=\"\" data-start=\"1280\" data-end=\"1322\"><strong data-start=\"1280\" data-end=\"1296\">Des prix justes<\/strong> et des offres transparentes<\/p><\/li><\/ul><h2 class=\"\" data-start=\"1324\" data-end=\"1401\">R\u00e9paration Apple Watch - Sur place ou en ligne, toujours la qualit\u00e9 repairandshop !<\/h2><p class=\"\" data-start=\"1403\" data-end=\"1770\">Que ce soit dans l'une de nos succursales \u00e0 <strong data-start=\"1435\" data-end=\"1456\">La Chaux-de-Fonds<\/strong>, <strong data-start=\"1458\" data-end=\"1471\">Neuch\u00e2tel<\/strong>, <strong data-start=\"1473\" data-end=\"1481\">Berne<\/strong>, <strong data-start=\"1483\" data-end=\"1491\">Thoune<\/strong>, <strong data-start=\"1493\" data-end=\"1507\">Interlaken<\/strong>, <strong data-start=\"1509\" data-end=\"1522\">M\u00fcnsingen<\/strong>, <strong data-start=\"1524\" data-end=\"1539\">Biel\/Bienne<\/strong>, <strong data-start=\"1541\" data-end=\"1552\">Yverdon<\/strong>, <strong data-start=\"1554\" data-end=\"1564\">Zurich<\/strong>, <strong data-start=\"1566\" data-end=\"1575\">B\u00e2le<\/strong>, <strong data-start=\"1577\" data-end=\"1586\">Olten<\/strong> ou <strong data-start=\"1592\" data-end=\"1605\">Soleure<\/strong> - ou via notre <strong data-start=\"1635\" data-end=\"1653\">service en ligne<\/strong> pratique : chez <strong data-start=\"1659\" data-end=\"1676\">repairandshop<\/strong>, tu obtiens toujours une <strong data-start=\"1700\" data-end=\"1750\">r\u00e9paration rapide, s\u00fbre et professionnelle<\/strong> de ton Apple Watch.<\/p><p class=\"\" data-start=\"1772\" data-end=\"1836\"><strong data-start=\"1772\" data-end=\"1836\">R\u00e9servez en ligne d\u00e8s maintenant et faites r\u00e9parer votre Apple Watch !<\/strong><\/p>\n\t\t\t\t\t<\/div>\n\t\t\t\t\t\t<\/div>\n\t\t\t\t<\/div>\n\t\t\t\t<div class=\"elementor-element elementor-element-ed892cc elementor-widget elementor-widget-wd_text_block\" data-id=\"ed892cc\" data-element_type=\"widget\" data-e-type=\"widget\" data-widget_type=\"wd_text_block.default\">\n\t\t\t\t<div class=\"elementor-widget-container\">\n\t\t\t\t\t\t\t<div class=\"wd-text-block reset-last-child text-left\">\n\t\t\t\n\t\t\t\n\t\t\t\t\t<\/div>\n\t\t\t\t\t\t<\/div>\n\t\t\t\t<\/div>\n\t\t\t\t\t<\/div>\n\t\t\t\t<\/div>\n\t\t<div class=\"wd-negative-gap elementor-element elementor-element-fdbf9f7 e-flex e-con-boxed e-con e-parent\" data-id=\"fdbf9f7\" data-element_type=\"container\" data-e-type=\"container\" data-settings=\"{&quot;_ha_eqh_enable&quot;:false}\">\n\t\t\t\t\t<div class=\"e-con-inner\">\n\t\t\t\t<div class=\"elementor-element elementor-element-dbbea5b elementor-widget elementor-widget-wd_text_block\" data-id=\"dbbea5b\" data-element_type=\"widget\" data-e-type=\"widget\" data-widget_type=\"wd_text_block.default\">\n\t\t\t\t<div class=\"elementor-widget-container\">\n\t\t\t\t\t\t\t<div class=\"wd-text-block reset-last-child text-left\">\n\t\t\t\n\t\t\t<div class=\"fl-row fl-row-fixed-width fl-row-bg-none fl-node-hx9d58i4m012 fl-row-default-height fl-row-align-center\" data-node=\"hx9d58i4m012\"><div class=\"fl-row-content-wrap\"><div class=\"fl-row-content fl-row-fixed-width fl-node-content\"><div class=\"fl-col-group fl-node-394svnozxy50\" data-node=\"394svnozxy50\"><div class=\"fl-col fl-node-nog07qwf45i1 fl-col-bg-color\" data-node=\"nog07qwf45i1\"><div class=\"fl-col-content fl-node-content\"><div class=\"fl-module fl-module-rich-text fl-node-wlcorkeh0vnu\" data-node=\"wlcorkeh0vnu\"><div class=\"fl-module-content fl-node-content\"><div class=\"fl-rich-text\"><h1 class=\"\" data-start=\"230\" data-end=\"304\">Apple iPhone r\u00e9paration - rapide et professionnelle dans toute la Suisse<\/h1><p class=\"\" data-start=\"306\" data-end=\"857\">Que vous soyez de <strong data-start=\"321\" data-end=\"331\">Zurich<\/strong>, <strong data-start=\"333\" data-end=\"341\">Gen\u00e8ve<\/strong>, <strong data-start=\"343\" data-end=\"352\">B\u00e2le<\/strong>, <strong data-start=\"354\" data-end=\"366\">Lausanne<\/strong>, <strong data-start=\"368\" data-end=\"376\">Berne<\/strong>, <strong data-start=\"378\" data-end=\"392\">Winterthur<\/strong>, <strong data-start=\"394\" data-end=\"404\">Lucerne<\/strong>, <strong data-start=\"406\" data-end=\"420\">Saint-Gall<\/strong>, <strong data-start=\"422\" data-end=\"432\">Lugano<\/strong>, <strong data-start=\"434\" data-end=\"449\">Biel\/Bienne<\/strong>, <strong data-start=\"451\" data-end=\"459\">Thoune<\/strong>, <strong data-start=\"461\" data-end=\"470\">K\u00f6niz<\/strong>, <strong data-start=\"472\" data-end=\"493\">La Chaux-de-Fonds<\/strong>, <strong data-start=\"495\" data-end=\"511\">Schaffhouse<\/strong>, <strong data-start=\"513\" data-end=\"525\">Fribourg<\/strong>,                 <strong data-start=\"527\" data-end=\"535\">Coire<\/strong>, <strong data-start=\"537\" data-end=\"550\">Neuch\u00e2tel<\/strong>, <strong data-start=\"552\" data-end=\"563\">Vernier<\/strong>, <strong data-start=\"565\" data-end=\"574\">Uster<\/strong>, <strong data-start=\"576\" data-end=\"584\">Sion<\/strong>, <strong data-start=\"586\" data-end=\"595\">Lancy<\/strong>, <strong data-start=\"597\" data-end=\"618\">Yverdon-les-Bains<\/strong>, <strong data-start=\"620\" data-end=\"627\">Zoug<\/strong>, <strong data-start=\"629\" data-end=\"642\">D\u00fcbendorf<\/strong>, <strong data-start=\"644\" data-end=\"656\">Montreux<\/strong>, <strong data-start=\"658\" data-end=\"672\">Frauenfeld<\/strong>, <strong data-start=\"674\" data-end=\"686\">Dietikon<\/strong>,             <strong data-start=\"688\" data-end=\"700\">Wetzikon<\/strong>, <strong data-start=\"702\" data-end=\"721\">Rapperswil-Jona<\/strong>, <strong data-start=\"723\" data-end=\"733\">Meyrin<\/strong> ou <strong data-start=\"739\" data-end=\"753\">Bellinzona<\/strong> - <strong data-start=\"763\" data-end=\"780\">repairandshop<\/strong> est votre interlocuteur pour des r\u00e9parations professionnelles dans toute la Suisse.<\/p><p class=\"\" data-start=\"859\" data-end=\"1165\">Nous nous occupons rapidement et professionnellement de votre <strong data-start=\"922\" data-end=\"932\">iPhone<\/strong>, <strong data-start=\"934\" data-end=\"942\">iPad<\/strong>, <strong data-start=\"944\" data-end=\"955\">MacBook<\/strong> ou <strong data-start=\"961\" data-end=\"969\">iMac<\/strong> endommag\u00e9. Qu'il s'agisse d'un \u00e9cran cass\u00e9, d'un d\u00e9g\u00e2t des eaux, d'un probl\u00e8me de batterie ou d'un autre d\u00e9faut, nos techniciens certifi\u00e9s trouveront la solution adapt\u00e9e \u00e0 votre appareil. <\/p><p class=\"\" data-start=\"1167\" data-end=\"1516\">Pour que nous puissions \u00e9valuer pr\u00e9cis\u00e9ment les dommages, nous avons besoin de votre appareil sur place. R\u00e9servez simplement votre r\u00e9paration en ligne sur <strong data-start=\"1290\" data-end=\"1346\"><a class=\"\" href=\"https:\/\/www.repairandshop.ch\" target=\"_new\" rel=\"noopener\" data-start=\"1292\" data-end=\"1344\">www.repairandshop.ch<\/a><\/strong> et envoyez-nous votre appareil d\u00e9fectueux dans un <strong data-start=\"1383\" data-end=\"1405\">colis assur\u00e9<\/strong>. D\u00e8s r\u00e9ception, nous analyserons soigneusement votre appareil et \u00e9tablirons un devis transparent.  <\/p><h2 class=\"\" data-start=\"1518\" data-end=\"1554\">Vos avantages chez repairandshop :<\/h2><ul data-start=\"1556\" data-end=\"1787\"><li class=\"\" data-start=\"1556\" data-end=\"1612\"><p class=\"\" data-start=\"1558\" data-end=\"1612\"><strong data-start=\"1558\" data-end=\"1588\">Analyse approfondie des dommages<\/strong> et documentation claire<\/p><\/li><li class=\"\" data-start=\"1613\" data-end=\"1662\"><p class=\"\" data-start=\"1615\" data-end=\"1662\"><strong data-start=\"1615\" data-end=\"1637\">R\u00e9paration rapide<\/strong> dans les plus brefs d\u00e9lais<\/p><\/li><li class=\"\" data-start=\"1663\" data-end=\"1696\"><p class=\"\" data-start=\"1665\" data-end=\"1696\"><strong data-start=\"1665\" data-end=\"1696\">Des prix attractifs et justes<\/strong><\/p><\/li><li class=\"\" data-start=\"1697\" data-end=\"1739\"><p class=\"\" data-start=\"1699\" data-end=\"1739\"><strong data-start=\"1699\" data-end=\"1720\">6 mois de garantie<\/strong> sur chaque r\u00e9paration<\/p><\/li><li class=\"\" data-start=\"1740\" data-end=\"1787\"><p class=\"\" data-start=\"1742\" data-end=\"1787\"><strong data-start=\"1742\" data-end=\"1769\">Retour gratuit<\/strong> en cas de r\u00e9clamation<\/p><\/li><\/ul><p class=\"\" data-start=\"1789\" data-end=\"1960\">La plupart de nos clients optent directement pour une r\u00e9paration chez nous, gr\u00e2ce \u00e0 notre combinaison de service de qualit\u00e9, de traitement rapide et de prix \u00e9quitables.<\/p><p class=\"\" data-start=\"1962\" data-end=\"2049\"><strong data-start=\"1962\" data-end=\"2049\">R\u00e9servez maintenant votre r\u00e9paration en ligne et faites r\u00e9parer votre appareil Apple par un professionnel !<\/strong><\/p><\/div><\/div><\/div><\/div><\/div><\/div><\/div><\/div><\/div>\n\t\t\t\t\t<\/div>\n\t\t\t\t\t\t<\/div>\n\t\t\t\t<\/div>\n\t\t\t\t\t<\/div>\n\t\t\t\t<\/div>\n\t\t\t\t<\/div>\n\t\t\n    <div class=\"xs_social_share_widget xs_share_url after_content \t\tmain_content  wslu-style-1 wslu-share-box-shaped wslu-fill-colored wslu-none wslu-share-horizontal wslu-theme-font-no wslu-main_content\">\n\n\t\t\n        <ul>\n\t\t\t        <\/ul>\n    <\/div> \n","protected":false},"excerpt":{"rendered":"<p>Watch SE (3rd Gen \u2013 2025) Mod\u00e8les: 40mm, 44mm \u2013 R\u00e9paration \u00e9cran, changement de batterie, r\u00e9paration capteur &amp; cam\u00e9ra et<\/p>\n","protected":false},"author":1,"featured_media":67435,"parent":0,"menu_order":0,"comment_status":"closed","ping_status":"closed","template":"","meta":{"postBodyCss":"","postBodyMargin":[],"postBodyPadding":[],"postBodyBackground":{"backgroundType":"classic","gradient":""},"footnotes":""},"class_list":["post-27050","page","type-page","status-publish","has-post-thumbnail","hentry"],"yoast_head":"<!-- This site is optimized with the Yoast SEO Premium plugin v26.8 (Yoast SEO v27.3) - https:\/\/yoast.com\/product\/yoast-seo-premium-wordpress\/ -->\n<title>R\u00e9paration Apple Watch Suisse | \u00c9cran, Batterie &amp; Service<\/title>\n<meta name=\"description\" content=\"R\u00e9paration Apple Watch en Suisse: \u00e9cran cass\u00e9, batterie, logiciel. Service rapide, fiable et garanti par des experts partout en Suisse.\" \/>\n<meta name=\"robots\" content=\"index, follow, max-snippet:-1, max-image-preview:large, max-video-preview:-1\" \/>\n<link rel=\"canonical\" href=\"https:\/\/repairandshop.ch\/fr\/reparation-apple-watch\/\" \/>\n<meta property=\"og:locale\" content=\"fr_FR\" \/>\n<meta property=\"og:type\" content=\"article\" \/>\n<meta property=\"og:title\" content=\"R\u00e9paration Apple Watch\" \/>\n<meta property=\"og:description\" content=\"R\u00e9paration Apple Watch en Suisse: \u00e9cran cass\u00e9, batterie, logiciel. Service rapide, fiable et garanti par des experts partout en Suisse.\" \/>\n<meta property=\"og:url\" content=\"https:\/\/repairandshop.ch\/fr\/reparation-apple-watch\/\" \/>\n<meta property=\"og:site_name\" content=\"repairandshop\" \/>\n<meta property=\"article:modified_time\" content=\"2026-04-12T15:17:27+00:00\" \/>\n<meta property=\"og:image\" content=\"https:\/\/repairandshop.ch\/wp-content\/uploads\/2026\/02\/watch-series-1-reparatur.webp\" \/>\n\t<meta property=\"og:image:width\" content=\"600\" \/>\n\t<meta property=\"og:image:height\" content=\"600\" \/>\n\t<meta property=\"og:image:type\" content=\"image\/webp\" \/>\n<meta name=\"twitter:card\" content=\"summary_large_image\" \/>\n<meta name=\"twitter:label1\" content=\"Dur\u00e9e de lecture estim\u00e9e\" \/>\n\t<meta name=\"twitter:data1\" content=\"11 minutes\" \/>\n<!-- \/ Yoast SEO Premium plugin. -->","yoast_head_json":{"title":"R\u00e9paration Apple Watch Suisse | \u00c9cran, Batterie & Service","description":"R\u00e9paration Apple Watch en Suisse: \u00e9cran cass\u00e9, batterie, logiciel. Service rapide, fiable et garanti par des experts partout en Suisse.","robots":{"index":"index","follow":"follow","max-snippet":"max-snippet:-1","max-image-preview":"max-image-preview:large","max-video-preview":"max-video-preview:-1"},"canonical":"https:\/\/repairandshop.ch\/fr\/reparation-apple-watch\/","og_locale":"fr_FR","og_type":"article","og_title":"R\u00e9paration Apple Watch","og_description":"R\u00e9paration Apple Watch en Suisse: \u00e9cran cass\u00e9, batterie, logiciel. Service rapide, fiable et garanti par des experts partout en Suisse.","og_url":"https:\/\/repairandshop.ch\/fr\/reparation-apple-watch\/","og_site_name":"repairandshop","article_modified_time":"2026-04-12T15:17:27+00:00","og_image":[{"width":600,"height":600,"url":"https:\/\/repairandshop.ch\/wp-content\/uploads\/2026\/02\/watch-series-1-reparatur.webp","type":"image\/webp"}],"twitter_card":"summary_large_image","twitter_misc":{"Dur\u00e9e de lecture estim\u00e9e":"11 minutes"},"schema":{"@context":"https:\/\/schema.org","@graph":[{"@type":"WebPage","@id":"https:\/\/repairandshop.ch\/fr\/reparation-apple-watch\/","url":"https:\/\/repairandshop.ch\/fr\/reparation-apple-watch\/","name":"R\u00e9paration Apple Watch Suisse | \u00c9cran, Batterie & Service","isPartOf":{"@id":"https:\/\/repairandshop.ch\/fr\/#website"},"primaryImageOfPage":{"@id":"https:\/\/repairandshop.ch\/fr\/reparation-apple-watch\/#primaryimage"},"image":{"@id":"https:\/\/repairandshop.ch\/fr\/reparation-apple-watch\/#primaryimage"},"thumbnailUrl":"https:\/\/repairandshop.ch\/wp-content\/uploads\/2026\/02\/watch-series-1-reparatur.webp","datePublished":"2025-03-05T06:45:44+00:00","dateModified":"2026-04-12T15:17:27+00:00","description":"R\u00e9paration Apple Watch en Suisse: \u00e9cran cass\u00e9, batterie, logiciel. Service rapide, fiable et garanti par des experts partout en Suisse.","breadcrumb":{"@id":"https:\/\/repairandshop.ch\/fr\/reparation-apple-watch\/#breadcrumb"},"inLanguage":"fr-FR","potentialAction":[{"@type":"ReadAction","target":["https:\/\/repairandshop.ch\/fr\/reparation-apple-watch\/"]}]},{"@type":"ImageObject","inLanguage":"fr-FR","@id":"https:\/\/repairandshop.ch\/fr\/reparation-apple-watch\/#primaryimage","url":"https:\/\/repairandshop.ch\/wp-content\/uploads\/2026\/02\/watch-series-1-reparatur.webp","contentUrl":"https:\/\/repairandshop.ch\/wp-content\/uploads\/2026\/02\/watch-series-1-reparatur.webp","width":600,"height":600,"caption":"Watch Series 1 Reparatur"},{"@type":"BreadcrumbList","@id":"https:\/\/repairandshop.ch\/fr\/reparation-apple-watch\/#breadcrumb","itemListElement":[{"@type":"ListItem","position":1,"name":"Home","item":"https:\/\/repairandshop.ch\/fr\/"},{"@type":"ListItem","position":2,"name":"R\u00e9paration Apple Watch"}]},{"@type":"WebSite","@id":"https:\/\/repairandshop.ch\/fr\/#website","url":"https:\/\/repairandshop.ch\/fr\/","name":"Repair And Shop","description":"","publisher":{"@id":"https:\/\/repairandshop.ch\/fr\/#organization"},"potentialAction":[{"@type":"SearchAction","target":{"@type":"EntryPoint","urlTemplate":"https:\/\/repairandshop.ch\/fr\/?s={search_term_string}"},"query-input":{"@type":"PropertyValueSpecification","valueRequired":true,"valueName":"search_term_string"}}],"inLanguage":"fr-FR"},{"@type":"Organization","@id":"https:\/\/repairandshop.ch\/fr\/#organization","name":"Repair And Shop","url":"https:\/\/repairandshop.ch\/fr\/","logo":{"@type":"ImageObject","inLanguage":"fr-FR","@id":"https:\/\/repairandshop.ch\/fr\/#\/schema\/logo\/image\/","url":"https:\/\/repairandshop.ch\/wp-content\/uploads\/2025\/02\/RepairandShop-Logo.png","contentUrl":"https:\/\/repairandshop.ch\/wp-content\/uploads\/2025\/02\/RepairandShop-Logo.png","width":834,"height":193,"caption":"Repair And Shop"},"image":{"@id":"https:\/\/repairandshop.ch\/fr\/#\/schema\/logo\/image\/"}}]}},"_links":{"self":[{"href":"https:\/\/repairandshop.ch\/fr\/wp-json\/wp\/v2\/pages\/27050","targetHints":{"allow":["GET"]}}],"collection":[{"href":"https:\/\/repairandshop.ch\/fr\/wp-json\/wp\/v2\/pages"}],"about":[{"href":"https:\/\/repairandshop.ch\/fr\/wp-json\/wp\/v2\/types\/page"}],"author":[{"embeddable":true,"href":"https:\/\/repairandshop.ch\/fr\/wp-json\/wp\/v2\/users\/1"}],"replies":[{"embeddable":true,"href":"https:\/\/repairandshop.ch\/fr\/wp-json\/wp\/v2\/comments?post=27050"}],"version-history":[{"count":7,"href":"https:\/\/repairandshop.ch\/fr\/wp-json\/wp\/v2\/pages\/27050\/revisions"}],"predecessor-version":[{"id":74844,"href":"https:\/\/repairandshop.ch\/fr\/wp-json\/wp\/v2\/pages\/27050\/revisions\/74844"}],"wp:featuredmedia":[{"embeddable":true,"href":"https:\/\/repairandshop.ch\/fr\/wp-json\/wp\/v2\/media\/67435"}],"wp:attachment":[{"href":"https:\/\/repairandshop.ch\/fr\/wp-json\/wp\/v2\/media?parent=27050"}],"curies":[{"name":"wp","href":"https:\/\/api.w.org\/{rel}","templated":true}]}}