{"id":27245,"date":"2025-03-18T17:04:11","date_gmt":"2025-03-18T17:04:11","guid":{"rendered":"https:\/\/repairandshop.ch\/reparation-de-telephone-portable\/"},"modified":"2026-03-06T12:29:05","modified_gmt":"2026-03-06T12:29:05","slug":"reparation-telephone","status":"publish","type":"page","link":"https:\/\/repairandshop.ch\/fr\/reparation-telephone\/","title":{"rendered":"R\u00e9paration de t\u00e9l\u00e9phone portable"},"content":{"rendered":"\t\t<div data-elementor-type=\"wp-page\" data-elementor-id=\"27245\" class=\"elementor elementor-27245 elementor-18377\" data-elementor-post-type=\"page\">\n\t\t\t\t<div class=\"wd-negative-gap elementor-element elementor-element-41a16f2 e-grid e-con-boxed e-con e-parent\" data-id=\"41a16f2\" data-element_type=\"container\" data-e-type=\"container\" data-settings=\"{&quot;_ha_eqh_enable&quot;:&quot;yes&quot;,&quot;_ha_eqh_widget&quot;:[&quot;elementskit-image-box&quot;],&quot;_ha_eqh_to&quot;:&quot;widget&quot;}\">\n\t\t\t\t\t<div class=\"e-con-inner\">\n\t\t\t\t<div class=\"elementor-element elementor-element-7b425e4 ekit-equal-height-enable ha-has-bg-overlay elementor-widget elementor-widget-elementskit-image-box\" data-id=\"7b425e4\" data-element_type=\"widget\" data-e-type=\"widget\" data-widget_type=\"elementskit-image-box.default\">\n\t\t\t\t<div class=\"elementor-widget-container\">\n\t\t\t\t\t<div class=\"ekit-wid-con\" >\n            <div class=\"elementskit-info-image-box ekit-image-box text-center simple-card\" >\n\n                \n                <div class=\"elementskit-box-header image-box-img-center\">\n\n                    <img loading=\"lazy\" decoding=\"async\" width=\"300\" height=\"298\" src=\"https:\/\/repairandshop.ch\/wp-content\/uploads\/2026\/03\/Design-sans-titre-21-300x298.png\" class=\"attachment-medium size-medium wp-image-69213\" alt=\"\" srcset=\"https:\/\/repairandshop.ch\/wp-content\/uploads\/2026\/03\/Design-sans-titre-21-300x298.png 300w, https:\/\/repairandshop.ch\/wp-content\/uploads\/2026\/03\/Design-sans-titre-21-150x149.png 150w, https:\/\/repairandshop.ch\/wp-content\/uploads\/2026\/03\/Design-sans-titre-21-768x764.png 768w, https:\/\/repairandshop.ch\/wp-content\/uploads\/2026\/03\/Design-sans-titre-21.png 894w\" sizes=\"auto, (max-width: 300px) 100vw, 300px\" \/>\n                <\/div>\n                \n                <div class=\"elementskit-box-body ekit-image-box-body\">\n                    <div class=\"elementskit-box-content ekit-image-box-body-inner\">\n                                                <h2 class=\"elementskit-info-box-title\">\n\n                        R\u00e9paration iPhone\n                        \n                    <\/h2>\n                                                            <div class=\"elementskit-box-style-content\">\n                        R\u00e9paration \u00e9cran, r\u00e9paration Batterie, r\u00e9paration cam\u00e9ra\n                    <\/div>\n                                    <\/div>\n\n                                <div class=\"elementskit-box-footer\">\n                    <div class=\"box-footer\">\n                        <div class=\"btn-wraper\">\n                                                            <a href=\"https:\/\/repairandshop.ch\/fr\/reparation-iphone\/\" class=\"elementskit-btn whitespace--normal\">\n                                    Voir r\u00e9paration                                <\/a>\n                                                    <\/div>\n                    <\/div>\n                <\/div>\n                            <\/div>\n            <\/div>\n    <\/div>\t\t\t\t<\/div>\n\t\t\t\t<\/div>\n\t\t\t\t<div class=\"elementor-element elementor-element-5aadbcc ekit-equal-height-enable ha-has-bg-overlay elementor-widget elementor-widget-elementskit-image-box\" data-id=\"5aadbcc\" data-element_type=\"widget\" data-e-type=\"widget\" data-widget_type=\"elementskit-image-box.default\">\n\t\t\t\t<div class=\"elementor-widget-container\">\n\t\t\t\t\t<div class=\"ekit-wid-con\" >\n            <div class=\"elementskit-info-image-box ekit-image-box text-center simple-card\" >\n\n                \n                <div class=\"elementskit-box-header image-box-img-center\">\n\n                    <img loading=\"lazy\" decoding=\"async\" width=\"300\" height=\"298\" src=\"https:\/\/repairandshop.ch\/wp-content\/uploads\/2026\/03\/Samsung-Galaxy-S26-Ultra-300x298.webp\" class=\"attachment-medium size-medium wp-image-69360\" alt=\"\" srcset=\"https:\/\/repairandshop.ch\/wp-content\/uploads\/2026\/03\/Samsung-Galaxy-S26-Ultra-300x298.webp 300w, https:\/\/repairandshop.ch\/wp-content\/uploads\/2026\/03\/Samsung-Galaxy-S26-Ultra-150x149.webp 150w, https:\/\/repairandshop.ch\/wp-content\/uploads\/2026\/03\/Samsung-Galaxy-S26-Ultra-768x764.webp 768w, https:\/\/repairandshop.ch\/wp-content\/uploads\/2026\/03\/Samsung-Galaxy-S26-Ultra.webp 894w\" sizes=\"auto, (max-width: 300px) 100vw, 300px\" \/>\n                <\/div>\n                \n                <div class=\"elementskit-box-body ekit-image-box-body\">\n                    <div class=\"elementskit-box-content ekit-image-box-body-inner\">\n                                                <h2 class=\"elementskit-info-box-title\">\n\n                        R\u00e9paration Samsung\n                        \n                    <\/h2>\n                                                            <div class=\"elementskit-box-style-content\">\n                        R\u00e9paration \u00e9cran, r\u00e9paration Batterie, r\u00e9paration cam\u00e9ra\n                    <\/div>\n                                    <\/div>\n\n                                <div class=\"elementskit-box-footer\">\n                    <div class=\"box-footer\">\n                        <div class=\"btn-wraper\">\n                                                            <a href=\"https:\/\/repairandshop.ch\/fr\/reparation-samsung\/\" class=\"elementskit-btn whitespace--normal\">\n                                    Voir r\u00e9paration                                <\/a>\n                                                    <\/div>\n                    <\/div>\n                <\/div>\n                            <\/div>\n            <\/div>\n    <\/div>\t\t\t\t<\/div>\n\t\t\t\t<\/div>\n\t\t\t\t<div class=\"elementor-element elementor-element-7cd88a2 ekit-equal-height-disable ha-has-bg-overlay elementor-widget elementor-widget-elementskit-image-box\" data-id=\"7cd88a2\" data-element_type=\"widget\" data-e-type=\"widget\" data-widget_type=\"elementskit-image-box.default\">\n\t\t\t\t<div class=\"elementor-widget-container\">\n\t\t\t\t\t<div class=\"ekit-wid-con\" >\n            <div class=\"elementskit-info-image-box ekit-image-box text-center simple-card\" >\n\n                \n                <div class=\"elementskit-box-header image-box-img-center\">\n\n                    <img loading=\"lazy\" decoding=\"async\" width=\"300\" height=\"300\" src=\"https:\/\/repairandshop.ch\/wp-content\/uploads\/2025\/10\/google-pixel-10-300x300.png\" class=\"attachment-medium size-medium wp-image-33866\" alt=\"\" srcset=\"https:\/\/repairandshop.ch\/wp-content\/uploads\/2025\/10\/google-pixel-10-300x300.png 300w, https:\/\/repairandshop.ch\/wp-content\/uploads\/2025\/10\/google-pixel-10-150x150.png 150w, https:\/\/repairandshop.ch\/wp-content\/uploads\/2025\/10\/google-pixel-10-768x768.png 768w, https:\/\/repairandshop.ch\/wp-content\/uploads\/2025\/10\/google-pixel-10-600x600.png 600w, https:\/\/repairandshop.ch\/wp-content\/uploads\/2025\/10\/google-pixel-10.png 1000w\" sizes=\"auto, (max-width: 300px) 100vw, 300px\" \/>\n                <\/div>\n                \n                <div class=\"elementskit-box-body ekit-image-box-body\">\n                    <div class=\"elementskit-box-content ekit-image-box-body-inner\">\n                                                <h2 class=\"elementskit-info-box-title\">\n\n                        R\u00e9paration Google Pixel\n                        \n                    <\/h2>\n                                                            <div class=\"elementskit-box-style-content\">\n                        R\u00e9paration \u00e9cran, r\u00e9paration Batterie, r\u00e9paration cam\u00e9ra\n                    <\/div>\n                                    <\/div>\n\n                                <div class=\"elementskit-box-footer\">\n                    <div class=\"box-footer\">\n                        <div class=\"btn-wraper\">\n                                                            <a href=\"https:\/\/repairandshop.ch\/fr\/reparation-google-pixel\/\" class=\"elementskit-btn whitespace--normal\">\n                                    Voir r\u00e9paration                                <\/a>\n                                                    <\/div>\n                    <\/div>\n                <\/div>\n                            <\/div>\n            <\/div>\n    <\/div>\t\t\t\t<\/div>\n\t\t\t\t<\/div>\n\t\t\t\t<div class=\"elementor-element elementor-element-0cf8265 ekit-equal-height-disable ha-has-bg-overlay elementor-widget elementor-widget-elementskit-image-box\" data-id=\"0cf8265\" data-element_type=\"widget\" data-e-type=\"widget\" data-widget_type=\"elementskit-image-box.default\">\n\t\t\t\t<div class=\"elementor-widget-container\">\n\t\t\t\t\t<div class=\"ekit-wid-con\" >\n            <div class=\"elementskit-info-image-box ekit-image-box text-center simple-card\" >\n\n                \n                <div class=\"elementskit-box-header image-box-img-center\">\n\n                    <img loading=\"lazy\" decoding=\"async\" width=\"300\" height=\"298\" src=\"https:\/\/repairandshop.ch\/wp-content\/uploads\/2026\/03\/Reparation-Huawei-Suisse-300x298.webp\" class=\"attachment-medium size-medium wp-image-69426\" alt=\"\" srcset=\"https:\/\/repairandshop.ch\/wp-content\/uploads\/2026\/03\/Reparation-Huawei-Suisse-300x298.webp 300w, https:\/\/repairandshop.ch\/wp-content\/uploads\/2026\/03\/Reparation-Huawei-Suisse-150x149.webp 150w, https:\/\/repairandshop.ch\/wp-content\/uploads\/2026\/03\/Reparation-Huawei-Suisse-768x764.webp 768w, https:\/\/repairandshop.ch\/wp-content\/uploads\/2026\/03\/Reparation-Huawei-Suisse.webp 894w\" sizes=\"auto, (max-width: 300px) 100vw, 300px\" \/>\n                <\/div>\n                \n                <div class=\"elementskit-box-body ekit-image-box-body\">\n                    <div class=\"elementskit-box-content ekit-image-box-body-inner\">\n                                                <h2 class=\"elementskit-info-box-title\">\n\n                        R\u00e9paration Huawei\n                        \n                    <\/h2>\n                                                            <div class=\"elementskit-box-style-content\">\n                        R\u00e9paration \u00e9cran, r\u00e9paration Batterie, r\u00e9paration cam\u00e9ra\n                    <\/div>\n                                    <\/div>\n\n                                <div class=\"elementskit-box-footer\">\n                    <div class=\"box-footer\">\n                        <div class=\"btn-wraper\">\n                                                            <a href=\"#\" class=\"elementskit-btn whitespace--normal\">\n                                    Voir r\u00e9paration                                <\/a>\n                                                    <\/div>\n                    <\/div>\n                <\/div>\n                            <\/div>\n            <\/div>\n    <\/div>\t\t\t\t<\/div>\n\t\t\t\t<\/div>\n\t\t\t\t<div class=\"elementor-element elementor-element-faee1d5 ekit-equal-height-disable ha-has-bg-overlay elementor-widget elementor-widget-elementskit-image-box\" data-id=\"faee1d5\" data-element_type=\"widget\" data-e-type=\"widget\" data-widget_type=\"elementskit-image-box.default\">\n\t\t\t\t<div class=\"elementor-widget-container\">\n\t\t\t\t\t<div class=\"ekit-wid-con\" >\n            <div class=\"elementskit-info-image-box ekit-image-box text-center simple-card\" >\n\n                \n                <div class=\"elementskit-box-header image-box-img-center\">\n\n                    <img loading=\"lazy\" decoding=\"async\" width=\"300\" height=\"298\" src=\"https:\/\/repairandshop.ch\/wp-content\/uploads\/2026\/03\/Reparation-Xiaomi-en-Suisse-300x298.webp\" class=\"attachment-medium size-medium wp-image-69427\" alt=\"\" srcset=\"https:\/\/repairandshop.ch\/wp-content\/uploads\/2026\/03\/Reparation-Xiaomi-en-Suisse-300x298.webp 300w, https:\/\/repairandshop.ch\/wp-content\/uploads\/2026\/03\/Reparation-Xiaomi-en-Suisse-150x149.webp 150w, https:\/\/repairandshop.ch\/wp-content\/uploads\/2026\/03\/Reparation-Xiaomi-en-Suisse-768x764.webp 768w, https:\/\/repairandshop.ch\/wp-content\/uploads\/2026\/03\/Reparation-Xiaomi-en-Suisse.webp 894w\" sizes=\"auto, (max-width: 300px) 100vw, 300px\" \/>\n                <\/div>\n                \n                <div class=\"elementskit-box-body ekit-image-box-body\">\n                    <div class=\"elementskit-box-content ekit-image-box-body-inner\">\n                                                <h2 class=\"elementskit-info-box-title\">\n\n                        R\u00e9paration Xiaomi\n                        \n                    <\/h2>\n                                                            <div class=\"elementskit-box-style-content\">\n                        R\u00e9paration \u00e9cran, r\u00e9paration Batterie, r\u00e9paration cam\u00e9ra\n                    <\/div>\n                                    <\/div>\n\n                                <div class=\"elementskit-box-footer\">\n                    <div class=\"box-footer\">\n                        <div class=\"btn-wraper\">\n                                                            <a href=\"https:\/\/repairandshop.ch\/fr\/reparation-xiaomi\/\" class=\"elementskit-btn whitespace--normal\">\n                                    Voir r\u00e9paration                                <\/a>\n                                                    <\/div>\n                    <\/div>\n                <\/div>\n                            <\/div>\n            <\/div>\n    <\/div>\t\t\t\t<\/div>\n\t\t\t\t<\/div>\n\t\t\t\t<div class=\"elementor-element elementor-element-8bd876f ekit-equal-height-disable ha-has-bg-overlay elementor-widget elementor-widget-elementskit-image-box\" data-id=\"8bd876f\" data-element_type=\"widget\" data-e-type=\"widget\" data-widget_type=\"elementskit-image-box.default\">\n\t\t\t\t<div class=\"elementor-widget-container\">\n\t\t\t\t\t<div class=\"ekit-wid-con\" >\n            <div class=\"elementskit-info-image-box ekit-image-box text-center simple-card\" >\n\n                \n                <div class=\"elementskit-box-header image-box-img-center\">\n\n                    <img loading=\"lazy\" decoding=\"async\" width=\"300\" height=\"298\" src=\"https:\/\/repairandshop.ch\/wp-content\/uploads\/2026\/03\/Reparation-Oppo-en-Suisse-300x298.webp\" class=\"attachment-medium size-medium wp-image-69428\" alt=\"\" srcset=\"https:\/\/repairandshop.ch\/wp-content\/uploads\/2026\/03\/Reparation-Oppo-en-Suisse-300x298.webp 300w, https:\/\/repairandshop.ch\/wp-content\/uploads\/2026\/03\/Reparation-Oppo-en-Suisse-150x149.webp 150w, https:\/\/repairandshop.ch\/wp-content\/uploads\/2026\/03\/Reparation-Oppo-en-Suisse-768x764.webp 768w, https:\/\/repairandshop.ch\/wp-content\/uploads\/2026\/03\/Reparation-Oppo-en-Suisse.webp 894w\" sizes=\"auto, (max-width: 300px) 100vw, 300px\" \/>\n                <\/div>\n                \n                <div class=\"elementskit-box-body ekit-image-box-body\">\n                    <div class=\"elementskit-box-content ekit-image-box-body-inner\">\n                                                <h2 class=\"elementskit-info-box-title\">\n\n                        R\u00e9paration Oppo\n                        \n                    <\/h2>\n                                                            <div class=\"elementskit-box-style-content\">\n                        R\u00e9paration \u00e9cran, r\u00e9paration Batterie, r\u00e9paration cam\u00e9ra\n                    <\/div>\n                                    <\/div>\n\n                                <div class=\"elementskit-box-footer\">\n                    <div class=\"box-footer\">\n                        <div class=\"btn-wraper\">\n                                                            <a href=\"https:\/\/repairandshop.ch\/fr\/reparation-oppo\/\" class=\"elementskit-btn whitespace--normal\">\n                                    Voir r\u00e9paration                                <\/a>\n                                                    <\/div>\n                    <\/div>\n                <\/div>\n                            <\/div>\n            <\/div>\n    <\/div>\t\t\t\t<\/div>\n\t\t\t\t<\/div>\n\t\t\t\t<div class=\"elementor-element elementor-element-e63f412 ekit-equal-height-disable ha-has-bg-overlay elementor-widget elementor-widget-elementskit-image-box\" data-id=\"e63f412\" data-element_type=\"widget\" data-e-type=\"widget\" data-widget_type=\"elementskit-image-box.default\">\n\t\t\t\t<div class=\"elementor-widget-container\">\n\t\t\t\t\t<div class=\"ekit-wid-con\" >\n            <div class=\"elementskit-info-image-box ekit-image-box text-center simple-card\" >\n\n                \n                <div class=\"elementskit-box-header image-box-img-center\">\n\n                    <img loading=\"lazy\" decoding=\"async\" width=\"300\" height=\"298\" src=\"https:\/\/repairandshop.ch\/wp-content\/uploads\/2026\/03\/Reparation-OnePlus-en-suisse-300x298.webp\" class=\"attachment-medium size-medium wp-image-69429\" alt=\"\" srcset=\"https:\/\/repairandshop.ch\/wp-content\/uploads\/2026\/03\/Reparation-OnePlus-en-suisse-300x298.webp 300w, https:\/\/repairandshop.ch\/wp-content\/uploads\/2026\/03\/Reparation-OnePlus-en-suisse-150x149.webp 150w, https:\/\/repairandshop.ch\/wp-content\/uploads\/2026\/03\/Reparation-OnePlus-en-suisse-768x764.webp 768w, https:\/\/repairandshop.ch\/wp-content\/uploads\/2026\/03\/Reparation-OnePlus-en-suisse.webp 894w\" sizes=\"auto, (max-width: 300px) 100vw, 300px\" \/>\n                <\/div>\n                \n                <div class=\"elementskit-box-body ekit-image-box-body\">\n                    <div class=\"elementskit-box-content ekit-image-box-body-inner\">\n                                                <h2 class=\"elementskit-info-box-title\">\n\n                        R\u00e9paration OnePlus\n                        \n                    <\/h2>\n                                                            <div class=\"elementskit-box-style-content\">\n                        R\u00e9paration \u00e9cran, r\u00e9paration Batterie, r\u00e9paration cam\u00e9ra\n                    <\/div>\n                                    <\/div>\n\n                                <div class=\"elementskit-box-footer\">\n                    <div class=\"box-footer\">\n                        <div class=\"btn-wraper\">\n                                                            <a href=\"https:\/\/repairandshop.ch\/fr\/reparation-oneplus\/\" class=\"elementskit-btn whitespace--normal\">\n                                    Voir r\u00e9paration                                <\/a>\n                                                    <\/div>\n                    <\/div>\n                <\/div>\n                            <\/div>\n            <\/div>\n    <\/div>\t\t\t\t<\/div>\n\t\t\t\t<\/div>\n\t\t\t\t<div class=\"elementor-element elementor-element-9fe4160 ekit-equal-height-disable ha-has-bg-overlay elementor-widget elementor-widget-elementskit-image-box\" data-id=\"9fe4160\" data-element_type=\"widget\" data-e-type=\"widget\" data-widget_type=\"elementskit-image-box.default\">\n\t\t\t\t<div class=\"elementor-widget-container\">\n\t\t\t\t\t<div class=\"ekit-wid-con\" >\n            <div class=\"elementskit-info-image-box ekit-image-box text-center simple-card\" >\n\n                \n                <div class=\"elementskit-box-header image-box-img-center\">\n\n                    <img loading=\"lazy\" decoding=\"async\" width=\"300\" height=\"298\" src=\"https:\/\/repairandshop.ch\/wp-content\/uploads\/2026\/03\/Reparation-Nokia-en-Suisse-300x298.webp\" class=\"attachment-medium size-medium wp-image-69430\" alt=\"\" srcset=\"https:\/\/repairandshop.ch\/wp-content\/uploads\/2026\/03\/Reparation-Nokia-en-Suisse-300x298.webp 300w, https:\/\/repairandshop.ch\/wp-content\/uploads\/2026\/03\/Reparation-Nokia-en-Suisse-150x149.webp 150w, https:\/\/repairandshop.ch\/wp-content\/uploads\/2026\/03\/Reparation-Nokia-en-Suisse-768x764.webp 768w, https:\/\/repairandshop.ch\/wp-content\/uploads\/2026\/03\/Reparation-Nokia-en-Suisse.webp 894w\" sizes=\"auto, (max-width: 300px) 100vw, 300px\" \/>\n                <\/div>\n                \n                <div class=\"elementskit-box-body ekit-image-box-body\">\n                    <div class=\"elementskit-box-content ekit-image-box-body-inner\">\n                                                <h2 class=\"elementskit-info-box-title\">\n\n                        R\u00e9paration Nokia\n                        \n                    <\/h2>\n                                                            <div class=\"elementskit-box-style-content\">\n                        R\u00e9paration \u00e9cran, r\u00e9paration Batterie, r\u00e9paration cam\u00e9ra\n                    <\/div>\n                                    <\/div>\n\n                                <div class=\"elementskit-box-footer\">\n                    <div class=\"box-footer\">\n                        <div class=\"btn-wraper\">\n                                                            <a href=\"https:\/\/repairandshop.ch\/fr\/reparation-telephone-nokia\/\" class=\"elementskit-btn whitespace--normal\">\n                                    Voir r\u00e9paration                                <\/a>\n                                                    <\/div>\n                    <\/div>\n                <\/div>\n                            <\/div>\n            <\/div>\n    <\/div>\t\t\t\t<\/div>\n\t\t\t\t<\/div>\n\t\t\t\t<div class=\"elementor-element elementor-element-de28907 ekit-equal-height-disable ha-has-bg-overlay elementor-widget elementor-widget-elementskit-image-box\" data-id=\"de28907\" data-element_type=\"widget\" data-e-type=\"widget\" data-widget_type=\"elementskit-image-box.default\">\n\t\t\t\t<div class=\"elementor-widget-container\">\n\t\t\t\t\t<div class=\"ekit-wid-con\" >\n            <div class=\"elementskit-info-image-box ekit-image-box text-center simple-card\" >\n\n                \n                <div class=\"elementskit-box-header image-box-img-center\">\n\n                    <img loading=\"lazy\" decoding=\"async\" width=\"300\" height=\"298\" src=\"https:\/\/repairandshop.ch\/wp-content\/uploads\/2026\/03\/Reparation-Motorola-en-suisse-300x298.webp\" class=\"attachment-medium size-medium wp-image-69431\" alt=\"\" srcset=\"https:\/\/repairandshop.ch\/wp-content\/uploads\/2026\/03\/Reparation-Motorola-en-suisse-300x298.webp 300w, https:\/\/repairandshop.ch\/wp-content\/uploads\/2026\/03\/Reparation-Motorola-en-suisse-150x149.webp 150w, https:\/\/repairandshop.ch\/wp-content\/uploads\/2026\/03\/Reparation-Motorola-en-suisse-768x764.webp 768w, https:\/\/repairandshop.ch\/wp-content\/uploads\/2026\/03\/Reparation-Motorola-en-suisse.webp 894w\" sizes=\"auto, (max-width: 300px) 100vw, 300px\" \/>\n                <\/div>\n                \n                <div class=\"elementskit-box-body ekit-image-box-body\">\n                    <div class=\"elementskit-box-content ekit-image-box-body-inner\">\n                                                <h2 class=\"elementskit-info-box-title\">\n\n                        R\u00e9paration Motorola\n                        \n                    <\/h2>\n                                                            <div class=\"elementskit-box-style-content\">\n                        R\u00e9paration \u00e9cran, r\u00e9paration Batterie, r\u00e9paration cam\u00e9ra                    <\/div>\n                                    <\/div>\n\n                                <div class=\"elementskit-box-footer\">\n                    <div class=\"box-footer\">\n                        <div class=\"btn-wraper\">\n                                                            <a href=\"https:\/\/repairandshop.ch\/fr\/reparation-motorola\/\" class=\"elementskit-btn whitespace--normal\">\n                                    Voir r\u00e9paration                                <\/a>\n                                                    <\/div>\n                    <\/div>\n                <\/div>\n                            <\/div>\n            <\/div>\n    <\/div>\t\t\t\t<\/div>\n\t\t\t\t<\/div>\n\t\t\t\t<div class=\"elementor-element elementor-element-e8e0b15 ekit-equal-height-disable ha-has-bg-overlay elementor-widget elementor-widget-elementskit-image-box\" data-id=\"e8e0b15\" data-element_type=\"widget\" data-e-type=\"widget\" data-widget_type=\"elementskit-image-box.default\">\n\t\t\t\t<div class=\"elementor-widget-container\">\n\t\t\t\t\t<div class=\"ekit-wid-con\" >\n            <div class=\"elementskit-info-image-box ekit-image-box text-center simple-card\" >\n\n                \n                <div class=\"elementskit-box-header image-box-img-center\">\n\n                    <img loading=\"lazy\" decoding=\"async\" width=\"300\" height=\"298\" src=\"https:\/\/repairandshop.ch\/wp-content\/uploads\/2026\/03\/Reparation-Sony-en-Suisse-300x298.webp\" class=\"attachment-medium size-medium wp-image-69432\" alt=\"\" srcset=\"https:\/\/repairandshop.ch\/wp-content\/uploads\/2026\/03\/Reparation-Sony-en-Suisse-300x298.webp 300w, https:\/\/repairandshop.ch\/wp-content\/uploads\/2026\/03\/Reparation-Sony-en-Suisse-150x149.webp 150w, https:\/\/repairandshop.ch\/wp-content\/uploads\/2026\/03\/Reparation-Sony-en-Suisse-768x764.webp 768w, https:\/\/repairandshop.ch\/wp-content\/uploads\/2026\/03\/Reparation-Sony-en-Suisse.webp 894w\" sizes=\"auto, (max-width: 300px) 100vw, 300px\" \/>\n                <\/div>\n                \n                <div class=\"elementskit-box-body ekit-image-box-body\">\n                    <div class=\"elementskit-box-content ekit-image-box-body-inner\">\n                                                <h2 class=\"elementskit-info-box-title\">\n\n                        R\u00e9paration Sony\n                        \n                    <\/h2>\n                                                            <div class=\"elementskit-box-style-content\">\n                        R\u00e9paration \u00e9cran, r\u00e9paration Batterie, r\u00e9paration cam\u00e9ra                    <\/div>\n                                    <\/div>\n\n                                <div class=\"elementskit-box-footer\">\n                    <div class=\"box-footer\">\n                        <div class=\"btn-wraper\">\n                                                            <a href=\"https:\/\/repairandshop.ch\/fr\/reparation-sony\/\" class=\"elementskit-btn whitespace--normal\">\n                                    Voir r\u00e9paration                                <\/a>\n                                                    <\/div>\n                    <\/div>\n                <\/div>\n                            <\/div>\n            <\/div>\n    <\/div>\t\t\t\t<\/div>\n\t\t\t\t<\/div>\n\t\t\t\t\t<\/div>\n\t\t\t\t<\/div>\n\t\t<div class=\"wd-negative-gap elementor-element elementor-element-31b5de8 e-flex e-con-boxed e-con e-parent\" data-id=\"31b5de8\" data-element_type=\"container\" data-e-type=\"container\" data-settings=\"{&quot;_ha_eqh_enable&quot;:false}\">\n\t\t\t\t\t<div class=\"e-con-inner\">\n\t\t\t\t<div class=\"elementor-element elementor-element-981bbb5 elementor-widget elementor-widget-heading\" data-id=\"981bbb5\" data-element_type=\"widget\" data-e-type=\"widget\" data-widget_type=\"heading.default\">\n\t\t\t\t<div class=\"elementor-widget-container\">\n\t\t\t\t\t<h3 class=\"elementor-heading-title elementor-size-default\">R\u00e9paration iPhone et smartphone \u00e0 La Chaux-de-Fonds, Neuch\u00e2tel et Del\u00e9mont \u2013 service rapide dans toute la r\u00e9gion jurassienne, ainsi qu\u2019\u00e0 Bern, Thun, Interlaken, Biel\/Bienne, Yverdon-les-Bains, Zurich, B\u00e2le, Olten et Soleure.<\/h3>\t\t\t\t<\/div>\n\t\t\t\t<\/div>\n\t\t\t\t\t<\/div>\n\t\t\t\t<\/div>\n\t\t<div class=\"wd-negative-gap elementor-element elementor-element-2b018a8 e-flex e-con-boxed e-con e-parent\" data-id=\"2b018a8\" data-element_type=\"container\" data-e-type=\"container\" data-settings=\"{&quot;_ha_eqh_enable&quot;:false}\">\n\t\t\t\t\t<div class=\"e-con-inner\">\n\t\t<div class=\"elementor-element elementor-element-cad2380 e-con-full e-flex e-con e-child\" data-id=\"cad2380\" data-element_type=\"container\" data-e-type=\"container\" data-settings=\"{&quot;_ha_eqh_enable&quot;:false}\">\n\t\t\t\t<div class=\"elementor-element elementor-element-b566a08 elementor-widget elementor-widget-wd_text_block\" data-id=\"b566a08\" data-element_type=\"widget\" data-e-type=\"widget\" data-widget_type=\"wd_text_block.default\">\n\t\t\t\t<div class=\"elementor-widget-container\">\n\t\t\t\t\t\t\t<div class=\"wd-text-block reset-last-child text-left\">\n\t\t\t\n\t\t\t<h2 data-section-id=\"1odg6p3\" data-start=\"162\" data-end=\"243\">R\u00e9paration iPhone en Suisse \u2013 tous les mod\u00e8les (iPhone 17, 16, 15, 14 et plus)<\/h2><p data-start=\"245\" data-end=\"517\">Votre <strong data-start=\"251\" data-end=\"338\">iPhone est tomb\u00e9, l\u2019\u00e9cran est fissur\u00e9 ou la batterie ne tient plus toute la journ\u00e9e<\/strong> ? Chez <strong data-start=\"346\" data-end=\"363\">repairandshop<\/strong>, nous proposons un service de <strong data-start=\"394\" data-end=\"449\">r\u00e9paration iPhone rapide et professionnel en Suisse<\/strong>, afin de remettre votre appareil en \u00e9tat dans les meilleurs d\u00e9lais.<\/p><p data-start=\"519\" data-end=\"1033\">Nos techniciens prennent en charge la plupart des mod\u00e8les d\u2019iPhone. Nous r\u00e9parons aussi bien les appareils r\u00e9cents comme <strong data-start=\"640\" data-end=\"708\">l\u2019iPhone 17, l\u2019iPhone 16, l\u2019iPhone 16 Pro ou l\u2019iPhone 16 Pro Max<\/strong>, que des mod\u00e8les tr\u00e8s r\u00e9pandus comme <strong data-start=\"746\" data-end=\"818\">l\u2019iPhone 15, l\u2019iPhone 15 Pro, l\u2019iPhone 15 Pro Max ou l\u2019iPhone 14 Pro<\/strong>. Nous intervenons \u00e9galement sur des smartphones toujours tr\u00e8s utilis\u00e9s tels que <strong data-start=\"899\" data-end=\"942\">l\u2019iPhone 13, l\u2019iPhone 12 ou l\u2019iPhone 11<\/strong>, ainsi que sur des mod\u00e8les plus anciens comme <strong data-start=\"989\" data-end=\"1032\">l\u2019iPhone XS, l\u2019iPhone XR ou l\u2019iPhone SE<\/strong>.<\/p><p data-start=\"1035\" data-end=\"1535\">Dans notre atelier, les pannes les plus fr\u00e9quentes concernent <strong data-start=\"1097\" data-end=\"1236\">les \u00e9crans cass\u00e9s apr\u00e8s une chute, les batteries qui se d\u00e9chargent trop rapidement ou les cam\u00e9ras qui ne fonctionnent plus correctement<\/strong>. Nous rempla\u00e7ons r\u00e9guli\u00e8rement <strong data-start=\"1268\" data-end=\"1367\">des \u00e9crans d\u2019iPhone 15 Pro Max, des batteries d\u2019iPhone 14 Pro ou encore des cam\u00e9ras d\u2019iPhone 13<\/strong>, mais nous intervenons \u00e9galement pour <strong data-start=\"1406\" data-end=\"1534\">les probl\u00e8mes de charge, les microphones ou haut-parleurs d\u00e9fectueux, ainsi que pour les appareils ayant subi un d\u00e9g\u00e2t d\u2019eau<\/strong>.<\/p><p data-start=\"1537\" data-end=\"1717\">Dans certains cas plus complexes, nous pouvons aussi intervenir sur <strong data-start=\"1605\" data-end=\"1659\">la carte m\u00e8re ou sur des probl\u00e8mes li\u00e9s au syst\u00e8me<\/strong>, afin de remettre votre iPhone en \u00e9tat de fonctionnement.<\/p><p data-start=\"1719\" data-end=\"1956\">Avant toute r\u00e9paration, nous r\u00e9alisons toujours <strong data-start=\"1767\" data-end=\"1791\">un diagnostic pr\u00e9cis<\/strong> afin d\u2019identifier l\u2019origine du probl\u00e8me et de proposer la solution la plus fiable. Cela permet d\u2019\u00e9viter les r\u00e9parations inutiles et de garantir un r\u00e9sultat durable.<\/p><p data-start=\"1958\" data-end=\"2165\">Pour chaque intervention, nous utilisons <strong data-start=\"1999\" data-end=\"2059\">des pi\u00e8ces de haute qualit\u00e9 et des outils professionnels<\/strong>, afin que votre iPhone retrouve de bonnes performances, une autonomie stable et un fonctionnement fiable.<\/p><p data-start=\"2167\" data-end=\"2410\">Nos \u00e9quipes accueillent r\u00e9guli\u00e8rement des clients venant de <strong data-start=\"2227\" data-end=\"2337\">La Chaux-de-Fonds, Neuch\u00e2tel, Bern, Interlaken, Biel\/Bienne, Yverdon-les-Bains, Morat (Murten) et Del\u00e9mont<\/strong>, mais aussi d\u2019autres villes de <strong data-start=\"2369\" data-end=\"2409\">Suisse romande et de l\u2019Arc jurassien<\/strong>.<\/p><p data-start=\"2412\" data-end=\"2488\">\u00a0<\/p>\n\t\t\t\t\t<\/div>\n\t\t\t\t\t\t<\/div>\n\t\t\t\t<\/div>\n\t\t\t\t<\/div>\n\t\t<div class=\"elementor-element elementor-element-f7c5666 e-con-full e-flex e-con e-child\" data-id=\"f7c5666\" data-element_type=\"container\" data-e-type=\"container\" data-settings=\"{&quot;_ha_eqh_enable&quot;:false}\">\n\t\t\t\t<div class=\"elementor-element elementor-element-fe25988 elementor-widget elementor-widget-wd_text_block\" data-id=\"fe25988\" data-element_type=\"widget\" data-e-type=\"widget\" data-widget_type=\"wd_text_block.default\">\n\t\t\t\t<div class=\"elementor-widget-container\">\n\t\t\t\t\t\t\t<div class=\"wd-text-block reset-last-child text-left\">\n\t\t\t\n\t\t\t<h2 data-section-id=\"qcoilk\" data-start=\"261\" data-end=\"341\">R\u00e9paration Samsung Galaxy en Suisse \u2013 \u00e9crans, batteries et autres r\u00e9parations<\/h2><p data-start=\"343\" data-end=\"620\">Votre <strong data-start=\"349\" data-end=\"438\">Samsung Galaxy est tomb\u00e9, l\u2019\u00e9cran est fissur\u00e9 ou la batterie ne tient plus la journ\u00e9e<\/strong> ? Chez <strong data-start=\"446\" data-end=\"463\">repairandshop<\/strong>, nous proposons un service de <strong data-start=\"494\" data-end=\"550\">r\u00e9paration Samsung rapide et professionnel en Suisse<\/strong>, afin de remettre votre smartphone en \u00e9tat dans les meilleurs d\u00e9lais.<\/p><p data-start=\"622\" data-end=\"1023\">Nos techniciens r\u00e9parent chaque semaine diff\u00e9rents mod\u00e8les de la gamme <strong data-start=\"693\" data-end=\"711\">Samsung Galaxy<\/strong>, qu\u2019il s\u2019agisse d\u2019appareils r\u00e9cents comme le <strong data-start=\"757\" data-end=\"823\">Samsung Galaxy S24 Ultra, Galaxy S23, Galaxy A54 ou Galaxy A34<\/strong>, mais aussi de mod\u00e8les plus anciens tels que le <strong data-start=\"872\" data-end=\"916\">Galaxy S21, Galaxy S20 ou Galaxy Note 20<\/strong>. Nous prenons \u00e9galement en charge les smartphones pliables comme le <strong data-start=\"985\" data-end=\"1022\">Galaxy Z Fold et le Galaxy Z Flip<\/strong>.<\/p><p data-start=\"1025\" data-end=\"1432\">Dans notre atelier, les r\u00e9parations les plus courantes concernent <strong data-start=\"1091\" data-end=\"1230\">les \u00e9crans cass\u00e9s apr\u00e8s une chute, les batteries qui se d\u00e9chargent trop rapidement ou les cam\u00e9ras qui ne fonctionnent plus correctement<\/strong>. Nous intervenons aussi pour <strong data-start=\"1260\" data-end=\"1340\">les probl\u00e8mes de port de charge, les microphones ou haut-parleurs d\u00e9fectueux<\/strong>, ainsi que pour les appareils ayant subi <strong data-start=\"1382\" data-end=\"1431\">un contact avec l\u2019eau ou un probl\u00e8me logiciel<\/strong>.<\/p><p data-start=\"1434\" data-end=\"1606\">Avant toute r\u00e9paration, nous r\u00e9alisons toujours <strong data-start=\"1482\" data-end=\"1506\">un diagnostic pr\u00e9cis<\/strong> afin d\u2019identifier l\u2019origine du probl\u00e8me et proposer la solution la plus fiable pour votre appareil.<\/p><p data-start=\"1608\" data-end=\"1778\">Nous utilisons <strong data-start=\"1623\" data-end=\"1683\">des pi\u00e8ces de haute qualit\u00e9 et des outils professionnels<\/strong>, afin que votre smartphone Samsung retrouve de bonnes performances et une utilisation durable.<\/p><p data-start=\"1780\" data-end=\"2011\">Nos ateliers accueillent r\u00e9guli\u00e8rement des clients venant de <strong data-start=\"1841\" data-end=\"1939\">La Chaux-de-Fonds, Neuch\u00e2tel, Bern, Biel\/Bienne, Yverdon-les-Bains, Morat (Murten) ou Del\u00e9mont<\/strong>, ainsi que d\u2019autres villes de <strong data-start=\"1970\" data-end=\"2010\">Suisse romande et de l\u2019Arc jurassien<\/strong>.<\/p><p data-start=\"2013\" data-end=\"2159\">Chez <strong data-start=\"2018\" data-end=\"2035\">repairandshop<\/strong>, nous privil\u00e9gions un service simple et transparent : <strong data-start=\"2090\" data-end=\"2158\">prix clairs, r\u00e9parations rapides et garantie sur les r\u00e9parations<\/strong>.<\/p><p data-start=\"2161\" data-end=\"2289\">Vous pouvez consulter <strong data-start=\"2183\" data-end=\"2203\">repairandshop.ch<\/strong> ou passer directement dans l\u2019un de nos ateliers pour faire v\u00e9rifier votre smartphone.<\/p><p data-start=\"2291\" data-end=\"2422\">Notre objectif est simple : <strong data-start=\"2319\" data-end=\"2421\">vous permettre de retrouver un Samsung Galaxy parfaitement fonctionnel le plus rapidement possible<\/strong>.<\/p>\n\t\t\t\t\t<\/div>\n\t\t\t\t\t\t<\/div>\n\t\t\t\t<\/div>\n\t\t\t\t<\/div>\n\t\t\t\t\t<\/div>\n\t\t\t\t<\/div>\n\t\t<div class=\"wd-negative-gap elementor-element elementor-element-87a3aed e-flex e-con-boxed e-con e-parent\" data-id=\"87a3aed\" data-element_type=\"container\" data-e-type=\"container\" data-settings=\"{&quot;_ha_eqh_enable&quot;:false}\">\n\t\t\t\t\t<div class=\"e-con-inner\">\n\t\t<div class=\"elementor-element elementor-element-6e97e7f e-con-full e-flex e-con e-child\" data-id=\"6e97e7f\" data-element_type=\"container\" data-e-type=\"container\" data-settings=\"{&quot;_ha_eqh_enable&quot;:false}\">\n\t\t\t\t<div class=\"elementor-element elementor-element-106dec8 elementor-widget elementor-widget-wd_text_block\" data-id=\"106dec8\" data-element_type=\"widget\" data-e-type=\"widget\" data-widget_type=\"wd_text_block.default\">\n\t\t\t\t<div class=\"elementor-widget-container\">\n\t\t\t\t\t\t\t<div class=\"wd-text-block reset-last-child text-left\">\n\t\t\t\n\t\t\t<h2 data-section-id=\"1mz7gwh\" data-start=\"287\" data-end=\"378\">R\u00e9paration Google Pixel en Suisse \u2013 Pixel 6, Pixel 7, Pixel 8, Pixel 9, Pixel 10 et plus<\/h2><p data-start=\"380\" data-end=\"672\">Votre <strong data-start=\"386\" data-end=\"499\">Google Pixel a l\u2019\u00e9cran cass\u00e9, la batterie se d\u00e9charge rapidement ou la cam\u00e9ra ne fonctionne plus correctement<\/strong> ? Chez <strong data-start=\"507\" data-end=\"524\">repairandshop<\/strong>, nous proposons un service de <strong data-start=\"555\" data-end=\"616\">r\u00e9paration Google Pixel rapide et professionnel en Suisse<\/strong>, pour les diff\u00e9rentes g\u00e9n\u00e9rations de smartphones Pixel.<\/p><p data-start=\"674\" data-end=\"997\">Nos techniciens prennent en charge de nombreux mod\u00e8les, notamment <strong data-start=\"740\" data-end=\"850\">Google Pixel 6, Pixel 7, Pixel 8, Pixel 8 Pro, Pixel 9, Pixel 9 Pro ainsi que les Pixel 10 et Pixel 10 Pro<\/strong>. Que votre appareil soit r\u00e9cent ou utilis\u00e9 depuis plusieurs ann\u00e9es, nous pouvons effectuer un diagnostic pr\u00e9cis et proposer la r\u00e9paration adapt\u00e9e.<\/p><p data-start=\"999\" data-end=\"1421\">Dans notre atelier, les pannes les plus fr\u00e9quentes concernent <strong data-start=\"1061\" data-end=\"1194\">les \u00e9crans cass\u00e9s apr\u00e8s une chute, les batteries qui se d\u00e9chargent trop vite ou les cam\u00e9ras qui ne fonctionnent plus correctement<\/strong>. Nous intervenons \u00e9galement pour <strong data-start=\"1228\" data-end=\"1336\">les probl\u00e8mes de port de charge, les connecteurs endommag\u00e9s, les haut-parleurs ou microphones d\u00e9fectueux<\/strong>, ainsi que pour les appareils ayant subi <strong data-start=\"1378\" data-end=\"1420\">un d\u00e9g\u00e2t d\u2019eau ou un probl\u00e8me logiciel<\/strong>.<\/p><p data-start=\"1423\" data-end=\"1616\">Pour chaque r\u00e9paration, nous utilisons <strong data-start=\"1462\" data-end=\"1522\">des pi\u00e8ces de haute qualit\u00e9 et des outils professionnels<\/strong>, afin que votre Google Pixel retrouve des performances optimales et un fonctionnement fiable.<\/p><p data-start=\"1618\" data-end=\"1880\">Nos ateliers accueillent r\u00e9guli\u00e8rement des clients venant de <strong data-start=\"1679\" data-end=\"1807\">La Chaux-de-Fonds, Neuch\u00e2tel, Lausanne, Fribourg, Biel\/Bienne, Yverdon-les-Bains, Payerne, Bulle, Del\u00e9mont ou Morat (Murten)<\/strong>, mais aussi d\u2019autres villes de <strong data-start=\"1839\" data-end=\"1879\">Suisse romande et de l\u2019Arc jurassien<\/strong>.<\/p><p data-start=\"1882\" data-end=\"2047\">Chez <strong data-start=\"1887\" data-end=\"1904\">repairandshop<\/strong>, nous privil\u00e9gions un service simple et transparent : <strong data-start=\"1959\" data-end=\"2046\">diagnostic pr\u00e9cis, r\u00e9parations rapides, prix justes et garantie sur les r\u00e9parations<\/strong>.<\/p><p data-start=\"2049\" data-end=\"2177\">Vous pouvez consulter <strong data-start=\"2071\" data-end=\"2091\">repairandshop.ch<\/strong> ou passer directement dans l\u2019un de nos ateliers pour faire v\u00e9rifier votre smartphone.<\/p><p data-start=\"2179\" data-end=\"2308\">Notre objectif est simple : <strong data-start=\"2207\" data-end=\"2307\">vous permettre de retrouver un Google Pixel parfaitement fonctionnel le plus rapidement possible<\/strong>.<\/p>\n\t\t\t\t\t<\/div>\n\t\t\t\t\t\t<\/div>\n\t\t\t\t<\/div>\n\t\t\t\t<\/div>\n\t\t<div class=\"elementor-element elementor-element-0aad91a e-con-full e-flex e-con e-child\" data-id=\"0aad91a\" data-element_type=\"container\" data-e-type=\"container\" data-settings=\"{&quot;_ha_eqh_enable&quot;:false}\">\n\t\t\t\t<div class=\"elementor-element elementor-element-0c02ea2 elementor-widget elementor-widget-wd_text_block\" data-id=\"0c02ea2\" data-element_type=\"widget\" data-e-type=\"widget\" data-widget_type=\"wd_text_block.default\">\n\t\t\t\t<div class=\"elementor-widget-container\">\n\t\t\t\t\t\t\t<div class=\"wd-text-block reset-last-child text-left\">\n\t\t\t\n\t\t\t<h2 data-section-id=\"37jw9k\" data-start=\"240\" data-end=\"311\">R\u00e9paration Huawei en Suisse \u2013 s\u00e9ries P, Mate, Nova et autres mod\u00e8les<\/h2><p data-start=\"313\" data-end=\"607\">Votre <strong data-start=\"319\" data-end=\"432\">smartphone Huawei ne fonctionne plus correctement, l\u2019\u00e9cran est fissur\u00e9 ou la batterie se vide trop rapidement<\/strong> ? Chez <strong data-start=\"440\" data-end=\"457\">repairandshop<\/strong>, nous proposons un service de <strong data-start=\"488\" data-end=\"533\">r\u00e9paration Huawei professionnel en Suisse<\/strong>, afin de remettre votre appareil en \u00e9tat rapidement et de mani\u00e8re fiable.<\/p><p data-start=\"609\" data-end=\"938\">Nos techniciens interviennent sur de nombreux mod\u00e8les de la marque, notamment les smartphones des gammes <strong data-start=\"714\" data-end=\"754\">Huawei P, Huawei Mate et Huawei Nova<\/strong>. Nous r\u00e9parons r\u00e9guli\u00e8rement des appareils comme <strong data-start=\"804\" data-end=\"886\">le Huawei P50 Pro, le P40 Lite, le Mate 40, le Mate 30 Pro ou encore le Nova 9<\/strong>, mais aussi d\u2019autres mod\u00e8les utilis\u00e9s au quotidien.<\/p><p data-start=\"940\" data-end=\"1358\">Les probl\u00e8mes que nous rencontrons le plus souvent concernent <strong data-start=\"1002\" data-end=\"1143\">les \u00e9crans cass\u00e9s apr\u00e8s une chute, les batteries qui perdent rapidement en autonomie ou les cam\u00e9ras qui ne fonctionnent plus correctement<\/strong>. Nous intervenons \u00e9galement pour <strong data-start=\"1177\" data-end=\"1263\">les probl\u00e8mes de connecteur de charge, les microphones ou haut-parleurs d\u00e9fectueux<\/strong>, ainsi que pour les appareils ayant subi <strong data-start=\"1305\" data-end=\"1357\">un contact avec l\u2019eau ou des erreurs logicielles<\/strong>.<\/p><p data-start=\"1360\" data-end=\"1576\">Avant toute r\u00e9paration, nous r\u00e9alisons toujours <strong data-start=\"1408\" data-end=\"1433\">un diagnostic complet<\/strong> afin d\u2019identifier pr\u00e9cis\u00e9ment l\u2019origine de la panne. Cela permet de proposer la solution la plus adapt\u00e9e et d\u2019\u00e9viter des r\u00e9parations inutiles.<\/p><p data-start=\"1578\" data-end=\"1753\">Pour chaque intervention, nous utilisons <strong data-start=\"1619\" data-end=\"1673\">des pi\u00e8ces de qualit\u00e9 et des outils professionnels<\/strong>, afin que votre smartphone Huawei retrouve un fonctionnement stable et durable.<\/p><p data-start=\"1755\" data-end=\"2017\">Nos ateliers accueillent r\u00e9guli\u00e8rement des clients venant de <strong data-start=\"1816\" data-end=\"1944\">La Chaux-de-Fonds, Neuch\u00e2tel, Lausanne, Fribourg, Biel\/Bienne, Yverdon-les-Bains, Payerne, Bulle, Del\u00e9mont ou Morat (Murten)<\/strong>, mais aussi d\u2019autres villes de <strong data-start=\"1976\" data-end=\"2016\">Suisse romande et de l\u2019Arc jurassien<\/strong>.<\/p><p data-start=\"2019\" data-end=\"2110\"><span style=\"font-size: 15px;\">Vous pouvez consulter <\/span><strong style=\"font-size: 15px;\" data-start=\"2224\" data-end=\"2244\">repairandshop.ch<\/strong><span style=\"font-size: 15px;\"> ou passer directement dans l\u2019un de nos ateliers pour faire v\u00e9rifier votre appareil.<\/span><\/p><p data-start=\"2330\" data-end=\"2488\">Notre \u00e9quipe est l\u00e0 pour <strong data-start=\"2355\" data-end=\"2487\">redonner \u00e0 votre smartphone Huawei un fonctionnement fiable afin que vous puissiez l\u2019utiliser \u00e0 nouveau sereinement au quotidien<\/strong>.<\/p>\n\t\t\t\t\t<\/div>\n\t\t\t\t\t\t<\/div>\n\t\t\t\t<\/div>\n\t\t\t\t<\/div>\n\t\t\t\t\t<\/div>\n\t\t\t\t<\/div>\n\t\t<div class=\"wd-negative-gap elementor-element elementor-element-9fb33d2 e-flex e-con-boxed e-con e-parent\" data-id=\"9fb33d2\" data-element_type=\"container\" data-e-type=\"container\" data-settings=\"{&quot;_ha_eqh_enable&quot;:false}\">\n\t\t\t\t\t<div class=\"e-con-inner\">\n\t\t<div class=\"elementor-element elementor-element-5536322 e-con-full e-flex e-con e-child\" data-id=\"5536322\" data-element_type=\"container\" data-e-type=\"container\" data-settings=\"{&quot;_ha_eqh_enable&quot;:false}\">\n\t\t\t\t<div class=\"elementor-element elementor-element-34687d0 elementor-widget elementor-widget-wd_text_block\" data-id=\"34687d0\" data-element_type=\"widget\" data-e-type=\"widget\" data-widget_type=\"wd_text_block.default\">\n\t\t\t\t<div class=\"elementor-widget-container\">\n\t\t\t\t\t\t\t<div class=\"wd-text-block reset-last-child text-left\">\n\t\t\t\n\t\t\t<h2 data-section-id=\"1fth6lk\" data-start=\"166\" data-end=\"232\">R\u00e9paration Xiaomi en Suisse \u2013 Redmi, Mi, Poco et autres mod\u00e8les<\/h2><p data-start=\"234\" data-end=\"494\">Votre <strong data-start=\"240\" data-end=\"354\">t\u00e9l\u00e9phone Xiaomi ne fonctionne plus correctement, l\u2019\u00e9cran est endommag\u00e9 ou la batterie se vide tr\u00e8s rapidement<\/strong> ? Chez <strong data-start=\"362\" data-end=\"379\">repairandshop<\/strong>, nous proposons un service de <strong data-start=\"410\" data-end=\"441\">r\u00e9paration Xiaomi en Suisse<\/strong>, rapide et r\u00e9alis\u00e9 par des techniciens exp\u00e9riment\u00e9s.<\/p><p data-start=\"496\" data-end=\"827\">Nous prenons en charge de nombreux smartphones des gammes <strong data-start=\"554\" data-end=\"582\">Xiaomi Mi, Redmi et Poco<\/strong>. Il s\u2019agit par exemple de mod\u00e8les populaires comme <strong data-start=\"634\" data-end=\"739\">le Xiaomi 12 Pro, le Mi 11, le Redmi Note 11 Pro, le Redmi Note 10 ou encore le Poco X3 et le Poco F4<\/strong>, mais nous intervenons \u00e9galement sur d\u2019autres appareils Xiaomi plus anciens ou r\u00e9cents.<\/p><p data-start=\"829\" data-end=\"1242\">Les r\u00e9parations les plus courantes concernent <strong data-start=\"875\" data-end=\"1018\">les \u00e9crans fissur\u00e9s apr\u00e8s une chute, les batteries qui perdent rapidement en autonomie ou les cam\u00e9ras qui ne fonctionnent plus correctement<\/strong>. Nous traitons \u00e9galement <strong data-start=\"1044\" data-end=\"1144\">les probl\u00e8mes de charge, les connecteurs endommag\u00e9s, les microphones ou haut-parleurs d\u00e9fectueux<\/strong>, ainsi que les smartphones ayant subi <strong data-start=\"1183\" data-end=\"1241\">un contact avec l\u2019eau ou un dysfonctionnement logiciel<\/strong>.<\/p><p data-start=\"1244\" data-end=\"1424\">Avant toute intervention, notre \u00e9quipe r\u00e9alise <strong data-start=\"1291\" data-end=\"1328\">un contr\u00f4le complet de l\u2019appareil<\/strong> afin de comprendre pr\u00e9cis\u00e9ment l\u2019origine de la panne et d\u2019apporter la solution la plus adapt\u00e9e.<\/p><p data-start=\"1426\" data-end=\"1614\">Pour garantir un r\u00e9sultat fiable, nous utilisons <strong data-start=\"1475\" data-end=\"1545\">des pi\u00e8ces de remplacement de qualit\u00e9 et des outils professionnels<\/strong>, afin que votre smartphone Xiaomi retrouve un fonctionnement stable.<\/p><p data-start=\"1616\" data-end=\"1869\">Nos ateliers re\u00e7oivent r\u00e9guli\u00e8rement des clients venant de <strong data-start=\"1675\" data-end=\"1796\">La Chaux-de-Fonds, Neuch\u00e2tel, Lausanne, Fribourg, Biel\/Bienne, Yverdon-les-Bains, Payerne, Del\u00e9mont ou Morat (Murten)<\/strong>, mais aussi d\u2019autres villes de <strong data-start=\"1828\" data-end=\"1868\">Suisse romande et de l\u2019Arc jurassien<\/strong>.<\/p><p data-start=\"1871\" data-end=\"1943\">Chez <strong data-start=\"1876\" data-end=\"1893\">repairandshop<\/strong>, nous privil\u00e9gions un service clair et efficace :<\/p><ul data-start=\"1945\" data-end=\"2037\"><li data-section-id=\"1d0z3s6\" data-start=\"1945\" data-end=\"1972\"><p data-start=\"1947\" data-end=\"1972\"><strong data-start=\"1947\" data-end=\"1970\">tarifs transparents<\/strong><\/p><\/li><li data-section-id=\"zjgnty\" data-start=\"1973\" data-end=\"2002\"><p data-start=\"1975\" data-end=\"2002\"><strong data-start=\"1975\" data-end=\"2000\">interventions rapides<\/strong><\/p><\/li><li data-section-id=\"rax2pf\" data-start=\"2003\" data-end=\"2037\"><p data-start=\"2005\" data-end=\"2037\"><strong data-start=\"2005\" data-end=\"2037\">garantie sur les r\u00e9parations<\/strong><\/p><\/li><\/ul><p data-start=\"2039\" data-end=\"2164\">Vous pouvez consulter <strong data-start=\"2061\" data-end=\"2081\">repairandshop.ch<\/strong> ou venir directement dans l\u2019un de nos ateliers pour faire v\u00e9rifier votre appareil.<\/p><p data-start=\"2166\" data-end=\"2303\">Notre \u00e9quipe s\u2019engage \u00e0 <strong data-start=\"2190\" data-end=\"2302\">remettre votre smartphone Xiaomi en \u00e9tat afin que vous puissiez l\u2019utiliser \u00e0 nouveau sans souci au quotidien<\/strong>.<\/p>\n\t\t\t\t\t<\/div>\n\t\t\t\t\t\t<\/div>\n\t\t\t\t<\/div>\n\t\t\t\t<\/div>\n\t\t<div class=\"elementor-element elementor-element-bc15093 e-con-full e-flex e-con e-child\" data-id=\"bc15093\" data-element_type=\"container\" data-e-type=\"container\" data-settings=\"{&quot;_ha_eqh_enable&quot;:false}\">\n\t\t\t\t<div class=\"elementor-element elementor-element-4c531b6 elementor-widget elementor-widget-wd_text_block\" data-id=\"4c531b6\" data-element_type=\"widget\" data-e-type=\"widget\" data-widget_type=\"wd_text_block.default\">\n\t\t\t\t<div class=\"elementor-widget-container\">\n\t\t\t\t\t\t\t<div class=\"wd-text-block reset-last-child text-left\">\n\t\t\t\n\t\t\t<h2 data-section-id=\"7czgr6\" data-start=\"156\" data-end=\"211\">R\u00e9paration Oppo en Suisse \u2013 s\u00e9ries Reno, A et Find X<\/h2><p data-start=\"213\" data-end=\"461\">Votre <strong data-start=\"219\" data-end=\"316\">smartphone Oppo est tomb\u00e9, l\u2019\u00e9cran est endommag\u00e9 ou l\u2019appareil ne fonctionne plus comme avant<\/strong> ? Chez <strong data-start=\"324\" data-end=\"341\">repairandshop<\/strong>, nous proposons un service de <strong data-start=\"372\" data-end=\"418\">r\u00e9paration Oppo fiable et rapide en Suisse<\/strong>, pour les principaux mod\u00e8les de la marque.<\/p><p data-start=\"463\" data-end=\"745\">Nos techniciens interviennent sur les diff\u00e9rentes gammes <strong data-start=\"520\" data-end=\"556\">Oppo Reno, Oppo A et Oppo Find X<\/strong>. Nous r\u00e9parons r\u00e9guli\u00e8rement des appareils comme <strong data-start=\"606\" data-end=\"684\">l\u2019Oppo Reno 10, le Reno 8, l\u2019Oppo A54, l\u2019A76, le Find X3 ou le Find X5 Pro<\/strong>, mais aussi d\u2019autres mod\u00e8les Oppo encore largement utilis\u00e9s.<\/p><p data-start=\"747\" data-end=\"1155\">Dans notre atelier, les r\u00e9parations les plus fr\u00e9quentes concernent <strong data-start=\"814\" data-end=\"947\">les \u00e9crans cass\u00e9s apr\u00e8s une chute, les batteries qui se d\u00e9chargent trop vite ou les cam\u00e9ras qui ne fonctionnent plus correctement<\/strong>. Nous intervenons \u00e9galement pour <strong data-start=\"981\" data-end=\"1061\">les probl\u00e8mes de port de charge, les microphones ou haut-parleurs d\u00e9fectueux<\/strong>, ainsi que pour les smartphones ayant subi <strong data-start=\"1105\" data-end=\"1154\">un contact avec l\u2019eau ou un probl\u00e8me logiciel<\/strong>.<\/p><p data-start=\"1157\" data-end=\"1345\">Avant toute r\u00e9paration, nous r\u00e9alisons toujours <strong data-start=\"1205\" data-end=\"1248\">une v\u00e9rification compl\u00e8te de l\u2019appareil<\/strong> afin de comprendre pr\u00e9cis\u00e9ment l\u2019origine de la panne et de proposer la solution la plus adapt\u00e9e.<\/p><p data-start=\"1347\" data-end=\"1533\">Pour garantir un r\u00e9sultat fiable, nous utilisons <strong data-start=\"1396\" data-end=\"1466\">des pi\u00e8ces de remplacement de qualit\u00e9 et des outils professionnels<\/strong>, afin que votre smartphone Oppo retrouve un fonctionnement stable.<\/p><p data-start=\"1535\" data-end=\"1772\">Nos ateliers re\u00e7oivent r\u00e9guli\u00e8rement des clients venant de <strong data-start=\"1594\" data-end=\"1699\">La Chaux-de-Fonds, Neuch\u00e2tel, Lausanne, Fribourg, Biel\/Bienne, Yverdon-les-Bains, Payerne ou Del\u00e9mont<\/strong>, mais aussi d\u2019autres villes de <strong data-start=\"1731\" data-end=\"1771\">Suisse romande et de l\u2019Arc jurassien<\/strong>.<\/p><p data-start=\"1774\" data-end=\"1846\">Chez <strong data-start=\"1779\" data-end=\"1796\">repairandshop<\/strong>, nous privil\u00e9gions un service clair et efficace :<\/p><ul data-start=\"1848\" data-end=\"1938\"><li data-section-id=\"1d0z3s6\" data-start=\"1848\" data-end=\"1875\"><p data-start=\"1850\" data-end=\"1875\"><strong data-start=\"1850\" data-end=\"1873\">tarifs transparents<\/strong><\/p><\/li><li data-section-id=\"1iy4kyu\" data-start=\"1876\" data-end=\"1903\"><p data-start=\"1878\" data-end=\"1903\"><strong data-start=\"1878\" data-end=\"1901\">r\u00e9parations rapides<\/strong><\/p><\/li><li data-section-id=\"rax2pf\" data-start=\"1904\" data-end=\"1938\"><p data-start=\"1906\" data-end=\"1938\"><strong data-start=\"1906\" data-end=\"1938\">garantie sur les r\u00e9parations<\/strong><\/p><\/li><\/ul><p data-start=\"1940\" data-end=\"2066\">Vous pouvez consulter <strong data-start=\"1962\" data-end=\"1982\">repairandshop.ch<\/strong> ou venir directement dans l\u2019un de nos ateliers pour faire contr\u00f4ler votre appareil.<\/p><p data-start=\"2068\" data-end=\"2221\">Notre \u00e9quipe s\u2019efforce simplement de <strong data-start=\"2105\" data-end=\"2220\">remettre votre smartphone Oppo en \u00e9tat afin que vous puissiez l\u2019utiliser \u00e0 nouveau sans difficult\u00e9 au quotidien<\/strong>.<\/p>\n\t\t\t\t\t<\/div>\n\t\t\t\t\t\t<\/div>\n\t\t\t\t<\/div>\n\t\t\t\t<\/div>\n\t\t\t\t\t<\/div>\n\t\t\t\t<\/div>\n\t\t<div class=\"wd-negative-gap elementor-element elementor-element-6aa78b2 e-flex e-con-boxed e-con e-parent\" data-id=\"6aa78b2\" data-element_type=\"container\" data-e-type=\"container\" data-settings=\"{&quot;_ha_eqh_enable&quot;:false}\">\n\t\t\t\t\t<div class=\"e-con-inner\">\n\t\t\t\t<div class=\"elementor-element elementor-element-129512c elementor-widget elementor-widget-html\" data-id=\"129512c\" data-element_type=\"widget\" data-e-type=\"widget\" data-widget_type=\"html.default\">\n\t\t\t\t<div class=\"elementor-widget-container\">\n\t\t\t\t\t<!-- FAQ R\u00e9paration Smartphone (FR) - SEO + Accordion -->\r\n<section class=\"faq\" id=\"faq-smartphone\" aria-label=\"FAQ R\u00e9paration smartphone\">\r\n  <div class=\"faq__head\">\r\n    <h2 class=\"faq__title\">FAQ \u2013 R\u00e9paration smartphone en Suisse<\/h2>\r\n    <p class=\"faq__subtitle\">\r\n      Retrouvez les r\u00e9ponses aux questions les plus fr\u00e9quentes sur les d\u00e9lais, les pi\u00e8ces, la garantie, les d\u00e9g\u00e2ts d\u2019eau, les mod\u00e8les r\u00e9par\u00e9s et nos services de r\u00e9paration smartphone en Suisse.\r\n    <\/p>\r\n  <\/div>\r\n\r\n  <div class=\"faq__list\" data-faq>\r\n    <!-- 1 -->\r\n    <details class=\"faq__item\" open>\r\n      <summary class=\"faq__q\">Combien de temps dure une r\u00e9paration smartphone en Suisse ?<\/summary>\r\n      <div class=\"faq__a\">\r\n        <p>\r\n          La majorit\u00e9 des r\u00e9parations courantes, comme un <strong>remplacement d\u2019\u00e9cran<\/strong> ou un\r\n          <strong>changement de batterie<\/strong>, peuvent souvent \u00eatre r\u00e9alis\u00e9es <strong>le jour m\u00eame<\/strong>,\r\n          selon le mod\u00e8le et la disponibilit\u00e9 des pi\u00e8ces. Pour les r\u00e9parations plus complexes, comme un\r\n          <strong>d\u00e9g\u00e2t d\u2019eau<\/strong> ou un <strong>probl\u00e8me de carte m\u00e8re<\/strong>, nous effectuons d\u2019abord un\r\n          diagnostic complet avant de vous communiquer un d\u00e9lai pr\u00e9cis.\r\n        <\/p>\r\n      <\/div>\r\n    <\/details>\r\n\r\n    <!-- 2 -->\r\n    <details class=\"faq__item\">\r\n      <summary class=\"faq__q\">Quels smartphones r\u00e9parez-vous ?<\/summary>\r\n      <div class=\"faq__a\">\r\n        <p>\r\n          Nous r\u00e9parons de nombreux mod\u00e8les de <strong>smartphones et tablettes<\/strong>, notamment les\r\n          <strong>iPhone, Samsung Galaxy, Google Pixel, Huawei, Xiaomi, Oppo<\/strong> et d\u2019autres marques populaires.\r\n          Si vous avez un doute, il vous suffit de nous communiquer la r\u00e9f\u00e9rence exacte de votre appareil afin de v\u00e9rifier\r\n          rapidement la disponibilit\u00e9 des pi\u00e8ces.\r\n        <\/p>\r\n      <\/div>\r\n    <\/details>\r\n\r\n    <!-- 3 -->\r\n    <details class=\"faq__item\">\r\n      <summary class=\"faq__q\">Quels types de pannes r\u00e9parez-vous le plus souvent ?<\/summary>\r\n      <div class=\"faq__a\">\r\n        <p>\r\n          Nous intervenons r\u00e9guli\u00e8rement pour des <strong>\u00e9crans cass\u00e9s<\/strong>, des <strong>batteries us\u00e9es<\/strong>,\r\n          des <strong>probl\u00e8mes de charge<\/strong>, des <strong>cam\u00e9ras d\u00e9fectueuses<\/strong>, des soucis de\r\n          <strong>haut-parleur ou microphone<\/strong>, des <strong>vitres arri\u00e8re cass\u00e9es<\/strong>, ainsi que pour des\r\n          <strong>pannes li\u00e9es au r\u00e9seau, au logiciel ou \u00e0 l\u2019eau<\/strong>.\r\n        <\/p>\r\n      <\/div>\r\n    <\/details>\r\n\r\n    <!-- 4 -->\r\n    <details class=\"faq__item\">\r\n      <summary class=\"faq__q\">Utilisez-vous des pi\u00e8ces originales ou compatibles ?<\/summary>\r\n      <div class=\"faq__a\">\r\n        <p>\r\n          Nous utilisons des <strong>pi\u00e8ces d\u2019origine lorsque cela est possible<\/strong>, ainsi que des\r\n          <strong>pi\u00e8ces compatibles de haute qualit\u00e9<\/strong> lorsque cela est n\u00e9cessaire.\r\n          Notre objectif est de garantir une r\u00e9paration <strong>fiable, durable et adapt\u00e9e \u00e0 votre appareil<\/strong>.\r\n          Avant chaque intervention, nous vous informons clairement du type de pi\u00e8ce propos\u00e9.\r\n        <\/p>\r\n      <\/div>\r\n    <\/details>\r\n\r\n    <!-- 5 -->\r\n    <details class=\"faq__item\">\r\n      <summary class=\"faq__q\">Y a-t-il une garantie sur la r\u00e9paration ?<\/summary>\r\n      <div class=\"faq__a\">\r\n        <p>\r\n          Oui, nous proposons une <strong>garantie sur les r\u00e9parations<\/strong> ainsi que sur les pi\u00e8ces remplac\u00e9es,\r\n          selon le type d\u2019intervention r\u00e9alis\u00e9e. Une facture ou un justificatif vous est remis apr\u00e8s la r\u00e9paration.\r\n        <\/p>\r\n      <\/div>\r\n    <\/details>\r\n\r\n    <!-- 6 -->\r\n    <details class=\"faq__item\">\r\n      <summary class=\"faq__q\">R\u00e9parez-vous les t\u00e9l\u00e9phones tomb\u00e9s dans l\u2019eau ?<\/summary>\r\n      <div class=\"faq__a\">\r\n        <p>\r\n          Oui, nous prenons en charge les <strong>smartphones ayant subi un d\u00e9g\u00e2t d\u2019eau<\/strong>.\r\n          Dans ce cas, il est important d\u2019\u00e9teindre l\u2019appareil, de ne pas le charger et de le faire diagnostiquer rapidement.\r\n          Nous r\u00e9alisons un <strong>nettoyage interne<\/strong>, des <strong>tests de fonctionnement<\/strong> et, si n\u00e9cessaire,\r\n          le remplacement des composants endommag\u00e9s.\r\n        <\/p>\r\n      <\/div>\r\n    <\/details>\r\n\r\n    <!-- 7 -->\r\n    <details class=\"faq__item\">\r\n      <summary class=\"faq__q\">Dois-je prendre rendez-vous avant de venir ?<\/summary>\r\n      <div class=\"faq__a\">\r\n        <p>\r\n          Vous pouvez venir directement dans l\u2019un de nos ateliers, mais il est aussi possible de\r\n          <strong>prendre rendez-vous en ligne<\/strong> ou de nous contacter par t\u00e9l\u00e9phone ou WhatsApp.\r\n          Cela permet souvent de gagner du temps et de confirmer \u00e0 l\u2019avance la disponibilit\u00e9 des pi\u00e8ces.\r\n        <\/p>\r\n      <\/div>\r\n    <\/details>\r\n\r\n    <!-- 8 -->\r\n    <details class=\"faq__item\">\r\n      <summary class=\"faq__q\">Puis-je envoyer mon smartphone par la poste ?<\/summary>\r\n      <div class=\"faq__a\">\r\n        <p>\r\n          Oui, nous proposons \u00e9galement un <strong>service de r\u00e9paration par envoi postal<\/strong> dans toute la Suisse.\r\n          Vous pouvez nous envoyer votre appareil, nous effectuons le diagnostic, puis nous proc\u00e9dons \u00e0 la r\u00e9paration apr\u00e8s validation.\r\n        <\/p>\r\n      <\/div>\r\n    <\/details>\r\n\r\n    <!-- 9 -->\r\n    <details class=\"faq__item\">\r\n      <summary class=\"faq__q\">Mes donn\u00e9es seront-elles conserv\u00e9es pendant la r\u00e9paration ?<\/summary>\r\n      <div class=\"faq__a\">\r\n        <p>\r\n          Dans la plupart des cas, vos <strong>donn\u00e9es restent intactes<\/strong> pendant la r\u00e9paration.\r\n          Toutefois, comme certaines interventions peuvent \u00eatre impr\u00e9visibles, nous recommandons toujours\r\n          d\u2019effectuer une <strong>sauvegarde<\/strong> avant de confier votre appareil, si cela est possible.\r\n        <\/p>\r\n      <\/div>\r\n    <\/details>\r\n\r\n    <!-- 10 -->\r\n    <details class=\"faq__item\">\r\n      <summary class=\"faq__q\">Dans quelles villes en Suisse proposez-vous vos r\u00e9parations ?<\/summary>\r\n      <div class=\"faq__a\">\r\n        <p>\r\n          Nous accueillons des clients venant notamment de <strong>La Chaux-de-Fonds<\/strong>, <strong>Neuch\u00e2tel<\/strong>,\r\n          <strong>Del\u00e9mont<\/strong>, <strong>Bern<\/strong>, <strong>Interlaken<\/strong>, <strong>Biel\/Bienne<\/strong>,\r\n          <strong>Yverdon-les-Bains<\/strong>, <strong>Lausanne<\/strong>, <strong>Fribourg<\/strong>, <strong>Payerne<\/strong>\r\n          et d\u2019autres villes de <strong>Suisse romande<\/strong>, de <strong>l\u2019Arc jurassien<\/strong> et de la Suisse al\u00e9manique.\r\n        <\/p>\r\n      <\/div>\r\n    <\/details>\r\n  <\/div>\r\n<\/section>\r\n\r\n<style>\r\n  .faq {\r\n    max-width: 920px;\r\n    margin: 0 auto;\r\n    padding: 24px 16px;\r\n  }\r\n\r\n  .faq__head {\r\n    margin-bottom: 14px;\r\n  }\r\n\r\n  .faq__title {\r\n    font-size: 28px;\r\n    margin: 0 0 6px;\r\n  }\r\n\r\n  .faq__subtitle {\r\n    margin: 0;\r\n    opacity: .85;\r\n    line-height: 1.55;\r\n  }\r\n\r\n  .faq__list {\r\n    border-top: 1px solid rgba(0,0,0,.12);\r\n  }\r\n\r\n  .faq__item {\r\n    border-bottom: 1px solid rgba(0,0,0,.12);\r\n    padding: 8px 0;\r\n  }\r\n\r\n  .faq__q {\r\n    cursor: pointer;\r\n    list-style: none;\r\n    font-weight: 700;\r\n    padding: 12px 0;\r\n    display: flex;\r\n    align-items: center;\r\n    justify-content: space-between;\r\n    gap: 12px;\r\n  }\r\n\r\n  .faq__q::-webkit-details-marker {\r\n    display: none;\r\n  }\r\n\r\n  .faq__q::after {\r\n    content: \"\u25be\";\r\n    font-size: 18px;\r\n    line-height: 1;\r\n    opacity: .8;\r\n    transition: transform .2s ease;\r\n  }\r\n\r\n  .faq__item[open] > .faq__q::after {\r\n    transform: rotate(180deg);\r\n  }\r\n\r\n  .faq__a {\r\n    padding: 0 0 14px;\r\n  }\r\n\r\n  .faq__a p {\r\n    margin: 0;\r\n    line-height: 1.65;\r\n    opacity: .92;\r\n  }\r\n\r\n  @media (max-width: 520px) {\r\n    .faq__title {\r\n      font-size: 22px;\r\n    }\r\n  }\r\n<\/style>\r\n\r\n<script type=\"application\/ld+json\">\r\n{\r\n  \"@context\": \"https:\/\/schema.org\",\r\n  \"@type\": \"FAQPage\",\r\n  \"mainEntity\": [\r\n    {\r\n      \"@type\": \"Question\",\r\n      \"name\": \"Combien de temps dure une r\u00e9paration smartphone en Suisse ?\",\r\n      \"acceptedAnswer\": {\r\n        \"@type\": \"Answer\",\r\n        \"text\": \"La majorit\u00e9 des r\u00e9parations courantes, comme un remplacement d\u2019\u00e9cran ou un changement de batterie, peuvent souvent \u00eatre r\u00e9alis\u00e9es le jour m\u00eame, selon le mod\u00e8le et la disponibilit\u00e9 des pi\u00e8ces. Pour les r\u00e9parations plus complexes, comme un d\u00e9g\u00e2t d\u2019eau ou un probl\u00e8me de carte m\u00e8re, nous effectuons d\u2019abord un diagnostic complet avant de communiquer un d\u00e9lai pr\u00e9cis.\"\r\n      }\r\n    },\r\n    {\r\n      \"@type\": \"Question\",\r\n      \"name\": \"Quels smartphones r\u00e9parez-vous ?\",\r\n      \"acceptedAnswer\": {\r\n        \"@type\": \"Answer\",\r\n        \"text\": \"Nous r\u00e9parons de nombreux mod\u00e8les de smartphones et tablettes, notamment les iPhone, Samsung Galaxy, Google Pixel, Huawei, Xiaomi, Oppo et d\u2019autres marques populaires.\"\r\n      }\r\n    },\r\n    {\r\n      \"@type\": \"Question\",\r\n      \"name\": \"Quels types de pannes r\u00e9parez-vous le plus souvent ?\",\r\n      \"acceptedAnswer\": {\r\n        \"@type\": \"Answer\",\r\n        \"text\": \"Nous intervenons r\u00e9guli\u00e8rement pour des \u00e9crans cass\u00e9s, des batteries us\u00e9es, des probl\u00e8mes de charge, des cam\u00e9ras d\u00e9fectueuses, des soucis de haut-parleur ou microphone, des vitres arri\u00e8re cass\u00e9es, ainsi que pour des pannes li\u00e9es au r\u00e9seau, au logiciel ou \u00e0 l\u2019eau.\"\r\n      }\r\n    },\r\n    {\r\n      \"@type\": \"Question\",\r\n      \"name\": \"Utilisez-vous des pi\u00e8ces originales ou compatibles ?\",\r\n      \"acceptedAnswer\": {\r\n        \"@type\": \"Answer\",\r\n        \"text\": \"Nous utilisons des pi\u00e8ces d\u2019origine lorsque cela est possible, ainsi que des pi\u00e8ces compatibles de haute qualit\u00e9 lorsque cela est n\u00e9cessaire. Avant chaque intervention, nous vous informons clairement du type de pi\u00e8ce propos\u00e9.\"\r\n      }\r\n    },\r\n    {\r\n      \"@type\": \"Question\",\r\n      \"name\": \"Y a-t-il une garantie sur la r\u00e9paration ?\",\r\n      \"acceptedAnswer\": {\r\n        \"@type\": \"Answer\",\r\n        \"text\": \"Oui, nous proposons une garantie sur les r\u00e9parations ainsi que sur les pi\u00e8ces remplac\u00e9es, selon le type d\u2019intervention r\u00e9alis\u00e9e. Une facture ou un justificatif vous est remis apr\u00e8s la r\u00e9paration.\"\r\n      }\r\n    },\r\n    {\r\n      \"@type\": \"Question\",\r\n      \"name\": \"R\u00e9parez-vous les t\u00e9l\u00e9phones tomb\u00e9s dans l\u2019eau ?\",\r\n      \"acceptedAnswer\": {\r\n        \"@type\": \"Answer\",\r\n        \"text\": \"Oui, nous prenons en charge les smartphones ayant subi un d\u00e9g\u00e2t d\u2019eau. Dans ce cas, il est important d\u2019\u00e9teindre l\u2019appareil, de ne pas le charger et de le faire diagnostiquer rapidement.\"\r\n      }\r\n    },\r\n    {\r\n      \"@type\": \"Question\",\r\n      \"name\": \"Dois-je prendre rendez-vous avant de venir ?\",\r\n      \"acceptedAnswer\": {\r\n        \"@type\": \"Answer\",\r\n        \"text\": \"Vous pouvez venir directement dans l\u2019un de nos ateliers, mais il est aussi possible de prendre rendez-vous en ligne ou de nous contacter par t\u00e9l\u00e9phone ou WhatsApp.\"\r\n      }\r\n    },\r\n    {\r\n      \"@type\": \"Question\",\r\n      \"name\": \"Puis-je envoyer mon smartphone par la poste ?\",\r\n      \"acceptedAnswer\": {\r\n        \"@type\": \"Answer\",\r\n        \"text\": \"Oui, nous proposons \u00e9galement un service de r\u00e9paration par envoi postal dans toute la Suisse. Vous pouvez nous envoyer votre appareil, nous effectuons le diagnostic, puis la r\u00e9paration apr\u00e8s validation.\"\r\n      }\r\n    },\r\n    {\r\n      \"@type\": \"Question\",\r\n      \"name\": \"Mes donn\u00e9es seront-elles conserv\u00e9es pendant la r\u00e9paration ?\",\r\n      \"acceptedAnswer\": {\r\n        \"@type\": \"Answer\",\r\n        \"text\": \"Dans la plupart des cas, vos donn\u00e9es restent intactes pendant la r\u00e9paration. Toutefois, une sauvegarde est toujours recommand\u00e9e avant toute intervention si cela est possible.\"\r\n      }\r\n    },\r\n    {\r\n      \"@type\": \"Question\",\r\n      \"name\": \"Dans quelles villes en Suisse proposez-vous vos r\u00e9parations ?\",\r\n      \"acceptedAnswer\": {\r\n        \"@type\": \"Answer\",\r\n        \"text\": \"Nous accueillons des clients venant notamment de La Chaux-de-Fonds, Neuch\u00e2tel, Del\u00e9mont, Bern, Interlaken, Biel\/Bienne, Yverdon-les-Bains, Lausanne, Fribourg et Payerne, ainsi que d\u2019autres villes de Suisse romande, de l\u2019Arc jurassien et de la Suisse al\u00e9manique.\"\r\n      }\r\n    }\r\n  ]\r\n}\r\n<\/script>\t\t\t\t<\/div>\n\t\t\t\t<\/div>\n\t\t\t\t\t<\/div>\n\t\t\t\t<\/div>\n\t\t\t\t<\/div>\n\t\t\n    <div class=\"xs_social_share_widget xs_share_url after_content \t\tmain_content  wslu-style-1 wslu-share-box-shaped wslu-fill-colored wslu-none wslu-share-horizontal wslu-theme-font-no wslu-main_content\">\n\n\t\t\n        <ul>\n\t\t\t        <\/ul>\n    <\/div> \n","protected":false},"excerpt":{"rendered":"<p>R\u00e9paration iPhone R\u00e9paration \u00e9cran, r\u00e9paration Batterie, r\u00e9paration cam\u00e9ra Voir r\u00e9paration R\u00e9paration Samsung R\u00e9paration \u00e9cran, r\u00e9paration Batterie, r\u00e9paration cam\u00e9ra Voir r\u00e9paration<\/p>\n","protected":false},"author":1,"featured_media":31607,"parent":0,"menu_order":0,"comment_status":"closed","ping_status":"closed","template":"","meta":{"postBodyCss":"","postBodyMargin":[],"postBodyPadding":[],"postBodyBackground":{"backgroundType":"classic","gradient":""},"footnotes":""},"class_list":["post-27245","page","type-page","status-publish","has-post-thumbnail","hentry"],"yoast_head":"<!-- This site is optimized with the Yoast SEO Premium plugin v26.8 (Yoast SEO v27.3) - https:\/\/yoast.com\/product\/yoast-seo-premium-wordpress\/ -->\n<title>R\u00e9paration T\u00e9l\u00e9phone Portable en Suisse | Repair And Shop<\/title>\n<meta name=\"description\" content=\"R\u00e9paration t\u00e9l\u00e9phone portable rapide et fiable. iPhone, Samsung, Huawei, Xiaomi, \u00e9cran cass\u00e9, batterie, smartphone \u2013 express &amp; garantie chez Repairandshop.\" \/>\n<meta name=\"robots\" content=\"index, follow, max-snippet:-1, max-image-preview:large, max-video-preview:-1\" \/>\n<link rel=\"canonical\" href=\"https:\/\/repairandshop.ch\/fr\/reparation-telephone\/\" \/>\n<meta property=\"og:locale\" content=\"fr_FR\" \/>\n<meta property=\"og:type\" content=\"article\" \/>\n<meta property=\"og:title\" content=\"R\u00e9paration de t\u00e9l\u00e9phone portable\" \/>\n<meta property=\"og:description\" content=\"R\u00e9paration t\u00e9l\u00e9phone portable rapide et fiable. iPhone, Samsung, Huawei, Xiaomi, \u00e9cran cass\u00e9, batterie, smartphone \u2013 express &amp; garantie chez Repairandshop.\" \/>\n<meta property=\"og:url\" content=\"https:\/\/repairandshop.ch\/fr\/reparation-telephone\/\" \/>\n<meta property=\"og:site_name\" content=\"repairandshop\" \/>\n<meta property=\"article:modified_time\" content=\"2026-03-06T12:29:05+00:00\" \/>\n<meta property=\"og:image\" content=\"https:\/\/repairandshop.ch\/wp-content\/uploads\/2025\/06\/65963baaec59247a086b826c-refurbished-apple-iphone-11-pro-max.jpg\" \/>\n\t<meta property=\"og:image:width\" content=\"1000\" \/>\n\t<meta property=\"og:image:height\" content=\"1000\" \/>\n\t<meta property=\"og:image:type\" content=\"image\/jpeg\" \/>\n<meta name=\"twitter:card\" content=\"summary_large_image\" \/>\n<meta name=\"twitter:label1\" content=\"Dur\u00e9e de lecture estim\u00e9e\" \/>\n\t<meta name=\"twitter:data1\" content=\"15 minutes\" \/>\n<!-- \/ Yoast SEO Premium plugin. -->","yoast_head_json":{"title":"R\u00e9paration T\u00e9l\u00e9phone Portable en Suisse | Repair And Shop","description":"R\u00e9paration t\u00e9l\u00e9phone portable rapide et fiable. iPhone, Samsung, Huawei, Xiaomi, \u00e9cran cass\u00e9, batterie, smartphone \u2013 express & garantie chez Repairandshop.","robots":{"index":"index","follow":"follow","max-snippet":"max-snippet:-1","max-image-preview":"max-image-preview:large","max-video-preview":"max-video-preview:-1"},"canonical":"https:\/\/repairandshop.ch\/fr\/reparation-telephone\/","og_locale":"fr_FR","og_type":"article","og_title":"R\u00e9paration de t\u00e9l\u00e9phone portable","og_description":"R\u00e9paration t\u00e9l\u00e9phone portable rapide et fiable. iPhone, Samsung, Huawei, Xiaomi, \u00e9cran cass\u00e9, batterie, smartphone \u2013 express & garantie chez Repairandshop.","og_url":"https:\/\/repairandshop.ch\/fr\/reparation-telephone\/","og_site_name":"repairandshop","article_modified_time":"2026-03-06T12:29:05+00:00","og_image":[{"width":1000,"height":1000,"url":"https:\/\/repairandshop.ch\/wp-content\/uploads\/2025\/06\/65963baaec59247a086b826c-refurbished-apple-iphone-11-pro-max.jpg","type":"image\/jpeg"}],"twitter_card":"summary_large_image","twitter_misc":{"Dur\u00e9e de lecture estim\u00e9e":"15 minutes"},"schema":{"@context":"https:\/\/schema.org","@graph":[{"@type":"WebPage","@id":"https:\/\/repairandshop.ch\/fr\/reparation-telephone\/","url":"https:\/\/repairandshop.ch\/fr\/reparation-telephone\/","name":"R\u00e9paration T\u00e9l\u00e9phone Portable en Suisse | Repair And Shop","isPartOf":{"@id":"https:\/\/repairandshop.ch\/fr\/#website"},"primaryImageOfPage":{"@id":"https:\/\/repairandshop.ch\/fr\/reparation-telephone\/#primaryimage"},"image":{"@id":"https:\/\/repairandshop.ch\/fr\/reparation-telephone\/#primaryimage"},"thumbnailUrl":"https:\/\/repairandshop.ch\/wp-content\/uploads\/2025\/06\/65963baaec59247a086b826c-refurbished-apple-iphone-11-pro-max.jpg","datePublished":"2025-03-18T17:04:11+00:00","dateModified":"2026-03-06T12:29:05+00:00","description":"R\u00e9paration t\u00e9l\u00e9phone portable rapide et fiable. iPhone, Samsung, Huawei, Xiaomi, \u00e9cran cass\u00e9, batterie, smartphone \u2013 express & garantie chez Repairandshop.","breadcrumb":{"@id":"https:\/\/repairandshop.ch\/fr\/reparation-telephone\/#breadcrumb"},"inLanguage":"fr-FR","potentialAction":[{"@type":"ReadAction","target":["https:\/\/repairandshop.ch\/fr\/reparation-telephone\/"]}]},{"@type":"ImageObject","inLanguage":"fr-FR","@id":"https:\/\/repairandshop.ch\/fr\/reparation-telephone\/#primaryimage","url":"https:\/\/repairandshop.ch\/wp-content\/uploads\/2025\/06\/65963baaec59247a086b826c-refurbished-apple-iphone-11-pro-max.jpg","contentUrl":"https:\/\/repairandshop.ch\/wp-content\/uploads\/2025\/06\/65963baaec59247a086b826c-refurbished-apple-iphone-11-pro-max.jpg","width":1000,"height":1000},{"@type":"BreadcrumbList","@id":"https:\/\/repairandshop.ch\/fr\/reparation-telephone\/#breadcrumb","itemListElement":[{"@type":"ListItem","position":1,"name":"Home","item":"https:\/\/repairandshop.ch\/fr\/"},{"@type":"ListItem","position":2,"name":"R\u00e9paration de t\u00e9l\u00e9phone portable"}]},{"@type":"WebSite","@id":"https:\/\/repairandshop.ch\/fr\/#website","url":"https:\/\/repairandshop.ch\/fr\/","name":"Repair And Shop","description":"","publisher":{"@id":"https:\/\/repairandshop.ch\/fr\/#organization"},"potentialAction":[{"@type":"SearchAction","target":{"@type":"EntryPoint","urlTemplate":"https:\/\/repairandshop.ch\/fr\/?s={search_term_string}"},"query-input":{"@type":"PropertyValueSpecification","valueRequired":true,"valueName":"search_term_string"}}],"inLanguage":"fr-FR"},{"@type":"Organization","@id":"https:\/\/repairandshop.ch\/fr\/#organization","name":"Repair And Shop","url":"https:\/\/repairandshop.ch\/fr\/","logo":{"@type":"ImageObject","inLanguage":"fr-FR","@id":"https:\/\/repairandshop.ch\/fr\/#\/schema\/logo\/image\/","url":"https:\/\/repairandshop.ch\/wp-content\/uploads\/2025\/02\/RepairandShop-Logo.png","contentUrl":"https:\/\/repairandshop.ch\/wp-content\/uploads\/2025\/02\/RepairandShop-Logo.png","width":834,"height":193,"caption":"Repair And Shop"},"image":{"@id":"https:\/\/repairandshop.ch\/fr\/#\/schema\/logo\/image\/"}}]}},"_links":{"self":[{"href":"https:\/\/repairandshop.ch\/fr\/wp-json\/wp\/v2\/pages\/27245","targetHints":{"allow":["GET"]}}],"collection":[{"href":"https:\/\/repairandshop.ch\/fr\/wp-json\/wp\/v2\/pages"}],"about":[{"href":"https:\/\/repairandshop.ch\/fr\/wp-json\/wp\/v2\/types\/page"}],"author":[{"embeddable":true,"href":"https:\/\/repairandshop.ch\/fr\/wp-json\/wp\/v2\/users\/1"}],"replies":[{"embeddable":true,"href":"https:\/\/repairandshop.ch\/fr\/wp-json\/wp\/v2\/comments?post=27245"}],"version-history":[{"count":9,"href":"https:\/\/repairandshop.ch\/fr\/wp-json\/wp\/v2\/pages\/27245\/revisions"}],"predecessor-version":[{"id":69442,"href":"https:\/\/repairandshop.ch\/fr\/wp-json\/wp\/v2\/pages\/27245\/revisions\/69442"}],"wp:featuredmedia":[{"embeddable":true,"href":"https:\/\/repairandshop.ch\/fr\/wp-json\/wp\/v2\/media\/31607"}],"wp:attachment":[{"href":"https:\/\/repairandshop.ch\/fr\/wp-json\/wp\/v2\/media?parent=27245"}],"curies":[{"name":"wp","href":"https:\/\/api.w.org\/{rel}","templated":true}]}}