{"id":27584,"date":"2025-03-08T15:13:41","date_gmt":"2025-03-08T15:13:41","guid":{"rendered":"https:\/\/repairandshop.ch\/microsoft-surface\/surface-pro-3\/"},"modified":"2025-06-01T20:42:49","modified_gmt":"2025-06-01T20:42:49","slug":"surface-pro-3","status":"publish","type":"page","link":"https:\/\/repairandshop.ch\/fr\/microsoft-surface\/surface-pro-3\/","title":{"rendered":"Surface Pro 3"},"content":{"rendered":"\t\t<div data-elementor-type=\"wp-page\" data-elementor-id=\"27584\" class=\"elementor elementor-27584 elementor-16961\" data-elementor-post-type=\"page\">\n\t\t\t\t<div class=\"wd-negative-gap elementor-element elementor-element-28aff64 e-flex e-con-boxed e-con e-parent\" data-id=\"28aff64\" data-element_type=\"container\" data-e-type=\"container\" data-settings=\"{&quot;_ha_eqh_enable&quot;:false}\">\n\t\t\t\t\t<div class=\"e-con-inner\">\n\t\t\t\t<div class=\"elementor-element elementor-element-9ac07f8 elementor-widget elementor-widget-heading\" data-id=\"9ac07f8\" data-element_type=\"widget\" data-e-type=\"widget\" data-widget_type=\"heading.default\">\n\t\t\t\t<div class=\"elementor-widget-container\">\n\t\t\t\t\t<h2 class=\"elementor-heading-title elementor-size-default\">Microsoft Surface Pro 3 R\u00e9paration<\/h2>\t\t\t\t<\/div>\n\t\t\t\t<\/div>\n\t\t\t\t\t<\/div>\n\t\t\t\t<\/div>\n\t\t<div class=\"wd-negative-gap elementor-element elementor-element-c4693bd e-flex e-con-boxed e-con e-parent\" data-id=\"c4693bd\" data-element_type=\"container\" data-e-type=\"container\" data-settings=\"{&quot;background_background&quot;:&quot;classic&quot;,&quot;_ha_eqh_enable&quot;:false}\">\n\t\t\t\t\t<div class=\"e-con-inner\">\n\t\t<div class=\"elementor-element elementor-element-5a5c95a e-con-full e-flex e-con e-child\" data-id=\"5a5c95a\" data-element_type=\"container\" data-e-type=\"container\" data-settings=\"{&quot;_ha_eqh_enable&quot;:false}\">\n\t\t\t\t<div class=\"elementor-element elementor-element-ca082a0 elementor-widget elementor-widget-heading\" data-id=\"ca082a0\" data-element_type=\"widget\" data-e-type=\"widget\" data-widget_type=\"heading.default\">\n\t\t\t\t<div class=\"elementor-widget-container\">\n\t\t\t\t\t<h2 class=\"elementor-heading-title elementor-size-default\">Microsoft Surface Pro 3 R\u00e9paration<\/h2>\t\t\t\t<\/div>\n\t\t\t\t<\/div>\n\t\t\t\t<div class=\"elementor-element elementor-element-b7d08b0 elementor-widget elementor-widget-image\" data-id=\"b7d08b0\" data-element_type=\"widget\" data-e-type=\"widget\" data-widget_type=\"image.default\">\n\t\t\t\t<div class=\"elementor-widget-container\">\n\t\t\t\t\t\t\t\t\t\t\t\t\t\t\t<img loading=\"lazy\" decoding=\"async\" width=\"300\" height=\"196\" src=\"https:\/\/repairandshop.ch\/wp-content\/uploads\/2025\/03\/Surface-Pro-Repair-Frebiurg-Germany-1.png\" class=\"attachment-large size-large wp-image-26358\" alt=\"\" srcset=\"https:\/\/repairandshop.ch\/wp-content\/uploads\/2025\/03\/Surface-Pro-Repair-Frebiurg-Germany-1.png 300w, https:\/\/repairandshop.ch\/wp-content\/uploads\/2025\/03\/Surface-Pro-Repair-Frebiurg-Germany-1-150x98.png 150w\" sizes=\"auto, (max-width: 300px) 100vw, 300px\" \/>\t\t\t\t\t\t\t\t\t\t\t\t\t\t\t<\/div>\n\t\t\t\t<\/div>\n\t\t\t\t<div class=\"elementor-element elementor-element-db56abf elementor-widget elementor-widget-wd_text_block\" data-id=\"db56abf\" data-element_type=\"widget\" data-e-type=\"widget\" data-widget_type=\"wd_text_block.default\">\n\t\t\t\t<div class=\"elementor-widget-container\">\n\t\t\t\t\t\t\t<div class=\"wd-text-block reset-last-child text-center\">\n\t\t\t\n\t\t\t<h3 class=\"fl-callout-title\"><span class=\"fl-callout-title-text\">Mod\u00e8le 1631<\/span><\/h3>\n\t\t\t\t\t<\/div>\n\t\t\t\t\t\t<\/div>\n\t\t\t\t<\/div>\n\t\t\t\t<\/div>\n\t\t<div class=\"elementor-element elementor-element-025d350 e-con-full e-flex e-con e-child\" data-id=\"025d350\" data-element_type=\"container\" data-e-type=\"container\" data-settings=\"{&quot;_ha_eqh_enable&quot;:false}\">\n\t\t<div class=\"elementor-element elementor-element-a79f8ec e-con-full e-flex e-con e-child\" data-id=\"a79f8ec\" data-element_type=\"container\" data-e-type=\"container\" data-settings=\"{&quot;_ha_eqh_enable&quot;:false}\">\n\t\t\t\t<div class=\"elementor-element elementor-element-11b510f elementor-widget__width-initial elementor-widget elementor-widget-heading\" data-id=\"11b510f\" data-element_type=\"widget\" data-e-type=\"widget\" data-widget_type=\"heading.default\">\n\t\t\t\t<div class=\"elementor-widget-container\">\n\t\t\t\t\t<h2 class=\"elementor-heading-title elementor-size-default\">Microsoft Surface Pro 3 Liste de prix de r\u00e9paration<\/h2>\t\t\t\t<\/div>\n\t\t\t\t<\/div>\n\t\t\t\t<\/div>\n\t\t<div class=\"elementor-element elementor-element-fee2e2c e-con-full e-flex e-con e-child\" data-id=\"fee2e2c\" data-element_type=\"container\" data-e-type=\"container\" data-settings=\"{&quot;_ha_eqh_enable&quot;:false}\">\n\t\t\t\t<div class=\"elementor-element elementor-element-86d63d3 elementor-widget elementor-widget-wd_text_block\" data-id=\"86d63d3\" data-element_type=\"widget\" data-e-type=\"widget\" data-widget_type=\"wd_text_block.default\">\n\t\t\t\t<div class=\"elementor-widget-container\">\n\t\t\t\t\t\t\t<div class=\"wd-text-block reset-last-child text-center\">\n\t\t\t\n\t\t\t<table id=\"tablepress-115\" class=\"tablepress tablepress-id-115\"><tbody class=\"row-striping row-hover\"><tr class=\"row-1\"><td class=\"column-1\">Changement d'\u00e9cran (LCD + verre)<\/td><td class=\"column-2\">249 CHF<\/td><\/tr><tr class=\"row-2\"><td class=\"column-1\">Remplacement de la batterie en liaison avec l'\u00e9cran<\/td><td class=\"column-2\">99 CHF<\/td><\/tr><tr class=\"row-3\"><td class=\"column-1\">Remplacement de la batterie<\/td><td class=\"column-2\">229 CHF<\/td><\/tr><tr class=\"row-4\"><td class=\"column-1\">Remplacement de la cam\u00e9ra \u00e0 partir de<\/td><td class=\"column-2\">x.xx<\/td><\/tr><tr class=\"row-5\"><td class=\"column-1\">Remplacement du bo\u00eetier \u00e0 partir de<\/td><td class=\"column-2\">x.xx<\/td><\/tr><tr class=\"row-6\"><td class=\"column-1\">Nettoyage int\u00e9rieur complet \u00e0 partir de (par ex. pour r\u00e9parer les d\u00e9g\u00e2ts des eaux)<\/td><td class=\"column-2\">x.xx<\/td><\/tr><tr class=\"row-7\"><td class=\"column-1\">Logiciel ab<\/td><td class=\"column-2\">99 CHF<\/td><\/tr><\/tbody><\/table><p> <\/p>\n\t\t\t\t\t<\/div>\n\t\t\t\t\t\t<\/div>\n\t\t\t\t<\/div>\n\t\t\t\t<\/div>\n\t\t\t\t<\/div>\n\t\t\t\t\t<\/div>\n\t\t\t\t<\/div>\n\t\t<div class=\"wd-negative-gap elementor-element elementor-element-e196aa3 e-flex e-con-boxed e-con e-parent\" data-id=\"e196aa3\" data-element_type=\"container\" data-e-type=\"container\" data-settings=\"{&quot;_ha_eqh_enable&quot;:false}\">\n\t\t\t\t\t<div class=\"e-con-inner\">\n\t\t<div class=\"elementor-element elementor-element-2428ff9 e-con-full e-flex e-con e-child\" data-id=\"2428ff9\" data-element_type=\"container\" data-e-type=\"container\" data-settings=\"{&quot;_ha_eqh_enable&quot;:false}\">\n\t\t\t\t<div class=\"elementor-element elementor-element-b52364e elementor-align-justify elementor-widget elementor-widget-button\" data-id=\"b52364e\" data-element_type=\"widget\" data-e-type=\"widget\" data-widget_type=\"button.default\">\n\t\t\t\t<div class=\"elementor-widget-container\">\n\t\t\t\t\t\t\t\t\t<div class=\"elementor-button-wrapper\">\n\t\t\t\t\t<a class=\"elementor-button elementor-button-link elementor-size-sm\" href=\"https:\/\/repairandshop.ch\/fr\/contact\/\">\n\t\t\t\t\t\t<span class=\"elementor-button-content-wrapper\">\n\t\t\t\t\t\t\t\t\t<span class=\"elementor-button-text\">Contact<\/span>\n\t\t\t\t\t<\/span>\n\t\t\t\t\t<\/a>\n\t\t\t\t<\/div>\n\t\t\t\t\t\t\t\t<\/div>\n\t\t\t\t<\/div>\n\t\t\t\t<\/div>\n\t\t<div class=\"elementor-element elementor-element-42aaa7a e-con-full e-flex e-con e-child\" data-id=\"42aaa7a\" data-element_type=\"container\" data-e-type=\"container\" data-settings=\"{&quot;_ha_eqh_enable&quot;:false}\">\n\t\t\t\t<div class=\"elementor-element elementor-element-778faf0 elementor-align-justify elementor-widget elementor-widget-button\" data-id=\"778faf0\" data-element_type=\"widget\" data-e-type=\"widget\" data-widget_type=\"button.default\">\n\t\t\t\t<div class=\"elementor-widget-container\">\n\t\t\t\t\t\t\t\t\t<div class=\"elementor-button-wrapper\">\n\t\t\t\t\t<a class=\"elementor-button elementor-button-link elementor-size-sm\" href=\"#\">\n\t\t\t\t\t\t<span class=\"elementor-button-content-wrapper\">\n\t\t\t\t\t\t\t\t\t<span class=\"elementor-button-text\">Information<\/span>\n\t\t\t\t\t<\/span>\n\t\t\t\t\t<\/a>\n\t\t\t\t<\/div>\n\t\t\t\t\t\t\t\t<\/div>\n\t\t\t\t<\/div>\n\t\t\t\t<\/div>\n\t\t\t\t\t<\/div>\n\t\t\t\t<\/div>\n\t\t<div class=\"wd-negative-gap elementor-element elementor-element-f85a5da e-flex e-con-boxed e-con e-parent\" data-id=\"f85a5da\" data-element_type=\"container\" data-e-type=\"container\" data-settings=\"{&quot;_ha_eqh_enable&quot;:false}\">\n\t\t\t\t\t<div class=\"e-con-inner\">\n\t\t\t\t<div class=\"elementor-element elementor-element-3d7d914 elementor-widget elementor-widget-wd_text_block\" data-id=\"3d7d914\" data-element_type=\"widget\" data-e-type=\"widget\" data-widget_type=\"wd_text_block.default\">\n\t\t\t\t<div class=\"elementor-widget-container\">\n\t\t\t\t\t\t\t<div class=\"wd-text-block reset-last-child text-left\">\n\t\t\t\n\t\t\t<h1 class=\"\" data-start=\"309\" data-end=\"392\">R\u00e9paration Microsoft Surface Pro 3 - Service professionnel dans toute la Suisse<\/h1><h2 class=\"\" data-start=\"394\" data-end=\"484\">Service de r\u00e9paration fiable pour tablettes Surface - rapide, comp\u00e9tent et dans toute la Suisse<\/h2><p class=\"\" data-start=\"486\" data-end=\"753\">Votre <strong data-start=\"494\" data-end=\"521\">Microsoft Surface Pro 3<\/strong> est d\u00e9fectueux? Qu'il s'agisse d'<strong data-start=\"533\" data-end=\"557\"> un \u00e9cranfissur\u00e9<\/strong>, <strong data-start=\"559\" data-end=\"577\">d'une batteriefaible<\/strong>, d'<strong data-start=\"579\" data-end=\"604\">un probl\u00e8me de port de chargement<\/strong> ou d' <strong data-start=\"610\" data-end=\"626\">une erreur syst\u00e8me<\/strong> - nous vous proposons un <strong data-start=\"652\" data-end=\"717\"> service de r\u00e9parationprofessionnel pour les appareils Microsoft Surface<\/strong>, disponible dans toute la Suisse. <\/p><p class=\"\" data-start=\"755\" data-end=\"924\">Nos techniciens exp\u00e9riment\u00e9s assurent une remise en \u00e9tat professionnelle avec <strong data-start=\"831\" data-end=\"860\"> une analysegratuite des d\u00e9fauts<\/strong> et <strong data-start=\"865\" data-end=\"887\">une garantie de 6 mois<\/strong> sur toutes les r\u00e9parations effectu\u00e9es.<\/p><hr class=\"\" data-start=\"926\" data-end=\"929\"><h2 class=\"\" data-start=\"931\" data-end=\"984\">Nous r\u00e9parons les mod\u00e8les Microsoft Surface suivants:<\/h2><ul data-start=\"986\" data-end=\"1219\"><li class=\"\" data-start=\"986\" data-end=\"1056\"><p class=\"\" data-start=\"988\" data-end=\"1056\"><strong data-start=\"988\" data-end=\"1003\">Surface Pro<\/strong>: Pro, Pro 2, <strong data-start=\"1017\" data-end=\"1026\">Pro 3<\/strong>, Pro 4, Pro 5 (2017), Pro 6<\/p><\/li><li class=\"\" data-start=\"1057\" data-end=\"1091\"><p class=\"\" data-start=\"1059\" data-end=\"1091\"><strong data-start=\"1059\" data-end=\"1075\">Surface Book<\/strong>: Book, Book 2<\/p><\/li><li class=\"\" data-start=\"1092\" data-end=\"1132\"><p class=\"\" data-start=\"1094\" data-end=\"1132\"><strong data-start=\"1094\" data-end=\"1112\">Surface Laptop<\/strong>: Laptop, Laptop 2<\/p><\/li><li class=\"\" data-start=\"1133\" data-end=\"1173\"><p class=\"\" data-start=\"1135\" data-end=\"1173\"><strong data-start=\"1135\" data-end=\"1153\">Surface Studio<\/strong>: Studio, Studio 2<\/p><\/li><li class=\"\" data-start=\"1174\" data-end=\"1219\"><p class=\"\" data-start=\"1176\" data-end=\"1219\"><strong data-start=\"1176\" data-end=\"1190\">Surface RT<\/strong>, <strong data-start=\"1192\" data-end=\"1206\">Surface Go<\/strong>, Surface 2<\/p><\/li><\/ul><hr class=\"\" data-start=\"1221\" data-end=\"1224\"><h2 class=\"\" data-start=\"1226\" data-end=\"1290\">Service de r\u00e9paration dans toute la Suisse - \u00e0 votre service dans toutes les r\u00e9gions<\/h2><p class=\"\" data-start=\"1292\" data-end=\"1484\">Notre service de r\u00e9paration est <strong data-start=\"1319\" data-end=\"1344\"> disponibledans toute la Suisse<\/strong>. Que vous habitiez en ville ou \u00e0 la campagne, nous vous proposons un <strong data-start=\"1409\" data-end=\"1440\"> envoipratique par la poste<\/strong> ou une <strong data-start=\"1450\" data-end=\"1480\"> remiseen main propre sur place<\/strong>. <\/p><p class=\"\" data-start=\"1486\" data-end=\"1889\">Nous servons des clientes et des clients issus, entre autres, de :<br data-start=\"1538\" data-end=\"1541\"><strong data-start=\"1541\" data-end=\"1551\">Zurich,<\/strong> <strong data-start=\"1553\" data-end=\"1561\">Gen\u00e8ve<\/strong>, <strong data-start=\"1563\" data-end=\"1572\">B\u00e2le,<\/strong> <strong data-start=\"1574\" data-end=\"1586\">Lausanne<\/strong>, <strong data-start=\"1588\" data-end=\"1596\">Berne,<\/strong> <strong data-start=\"1598\" data-end=\"1612\">Winterthur<\/strong>, <strong data-start=\"1614\" data-end=\"1624\">Lucerne<\/strong>, <strong data-start=\"1626\" data-end=\"1640\"> Saint-Gall<\/strong>, <strong data-start=\"1642\" data-end=\"1652\">Lugano<\/strong>,    <strong data-start=\"1654\" data-end=\"1669\">Biel\/Bienne,<\/strong> <strong data-start=\"1671\" data-end=\"1683\">Fribourg<\/strong>, <strong data-start=\"1685\" data-end=\"1698\">Neuch\u00e2tel,<\/strong> <strong data-start=\"1700\" data-end=\"1721\">La Chaux-de-Fonds,<\/strong> <strong data-start=\"1723\" data-end=\"1737\">Interlaken,<\/strong> <strong data-start=\"1739\" data-end=\"1747\">Thoune,<\/strong> <strong data-start=\"1749\" data-end=\"1757\">Coire<\/strong>, <strong data-start=\"1759\" data-end=\"1775\">Schaffhouse<\/strong>, <strong data-start=\"1777\" data-end=\"1786\">Aarau<\/strong>, <strong data-start=\"1788\" data-end=\"1795\">Zoug<\/strong>, <strong data-start=\"1797\" data-end=\"1810\">Soleure<\/strong>, <strong data-start=\"1812\" data-end=\"1820\">Vaud<\/strong>, <strong data-start=\"1822\" data-end=\"1832\">Valais<\/strong>, <strong data-start=\"1834\" data-end=\"1844\">Ticino<\/strong> - et de nombreuses autres villes et communes.   <\/p><hr class=\"\" data-start=\"1891\" data-end=\"1894\"><h2 class=\"\" data-start=\"1896\" data-end=\"1967\">Processus de r\u00e9paration - simple, rapide et sans frais cach\u00e9s<\/h2><h3 class=\"\" data-start=\"1969\" data-end=\"1997\">1. <strong data-start=\"1976\" data-end=\"1995\">analyse des dommages<\/strong><\/h3><p class=\"\" data-start=\"1998\" data-end=\"2117\">D\u00e8s r\u00e9ception de votre appareil, nos experts analysent pr\u00e9cis\u00e9ment le d\u00e9faut et identifient les composants concern\u00e9s.<\/p><h3 class=\"\" data-start=\"2119\" data-end=\"2161\">2. <strong data-start=\"2126\" data-end=\"2159\"> devisgratuit<\/strong><\/h3><p class=\"\" data-start=\"2162\" data-end=\"2289\">Vous recevrez un <strong data-start=\"2181\" data-end=\"2234\">devis d\u00e9taill\u00e9 et transparent<\/strong> - bien entendu <strong data-start=\"2256\" data-end=\"2288\">gratuit et sans engagement<\/strong>.<\/p><h3 class=\"\" data-start=\"2291\" data-end=\"2326\">3. <strong data-start=\"2298\" data-end=\"2324\"> r\u00e9parationdans les r\u00e8gles de l'art<\/strong><\/h3><p class=\"\" data-start=\"2327\" data-end=\"2487\">Apr\u00e8s votre accord, nous commen\u00e7ons imm\u00e9diatement la r\u00e9paration. Toutes les \u00e9tapes de travail sont document\u00e9es et votre appareil est test\u00e9 de mani\u00e8re approfondie avant d'\u00eatre renvoy\u00e9. <\/p><hr class=\"\" data-start=\"2489\" data-end=\"2492\"><h2 class=\"\" data-start=\"2494\" data-end=\"2518\">Vos avantages chez nous<\/h2><ul data-start=\"2520\" data-end=\"2772\"><li class=\"\" data-start=\"2520\" data-end=\"2561\"><p class=\"\" data-start=\"2522\" data-end=\"2561\"><strong data-start=\"2522\" data-end=\"2559\">Service de r\u00e9paration pour toute la Suisse<\/strong><\/p><\/li><li class=\"\" data-start=\"2562\" data-end=\"2621\"><p class=\"\" data-start=\"2564\" data-end=\"2621\"><strong data-start=\"2564\" data-end=\"2593\">Diagnostic d'erreur gratuit<\/strong> &amp; ; offre sans engagement<\/p><\/li><li class=\"\" data-start=\"2622\" data-end=\"2668\"><p class=\"\" data-start=\"2624\" data-end=\"2668\"><strong data-start=\"2624\" data-end=\"2645\">6 mois de garantie<\/strong> sur toutes les r\u00e9parations<\/p><\/li><li class=\"\" data-start=\"2669\" data-end=\"2717\"><p class=\"\" data-start=\"2671\" data-end=\"2717\"><strong data-start=\"2671\" data-end=\"2715\">Des prix transparents et un processus rapide<\/strong><\/p><\/li><li class=\"\" data-start=\"2718\" data-end=\"2772\"><p class=\"\" data-start=\"2720\" data-end=\"2772\">Sp\u00e9cialis\u00e9 dans <strong data-start=\"2738\" data-end=\"2772\">tous les mod\u00e8les Microsoft Surface<\/strong><\/p><\/li><\/ul><hr class=\"\" data-start=\"2774\" data-end=\"2777\"><h2 class=\"\" data-start=\"2779\" data-end=\"2820\">R\u00e9parations fr\u00e9quentes de la Surface Pro 3<\/h2><ul data-start=\"2822\" data-end=\"3111\"><li class=\"\" data-start=\"2822\" data-end=\"2891\"><p class=\"\" data-start=\"2824\" data-end=\"2891\"><strong data-start=\"2824\" data-end=\"2850\">Remplacement de l'\u00e9cran<\/strong> en cas de bris de verre ou de d\u00e9faut de l'\u00e9cran tactile<\/p><\/li><li class=\"\" data-start=\"2892\" data-end=\"2934\"><p class=\"\" data-start=\"2894\" data-end=\"2934\"><strong data-start=\"2894\" data-end=\"2909\">Remplacement de la batterie<\/strong> en cas de faible autonomie<\/p><\/li><li class=\"\" data-start=\"2935\" data-end=\"2972\"><p class=\"\" data-start=\"2937\" data-end=\"2972\"><strong data-start=\"2937\" data-end=\"2970\">R\u00e9paration de la prise de charge<\/strong><\/p><\/li><li class=\"\" data-start=\"2973\" data-end=\"3017\"><p class=\"\" data-start=\"2975\" data-end=\"3017\"><strong data-start=\"2975\" data-end=\"3015\">R\u00e9soudre les erreurs de la carte m\u00e8re ou du tactile<\/strong><\/p><\/li><li class=\"\" data-start=\"3018\" data-end=\"3068\"><p class=\"\" data-start=\"3020\" data-end=\"3068\"><strong data-start=\"3020\" data-end=\"3066\">R\u00e9cup\u00e9ration de donn\u00e9es et de logiciels<\/strong><\/p><\/li><li class=\"\" data-start=\"3069\" data-end=\"3111\"><p class=\"\" data-start=\"3071\" data-end=\"3111\"><strong data-start=\"3071\" data-end=\"3111\">Diagnostic de d\u00e9g\u00e2ts des eaux et r\u00e9paration<\/strong><\/p><\/li><\/ul><hr class=\"\" data-start=\"3113\" data-end=\"3116\"><h2 class=\"\" data-start=\"3118\" data-end=\"3190\">Faites r\u00e9parer maintenant votre Surface Pro 3 - professionnellement et dans toute la Suisse<\/h2><p class=\"\" data-start=\"3192\" data-end=\"3379\">Faites confiance \u00e0 notre <strong data-start=\"3218\" data-end=\"3277\"> service de r\u00e9parationexp\u00e9riment\u00e9 pour les appareils Microsoft Surface<\/strong>. Que ce soit par courrier ou sur place, nous remettons votre appareil en parfait \u00e9tat de fonctionnement, rapidement et de mani\u00e8re fiable. <\/p><p class=\"\" data-start=\"3381\" data-end=\"3472\"><strong data-start=\"3381\" data-end=\"3411\">Contactez-nous maintenant<\/strong> ou envoyez-nous votre appareil - nous nous occupons du reste.<\/p>\n\t\t\t\t\t<\/div>\n\t\t\t\t\t\t<\/div>\n\t\t\t\t<\/div>\n\t\t\t\t\t<\/div>\n\t\t\t\t<\/div>\n\t\t\t\t<\/div>\n\t\t\n    <div class=\"xs_social_share_widget xs_share_url after_content \t\tmain_content  wslu-style-1 wslu-share-box-shaped wslu-fill-colored wslu-none wslu-share-horizontal wslu-theme-font-no wslu-main_content\">\n\n\t\t\n        <ul>\n\t\t\t        <\/ul>\n    <\/div> \n","protected":false},"excerpt":{"rendered":"<p>Microsoft Surface Pro 3 R\u00e9paration Microsoft Surface Pro 3 R\u00e9paration Mod\u00e8le 1631 Microsoft Surface Pro 3 Liste de prix de<\/p>\n","protected":false},"author":1,"featured_media":0,"parent":27545,"menu_order":0,"comment_status":"closed","ping_status":"closed","template":"","meta":{"postBodyCss":"","postBodyMargin":[],"postBodyPadding":[],"postBodyBackground":{"backgroundType":"classic","gradient":""},"footnotes":""},"class_list":["post-27584","page","type-page","status-publish","hentry"],"yoast_head":"<!-- This site is optimized with the Yoast SEO Premium plugin v26.8 (Yoast SEO v27.3) - https:\/\/yoast.com\/product\/yoast-seo-premium-wordpress\/ -->\n<title>R\u00e9paration Microsoft Surface Pro 3 en Suisse<\/title>\n<meta name=\"description\" content=\"R\u00e9paration Microsoft Surface Pro 3 en Suisse. \u00c9cran, batterie, clavier ou connecteurs d\u00e9fectueux ? Service rapide, fiable et garanti avec pi\u00e8ces d\u2019origine.\" \/>\n<meta name=\"robots\" content=\"index, follow, max-snippet:-1, max-image-preview:large, max-video-preview:-1\" \/>\n<link rel=\"canonical\" href=\"https:\/\/repairandshop.ch\/fr\/microsoft-surface\/surface-pro-3\/\" \/>\n<meta property=\"og:locale\" content=\"fr_FR\" \/>\n<meta property=\"og:type\" content=\"article\" \/>\n<meta property=\"og:title\" content=\"Surface Pro 3\" \/>\n<meta property=\"og:description\" content=\"R\u00e9paration Microsoft Surface Pro 3 en Suisse. \u00c9cran, batterie, clavier ou connecteurs d\u00e9fectueux ? Service rapide, fiable et garanti avec pi\u00e8ces d\u2019origine.\" \/>\n<meta property=\"og:url\" content=\"https:\/\/repairandshop.ch\/fr\/microsoft-surface\/surface-pro-3\/\" \/>\n<meta property=\"og:site_name\" content=\"repairandshop\" \/>\n<meta property=\"article:modified_time\" content=\"2025-06-01T20:42:49+00:00\" \/>\n<meta property=\"og:image\" content=\"https:\/\/repairandshop.ch\/wp-content\/uploads\/2025\/03\/Surface-Pro-Repair-Frebiurg-Germany-1.png\" \/>\n\t<meta property=\"og:image:width\" content=\"300\" \/>\n\t<meta property=\"og:image:height\" content=\"196\" \/>\n\t<meta property=\"og:image:type\" content=\"image\/png\" \/>\n<meta name=\"twitter:card\" content=\"summary_large_image\" \/>\n<meta name=\"twitter:label1\" content=\"Dur\u00e9e de lecture estim\u00e9e\" \/>\n\t<meta name=\"twitter:data1\" content=\"3 minutes\" \/>\n<!-- \/ Yoast SEO Premium plugin. -->","yoast_head_json":{"title":"R\u00e9paration Microsoft Surface Pro 3 en Suisse","description":"R\u00e9paration Microsoft Surface Pro 3 en Suisse. \u00c9cran, batterie, clavier ou connecteurs d\u00e9fectueux ? Service rapide, fiable et garanti avec pi\u00e8ces d\u2019origine.","robots":{"index":"index","follow":"follow","max-snippet":"max-snippet:-1","max-image-preview":"max-image-preview:large","max-video-preview":"max-video-preview:-1"},"canonical":"https:\/\/repairandshop.ch\/fr\/microsoft-surface\/surface-pro-3\/","og_locale":"fr_FR","og_type":"article","og_title":"Surface Pro 3","og_description":"R\u00e9paration Microsoft Surface Pro 3 en Suisse. \u00c9cran, batterie, clavier ou connecteurs d\u00e9fectueux ? Service rapide, fiable et garanti avec pi\u00e8ces d\u2019origine.","og_url":"https:\/\/repairandshop.ch\/fr\/microsoft-surface\/surface-pro-3\/","og_site_name":"repairandshop","article_modified_time":"2025-06-01T20:42:49+00:00","og_image":[{"width":300,"height":196,"url":"https:\/\/repairandshop.ch\/wp-content\/uploads\/2025\/03\/Surface-Pro-Repair-Frebiurg-Germany-1.png","type":"image\/png"}],"twitter_card":"summary_large_image","twitter_misc":{"Dur\u00e9e de lecture estim\u00e9e":"3 minutes"},"schema":{"@context":"https:\/\/schema.org","@graph":[{"@type":"WebPage","@id":"https:\/\/repairandshop.ch\/fr\/microsoft-surface\/surface-pro-3\/","url":"https:\/\/repairandshop.ch\/fr\/microsoft-surface\/surface-pro-3\/","name":"R\u00e9paration Microsoft Surface Pro 3 en Suisse","isPartOf":{"@id":"https:\/\/repairandshop.ch\/fr\/#website"},"primaryImageOfPage":{"@id":"https:\/\/repairandshop.ch\/fr\/microsoft-surface\/surface-pro-3\/#primaryimage"},"image":{"@id":"https:\/\/repairandshop.ch\/fr\/microsoft-surface\/surface-pro-3\/#primaryimage"},"thumbnailUrl":"https:\/\/repairandshop.ch\/wp-content\/uploads\/2025\/03\/Surface-Pro-Repair-Frebiurg-Germany-1.png","datePublished":"2025-03-08T15:13:41+00:00","dateModified":"2025-06-01T20:42:49+00:00","description":"R\u00e9paration Microsoft Surface Pro 3 en Suisse. \u00c9cran, batterie, clavier ou connecteurs d\u00e9fectueux ? Service rapide, fiable et garanti avec pi\u00e8ces d\u2019origine.","breadcrumb":{"@id":"https:\/\/repairandshop.ch\/fr\/microsoft-surface\/surface-pro-3\/#breadcrumb"},"inLanguage":"fr-FR","potentialAction":[{"@type":"ReadAction","target":["https:\/\/repairandshop.ch\/fr\/microsoft-surface\/surface-pro-3\/"]}]},{"@type":"ImageObject","inLanguage":"fr-FR","@id":"https:\/\/repairandshop.ch\/fr\/microsoft-surface\/surface-pro-3\/#primaryimage","url":"https:\/\/repairandshop.ch\/wp-content\/uploads\/2025\/03\/Surface-Pro-Repair-Frebiurg-Germany-1.png","contentUrl":"https:\/\/repairandshop.ch\/wp-content\/uploads\/2025\/03\/Surface-Pro-Repair-Frebiurg-Germany-1.png"},{"@type":"BreadcrumbList","@id":"https:\/\/repairandshop.ch\/fr\/microsoft-surface\/surface-pro-3\/#breadcrumb","itemListElement":[{"@type":"ListItem","position":1,"name":"Home","item":"https:\/\/repairandshop.ch\/fr\/"},{"@type":"ListItem","position":2,"name":"Microsoft Surface","item":"https:\/\/repairandshop.ch\/fr\/microsoft-surface\/"},{"@type":"ListItem","position":3,"name":"Surface Pro 3"}]},{"@type":"WebSite","@id":"https:\/\/repairandshop.ch\/fr\/#website","url":"https:\/\/repairandshop.ch\/fr\/","name":"Repair And Shop","description":"","publisher":{"@id":"https:\/\/repairandshop.ch\/fr\/#organization"},"potentialAction":[{"@type":"SearchAction","target":{"@type":"EntryPoint","urlTemplate":"https:\/\/repairandshop.ch\/fr\/?s={search_term_string}"},"query-input":{"@type":"PropertyValueSpecification","valueRequired":true,"valueName":"search_term_string"}}],"inLanguage":"fr-FR"},{"@type":"Organization","@id":"https:\/\/repairandshop.ch\/fr\/#organization","name":"Repair And Shop","url":"https:\/\/repairandshop.ch\/fr\/","logo":{"@type":"ImageObject","inLanguage":"fr-FR","@id":"https:\/\/repairandshop.ch\/fr\/#\/schema\/logo\/image\/","url":"https:\/\/repairandshop.ch\/wp-content\/uploads\/2025\/02\/RepairandShop-Logo.png","contentUrl":"https:\/\/repairandshop.ch\/wp-content\/uploads\/2025\/02\/RepairandShop-Logo.png","width":834,"height":193,"caption":"Repair And Shop"},"image":{"@id":"https:\/\/repairandshop.ch\/fr\/#\/schema\/logo\/image\/"}}]}},"_links":{"self":[{"href":"https:\/\/repairandshop.ch\/fr\/wp-json\/wp\/v2\/pages\/27584","targetHints":{"allow":["GET"]}}],"collection":[{"href":"https:\/\/repairandshop.ch\/fr\/wp-json\/wp\/v2\/pages"}],"about":[{"href":"https:\/\/repairandshop.ch\/fr\/wp-json\/wp\/v2\/types\/page"}],"author":[{"embeddable":true,"href":"https:\/\/repairandshop.ch\/fr\/wp-json\/wp\/v2\/users\/1"}],"replies":[{"embeddable":true,"href":"https:\/\/repairandshop.ch\/fr\/wp-json\/wp\/v2\/comments?post=27584"}],"version-history":[{"count":0,"href":"https:\/\/repairandshop.ch\/fr\/wp-json\/wp\/v2\/pages\/27584\/revisions"}],"up":[{"embeddable":true,"href":"https:\/\/repairandshop.ch\/fr\/wp-json\/wp\/v2\/pages\/27545"}],"wp:attachment":[{"href":"https:\/\/repairandshop.ch\/fr\/wp-json\/wp\/v2\/media?parent=27584"}],"curies":[{"name":"wp","href":"https:\/\/api.w.org\/{rel}","templated":true}]}}