{"id":27669,"date":"2025-03-08T15:10:01","date_gmt":"2025-03-08T15:10:01","guid":{"rendered":"https:\/\/repairandshop.ch\/microsoft-surface\/surface-pro-x\/"},"modified":"2025-06-01T21:05:57","modified_gmt":"2025-06-01T21:05:57","slug":"surface-pro-x","status":"publish","type":"page","link":"https:\/\/repairandshop.ch\/fr\/microsoft-surface\/surface-pro-x\/","title":{"rendered":"Surface Pro X"},"content":{"rendered":"\t\t<div data-elementor-type=\"wp-page\" data-elementor-id=\"27669\" class=\"elementor elementor-27669 elementor-16940\" data-elementor-post-type=\"page\">\n\t\t\t\t<div class=\"wd-negative-gap elementor-element elementor-element-28aff64 e-flex e-con-boxed e-con e-parent\" data-id=\"28aff64\" data-element_type=\"container\" data-e-type=\"container\" data-settings=\"{&quot;_ha_eqh_enable&quot;:false}\">\n\t\t\t\t\t<div class=\"e-con-inner\">\n\t\t\t\t<div class=\"elementor-element elementor-element-9ac07f8 elementor-widget elementor-widget-heading\" data-id=\"9ac07f8\" data-element_type=\"widget\" data-e-type=\"widget\" data-widget_type=\"heading.default\">\n\t\t\t\t<div class=\"elementor-widget-container\">\n\t\t\t\t\t<h3 class=\"elementor-heading-title elementor-size-default\">Microsoft Surface Pro X<\/h3>\t\t\t\t<\/div>\n\t\t\t\t<\/div>\n\t\t\t\t\t<\/div>\n\t\t\t\t<\/div>\n\t\t<div class=\"wd-negative-gap elementor-element elementor-element-c4693bd e-flex e-con-boxed e-con e-parent\" data-id=\"c4693bd\" data-element_type=\"container\" data-e-type=\"container\" data-settings=\"{&quot;background_background&quot;:&quot;classic&quot;,&quot;_ha_eqh_enable&quot;:false}\">\n\t\t\t\t\t<div class=\"e-con-inner\">\n\t\t<div class=\"elementor-element elementor-element-5a5c95a e-con-full e-flex e-con e-child\" data-id=\"5a5c95a\" data-element_type=\"container\" data-e-type=\"container\" data-settings=\"{&quot;_ha_eqh_enable&quot;:false}\">\n\t\t\t\t<div class=\"elementor-element elementor-element-ca082a0 elementor-widget elementor-widget-heading\" data-id=\"ca082a0\" data-element_type=\"widget\" data-e-type=\"widget\" data-widget_type=\"heading.default\">\n\t\t\t\t<div class=\"elementor-widget-container\">\n\t\t\t\t\t<h2 class=\"elementor-heading-title elementor-size-default\">Microsoft Surface Pro X<\/h2>\t\t\t\t<\/div>\n\t\t\t\t<\/div>\n\t\t\t\t<div class=\"elementor-element elementor-element-b7d08b0 elementor-widget elementor-widget-image\" data-id=\"b7d08b0\" data-element_type=\"widget\" data-e-type=\"widget\" data-widget_type=\"image.default\">\n\t\t\t\t<div class=\"elementor-widget-container\">\n\t\t\t\t\t\t\t\t\t\t\t\t\t\t\t<img loading=\"lazy\" decoding=\"async\" width=\"300\" height=\"300\" src=\"https:\/\/repairandshop.ch\/wp-content\/uploads\/2025\/03\/Surface-Pro-repair-2.png\" class=\"attachment-large size-large wp-image-26364\" alt=\"\" srcset=\"https:\/\/repairandshop.ch\/wp-content\/uploads\/2025\/03\/Surface-Pro-repair-2.png 300w, https:\/\/repairandshop.ch\/wp-content\/uploads\/2025\/03\/Surface-Pro-repair-2-150x150.png 150w\" sizes=\"auto, (max-width: 300px) 100vw, 300px\" \/>\t\t\t\t\t\t\t\t\t\t\t\t\t\t\t<\/div>\n\t\t\t\t<\/div>\n\t\t\t\t<\/div>\n\t\t<div class=\"elementor-element elementor-element-025d350 e-con-full e-flex e-con e-child\" data-id=\"025d350\" data-element_type=\"container\" data-e-type=\"container\" data-settings=\"{&quot;_ha_eqh_enable&quot;:false}\">\n\t\t<div class=\"elementor-element elementor-element-a79f8ec e-con-full e-flex e-con e-child\" data-id=\"a79f8ec\" data-element_type=\"container\" data-e-type=\"container\" data-settings=\"{&quot;_ha_eqh_enable&quot;:false}\">\n\t\t\t\t<div class=\"elementor-element elementor-element-86d63d3 elementor-widget elementor-widget-wd_text_block\" data-id=\"86d63d3\" data-element_type=\"widget\" data-e-type=\"widget\" data-widget_type=\"wd_text_block.default\">\n\t\t\t\t<div class=\"elementor-widget-container\">\n\t\t\t\t\t\t\t<div class=\"wd-text-block reset-last-child text-left\">\n\t\t\t\n\t\t\t<h3>Microsoft Surface Pro X Tarifs de r\u00e9paration<\/h3><table class=\" alignleft\" width=\"663\"><tbody><tr><td>Surface Pro X Display en vente \u00e0 l'\u00e9tranger<\/td><td>499 CHF<\/td><\/tr><tr><td>Surface Pro X Remplacement de la batterie<\/td><td>299 CHF<\/td><\/tr><tr><td>Surface Pro X Affichage et Akku<\/td><td>699 CHF<\/td><\/tr><tr><td>Surface Pro X Haut-parleur<\/td><td>129 CHF<\/td><\/tr><tr><td>Surface Pro X Microphone<\/td><td>139 CHF<\/td><\/tr><tr><td>Surface Pro X Cam\u00e9ra (arri\u00e8re)<\/td><td>299 CHF<\/td><\/tr><tr><td>Surface Pro X Cam\u00e9ra (avant)<\/td><td>279 CHF<\/td><\/tr><tr><td>Surface Pro X Verre de la cam\u00e9ra (arri\u00e8re)<\/td><td>99 CHF<\/td><\/tr><\/tbody><\/table>\n\t\t\t\t\t<\/div>\n\t\t\t\t\t\t<\/div>\n\t\t\t\t<\/div>\n\t\t\t\t<\/div>\n\t\t\t\t<\/div>\n\t\t\t\t\t<\/div>\n\t\t\t\t<\/div>\n\t\t<div class=\"wd-negative-gap elementor-element elementor-element-e196aa3 e-flex e-con-boxed e-con e-parent\" data-id=\"e196aa3\" data-element_type=\"container\" data-e-type=\"container\" data-settings=\"{&quot;_ha_eqh_enable&quot;:false}\">\n\t\t\t\t\t<div class=\"e-con-inner\">\n\t\t<div class=\"elementor-element elementor-element-2428ff9 e-con-full e-flex e-con e-child\" data-id=\"2428ff9\" data-element_type=\"container\" data-e-type=\"container\" data-settings=\"{&quot;_ha_eqh_enable&quot;:false}\">\n\t\t\t\t<div class=\"elementor-element elementor-element-b52364e elementor-align-justify elementor-widget elementor-widget-button\" data-id=\"b52364e\" data-element_type=\"widget\" data-e-type=\"widget\" data-widget_type=\"button.default\">\n\t\t\t\t<div class=\"elementor-widget-container\">\n\t\t\t\t\t\t\t\t\t<div class=\"elementor-button-wrapper\">\n\t\t\t\t\t<a class=\"elementor-button elementor-button-link elementor-size-sm\" href=\"https:\/\/repairandshop.ch\/fr\/contact\/\">\n\t\t\t\t\t\t<span class=\"elementor-button-content-wrapper\">\n\t\t\t\t\t\t\t\t\t<span class=\"elementor-button-text\">Contact<\/span>\n\t\t\t\t\t<\/span>\n\t\t\t\t\t<\/a>\n\t\t\t\t<\/div>\n\t\t\t\t\t\t\t\t<\/div>\n\t\t\t\t<\/div>\n\t\t\t\t<\/div>\n\t\t<div class=\"elementor-element elementor-element-42aaa7a e-con-full e-flex e-con e-child\" data-id=\"42aaa7a\" data-element_type=\"container\" data-e-type=\"container\" data-settings=\"{&quot;_ha_eqh_enable&quot;:false}\">\n\t\t\t\t<div class=\"elementor-element elementor-element-778faf0 elementor-align-justify elementor-widget elementor-widget-button\" data-id=\"778faf0\" data-element_type=\"widget\" data-e-type=\"widget\" data-widget_type=\"button.default\">\n\t\t\t\t<div class=\"elementor-widget-container\">\n\t\t\t\t\t\t\t\t\t<div class=\"elementor-button-wrapper\">\n\t\t\t\t\t<a class=\"elementor-button elementor-button-link elementor-size-sm\" href=\"#\">\n\t\t\t\t\t\t<span class=\"elementor-button-content-wrapper\">\n\t\t\t\t\t\t\t\t\t<span class=\"elementor-button-text\">Informations<\/span>\n\t\t\t\t\t<\/span>\n\t\t\t\t\t<\/a>\n\t\t\t\t<\/div>\n\t\t\t\t\t\t\t\t<\/div>\n\t\t\t\t<\/div>\n\t\t\t\t<\/div>\n\t\t\t\t\t<\/div>\n\t\t\t\t<\/div>\n\t\t<div class=\"wd-negative-gap elementor-element elementor-element-6502ab9 e-flex e-con-boxed e-con e-parent\" data-id=\"6502ab9\" data-element_type=\"container\" data-e-type=\"container\" data-settings=\"{&quot;_ha_eqh_enable&quot;:false}\">\n\t\t\t\t\t<div class=\"e-con-inner\">\n\t\t\t\t<div class=\"elementor-element elementor-element-1e86b69 elementor-widget elementor-widget-wd_text_block\" data-id=\"1e86b69\" data-element_type=\"widget\" data-e-type=\"widget\" data-widget_type=\"wd_text_block.default\">\n\t\t\t\t<div class=\"elementor-widget-container\">\n\t\t\t\t\t\t\t<div class=\"wd-text-block reset-last-child text-left\">\n\t\t\t\n\t\t\t<div class=\"fl-row fl-row-fixed-width fl-row-bg-none fl-node-5df65a09b6ba5 fl-row-default-height fl-row-align-center\" data-node=\"5df65a09b6ba5\"><div class=\"fl-row-content-wrap\"><div class=\"fl-row-content fl-row-fixed-width fl-node-content\"><div class=\"fl-col-group fl-node-5df65a09ba1d8\" data-node=\"5df65a09ba1d8\"><div class=\"fl-col fl-node-5df65a09ba264 fl-col-bg-color\" data-node=\"5df65a09ba264\"><div class=\"fl-col-content fl-node-content\"><div class=\"fl-module fl-module-rich-text fl-node-5df65a09b687e\" data-node=\"5df65a09b687e\"><div class=\"fl-module-content fl-node-content\"><div class=\"fl-rich-text\"><h3 class=\"\" data-start=\"287\" data-end=\"372\">R\u00e9paration de Microsoft Surface Pro X en Suisse - Rapide, professionnelle et locale<\/h3><p class=\"\" data-start=\"374\" data-end=\"631\">Ton <strong data-start=\"379\" data-end=\"406\">Microsoft Surface Pro X<\/strong> est endommag\u00e9? Qu'il s'agisse d'<strong data-start=\"426\" data-end=\"442\">une rupture d'\u00e9cran<\/strong>, <strong data-start=\"444\" data-end=\"461\">d'un probl\u00e8me de batterie<\/strong>, d'<strong data-start=\"463\" data-end=\"481\">une erreur de logiciel<\/strong> ou d' <strong data-start=\"487\" data-end=\"511\">un port de chargement d\u00e9fectueux<\/strong> - chez <strong data-start=\"518\" data-end=\"535\">Repairandshop<\/strong>, tu obtiens une <strong data-start=\"553\" data-end=\"601\"> r\u00e9parationrapide, s\u00fbre et professionnelle<\/strong> - dans toute la Suisse, \u00e9galement par courrier. <\/p><h4 class=\"\" data-start=\"633\" data-end=\"657\">Ce que nous r\u00e9parons :<\/h4><p class=\"\" data-start=\"659\" data-end=\"842\">- Surface Pro X, Surface Pro 7, 8, 9, 10<br data-start=\"699\" data-end=\"702\">- Surface Book 1 &amp; 2<br data-start=\"722\" data-end=\"725\">- Surface Laptop, Laptop 2 &amp; 3<br data-start=\"755\" data-end=\"758\">- Surface Go &amp; Surface RT<br data-start=\"783\" data-end=\"786\">- Surface Studio 1 &amp; ; 2<br data-start=\"808\" data-end=\"811\">- Surface Pro Modelle (3 bis 6)<\/p><h4 class=\"\" data-start=\"844\" data-end=\"873\">D\u00e9roulement de ta r\u00e9paration :<\/h4><ol data-start=\"875\" data-end=\"1091\"><li class=\"\" data-start=\"875\" data-end=\"910\"><p class=\"\" data-start=\"878\" data-end=\"910\">R\u00e9server facilement uner\u00e9paration en ligne<\/p><\/li><li class=\"\" data-start=\"911\" data-end=\"986\"><p class=\"\" data-start=\"914\" data-end=\"986\">nous envoyer l'appareil avec la confirmation de commande par <strong data-start=\"948\" data-end=\"970\">colis assur\u00e9<\/strong><\/p><\/li><li class=\"\" data-start=\"987\" data-end=\"1041\"><p class=\"\" data-start=\"990\" data-end=\"1041\">Diagnostic &amp; r\u00e9paration dans les <strong data-start=\"1025\" data-end=\"1039\">24 heures<\/strong><\/p><\/li><li class=\"\" data-start=\"1042\" data-end=\"1091\"><p class=\"\" data-start=\"1045\" data-end=\"1091\">Retour gratuit et \u00e9galement assur\u00e9<\/p><\/li><\/ol><h4 class=\"\" data-start=\"1093\" data-end=\"1127\">Sites &amp; couverture locale:<\/h4><p class=\"\" data-start=\"1129\" data-end=\"1650\">Notre service est disponible dans toute la Suisse - par exemple \u00e0 <strong data-start=\"1192\" data-end=\"1213\">La Chaux-de-Fonds,<\/strong> <strong data-start=\"1215\" data-end=\"1228\">Neuch\u00e2tel,<\/strong> <strong data-start=\"1230\" data-end=\"1242\">Le Locle<\/strong>, <strong data-start=\"1244\" data-end=\"1256\">St-Imier<\/strong>,  <strong data-start=\"1258\" data-end=\"1266\">Berne,<\/strong> <strong data-start=\"1268\" data-end=\"1276\">Thoune,<\/strong> <strong data-start=\"1278\" data-end=\"1292\">Interlaken,<\/strong> <strong data-start=\"1294\" data-end=\"1307\">M\u00fcnsingen,<\/strong> <strong data-start=\"1309\" data-end=\"1324\">Biel\/Bienne,<\/strong> <strong data-start=\"1326\" data-end=\"1347\">Yverdon-les-Bains,<\/strong> <strong data-start=\"1349\" data-end=\"1359\">Zurich,<\/strong> <strong data-start=\"1361\" data-end=\"1375\">Winterthour<\/strong>, <strong data-start=\"1377\" data-end=\"1386\">B\u00e2le,<\/strong> <strong data-start=\"1388\" data-end=\"1397\">Olten<\/strong>, <strong data-start=\"1399\" data-end=\"1412\">Soleure<\/strong>, <strong data-start=\"1414\" data-end=\"1424\">Luzerne<\/strong>, <strong data-start=\"1426\" data-end=\"1434\">Gen\u00e8ve<\/strong>, <strong data-start=\"1436\" data-end=\"1448\">Lausanne<\/strong>, <strong data-start=\"1450\" data-end=\"1458\">Sion<\/strong>, <strong data-start=\"1460\" data-end=\"1472\">Fribourg<\/strong>, <strong data-start=\"1474\" data-end=\"1482\">Coire<\/strong>, <strong data-start=\"1484\" data-end=\"1491\">Zoug<\/strong>, <strong data-start=\"1493\" data-end=\"1509\">Schaffhouse<\/strong>, <strong data-start=\"1511\" data-end=\"1521\">Lugano<\/strong>, <strong data-start=\"1523\" data-end=\"1531\">Nyon<\/strong>, <strong data-start=\"1533\" data-end=\"1542\">Vevey<\/strong>, <strong data-start=\"1544\" data-end=\"1553\">Aarau<\/strong>, <strong data-start=\"1555\" data-end=\"1564\">Bulle<\/strong>, <strong data-start=\"1566\" data-end=\"1577\">Payerne<\/strong>, <strong data-start=\"1579\" data-end=\"1589\">Glarus<\/strong>, <strong data-start=\"1591\" data-end=\"1600\">Davos<\/strong>, <strong data-start=\"1602\" data-end=\"1611\">Uster<\/strong>, <strong data-start=\"1613\" data-end=\"1623\">Sierre<\/strong> et bien d'autres endroits encore .        <\/p><h4 class=\"\" data-start=\"1652\" data-end=\"1677\">Pourquoi Repairandshop ?<\/h4><p class=\"\" data-start=\"1679\" data-end=\"1851\">- <strong data-start=\"1681\" data-end=\"1715\">Pas besoin de prendre rendez-vous<\/strong><br data-start=\"1715\" data-end=\"1718\">- <strong data-start=\"1720\" data-end=\"1741\">R\u00e9paration express<\/strong> en 24h<br data-start=\"1748\" data-end=\"1751\">- <strong data-start=\"1753\" data-end=\"1800\">Pi\u00e8ces de rechangecontr\u00f4l\u00e9es avec 6 mois de garantie<\/strong><br data-start=\"1800\" data-end=\"1803\">- <strong data-start=\"1805\" data-end=\"1851\"> Prix transparents &amp; conseil personnalis\u00e9<\/strong><\/p><hr class=\"\" data-start=\"1853\" data-end=\"1856\"><p class=\"\" data-start=\"1858\" data-end=\"2026\"><strong data-start=\"1858\" data-end=\"1875\">Repairandshop<\/strong> - Ta premi\u00e8re adresse pour la <strong data-start=\"1906\" data-end=\"1955\">r\u00e9paration des appareils Microsoft Surface Pro X<\/strong> dans toute la Suisse - <strong data-start=\"1980\" data-end=\"2025\">rapide, fiable et accessible localement<\/strong>.<\/p><\/div><\/div><\/div><\/div><\/div><\/div><\/div><\/div><\/div>\n\t\t\t\t\t<\/div>\n\t\t\t\t\t\t<\/div>\n\t\t\t\t<\/div>\n\t\t\t\t\t<\/div>\n\t\t\t\t<\/div>\n\t\t\t\t<\/div>\n\t\t\n    <div class=\"xs_social_share_widget xs_share_url after_content \t\tmain_content  wslu-style-1 wslu-share-box-shaped wslu-fill-colored wslu-none wslu-share-horizontal wslu-theme-font-no wslu-main_content\">\n\n\t\t\n        <ul>\n\t\t\t        <\/ul>\n    <\/div> \n","protected":false},"excerpt":{"rendered":"<p>Microsoft Surface Pro X Microsoft Surface Pro X Microsoft Surface Pro X Tarifs de r\u00e9paration Surface Pro X Display en<\/p>\n","protected":false},"author":1,"featured_media":0,"parent":27545,"menu_order":0,"comment_status":"closed","ping_status":"closed","template":"","meta":{"postBodyCss":"","postBodyMargin":[],"postBodyPadding":[],"postBodyBackground":{"backgroundType":"classic","gradient":""},"footnotes":""},"class_list":["post-27669","page","type-page","status-publish","hentry"],"yoast_head":"<!-- This site is optimized with the Yoast SEO Premium plugin v26.8 (Yoast SEO v27.3) - https:\/\/yoast.com\/product\/yoast-seo-premium-wordpress\/ -->\n<title>R\u00e9paration Microsoft Surface Pro X en Suisse<\/title>\n<meta name=\"description\" content=\"R\u00e9paration Microsoft Surface Pro X en Suisse. Service rapide pour \u00e9cran, batterie, clavier et plus. Pi\u00e8ces d\u2019origine et garantie pour une r\u00e9paration fiable.\" \/>\n<meta name=\"robots\" content=\"index, follow, max-snippet:-1, max-image-preview:large, max-video-preview:-1\" \/>\n<link rel=\"canonical\" href=\"https:\/\/repairandshop.ch\/fr\/microsoft-surface\/surface-pro-x\/\" \/>\n<meta property=\"og:locale\" content=\"fr_FR\" \/>\n<meta property=\"og:type\" content=\"article\" \/>\n<meta property=\"og:title\" content=\"Surface Pro X\" \/>\n<meta property=\"og:description\" content=\"R\u00e9paration Microsoft Surface Pro X en Suisse. Service rapide pour \u00e9cran, batterie, clavier et plus. Pi\u00e8ces d\u2019origine et garantie pour une r\u00e9paration fiable.\" \/>\n<meta property=\"og:url\" content=\"https:\/\/repairandshop.ch\/fr\/microsoft-surface\/surface-pro-x\/\" \/>\n<meta property=\"og:site_name\" content=\"repairandshop\" \/>\n<meta property=\"article:modified_time\" content=\"2025-06-01T21:05:57+00:00\" \/>\n<meta property=\"og:image\" content=\"https:\/\/repairandshop.ch\/wp-content\/uploads\/2025\/03\/Surface-Pro-repair-2.png\" \/>\n\t<meta property=\"og:image:width\" content=\"300\" \/>\n\t<meta property=\"og:image:height\" content=\"300\" \/>\n\t<meta property=\"og:image:type\" content=\"image\/png\" \/>\n<meta name=\"twitter:card\" content=\"summary_large_image\" \/>\n<meta name=\"twitter:label1\" content=\"Dur\u00e9e de lecture estim\u00e9e\" \/>\n\t<meta name=\"twitter:data1\" content=\"2 minutes\" \/>\n<!-- \/ Yoast SEO Premium plugin. -->","yoast_head_json":{"title":"R\u00e9paration Microsoft Surface Pro X en Suisse","description":"R\u00e9paration Microsoft Surface Pro X en Suisse. Service rapide pour \u00e9cran, batterie, clavier et plus. Pi\u00e8ces d\u2019origine et garantie pour une r\u00e9paration fiable.","robots":{"index":"index","follow":"follow","max-snippet":"max-snippet:-1","max-image-preview":"max-image-preview:large","max-video-preview":"max-video-preview:-1"},"canonical":"https:\/\/repairandshop.ch\/fr\/microsoft-surface\/surface-pro-x\/","og_locale":"fr_FR","og_type":"article","og_title":"Surface Pro X","og_description":"R\u00e9paration Microsoft Surface Pro X en Suisse. Service rapide pour \u00e9cran, batterie, clavier et plus. Pi\u00e8ces d\u2019origine et garantie pour une r\u00e9paration fiable.","og_url":"https:\/\/repairandshop.ch\/fr\/microsoft-surface\/surface-pro-x\/","og_site_name":"repairandshop","article_modified_time":"2025-06-01T21:05:57+00:00","og_image":[{"width":300,"height":300,"url":"https:\/\/repairandshop.ch\/wp-content\/uploads\/2025\/03\/Surface-Pro-repair-2.png","type":"image\/png"}],"twitter_card":"summary_large_image","twitter_misc":{"Dur\u00e9e de lecture estim\u00e9e":"2 minutes"},"schema":{"@context":"https:\/\/schema.org","@graph":[{"@type":"WebPage","@id":"https:\/\/repairandshop.ch\/fr\/microsoft-surface\/surface-pro-x\/","url":"https:\/\/repairandshop.ch\/fr\/microsoft-surface\/surface-pro-x\/","name":"R\u00e9paration Microsoft Surface Pro X en Suisse","isPartOf":{"@id":"https:\/\/repairandshop.ch\/fr\/#website"},"primaryImageOfPage":{"@id":"https:\/\/repairandshop.ch\/fr\/microsoft-surface\/surface-pro-x\/#primaryimage"},"image":{"@id":"https:\/\/repairandshop.ch\/fr\/microsoft-surface\/surface-pro-x\/#primaryimage"},"thumbnailUrl":"https:\/\/repairandshop.ch\/wp-content\/uploads\/2025\/03\/Surface-Pro-repair-2.png","datePublished":"2025-03-08T15:10:01+00:00","dateModified":"2025-06-01T21:05:57+00:00","description":"R\u00e9paration Microsoft Surface Pro X en Suisse. Service rapide pour \u00e9cran, batterie, clavier et plus. Pi\u00e8ces d\u2019origine et garantie pour une r\u00e9paration fiable.","breadcrumb":{"@id":"https:\/\/repairandshop.ch\/fr\/microsoft-surface\/surface-pro-x\/#breadcrumb"},"inLanguage":"fr-FR","potentialAction":[{"@type":"ReadAction","target":["https:\/\/repairandshop.ch\/fr\/microsoft-surface\/surface-pro-x\/"]}]},{"@type":"ImageObject","inLanguage":"fr-FR","@id":"https:\/\/repairandshop.ch\/fr\/microsoft-surface\/surface-pro-x\/#primaryimage","url":"https:\/\/repairandshop.ch\/wp-content\/uploads\/2025\/03\/Surface-Pro-repair-2.png","contentUrl":"https:\/\/repairandshop.ch\/wp-content\/uploads\/2025\/03\/Surface-Pro-repair-2.png"},{"@type":"BreadcrumbList","@id":"https:\/\/repairandshop.ch\/fr\/microsoft-surface\/surface-pro-x\/#breadcrumb","itemListElement":[{"@type":"ListItem","position":1,"name":"Home","item":"https:\/\/repairandshop.ch\/fr\/"},{"@type":"ListItem","position":2,"name":"Microsoft Surface","item":"https:\/\/repairandshop.ch\/fr\/microsoft-surface\/"},{"@type":"ListItem","position":3,"name":"Surface Pro X"}]},{"@type":"WebSite","@id":"https:\/\/repairandshop.ch\/fr\/#website","url":"https:\/\/repairandshop.ch\/fr\/","name":"Repair And Shop","description":"","publisher":{"@id":"https:\/\/repairandshop.ch\/fr\/#organization"},"potentialAction":[{"@type":"SearchAction","target":{"@type":"EntryPoint","urlTemplate":"https:\/\/repairandshop.ch\/fr\/?s={search_term_string}"},"query-input":{"@type":"PropertyValueSpecification","valueRequired":true,"valueName":"search_term_string"}}],"inLanguage":"fr-FR"},{"@type":"Organization","@id":"https:\/\/repairandshop.ch\/fr\/#organization","name":"Repair And Shop","url":"https:\/\/repairandshop.ch\/fr\/","logo":{"@type":"ImageObject","inLanguage":"fr-FR","@id":"https:\/\/repairandshop.ch\/fr\/#\/schema\/logo\/image\/","url":"https:\/\/repairandshop.ch\/wp-content\/uploads\/2025\/02\/RepairandShop-Logo.png","contentUrl":"https:\/\/repairandshop.ch\/wp-content\/uploads\/2025\/02\/RepairandShop-Logo.png","width":834,"height":193,"caption":"Repair And Shop"},"image":{"@id":"https:\/\/repairandshop.ch\/fr\/#\/schema\/logo\/image\/"}}]}},"_links":{"self":[{"href":"https:\/\/repairandshop.ch\/fr\/wp-json\/wp\/v2\/pages\/27669","targetHints":{"allow":["GET"]}}],"collection":[{"href":"https:\/\/repairandshop.ch\/fr\/wp-json\/wp\/v2\/pages"}],"about":[{"href":"https:\/\/repairandshop.ch\/fr\/wp-json\/wp\/v2\/types\/page"}],"author":[{"embeddable":true,"href":"https:\/\/repairandshop.ch\/fr\/wp-json\/wp\/v2\/users\/1"}],"replies":[{"embeddable":true,"href":"https:\/\/repairandshop.ch\/fr\/wp-json\/wp\/v2\/comments?post=27669"}],"version-history":[{"count":0,"href":"https:\/\/repairandshop.ch\/fr\/wp-json\/wp\/v2\/pages\/27669\/revisions"}],"up":[{"embeddable":true,"href":"https:\/\/repairandshop.ch\/fr\/wp-json\/wp\/v2\/pages\/27545"}],"wp:attachment":[{"href":"https:\/\/repairandshop.ch\/fr\/wp-json\/wp\/v2\/media?parent=27669"}],"curies":[{"name":"wp","href":"https:\/\/api.w.org\/{rel}","templated":true}]}}