{"id":27671,"date":"2025-03-08T15:10:07","date_gmt":"2025-03-08T15:10:07","guid":{"rendered":"https:\/\/repairandshop.ch\/microsoft-surface\/surface-pro-9\/"},"modified":"2025-06-01T21:04:33","modified_gmt":"2025-06-01T21:04:33","slug":"surface-pro-9","status":"publish","type":"page","link":"https:\/\/repairandshop.ch\/fr\/microsoft-surface\/surface-pro-9\/","title":{"rendered":"Surface Pro 9"},"content":{"rendered":"\t\t<div data-elementor-type=\"wp-page\" data-elementor-id=\"27671\" class=\"elementor elementor-27671 elementor-16939\" data-elementor-post-type=\"page\">\n\t\t\t\t<div class=\"wd-negative-gap elementor-element elementor-element-28aff64 e-flex e-con-boxed e-con e-parent\" data-id=\"28aff64\" data-element_type=\"container\" data-e-type=\"container\" data-settings=\"{&quot;_ha_eqh_enable&quot;:false}\">\n\t\t\t\t\t<div class=\"e-con-inner\">\n\t\t\t\t<div class=\"elementor-element elementor-element-9ac07f8 elementor-widget elementor-widget-heading\" data-id=\"9ac07f8\" data-element_type=\"widget\" data-e-type=\"widget\" data-widget_type=\"heading.default\">\n\t\t\t\t<div class=\"elementor-widget-container\">\n\t\t\t\t\t<h2 class=\"elementor-heading-title elementor-size-default\">Microsoft Surface Pro 9<\/h2>\t\t\t\t<\/div>\n\t\t\t\t<\/div>\n\t\t\t\t\t<\/div>\n\t\t\t\t<\/div>\n\t\t<div class=\"wd-negative-gap elementor-element elementor-element-c4693bd e-flex e-con-boxed e-con e-parent\" data-id=\"c4693bd\" data-element_type=\"container\" data-e-type=\"container\" data-settings=\"{&quot;background_background&quot;:&quot;classic&quot;,&quot;_ha_eqh_enable&quot;:false}\">\n\t\t\t\t\t<div class=\"e-con-inner\">\n\t\t<div class=\"elementor-element elementor-element-5a5c95a e-con-full e-flex e-con e-child\" data-id=\"5a5c95a\" data-element_type=\"container\" data-e-type=\"container\" data-settings=\"{&quot;_ha_eqh_enable&quot;:false}\">\n\t\t\t\t<div class=\"elementor-element elementor-element-ca082a0 elementor-widget elementor-widget-heading\" data-id=\"ca082a0\" data-element_type=\"widget\" data-e-type=\"widget\" data-widget_type=\"heading.default\">\n\t\t\t\t<div class=\"elementor-widget-container\">\n\t\t\t\t\t<h2 class=\"elementor-heading-title elementor-size-default\">Microsoft Surface Pro 9<\/h2>\t\t\t\t<\/div>\n\t\t\t\t<\/div>\n\t\t\t\t<div class=\"elementor-element elementor-element-b7d08b0 elementor-widget elementor-widget-image\" data-id=\"b7d08b0\" data-element_type=\"widget\" data-e-type=\"widget\" data-widget_type=\"image.default\">\n\t\t\t\t<div class=\"elementor-widget-container\">\n\t\t\t\t\t\t\t\t\t\t\t\t\t\t\t<img loading=\"lazy\" decoding=\"async\" width=\"300\" height=\"300\" src=\"https:\/\/repairandshop.ch\/wp-content\/uploads\/2025\/03\/Surface-Pro-repair-2.png\" class=\"attachment-large size-large wp-image-26364\" alt=\"\" srcset=\"https:\/\/repairandshop.ch\/wp-content\/uploads\/2025\/03\/Surface-Pro-repair-2.png 300w, https:\/\/repairandshop.ch\/wp-content\/uploads\/2025\/03\/Surface-Pro-repair-2-150x150.png 150w\" sizes=\"auto, (max-width: 300px) 100vw, 300px\" \/>\t\t\t\t\t\t\t\t\t\t\t\t\t\t\t<\/div>\n\t\t\t\t<\/div>\n\t\t\t\t<\/div>\n\t\t<div class=\"elementor-element elementor-element-025d350 e-con-full e-flex e-con e-child\" data-id=\"025d350\" data-element_type=\"container\" data-e-type=\"container\" data-settings=\"{&quot;_ha_eqh_enable&quot;:false}\">\n\t\t<div class=\"elementor-element elementor-element-a79f8ec e-con-full e-flex e-con e-child\" data-id=\"a79f8ec\" data-element_type=\"container\" data-e-type=\"container\" data-settings=\"{&quot;_ha_eqh_enable&quot;:false}\">\n\t\t\t\t<div class=\"elementor-element elementor-element-86d63d3 elementor-widget elementor-widget-wd_text_block\" data-id=\"86d63d3\" data-element_type=\"widget\" data-e-type=\"widget\" data-widget_type=\"wd_text_block.default\">\n\t\t\t\t<div class=\"elementor-widget-container\">\n\t\t\t\t\t\t\t<div class=\"wd-text-block reset-last-child text-left\">\n\t\t\t\n\t\t\t<h3>Microsoft Surface Pro 9 Tarifs de r\u00e9paration<\/h3><table class=\" alignleft\" width=\"663\"><tbody><tr><td>Surface Pro 9 \u00c9cran Austausch<\/td><td>699 CHF<\/td><\/tr><tr><td> Remplacement de la batterie de la Surface Pro 9<\/td><td>299 CHF<\/td><\/tr><tr><td>Surface Pro 9 Affichage et Akku<\/td><td>899 CHF<\/td><\/tr><tr><td>Surface Pro 9 Nettoyage int\u00e9rieur complet \u00e0 partir de (par ex. pour r\u00e9parer les d\u00e9g\u00e2ts des eaux) \u00e0 partir de.<\/td><td>99 CHF<\/td><\/tr><tr><td>Surface Pro 9 logiciel<\/td><td>99 CHF<\/td><\/tr><tr><td>Surface Pro 9 Cam\u00e9ra (arri\u00e8re)<\/td><td>299 CHF<\/td><\/tr><tr><td>Surface Pro 9 Cam\u00e9ra (avant)<\/td><td>279 CHF<\/td><\/tr><\/tbody><\/table>\n\t\t\t\t\t<\/div>\n\t\t\t\t\t\t<\/div>\n\t\t\t\t<\/div>\n\t\t\t\t<\/div>\n\t\t\t\t<\/div>\n\t\t\t\t\t<\/div>\n\t\t\t\t<\/div>\n\t\t<div class=\"wd-negative-gap elementor-element elementor-element-e196aa3 e-flex e-con-boxed e-con e-parent\" data-id=\"e196aa3\" data-element_type=\"container\" data-e-type=\"container\" data-settings=\"{&quot;_ha_eqh_enable&quot;:false}\">\n\t\t\t\t\t<div class=\"e-con-inner\">\n\t\t<div class=\"elementor-element elementor-element-2428ff9 e-con-full e-flex e-con e-child\" data-id=\"2428ff9\" data-element_type=\"container\" data-e-type=\"container\" data-settings=\"{&quot;_ha_eqh_enable&quot;:false}\">\n\t\t\t\t<div class=\"elementor-element elementor-element-b52364e elementor-align-justify elementor-widget elementor-widget-button\" data-id=\"b52364e\" data-element_type=\"widget\" data-e-type=\"widget\" data-widget_type=\"button.default\">\n\t\t\t\t<div class=\"elementor-widget-container\">\n\t\t\t\t\t\t\t\t\t<div class=\"elementor-button-wrapper\">\n\t\t\t\t\t<a class=\"elementor-button elementor-button-link elementor-size-sm\" href=\"https:\/\/repairandshop.ch\/fr\/contact\/\">\n\t\t\t\t\t\t<span class=\"elementor-button-content-wrapper\">\n\t\t\t\t\t\t\t\t\t<span class=\"elementor-button-text\">Contact<\/span>\n\t\t\t\t\t<\/span>\n\t\t\t\t\t<\/a>\n\t\t\t\t<\/div>\n\t\t\t\t\t\t\t\t<\/div>\n\t\t\t\t<\/div>\n\t\t\t\t<\/div>\n\t\t<div class=\"elementor-element elementor-element-42aaa7a e-con-full e-flex e-con e-child\" data-id=\"42aaa7a\" data-element_type=\"container\" data-e-type=\"container\" data-settings=\"{&quot;_ha_eqh_enable&quot;:false}\">\n\t\t\t\t<div class=\"elementor-element elementor-element-778faf0 elementor-align-justify elementor-widget elementor-widget-button\" data-id=\"778faf0\" data-element_type=\"widget\" data-e-type=\"widget\" data-widget_type=\"button.default\">\n\t\t\t\t<div class=\"elementor-widget-container\">\n\t\t\t\t\t\t\t\t\t<div class=\"elementor-button-wrapper\">\n\t\t\t\t\t<a class=\"elementor-button elementor-button-link elementor-size-sm\" href=\"#\">\n\t\t\t\t\t\t<span class=\"elementor-button-content-wrapper\">\n\t\t\t\t\t\t\t\t\t<span class=\"elementor-button-text\">Informations<\/span>\n\t\t\t\t\t<\/span>\n\t\t\t\t\t<\/a>\n\t\t\t\t<\/div>\n\t\t\t\t\t\t\t\t<\/div>\n\t\t\t\t<\/div>\n\t\t\t\t<\/div>\n\t\t\t\t\t<\/div>\n\t\t\t\t<\/div>\n\t\t<div class=\"wd-negative-gap elementor-element elementor-element-554c9b4 e-flex e-con-boxed e-con e-parent\" data-id=\"554c9b4\" data-element_type=\"container\" data-e-type=\"container\" data-settings=\"{&quot;_ha_eqh_enable&quot;:false}\">\n\t\t\t\t\t<div class=\"e-con-inner\">\n\t\t\t\t<div class=\"elementor-element elementor-element-5485ab3 elementor-widget elementor-widget-wd_text_block\" data-id=\"5485ab3\" data-element_type=\"widget\" data-e-type=\"widget\" data-widget_type=\"wd_text_block.default\">\n\t\t\t\t<div class=\"elementor-widget-container\">\n\t\t\t\t\t\t\t<div class=\"wd-text-block reset-last-child text-left\">\n\t\t\t\n\t\t\t<div class=\"fl-row fl-row-fixed-width fl-row-bg-none fl-node-5df65a09b6ba5 fl-row-default-height fl-row-align-center\" data-node=\"5df65a09b6ba5\"><div class=\"fl-row-content-wrap\"><div class=\"fl-row-content fl-row-fixed-width fl-node-content\"><div class=\"fl-col-group fl-node-5df65a09ba1d8\" data-node=\"5df65a09ba1d8\"><div class=\"fl-col fl-node-5df65a09ba264 fl-col-bg-color\" data-node=\"5df65a09ba264\"><div class=\"fl-col-content fl-node-content\"><div class=\"fl-module fl-module-rich-text fl-node-5df65a09b687e\" data-node=\"5df65a09b687e\"><div class=\"fl-module-content fl-node-content\"><div class=\"fl-rich-text\"><h1 class=\"\" data-start=\"144\" data-end=\"243\">R\u00e9paration de Microsoft Surface Pro 9 dans toute la Suisse - Rapide, professionnelle et avec garantie<\/h1><h2 class=\"\" data-start=\"245\" data-end=\"307\">Service de r\u00e9paration dans toute la Suisse pour les appareils Microsoft Surface<\/h2><p class=\"\" data-start=\"309\" data-end=\"570\">Vous poss\u00e9dez un <strong data-start=\"335\" data-end=\"362\">Microsoft Surface Pro 9<\/strong> ou un autre <strong data-start=\"380\" data-end=\"398\">mod\u00e8le Surface<\/strong> d\u00e9fectueux ? Notre service de r\u00e9paration est sp\u00e9cialis\u00e9 dans la remise en \u00e9tat professionnelle de tous les <strong data-start=\"469\" data-end=\"497\">appareils Microsoft Surface<\/strong> - fiable, transparent et avec <strong data-start=\"547\" data-end=\"569\">6 mois de garantie<\/strong>. <\/p><h3 class=\"\" data-start=\"572\" data-end=\"623\">Nous r\u00e9parons ces mod\u00e8les de Microsoft Surface :<\/h3><ul data-start=\"625\" data-end=\"940\"><li class=\"\" data-start=\"625\" data-end=\"724\"><p class=\"\" data-start=\"627\" data-end=\"724\"><strong data-start=\"627\" data-end=\"642\">Surface Pro<\/strong>: Pro, Pro 2, Pro 3, Pro 4, Pro 5 (2017), Pro 6, Pro 7, Pro 8, <strong data-start=\"705\" data-end=\"714\">Pro 9<\/strong>, Pro 10<\/p><\/li><li class=\"\" data-start=\"725\" data-end=\"759\"><p class=\"\" data-start=\"727\" data-end=\"759\"><strong data-start=\"727\" data-end=\"743\">Surface Book<\/strong>: Book, Book 2<\/p><\/li><li class=\"\" data-start=\"760\" data-end=\"800\"><p class=\"\" data-start=\"762\" data-end=\"800\"><strong data-start=\"762\" data-end=\"780\">Surface Laptop<\/strong>: Laptop, Laptop 2<\/p><\/li><li class=\"\" data-start=\"801\" data-end=\"841\"><p class=\"\" data-start=\"803\" data-end=\"841\"><strong data-start=\"803\" data-end=\"821\">Surface Studio<\/strong>: Studio, Studio 2<\/p><\/li><li class=\"\" data-start=\"842\" data-end=\"898\"><p class=\"\" data-start=\"844\" data-end=\"898\"><strong data-start=\"844\" data-end=\"858\">Surface Go<\/strong>, <strong data-start=\"860\" data-end=\"874\">Surface RT<\/strong>, Surface 2, Surface 3<\/p><\/li><li class=\"\" data-start=\"899\" data-end=\"940\"><p class=\"\" data-start=\"901\" data-end=\"940\">Autres tablettes et accessoires Microsoft<\/p><\/li><\/ul><p class=\"\" data-start=\"942\" data-end=\"1089\">Qu'il s'agisse d'<strong data-start=\"945\" data-end=\"961\">un \u00e9cran cass\u00e9<\/strong>, <strong data-start=\"963\" data-end=\"978\">d'un changement de batterie<\/strong>, d'<strong data-start=\"980\" data-end=\"997\">un d\u00e9g\u00e2t des eaux<\/strong>, d'<strong data-start=\"999\" data-end=\"1017\">une erreur de logiciel<\/strong> ou d' <strong data-start=\"1023\" data-end=\"1042\">un d\u00e9faut mat\u00e9riel<\/strong>, nous proposons une aide rapide \u00e0 des prix raisonnables.<\/p><hr class=\"\" data-start=\"1091\" data-end=\"1094\"><h2 class=\"\" data-start=\"1096\" data-end=\"1175\">Service de r\u00e9paration pour Microsoft Surface pr\u00e8s de chez vous - disponible dans toute la Suisse<\/h2><p class=\"\" data-start=\"1177\" data-end=\"1471\">Notre service est disponible dans toute la Suisse - que vous habitiez \u00e0 <strong data-start=\"1239\" data-end=\"1260\">La Chaux-de-Fonds<\/strong>, <strong data-start=\"1262\" data-end=\"1275\">Neuch\u00e2tel<\/strong>, <strong data-start=\"1277\" data-end=\"1291\">Interlaken<\/strong>, <strong data-start=\"1293\" data-end=\"1303\">Zurich<\/strong>, <strong data-start=\"1305\" data-end=\"1313\">Gen\u00e8ve<\/strong>, <strong data-start=\"1315\" data-end=\"1323\">Berne<\/strong>, <strong data-start=\"1325\" data-end=\"1337\">Lausanne<\/strong>, <strong data-start=\"1339\" data-end=\"1348\">B\u00e2le<\/strong> ou dans des r\u00e9gions plus rurales. Vous pouvez simplement <strong data-start=\"1416\" data-end=\"1429\">envoyer<\/strong> votre appareil ou, si vous le souhaitez, le d\u00e9poser en personne. <\/p><p class=\"\" data-start=\"1473\" data-end=\"1536\">Nos clients viennent de toute la Suisse, entre autres de :<\/p><p class=\"\" data-start=\"1538\" data-end=\"1910\"><strong data-start=\"1538\" data-end=\"1881\">La Chaux-de-Fonds, Neuch\u00e2tel, Interlaken, Thun, M\u00fcnsingen, Urtenen-Sch\u00f6nb\u00fchl, Langnau im Emmental, Winterthur, Lucerne, Emmen, Berne, Zurich, Gen\u00e8ve, B\u00e2le, Lausanne, Fribourg, St. Gallen, Lugano, Bienne, Appenzell, Glaris, Grisons, Coire, Jura, Nidwald, Obwald, Schaffhouse, Schwyz, Einsiedeln, Soleure, Thurgovie, Uri, Vaud, Valais, Zoug<\/strong> - et bien d'autres endroits.<\/p><hr class=\"\" data-start=\"1912\" data-end=\"1915\"><h2 class=\"\" data-start=\"1917\" data-end=\"1974\">Proc\u00e9dure transparente et devis gratuit<\/h2><p class=\"\" data-start=\"1976\" data-end=\"2252\">D\u00e8s r\u00e9ception de votre <strong data-start=\"1995\" data-end=\"2023\">appareil Microsoft Surface<\/strong>, nous effectuons une <strong data-start=\"2051\" data-end=\"2070\">analyse approfondie des dommages<\/strong>. Vous recevez un <strong data-start=\"2097\" data-end=\"2130\">devis gratuit<\/strong> avec toutes les informations n\u00e9cessaires - sans aucun engagement. Ce n'est qu'apr\u00e8s votre accord que nous commen\u00e7ons les r\u00e9parations.  <\/p><hr class=\"\" data-start=\"2254\" data-end=\"2257\"><h2 class=\"\" data-start=\"2259\" data-end=\"2321\">C'est pourquoi les clients de toute la Suisse nous choisissent<\/h2><ul data-start=\"2323\" data-end=\"2574\"><li class=\"\" data-start=\"2323\" data-end=\"2373\"><p class=\"\" data-start=\"2325\" data-end=\"2373\">R\u00e9parations professionnelles \u00e0 <strong data-start=\"2353\" data-end=\"2371\"> des prix\u00e9quitables<\/strong><\/p><\/li><li class=\"\" data-start=\"2374\" data-end=\"2418\"><p class=\"\" data-start=\"2376\" data-end=\"2418\"><strong data-start=\"2376\" data-end=\"2404\"> Analyse d'erreur et offregratuites<\/strong><\/p><\/li><li class=\"\" data-start=\"2419\" data-end=\"2470\"><p class=\"\" data-start=\"2421\" data-end=\"2470\"><strong data-start=\"2421\" data-end=\"2452\"> D\u00e9lais de traitement et de renvoirapides<\/strong><\/p><\/li><li class=\"\" data-start=\"2471\" data-end=\"2516\"><p class=\"\" data-start=\"2473\" data-end=\"2516\"><strong data-start=\"2473\" data-end=\"2494\">6 mois de garantie<\/strong> sur toutes les prestations<\/p><\/li><li class=\"\" data-start=\"2517\" data-end=\"2574\"><p class=\"\" data-start=\"2519\" data-end=\"2574\">Longue exp\u00e9rience avec les produits Microsoft Surface<\/p><\/li><\/ul><hr class=\"\" data-start=\"2576\" data-end=\"2579\"><h2 class=\"\" data-start=\"2581\" data-end=\"2626\">R\u00e9parations populaires pour Microsoft Surface<\/h2><ul data-start=\"2628\" data-end=\"2892\"><li class=\"\" data-start=\"2628\" data-end=\"2665\"><p class=\"\" data-start=\"2630\" data-end=\"2665\"><strong data-start=\"2630\" data-end=\"2663\">R\u00e9paration de l' \u00e9cran de la Surface Pro<\/strong><\/p><\/li><li class=\"\" data-start=\"2666\" data-end=\"2719\"><p class=\"\" data-start=\"2668\" data-end=\"2719\"><strong data-start=\"2668\" data-end=\"2717\">Remplacement de la batterie du Surface Book ou du Surface Go<\/strong><\/p><\/li><li class=\"\" data-start=\"2720\" data-end=\"2765\"><p class=\"\" data-start=\"2722\" data-end=\"2765\"><strong data-start=\"2722\" data-end=\"2763\">\u00c9cran tactile ou connecteur de chargement d\u00e9fectueux<\/strong><\/p><\/li><li class=\"\" data-start=\"2766\" data-end=\"2808\"><p class=\"\" data-start=\"2768\" data-end=\"2808\"><strong data-start=\"2768\" data-end=\"2806\">Probl\u00e8mes de logiciels ou r\u00e9cup\u00e9ration de donn\u00e9es<\/strong><\/p><\/li><li class=\"\" data-start=\"2809\" data-end=\"2840\"><p class=\"\" data-start=\"2811\" data-end=\"2840\"><strong data-start=\"2811\" data-end=\"2838\">R\u00e9paration de d\u00e9g\u00e2ts d'eau<\/strong><\/p><\/li><li class=\"\" data-start=\"2841\" data-end=\"2892\"><p class=\"\" data-start=\"2843\" data-end=\"2892\"><strong data-start=\"2843\" data-end=\"2892\">R\u00e9parations du Surface Studio et du Surface Laptop<\/strong><\/p><\/li><\/ul><hr class=\"\" data-start=\"2894\" data-end=\"2897\"><h2 class=\"\" data-start=\"2899\" data-end=\"2977\">Faites r\u00e9parer votre Microsoft Surface maintenant - de mani\u00e8re s\u00fbre, rapide et fiable<\/h2><p class=\"\" data-start=\"2979\" data-end=\"3202\">Faites confiance \u00e0 notre exp\u00e9rience et \u00e0 la qualit\u00e9 de nos services pour la r\u00e9paration de votre <strong data-start=\"3054\" data-end=\"3081\">Microsoft Surface Pro 9<\/strong> et de tous les autres mod\u00e8les. Que ce soit par courrier ou directement, nous veillons \u00e0 ce que votre appareil fonctionne \u00e0 nouveau rapidement. <\/p><p class=\"\" data-start=\"3204\" data-end=\"3286\"><strong data-start=\"3204\" data-end=\"3286\">Contactez-nous maintenant pour votre r\u00e9paration Surface - disponible dans toute la Suisse.<\/strong><\/p><\/div><\/div><\/div><\/div><\/div><\/div><\/div><\/div><\/div>\n\t\t\t\t\t<\/div>\n\t\t\t\t\t\t<\/div>\n\t\t\t\t<\/div>\n\t\t\t\t\t<\/div>\n\t\t\t\t<\/div>\n\t\t\t\t<\/div>\n\t\t\n    <div class=\"xs_social_share_widget xs_share_url after_content \t\tmain_content  wslu-style-1 wslu-share-box-shaped wslu-fill-colored wslu-none wslu-share-horizontal wslu-theme-font-no wslu-main_content\">\n\n\t\t\n        <ul>\n\t\t\t        <\/ul>\n    <\/div> \n","protected":false},"excerpt":{"rendered":"<p>Microsoft Surface Pro 9 Microsoft Surface Pro 9 Microsoft Surface Pro 9 Tarifs de r\u00e9paration Surface Pro 9 \u00c9cran Austausch<\/p>\n","protected":false},"author":1,"featured_media":0,"parent":27545,"menu_order":0,"comment_status":"closed","ping_status":"closed","template":"","meta":{"postBodyCss":"","postBodyMargin":[],"postBodyPadding":[],"postBodyBackground":{"backgroundType":"classic","gradient":""},"footnotes":""},"class_list":["post-27671","page","type-page","status-publish","hentry"],"yoast_head":"<!-- This site is optimized with the Yoast SEO Premium plugin v26.8 (Yoast SEO v27.3) - https:\/\/yoast.com\/product\/yoast-seo-premium-wordpress\/ -->\n<title>R\u00e9paration Microsoft Surface Pro 9 en Suisse<\/title>\n<meta name=\"description\" content=\"R\u00e9paration Microsoft Surface Pro 9 en Suisse. Service rapide pour \u00e9cran, batterie, clavier et plus. Pi\u00e8ces d\u2019origine et garantie pour une r\u00e9paration fiable.\" \/>\n<meta name=\"robots\" content=\"index, follow, max-snippet:-1, max-image-preview:large, max-video-preview:-1\" \/>\n<link rel=\"canonical\" href=\"https:\/\/repairandshop.ch\/fr\/microsoft-surface\/surface-pro-9\/\" \/>\n<meta property=\"og:locale\" content=\"fr_FR\" \/>\n<meta property=\"og:type\" content=\"article\" \/>\n<meta property=\"og:title\" content=\"Surface Pro 9\" \/>\n<meta property=\"og:description\" content=\"R\u00e9paration Microsoft Surface Pro 9 en Suisse. Service rapide pour \u00e9cran, batterie, clavier et plus. Pi\u00e8ces d\u2019origine et garantie pour une r\u00e9paration fiable.\" \/>\n<meta property=\"og:url\" content=\"https:\/\/repairandshop.ch\/fr\/microsoft-surface\/surface-pro-9\/\" \/>\n<meta property=\"og:site_name\" content=\"repairandshop\" \/>\n<meta property=\"article:modified_time\" content=\"2025-06-01T21:04:33+00:00\" \/>\n<meta property=\"og:image\" content=\"https:\/\/repairandshop.ch\/wp-content\/uploads\/2025\/03\/Surface-Pro-repair-2.png\" \/>\n\t<meta property=\"og:image:width\" content=\"300\" \/>\n\t<meta property=\"og:image:height\" content=\"300\" \/>\n\t<meta property=\"og:image:type\" content=\"image\/png\" \/>\n<meta name=\"twitter:card\" content=\"summary_large_image\" \/>\n<meta name=\"twitter:label1\" content=\"Dur\u00e9e de lecture estim\u00e9e\" \/>\n\t<meta name=\"twitter:data1\" content=\"3 minutes\" \/>\n<!-- \/ Yoast SEO Premium plugin. -->","yoast_head_json":{"title":"R\u00e9paration Microsoft Surface Pro 9 en Suisse","description":"R\u00e9paration Microsoft Surface Pro 9 en Suisse. Service rapide pour \u00e9cran, batterie, clavier et plus. Pi\u00e8ces d\u2019origine et garantie pour une r\u00e9paration fiable.","robots":{"index":"index","follow":"follow","max-snippet":"max-snippet:-1","max-image-preview":"max-image-preview:large","max-video-preview":"max-video-preview:-1"},"canonical":"https:\/\/repairandshop.ch\/fr\/microsoft-surface\/surface-pro-9\/","og_locale":"fr_FR","og_type":"article","og_title":"Surface Pro 9","og_description":"R\u00e9paration Microsoft Surface Pro 9 en Suisse. Service rapide pour \u00e9cran, batterie, clavier et plus. Pi\u00e8ces d\u2019origine et garantie pour une r\u00e9paration fiable.","og_url":"https:\/\/repairandshop.ch\/fr\/microsoft-surface\/surface-pro-9\/","og_site_name":"repairandshop","article_modified_time":"2025-06-01T21:04:33+00:00","og_image":[{"width":300,"height":300,"url":"https:\/\/repairandshop.ch\/wp-content\/uploads\/2025\/03\/Surface-Pro-repair-2.png","type":"image\/png"}],"twitter_card":"summary_large_image","twitter_misc":{"Dur\u00e9e de lecture estim\u00e9e":"3 minutes"},"schema":{"@context":"https:\/\/schema.org","@graph":[{"@type":"WebPage","@id":"https:\/\/repairandshop.ch\/fr\/microsoft-surface\/surface-pro-9\/","url":"https:\/\/repairandshop.ch\/fr\/microsoft-surface\/surface-pro-9\/","name":"R\u00e9paration Microsoft Surface Pro 9 en Suisse","isPartOf":{"@id":"https:\/\/repairandshop.ch\/fr\/#website"},"primaryImageOfPage":{"@id":"https:\/\/repairandshop.ch\/fr\/microsoft-surface\/surface-pro-9\/#primaryimage"},"image":{"@id":"https:\/\/repairandshop.ch\/fr\/microsoft-surface\/surface-pro-9\/#primaryimage"},"thumbnailUrl":"https:\/\/repairandshop.ch\/wp-content\/uploads\/2025\/03\/Surface-Pro-repair-2.png","datePublished":"2025-03-08T15:10:07+00:00","dateModified":"2025-06-01T21:04:33+00:00","description":"R\u00e9paration Microsoft Surface Pro 9 en Suisse. Service rapide pour \u00e9cran, batterie, clavier et plus. Pi\u00e8ces d\u2019origine et garantie pour une r\u00e9paration fiable.","breadcrumb":{"@id":"https:\/\/repairandshop.ch\/fr\/microsoft-surface\/surface-pro-9\/#breadcrumb"},"inLanguage":"fr-FR","potentialAction":[{"@type":"ReadAction","target":["https:\/\/repairandshop.ch\/fr\/microsoft-surface\/surface-pro-9\/"]}]},{"@type":"ImageObject","inLanguage":"fr-FR","@id":"https:\/\/repairandshop.ch\/fr\/microsoft-surface\/surface-pro-9\/#primaryimage","url":"https:\/\/repairandshop.ch\/wp-content\/uploads\/2025\/03\/Surface-Pro-repair-2.png","contentUrl":"https:\/\/repairandshop.ch\/wp-content\/uploads\/2025\/03\/Surface-Pro-repair-2.png"},{"@type":"BreadcrumbList","@id":"https:\/\/repairandshop.ch\/fr\/microsoft-surface\/surface-pro-9\/#breadcrumb","itemListElement":[{"@type":"ListItem","position":1,"name":"Home","item":"https:\/\/repairandshop.ch\/fr\/"},{"@type":"ListItem","position":2,"name":"Microsoft Surface","item":"https:\/\/repairandshop.ch\/fr\/microsoft-surface\/"},{"@type":"ListItem","position":3,"name":"Surface Pro 9"}]},{"@type":"WebSite","@id":"https:\/\/repairandshop.ch\/fr\/#website","url":"https:\/\/repairandshop.ch\/fr\/","name":"Repair And Shop","description":"","publisher":{"@id":"https:\/\/repairandshop.ch\/fr\/#organization"},"potentialAction":[{"@type":"SearchAction","target":{"@type":"EntryPoint","urlTemplate":"https:\/\/repairandshop.ch\/fr\/?s={search_term_string}"},"query-input":{"@type":"PropertyValueSpecification","valueRequired":true,"valueName":"search_term_string"}}],"inLanguage":"fr-FR"},{"@type":"Organization","@id":"https:\/\/repairandshop.ch\/fr\/#organization","name":"Repair And Shop","url":"https:\/\/repairandshop.ch\/fr\/","logo":{"@type":"ImageObject","inLanguage":"fr-FR","@id":"https:\/\/repairandshop.ch\/fr\/#\/schema\/logo\/image\/","url":"https:\/\/repairandshop.ch\/wp-content\/uploads\/2025\/02\/RepairandShop-Logo.png","contentUrl":"https:\/\/repairandshop.ch\/wp-content\/uploads\/2025\/02\/RepairandShop-Logo.png","width":834,"height":193,"caption":"Repair And Shop"},"image":{"@id":"https:\/\/repairandshop.ch\/fr\/#\/schema\/logo\/image\/"}}]}},"_links":{"self":[{"href":"https:\/\/repairandshop.ch\/fr\/wp-json\/wp\/v2\/pages\/27671","targetHints":{"allow":["GET"]}}],"collection":[{"href":"https:\/\/repairandshop.ch\/fr\/wp-json\/wp\/v2\/pages"}],"about":[{"href":"https:\/\/repairandshop.ch\/fr\/wp-json\/wp\/v2\/types\/page"}],"author":[{"embeddable":true,"href":"https:\/\/repairandshop.ch\/fr\/wp-json\/wp\/v2\/users\/1"}],"replies":[{"embeddable":true,"href":"https:\/\/repairandshop.ch\/fr\/wp-json\/wp\/v2\/comments?post=27671"}],"version-history":[{"count":0,"href":"https:\/\/repairandshop.ch\/fr\/wp-json\/wp\/v2\/pages\/27671\/revisions"}],"up":[{"embeddable":true,"href":"https:\/\/repairandshop.ch\/fr\/wp-json\/wp\/v2\/pages\/27545"}],"wp:attachment":[{"href":"https:\/\/repairandshop.ch\/fr\/wp-json\/wp\/v2\/media?parent=27671"}],"curies":[{"name":"wp","href":"https:\/\/api.w.org\/{rel}","templated":true}]}}