{"id":27673,"date":"2025-03-08T15:10:12","date_gmt":"2025-03-08T15:10:12","guid":{"rendered":"https:\/\/repairandshop.ch\/microsoft-surface\/surface-pro-8\/"},"modified":"2025-06-01T21:04:34","modified_gmt":"2025-06-01T21:04:34","slug":"surface-pro-8","status":"publish","type":"page","link":"https:\/\/repairandshop.ch\/fr\/microsoft-surface\/surface-pro-8\/","title":{"rendered":"Surface Pro 8"},"content":{"rendered":"\t\t<div data-elementor-type=\"wp-page\" data-elementor-id=\"27673\" class=\"elementor elementor-27673 elementor-16938\" data-elementor-post-type=\"page\">\n\t\t\t\t<div class=\"wd-negative-gap elementor-element elementor-element-28aff64 e-flex e-con-boxed e-con e-parent\" data-id=\"28aff64\" data-element_type=\"container\" data-e-type=\"container\" data-settings=\"{&quot;_ha_eqh_enable&quot;:false}\">\n\t\t\t\t\t<div class=\"e-con-inner\">\n\t\t\t\t<div class=\"elementor-element elementor-element-9ac07f8 elementor-widget elementor-widget-heading\" data-id=\"9ac07f8\" data-element_type=\"widget\" data-e-type=\"widget\" data-widget_type=\"heading.default\">\n\t\t\t\t<div class=\"elementor-widget-container\">\n\t\t\t\t\t<h2 class=\"elementor-heading-title elementor-size-default\">Microsoft Surface Pro 8<\/h2>\t\t\t\t<\/div>\n\t\t\t\t<\/div>\n\t\t\t\t\t<\/div>\n\t\t\t\t<\/div>\n\t\t<div class=\"wd-negative-gap elementor-element elementor-element-c4693bd e-flex e-con-boxed e-con e-parent\" data-id=\"c4693bd\" data-element_type=\"container\" data-e-type=\"container\" data-settings=\"{&quot;background_background&quot;:&quot;classic&quot;,&quot;_ha_eqh_enable&quot;:false}\">\n\t\t\t\t\t<div class=\"e-con-inner\">\n\t\t<div class=\"elementor-element elementor-element-5a5c95a e-con-full e-flex e-con e-child\" data-id=\"5a5c95a\" data-element_type=\"container\" data-e-type=\"container\" data-settings=\"{&quot;_ha_eqh_enable&quot;:false}\">\n\t\t\t\t<div class=\"elementor-element elementor-element-ca082a0 elementor-widget elementor-widget-heading\" data-id=\"ca082a0\" data-element_type=\"widget\" data-e-type=\"widget\" data-widget_type=\"heading.default\">\n\t\t\t\t<div class=\"elementor-widget-container\">\n\t\t\t\t\t<h2 class=\"elementor-heading-title elementor-size-default\">Microsoft Surface Pro 8<\/h2>\t\t\t\t<\/div>\n\t\t\t\t<\/div>\n\t\t\t\t<div class=\"elementor-element elementor-element-b7d08b0 elementor-widget elementor-widget-image\" data-id=\"b7d08b0\" data-element_type=\"widget\" data-e-type=\"widget\" data-widget_type=\"image.default\">\n\t\t\t\t<div class=\"elementor-widget-container\">\n\t\t\t\t\t\t\t\t\t\t\t\t\t\t\t<img loading=\"lazy\" decoding=\"async\" width=\"300\" height=\"300\" src=\"https:\/\/repairandshop.ch\/wp-content\/uploads\/2025\/03\/Surface-Pro-repair-2.png\" class=\"attachment-large size-large wp-image-26364\" alt=\"\" srcset=\"https:\/\/repairandshop.ch\/wp-content\/uploads\/2025\/03\/Surface-Pro-repair-2.png 300w, https:\/\/repairandshop.ch\/wp-content\/uploads\/2025\/03\/Surface-Pro-repair-2-150x150.png 150w\" sizes=\"auto, (max-width: 300px) 100vw, 300px\" \/>\t\t\t\t\t\t\t\t\t\t\t\t\t\t\t<\/div>\n\t\t\t\t<\/div>\n\t\t\t\t<div class=\"elementor-element elementor-element-db56abf elementor-widget elementor-widget-wd_text_block\" data-id=\"db56abf\" data-element_type=\"widget\" data-e-type=\"widget\" data-widget_type=\"wd_text_block.default\">\n\t\t\t\t<div class=\"elementor-widget-container\">\n\t\t\t\t\t\t\t<div class=\"wd-text-block reset-last-child text-center\">\n\t\t\t\n\t\t\t<p><strong>Mod\u00e8le : 1983<\/strong><\/p>\n\t\t\t\t\t<\/div>\n\t\t\t\t\t\t<\/div>\n\t\t\t\t<\/div>\n\t\t\t\t<\/div>\n\t\t<div class=\"elementor-element elementor-element-025d350 e-con-full e-flex e-con e-child\" data-id=\"025d350\" data-element_type=\"container\" data-e-type=\"container\" data-settings=\"{&quot;_ha_eqh_enable&quot;:false}\">\n\t\t<div class=\"elementor-element elementor-element-a79f8ec e-con-full e-flex e-con e-child\" data-id=\"a79f8ec\" data-element_type=\"container\" data-e-type=\"container\" data-settings=\"{&quot;_ha_eqh_enable&quot;:false}\">\n\t\t\t\t<div class=\"elementor-element elementor-element-86d63d3 elementor-widget elementor-widget-wd_text_block\" data-id=\"86d63d3\" data-element_type=\"widget\" data-e-type=\"widget\" data-widget_type=\"wd_text_block.default\">\n\t\t\t\t<div class=\"elementor-widget-container\">\n\t\t\t\t\t\t\t<div class=\"wd-text-block reset-last-child text-left\">\n\t\t\t\n\t\t\t<h3>Microsoft Surface Pro 8 Tarifs de r\u00e9paration<\/h3><table class=\" alignleft\" width=\"663\"><tbody><tr><td>Surface Pro 8 \u00c9cran en vente libre<\/td><td>499 CHF<\/td><\/tr><tr><td> Remplacement de la batterie de la Surface Pro 8<\/td><td>249 CHF<\/td><\/tr><tr><td>Surface Pro 8 Affichage et Akku<\/td><td>699 CHF<\/td><\/tr><tr><td>Surface Pro 8 Haut-parleur<\/td><td>129 CHF<\/td><\/tr><tr><td>Surface Pro 8 Micro<\/td><td>139 CHF<\/td><\/tr><tr><td>Surface Pro 8 Cam\u00e9ra (arri\u00e8re)<\/td><td>299 CHF<\/td><\/tr><tr><td>Surface Pro 8 Cam\u00e9ra (avant)<\/td><td>279 CHF<\/td><\/tr><tr><td>Surface Pro 8 Verre de la cam\u00e9ra (arri\u00e8re)<\/td><td>99 CHF<\/td><\/tr><\/tbody><\/table>\n\t\t\t\t\t<\/div>\n\t\t\t\t\t\t<\/div>\n\t\t\t\t<\/div>\n\t\t\t\t<\/div>\n\t\t\t\t<\/div>\n\t\t\t\t\t<\/div>\n\t\t\t\t<\/div>\n\t\t<div class=\"wd-negative-gap elementor-element elementor-element-e196aa3 e-flex e-con-boxed e-con e-parent\" data-id=\"e196aa3\" data-element_type=\"container\" data-e-type=\"container\" data-settings=\"{&quot;_ha_eqh_enable&quot;:false}\">\n\t\t\t\t\t<div class=\"e-con-inner\">\n\t\t<div class=\"elementor-element elementor-element-2428ff9 e-con-full e-flex e-con e-child\" data-id=\"2428ff9\" data-element_type=\"container\" data-e-type=\"container\" data-settings=\"{&quot;_ha_eqh_enable&quot;:false}\">\n\t\t\t\t<div class=\"elementor-element elementor-element-b52364e elementor-align-justify elementor-widget elementor-widget-button\" data-id=\"b52364e\" data-element_type=\"widget\" data-e-type=\"widget\" data-widget_type=\"button.default\">\n\t\t\t\t<div class=\"elementor-widget-container\">\n\t\t\t\t\t\t\t\t\t<div class=\"elementor-button-wrapper\">\n\t\t\t\t\t<a class=\"elementor-button elementor-button-link elementor-size-sm\" href=\"https:\/\/repairandshop.ch\/fr\/contact\/\">\n\t\t\t\t\t\t<span class=\"elementor-button-content-wrapper\">\n\t\t\t\t\t\t\t\t\t<span class=\"elementor-button-text\">Contact<\/span>\n\t\t\t\t\t<\/span>\n\t\t\t\t\t<\/a>\n\t\t\t\t<\/div>\n\t\t\t\t\t\t\t\t<\/div>\n\t\t\t\t<\/div>\n\t\t\t\t<\/div>\n\t\t<div class=\"elementor-element elementor-element-42aaa7a e-con-full e-flex e-con e-child\" data-id=\"42aaa7a\" data-element_type=\"container\" data-e-type=\"container\" data-settings=\"{&quot;_ha_eqh_enable&quot;:false}\">\n\t\t\t\t<div class=\"elementor-element elementor-element-778faf0 elementor-align-justify elementor-widget elementor-widget-button\" data-id=\"778faf0\" data-element_type=\"widget\" data-e-type=\"widget\" data-widget_type=\"button.default\">\n\t\t\t\t<div class=\"elementor-widget-container\">\n\t\t\t\t\t\t\t\t\t<div class=\"elementor-button-wrapper\">\n\t\t\t\t\t<a class=\"elementor-button elementor-button-link elementor-size-sm\" href=\"#\">\n\t\t\t\t\t\t<span class=\"elementor-button-content-wrapper\">\n\t\t\t\t\t\t\t\t\t<span class=\"elementor-button-text\">Informations<\/span>\n\t\t\t\t\t<\/span>\n\t\t\t\t\t<\/a>\n\t\t\t\t<\/div>\n\t\t\t\t\t\t\t\t<\/div>\n\t\t\t\t<\/div>\n\t\t\t\t<\/div>\n\t\t\t\t\t<\/div>\n\t\t\t\t<\/div>\n\t\t<div class=\"wd-negative-gap elementor-element elementor-element-ba3b32b e-flex e-con-boxed e-con e-parent\" data-id=\"ba3b32b\" data-element_type=\"container\" data-e-type=\"container\" data-settings=\"{&quot;_ha_eqh_enable&quot;:false}\">\n\t\t\t\t\t<div class=\"e-con-inner\">\n\t\t\t\t<div class=\"elementor-element elementor-element-864c2fb elementor-widget elementor-widget-wd_text_block\" data-id=\"864c2fb\" data-element_type=\"widget\" data-e-type=\"widget\" data-widget_type=\"wd_text_block.default\">\n\t\t\t\t<div class=\"elementor-widget-container\">\n\t\t\t\t\t\t\t<div class=\"wd-text-block reset-last-child text-left\">\n\t\t\t\n\t\t\t<div class=\"fl-row fl-row-fixed-width fl-row-bg-none fl-node-5df65a09b6ba5 fl-row-default-height fl-row-align-center\" data-node=\"5df65a09b6ba5\"><div class=\"fl-row-content-wrap\"><div class=\"fl-row-content fl-row-fixed-width fl-node-content\"><div class=\"fl-col-group fl-node-5df65a09ba1d8\" data-node=\"5df65a09ba1d8\"><div class=\"fl-col fl-node-5df65a09ba264 fl-col-bg-color\" data-node=\"5df65a09ba264\"><div class=\"fl-col-content fl-node-content\"><div class=\"fl-module fl-module-rich-text fl-node-5df65a09b687e\" data-node=\"5df65a09b687e\"><div class=\"fl-module-content fl-node-content\"><div class=\"fl-rich-text\"><h1 class=\"\" data-start=\"332\" data-end=\"413\">Microsoft Surface Pro 8 R\u00e9paration - Service professionnel dans toute la Suisse<\/h1><h2 class=\"\" data-start=\"415\" data-end=\"495\">Votre sp\u00e9cialiste pour les r\u00e9parations de surface - rapide, fiable et dans toute la Suisse<\/h2><p class=\"\" data-start=\"497\" data-end=\"768\">Votre <strong data-start=\"505\" data-end=\"532\">Microsoft Surface Pro 8<\/strong> est d\u00e9fectueux ? Qu'il s'agisse d'un <strong data-start=\"548\" data-end=\"572\">\u00e9cran fissur\u00e9<\/strong>, d'une <strong data-start=\"578\" data-end=\"596\">batterie faible<\/strong> ou d'un <strong data-start=\"606\" data-end=\"625\">probl\u00e8me mat\u00e9riel<\/strong>, notre \u00e9quipe de techniciens exp\u00e9riment\u00e9s vous propose un <strong data-start=\"694\" data-end=\"743\">service de r\u00e9paration professionnel pour les appareils Microsoft Surface<\/strong> dans toute la Suisse. <\/p><p class=\"\" data-start=\"770\" data-end=\"853\">Nous ne r\u00e9parons pas seulement la Surface Pro 8, mais aussi de nombreux autres mod\u00e8les :<\/p><h3 class=\"\" data-start=\"855\" data-end=\"909\">Nous r\u00e9parons les mod\u00e8les Microsoft Surface suivants:<\/h3><ul data-start=\"911\" data-end=\"1228\"><li class=\"\" data-start=\"911\" data-end=\"1010\"><p class=\"\" data-start=\"913\" data-end=\"1010\"><strong data-start=\"913\" data-end=\"928\">Surface Pro<\/strong>: Pro, Pro 2, Pro 3, Pro 4, Pro 5 (2017), Pro 6, Pro 7, <strong data-start=\"984\" data-end=\"993\">Pro 8<\/strong>, Pro 9, Pro 10<\/p><\/li><li class=\"\" data-start=\"1011\" data-end=\"1045\"><p class=\"\" data-start=\"1013\" data-end=\"1045\"><strong data-start=\"1013\" data-end=\"1029\">Surface Book<\/strong>: Book, Book 2<\/p><\/li><li class=\"\" data-start=\"1046\" data-end=\"1086\"><p class=\"\" data-start=\"1048\" data-end=\"1086\"><strong data-start=\"1048\" data-end=\"1066\">Surface Laptop<\/strong>: Laptop, Laptop 2<\/p><\/li><li class=\"\" data-start=\"1087\" data-end=\"1127\"><p class=\"\" data-start=\"1089\" data-end=\"1127\"><strong data-start=\"1089\" data-end=\"1107\">Surface Studio<\/strong>: Studio, Studio 2<\/p><\/li><li class=\"\" data-start=\"1128\" data-end=\"1184\"><p class=\"\" data-start=\"1130\" data-end=\"1184\"><strong data-start=\"1130\" data-end=\"1144\">Surface Go<\/strong>, <strong data-start=\"1146\" data-end=\"1160\">Surface RT<\/strong>, Surface 2, Surface 3<\/p><\/li><li class=\"\" data-start=\"1185\" data-end=\"1228\"><p class=\"\" data-start=\"1187\" data-end=\"1228\">Microsoft Tablettes et de nombreux autres appareils<\/p><\/li><\/ul><p class=\"\" data-start=\"1230\" data-end=\"1381\">Que vous ayez des probl\u00e8mes avec l' <strong data-start=\"1267\" data-end=\"1282\">\u00e9cran tactile<\/strong>, le <strong data-start=\"1288\" data-end=\"1305\">port de chargement<\/strong>, la <strong data-start=\"1311\" data-end=\"1319\">batterie<\/strong> ou le <strong data-start=\"1329\" data-end=\"1341\">logiciel<\/strong>, nous trouverons la solution ad\u00e9quate.<\/p><hr class=\"\" data-start=\"1383\" data-end=\"1386\"><h2 class=\"\" data-start=\"1388\" data-end=\"1450\">Service de r\u00e9paration pour Surface Pro 8 - partout en Suisse<\/h2><p class=\"\" data-start=\"1452\" data-end=\"1607\">Notre <strong data-start=\"1458\" data-end=\"1492\"> service de r\u00e9paration est \u00e0 votre disposition dans toute la Suisse<\/strong> - rapidement et sans complications, quel que soit votre lieu de r\u00e9sidence. Nos clients viennent entre autres de <\/p><p class=\"\" data-start=\"1609\" data-end=\"2116\"><strong data-start=\"1609\" data-end=\"1630\">La Chaux-de-Fonds,<\/strong> <strong data-start=\"1632\" data-end=\"1645\">Neuch\u00e2tel,<\/strong> <strong data-start=\"1647\" data-end=\"1661\">Interlaken,<\/strong> <strong data-start=\"1663\" data-end=\"1673\">Zurich,<\/strong> <strong data-start=\"1675\" data-end=\"1683\">Gen\u00e8ve<\/strong>, <strong data-start=\"1685\" data-end=\"1694\">B\u00e2le,<\/strong> <strong data-start=\"1696\" data-end=\"1708\">Lausanne<\/strong>, <strong data-start=\"1710\" data-end=\"1718\">Berne,<\/strong> <strong data-start=\"1720\" data-end=\"1741\">Urtenen-Sch\u00f6nb\u00fchl<\/strong>, <strong data-start=\"1743\" data-end=\"1756\">M\u00fcnsingen,<\/strong> <strong data-start=\"1758\" data-end=\"1766\">Thoune,<\/strong> <strong data-start=\"1768\" data-end=\"1791\">Langnau im Emmental<\/strong>, <strong data-start=\"1793\" data-end=\"1807\">Winterthur<\/strong>, <strong data-start=\"1809\" data-end=\"1819\">Lucerne<\/strong>, <strong data-start=\"1821\" data-end=\"1835\">St. Gallen<\/strong>, <strong data-start=\"1837\" data-end=\"1847\">Lugano<\/strong>, <strong data-start=\"1849\" data-end=\"1857\">Bienne<\/strong>,      <strong data-start=\"1859\" data-end=\"1871\">Fribourg<\/strong>, <strong data-start=\"1873\" data-end=\"1886\">Appenzell<\/strong>, <strong data-start=\"1888\" data-end=\"1898\">Glaris<\/strong>, <strong data-start=\"1900\" data-end=\"1908\">Coire<\/strong>, <strong data-start=\"1910\" data-end=\"1918\">Jura<\/strong>, <strong data-start=\"1920\" data-end=\"1929\">Emmen<\/strong>, <strong data-start=\"1931\" data-end=\"1944\">Nidwald<\/strong>, <strong data-start=\"1946\" data-end=\"1958\">Obwald<\/strong>, <strong data-start=\"1960\" data-end=\"1976\">Schaffhouse<\/strong>, <strong data-start=\"1978\" data-end=\"1988\">Schwyz<\/strong>, <strong data-start=\"1990\" data-end=\"2004\">Einsiedeln<\/strong>,          <strong data-start=\"2006\" data-end=\"2019\" data-is-only-node=\"\">Soleure<\/strong>, <strong data-start=\"2021\" data-end=\"2032\">Thurgovie<\/strong>, <strong data-start=\"2034\" data-end=\"2044\">Ticino<\/strong>, <strong data-start=\"2046\" data-end=\"2053\">Uri<\/strong>, <strong data-start=\"2055\" data-end=\"2063\">Vaud<\/strong>, <strong data-start=\"2065\" data-end=\"2075\">Valais<\/strong>, <strong data-start=\"2077\" data-end=\"2084\">Zoug<\/strong> - et de nombreuses autres r\u00e9gions. <\/p><p class=\"\" data-start=\"2118\" data-end=\"2223\">Vous pouvez facilement <strong data-start=\"2146\" data-end=\"2159\">envoyer<\/strong> votre appareil ou - si possible - le remettre directement \u00e0 l'un de nos partenaires.<\/p><hr class=\"\" data-start=\"2225\" data-end=\"2228\"><h2 class=\"\" data-start=\"2230\" data-end=\"2311\">Notre processus de r\u00e9paration - simple, transparent et devis gratuit<\/h2><p class=\"\" data-start=\"2313\" data-end=\"2630\">D\u00e8s r\u00e9ception de votre appareil, nous effectuons une <strong data-start=\"2355\" data-end=\"2390\">analyse approfondie du dommage<\/strong>. Nous identifions alors exactement quels sont les composants d\u00e9fectueux et si un remplacement est n\u00e9cessaire. Tous les travaux sont document\u00e9s et vous sont pr\u00e9sent\u00e9s dans un <strong data-start=\"2547\" data-end=\"2580\">devis gratuit<\/strong> - vous ne payez qu'apr\u00e8s avoir donn\u00e9 votre accord.  <\/p><hr class=\"\" data-start=\"2632\" data-end=\"2635\"><h2 class=\"\" data-start=\"2637\" data-end=\"2689\">Vos avantages avec notre service de r\u00e9paration de surface<\/h2><ul data-start=\"2691\" data-end=\"3045\"><li class=\"\" data-start=\"2691\" data-end=\"2737\"><p class=\"\" data-start=\"2693\" data-end=\"2737\"><strong data-start=\"2693\" data-end=\"2714\">6 mois de garantie<\/strong> sur toutes les r\u00e9parations<\/p><\/li><li class=\"\" data-start=\"2738\" data-end=\"2808\"><p class=\"\" data-start=\"2740\" data-end=\"2808\"><strong data-start=\"2740\" data-end=\"2780\">Pas de frais pour l'analyse des dommages<\/strong> et le devis<\/p><\/li><li class=\"\" data-start=\"2809\" data-end=\"2853\"><p class=\"\" data-start=\"2811\" data-end=\"2853\"><strong data-start=\"2811\" data-end=\"2851\">Traitement et retourrapides<\/strong><\/p><\/li><li class=\"\" data-start=\"2854\" data-end=\"2915\"><p class=\"\" data-start=\"2856\" data-end=\"2915\"><strong data-start=\"2856\" data-end=\"2881\">Longue exp\u00e9rience<\/strong> avec les produits Microsoft Surface<\/p><\/li><li class=\"\" data-start=\"2916\" data-end=\"2996\"><p class=\"\" data-start=\"2918\" data-end=\"2996\">R\u00e9paration de <strong data-start=\"2932\" data-end=\"2985\">l'\u00e9cran, de la batterie, de la carte m\u00e8re, du port de chargement, du clavier<\/strong> et plus encore<\/p><\/li><li class=\"\" data-start=\"2997\" data-end=\"3045\"><p class=\"\" data-start=\"2999\" data-end=\"3045\">Conseil personnalis\u00e9 et service transparent<\/p><\/li><\/ul><hr class=\"\" data-start=\"3047\" data-end=\"3050\"><h2 class=\"\" data-start=\"3052\" data-end=\"3092\">R\u00e9parations courantes pour Surface Pro 8<\/h2><ul data-start=\"3094\" data-end=\"3343\"><li class=\"\" data-start=\"3094\" data-end=\"3142\"><p class=\"\" data-start=\"3096\" data-end=\"3142\"><strong data-start=\"3096\" data-end=\"3140\">Remplacement d'un \u00e9cran cass\u00e9<\/strong><\/p><\/li><li class=\"\" data-start=\"3143\" data-end=\"3175\"><p class=\"\" data-start=\"3145\" data-end=\"3175\"><strong data-start=\"3145\" data-end=\"3173\">Remplacement des batteries d\u00e9fectueuses<\/strong><\/p><\/li><li class=\"\" data-start=\"3176\" data-end=\"3225\"><p class=\"\" data-start=\"3178\" data-end=\"3225\"><strong data-start=\"3178\" data-end=\"3223\">la correction des erreurs de logiciel ou de syst\u00e8me<\/strong><\/p><\/li><li class=\"\" data-start=\"3226\" data-end=\"3261\"><p class=\"\" data-start=\"3228\" data-end=\"3261\"><strong data-start=\"3228\" data-end=\"3259\">R\u00e9paration en cas de d\u00e9g\u00e2ts des eaux<\/strong><\/p><\/li><li class=\"\" data-start=\"3262\" data-end=\"3296\"><p class=\"\" data-start=\"3264\" data-end=\"3296\"><strong data-start=\"3264\" data-end=\"3294\">R\u00e9soudre les probl\u00e8mes d'\u00e9cran tactile<\/strong><\/p><\/li><li class=\"\" data-start=\"3297\" data-end=\"3343\"><p class=\"\" data-start=\"3299\" data-end=\"3343\"><strong data-start=\"3299\" data-end=\"3343\">R\u00e9cup\u00e9ration de donn\u00e9es et restauration du syst\u00e8me<\/strong><\/p><\/li><\/ul><hr class=\"\" data-start=\"3345\" data-end=\"3348\"><h2 class=\"\" data-start=\"3350\" data-end=\"3424\">Faites r\u00e9parer votre Surface Pro 8 maintenant - en toute s\u00e9curit\u00e9, rapidement et dans toute la Suisse.<\/h2><p class=\"\" data-start=\"3426\" data-end=\"3647\">Faites confiance \u00e0 notre <strong data-start=\"3457\" data-end=\"3521\">service de r\u00e9paration certifi\u00e9 pour les appareils Microsoft Surface<\/strong>. Nos techniciens remettent votre appareil en \u00e9tat de marche rapidement et efficacement - avec garantie, sans risque et \u00e0 un prix raisonnable. <\/p><p class=\"\" data-start=\"3649\" data-end=\"3754\"><strong data-start=\"3649\" data-end=\"3679\">Contactez-nous maintenant<\/strong> ou envoyez-nous votre appareil - nous sommes \u00e0 votre disposition dans toute la Suisse.<\/p><hr class=\"\" data-start=\"3756\" data-end=\"3759\"><p class=\"\" data-start=\"3761\" data-end=\"3914\"> <\/p><\/div><\/div><\/div><\/div><\/div><\/div><\/div><\/div><\/div>\n\t\t\t\t\t<\/div>\n\t\t\t\t\t\t<\/div>\n\t\t\t\t<\/div>\n\t\t\t\t\t<\/div>\n\t\t\t\t<\/div>\n\t\t\t\t<\/div>\n\t\t\n    <div class=\"xs_social_share_widget xs_share_url after_content \t\tmain_content  wslu-style-1 wslu-share-box-shaped wslu-fill-colored wslu-none wslu-share-horizontal wslu-theme-font-no wslu-main_content\">\n\n\t\t\n        <ul>\n\t\t\t        <\/ul>\n    <\/div> \n","protected":false},"excerpt":{"rendered":"<p>Microsoft Surface Pro 8 Microsoft Surface Pro 8 Mod\u00e8le : 1983 Microsoft Surface Pro 8 Tarifs de r\u00e9paration Surface Pro<\/p>\n","protected":false},"author":1,"featured_media":0,"parent":27545,"menu_order":0,"comment_status":"closed","ping_status":"closed","template":"","meta":{"postBodyCss":"","postBodyMargin":[],"postBodyPadding":[],"postBodyBackground":{"backgroundType":"classic","gradient":""},"footnotes":""},"class_list":["post-27673","page","type-page","status-publish","hentry"],"yoast_head":"<!-- This site is optimized with the Yoast SEO Premium plugin v26.8 (Yoast SEO v27.3) - https:\/\/yoast.com\/product\/yoast-seo-premium-wordpress\/ -->\n<title>R\u00e9paration Microsoft Surface Pro 8 en Suisse<\/title>\n<meta name=\"description\" content=\"R\u00e9paration Microsoft Surface Pro 8 en Suisse. Service rapide pour \u00e9cran, batterie, clavier et plus. Pi\u00e8ces d\u2019origine et garantie pour une r\u00e9paration fiable.\" \/>\n<meta name=\"robots\" content=\"index, follow, max-snippet:-1, max-image-preview:large, max-video-preview:-1\" \/>\n<link rel=\"canonical\" href=\"https:\/\/repairandshop.ch\/fr\/microsoft-surface\/surface-pro-8\/\" \/>\n<meta property=\"og:locale\" content=\"fr_FR\" \/>\n<meta property=\"og:type\" content=\"article\" \/>\n<meta property=\"og:title\" content=\"Surface Pro 8\" \/>\n<meta property=\"og:description\" content=\"R\u00e9paration Microsoft Surface Pro 8 en Suisse. Service rapide pour \u00e9cran, batterie, clavier et plus. Pi\u00e8ces d\u2019origine et garantie pour une r\u00e9paration fiable.\" \/>\n<meta property=\"og:url\" content=\"https:\/\/repairandshop.ch\/fr\/microsoft-surface\/surface-pro-8\/\" \/>\n<meta property=\"og:site_name\" content=\"repairandshop\" \/>\n<meta property=\"article:modified_time\" content=\"2025-06-01T21:04:34+00:00\" \/>\n<meta property=\"og:image\" content=\"https:\/\/repairandshop.ch\/wp-content\/uploads\/2025\/03\/Surface-Pro-repair-2.png\" \/>\n\t<meta property=\"og:image:width\" content=\"300\" \/>\n\t<meta property=\"og:image:height\" content=\"300\" \/>\n\t<meta property=\"og:image:type\" content=\"image\/png\" \/>\n<meta name=\"twitter:card\" content=\"summary_large_image\" \/>\n<meta name=\"twitter:label1\" content=\"Dur\u00e9e de lecture estim\u00e9e\" \/>\n\t<meta name=\"twitter:data1\" content=\"3 minutes\" \/>\n<!-- \/ Yoast SEO Premium plugin. -->","yoast_head_json":{"title":"R\u00e9paration Microsoft Surface Pro 8 en Suisse","description":"R\u00e9paration Microsoft Surface Pro 8 en Suisse. Service rapide pour \u00e9cran, batterie, clavier et plus. Pi\u00e8ces d\u2019origine et garantie pour une r\u00e9paration fiable.","robots":{"index":"index","follow":"follow","max-snippet":"max-snippet:-1","max-image-preview":"max-image-preview:large","max-video-preview":"max-video-preview:-1"},"canonical":"https:\/\/repairandshop.ch\/fr\/microsoft-surface\/surface-pro-8\/","og_locale":"fr_FR","og_type":"article","og_title":"Surface Pro 8","og_description":"R\u00e9paration Microsoft Surface Pro 8 en Suisse. Service rapide pour \u00e9cran, batterie, clavier et plus. Pi\u00e8ces d\u2019origine et garantie pour une r\u00e9paration fiable.","og_url":"https:\/\/repairandshop.ch\/fr\/microsoft-surface\/surface-pro-8\/","og_site_name":"repairandshop","article_modified_time":"2025-06-01T21:04:34+00:00","og_image":[{"width":300,"height":300,"url":"https:\/\/repairandshop.ch\/wp-content\/uploads\/2025\/03\/Surface-Pro-repair-2.png","type":"image\/png"}],"twitter_card":"summary_large_image","twitter_misc":{"Dur\u00e9e de lecture estim\u00e9e":"3 minutes"},"schema":{"@context":"https:\/\/schema.org","@graph":[{"@type":"WebPage","@id":"https:\/\/repairandshop.ch\/fr\/microsoft-surface\/surface-pro-8\/","url":"https:\/\/repairandshop.ch\/fr\/microsoft-surface\/surface-pro-8\/","name":"R\u00e9paration Microsoft Surface Pro 8 en Suisse","isPartOf":{"@id":"https:\/\/repairandshop.ch\/fr\/#website"},"primaryImageOfPage":{"@id":"https:\/\/repairandshop.ch\/fr\/microsoft-surface\/surface-pro-8\/#primaryimage"},"image":{"@id":"https:\/\/repairandshop.ch\/fr\/microsoft-surface\/surface-pro-8\/#primaryimage"},"thumbnailUrl":"https:\/\/repairandshop.ch\/wp-content\/uploads\/2025\/03\/Surface-Pro-repair-2.png","datePublished":"2025-03-08T15:10:12+00:00","dateModified":"2025-06-01T21:04:34+00:00","description":"R\u00e9paration Microsoft Surface Pro 8 en Suisse. Service rapide pour \u00e9cran, batterie, clavier et plus. Pi\u00e8ces d\u2019origine et garantie pour une r\u00e9paration fiable.","breadcrumb":{"@id":"https:\/\/repairandshop.ch\/fr\/microsoft-surface\/surface-pro-8\/#breadcrumb"},"inLanguage":"fr-FR","potentialAction":[{"@type":"ReadAction","target":["https:\/\/repairandshop.ch\/fr\/microsoft-surface\/surface-pro-8\/"]}]},{"@type":"ImageObject","inLanguage":"fr-FR","@id":"https:\/\/repairandshop.ch\/fr\/microsoft-surface\/surface-pro-8\/#primaryimage","url":"https:\/\/repairandshop.ch\/wp-content\/uploads\/2025\/03\/Surface-Pro-repair-2.png","contentUrl":"https:\/\/repairandshop.ch\/wp-content\/uploads\/2025\/03\/Surface-Pro-repair-2.png"},{"@type":"BreadcrumbList","@id":"https:\/\/repairandshop.ch\/fr\/microsoft-surface\/surface-pro-8\/#breadcrumb","itemListElement":[{"@type":"ListItem","position":1,"name":"Home","item":"https:\/\/repairandshop.ch\/fr\/"},{"@type":"ListItem","position":2,"name":"Microsoft Surface","item":"https:\/\/repairandshop.ch\/fr\/microsoft-surface\/"},{"@type":"ListItem","position":3,"name":"Surface Pro 8"}]},{"@type":"WebSite","@id":"https:\/\/repairandshop.ch\/fr\/#website","url":"https:\/\/repairandshop.ch\/fr\/","name":"Repair And Shop","description":"","publisher":{"@id":"https:\/\/repairandshop.ch\/fr\/#organization"},"potentialAction":[{"@type":"SearchAction","target":{"@type":"EntryPoint","urlTemplate":"https:\/\/repairandshop.ch\/fr\/?s={search_term_string}"},"query-input":{"@type":"PropertyValueSpecification","valueRequired":true,"valueName":"search_term_string"}}],"inLanguage":"fr-FR"},{"@type":"Organization","@id":"https:\/\/repairandshop.ch\/fr\/#organization","name":"Repair And Shop","url":"https:\/\/repairandshop.ch\/fr\/","logo":{"@type":"ImageObject","inLanguage":"fr-FR","@id":"https:\/\/repairandshop.ch\/fr\/#\/schema\/logo\/image\/","url":"https:\/\/repairandshop.ch\/wp-content\/uploads\/2025\/02\/RepairandShop-Logo.png","contentUrl":"https:\/\/repairandshop.ch\/wp-content\/uploads\/2025\/02\/RepairandShop-Logo.png","width":834,"height":193,"caption":"Repair And Shop"},"image":{"@id":"https:\/\/repairandshop.ch\/fr\/#\/schema\/logo\/image\/"}}]}},"_links":{"self":[{"href":"https:\/\/repairandshop.ch\/fr\/wp-json\/wp\/v2\/pages\/27673","targetHints":{"allow":["GET"]}}],"collection":[{"href":"https:\/\/repairandshop.ch\/fr\/wp-json\/wp\/v2\/pages"}],"about":[{"href":"https:\/\/repairandshop.ch\/fr\/wp-json\/wp\/v2\/types\/page"}],"author":[{"embeddable":true,"href":"https:\/\/repairandshop.ch\/fr\/wp-json\/wp\/v2\/users\/1"}],"replies":[{"embeddable":true,"href":"https:\/\/repairandshop.ch\/fr\/wp-json\/wp\/v2\/comments?post=27673"}],"version-history":[{"count":0,"href":"https:\/\/repairandshop.ch\/fr\/wp-json\/wp\/v2\/pages\/27673\/revisions"}],"up":[{"embeddable":true,"href":"https:\/\/repairandshop.ch\/fr\/wp-json\/wp\/v2\/pages\/27545"}],"wp:attachment":[{"href":"https:\/\/repairandshop.ch\/fr\/wp-json\/wp\/v2\/media?parent=27673"}],"curies":[{"name":"wp","href":"https:\/\/api.w.org\/{rel}","templated":true}]}}