{"id":27675,"date":"2025-03-08T15:10:16","date_gmt":"2025-03-08T15:10:16","guid":{"rendered":"https:\/\/repairandshop.ch\/microsoft-surface\/surface-pro-7\/"},"modified":"2025-06-01T21:04:34","modified_gmt":"2025-06-01T21:04:34","slug":"surface-pro-7","status":"publish","type":"page","link":"https:\/\/repairandshop.ch\/fr\/microsoft-surface\/surface-pro-7\/","title":{"rendered":"Surface Pro 7+"},"content":{"rendered":"\t\t<div data-elementor-type=\"wp-page\" data-elementor-id=\"27675\" class=\"elementor elementor-27675 elementor-16937\" data-elementor-post-type=\"page\">\n\t\t\t\t<div class=\"wd-negative-gap elementor-element elementor-element-28aff64 e-flex e-con-boxed e-con e-parent\" data-id=\"28aff64\" data-element_type=\"container\" data-e-type=\"container\" data-settings=\"{&quot;_ha_eqh_enable&quot;:false}\">\n\t\t\t\t\t<div class=\"e-con-inner\">\n\t\t\t\t<div class=\"elementor-element elementor-element-9ac07f8 elementor-widget elementor-widget-heading\" data-id=\"9ac07f8\" data-element_type=\"widget\" data-e-type=\"widget\" data-widget_type=\"heading.default\">\n\t\t\t\t<div class=\"elementor-widget-container\">\n\t\t\t\t\t<h2 class=\"elementor-heading-title elementor-size-default\">Microsoft Surface Pro 7+<\/h2>\t\t\t\t<\/div>\n\t\t\t\t<\/div>\n\t\t\t\t\t<\/div>\n\t\t\t\t<\/div>\n\t\t<div class=\"wd-negative-gap elementor-element elementor-element-c4693bd e-flex e-con-boxed e-con e-parent\" data-id=\"c4693bd\" data-element_type=\"container\" data-e-type=\"container\" data-settings=\"{&quot;background_background&quot;:&quot;classic&quot;,&quot;_ha_eqh_enable&quot;:false}\">\n\t\t\t\t\t<div class=\"e-con-inner\">\n\t\t<div class=\"elementor-element elementor-element-5a5c95a e-con-full e-flex e-con e-child\" data-id=\"5a5c95a\" data-element_type=\"container\" data-e-type=\"container\" data-settings=\"{&quot;_ha_eqh_enable&quot;:false}\">\n\t\t\t\t<div class=\"elementor-element elementor-element-ca082a0 elementor-widget elementor-widget-heading\" data-id=\"ca082a0\" data-element_type=\"widget\" data-e-type=\"widget\" data-widget_type=\"heading.default\">\n\t\t\t\t<div class=\"elementor-widget-container\">\n\t\t\t\t\t<h2 class=\"elementor-heading-title elementor-size-default\">Micorosoft Surface Pro 7+<\/h2>\t\t\t\t<\/div>\n\t\t\t\t<\/div>\n\t\t\t\t<div class=\"elementor-element elementor-element-b7d08b0 elementor-widget elementor-widget-image\" data-id=\"b7d08b0\" data-element_type=\"widget\" data-e-type=\"widget\" data-widget_type=\"image.default\">\n\t\t\t\t<div class=\"elementor-widget-container\">\n\t\t\t\t\t\t\t\t\t\t\t\t\t\t\t<img loading=\"lazy\" decoding=\"async\" width=\"300\" height=\"196\" src=\"https:\/\/repairandshop.ch\/wp-content\/uploads\/2025\/03\/Surface-Pro-Repair-Frebiurg-Germany-1.png\" class=\"attachment-large size-large wp-image-26358\" alt=\"\" srcset=\"https:\/\/repairandshop.ch\/wp-content\/uploads\/2025\/03\/Surface-Pro-Repair-Frebiurg-Germany-1.png 300w, https:\/\/repairandshop.ch\/wp-content\/uploads\/2025\/03\/Surface-Pro-Repair-Frebiurg-Germany-1-150x98.png 150w\" sizes=\"auto, (max-width: 300px) 100vw, 300px\" \/>\t\t\t\t\t\t\t\t\t\t\t\t\t\t\t<\/div>\n\t\t\t\t<\/div>\n\t\t\t\t<div class=\"elementor-element elementor-element-db56abf elementor-widget elementor-widget-wd_text_block\" data-id=\"db56abf\" data-element_type=\"widget\" data-e-type=\"widget\" data-widget_type=\"wd_text_block.default\">\n\t\t\t\t<div class=\"elementor-widget-container\">\n\t\t\t\t\t\t\t<div class=\"wd-text-block reset-last-child text-center\">\n\t\t\t\n\t\t\t<p><strong>(LTE Advanced)<br>Mod\u00e8le 1961<\/strong><\/p>\n\t\t\t\t\t<\/div>\n\t\t\t\t\t\t<\/div>\n\t\t\t\t<\/div>\n\t\t\t\t<\/div>\n\t\t<div class=\"elementor-element elementor-element-025d350 e-con-full e-flex e-con e-child\" data-id=\"025d350\" data-element_type=\"container\" data-e-type=\"container\" data-settings=\"{&quot;_ha_eqh_enable&quot;:false}\">\n\t\t<div class=\"elementor-element elementor-element-a79f8ec e-con-full e-flex e-con e-child\" data-id=\"a79f8ec\" data-element_type=\"container\" data-e-type=\"container\" data-settings=\"{&quot;_ha_eqh_enable&quot;:false}\">\n\t\t\t\t<div class=\"elementor-element elementor-element-86d63d3 elementor-widget elementor-widget-wd_text_block\" data-id=\"86d63d3\" data-element_type=\"widget\" data-e-type=\"widget\" data-widget_type=\"wd_text_block.default\">\n\t\t\t\t<div class=\"elementor-widget-container\">\n\t\t\t\t\t\t\t<div class=\"wd-text-block reset-last-child text-left\">\n\t\t\t\n\t\t\t<h3 class=\"fl-callout-title\"><span class=\"fl-callout-title-text\">Micorsoft Surface Pro 7+ liste de prix de r\u00e9paration<\/span><\/h3><div class=\"fl-callout-text-wrap\"><div class=\"fl-callout-text\"><table id=\"tablepress-278\" class=\"tablepress tablepress-id-278\"><tbody class=\"row-striping row-hover\"><tr class=\"row-1\"><td class=\"column-1\">Changement d'\u00e9cran (LCD + verre)<\/td><td class=\"column-2\">299 CHF<\/td><\/tr><tr class=\"row-2\"><td class=\"column-1\">Remplacement de l'accu en liaison avec l'\u00e9cran<\/td><td class=\"column-2\">119 CHF<\/td><\/tr><tr class=\"row-3\"><td class=\"column-1\">Remplacement de la batterie<\/td><td class=\"column-2\">259 CHF<\/td><\/tr><tr class=\"row-4\"><td class=\"column-1\">Remplacement du bo\u00eetier \u00e0 partir de<\/td><td class=\"column-2\">99 CHF<\/td><\/tr><tr class=\"row-5\"><td class=\"column-1\">Installation de Windows\/r\u00e9paration Surface<\/td><td class=\"column-2\">99 CHF<\/td><\/tr><tr class=\"row-6\"><td class=\"column-1\">Nettoyage int\u00e9rieur complet \u00e0 partir de (par ex. pour r\u00e9parer les d\u00e9g\u00e2ts des eaux)<\/td><td class=\"column-2\">x.xx<\/td><\/tr><\/tbody><\/table><\/div><\/div>\n\t\t\t\t\t<\/div>\n\t\t\t\t\t\t<\/div>\n\t\t\t\t<\/div>\n\t\t\t\t<\/div>\n\t\t\t\t<\/div>\n\t\t\t\t\t<\/div>\n\t\t\t\t<\/div>\n\t\t<div class=\"wd-negative-gap elementor-element elementor-element-e196aa3 e-flex e-con-boxed e-con e-parent\" data-id=\"e196aa3\" data-element_type=\"container\" data-e-type=\"container\" data-settings=\"{&quot;_ha_eqh_enable&quot;:false}\">\n\t\t\t\t\t<div class=\"e-con-inner\">\n\t\t<div class=\"elementor-element elementor-element-2428ff9 e-con-full e-flex e-con e-child\" data-id=\"2428ff9\" data-element_type=\"container\" data-e-type=\"container\" data-settings=\"{&quot;_ha_eqh_enable&quot;:false}\">\n\t\t\t\t<div class=\"elementor-element elementor-element-b52364e elementor-align-justify elementor-widget elementor-widget-button\" data-id=\"b52364e\" data-element_type=\"widget\" data-e-type=\"widget\" data-widget_type=\"button.default\">\n\t\t\t\t<div class=\"elementor-widget-container\">\n\t\t\t\t\t\t\t\t\t<div class=\"elementor-button-wrapper\">\n\t\t\t\t\t<a class=\"elementor-button elementor-button-link elementor-size-sm\" href=\"https:\/\/repairandshop.ch\/fr\/contact\/\">\n\t\t\t\t\t\t<span class=\"elementor-button-content-wrapper\">\n\t\t\t\t\t\t\t\t\t<span class=\"elementor-button-text\">Contact<\/span>\n\t\t\t\t\t<\/span>\n\t\t\t\t\t<\/a>\n\t\t\t\t<\/div>\n\t\t\t\t\t\t\t\t<\/div>\n\t\t\t\t<\/div>\n\t\t\t\t<\/div>\n\t\t<div class=\"elementor-element elementor-element-42aaa7a e-con-full e-flex e-con e-child\" data-id=\"42aaa7a\" data-element_type=\"container\" data-e-type=\"container\" data-settings=\"{&quot;_ha_eqh_enable&quot;:false}\">\n\t\t\t\t<div class=\"elementor-element elementor-element-778faf0 elementor-align-justify elementor-widget elementor-widget-button\" data-id=\"778faf0\" data-element_type=\"widget\" data-e-type=\"widget\" data-widget_type=\"button.default\">\n\t\t\t\t<div class=\"elementor-widget-container\">\n\t\t\t\t\t\t\t\t\t<div class=\"elementor-button-wrapper\">\n\t\t\t\t\t<a class=\"elementor-button elementor-button-link elementor-size-sm\" href=\"#\">\n\t\t\t\t\t\t<span class=\"elementor-button-content-wrapper\">\n\t\t\t\t\t\t\t\t\t<span class=\"elementor-button-text\">Informations<\/span>\n\t\t\t\t\t<\/span>\n\t\t\t\t\t<\/a>\n\t\t\t\t<\/div>\n\t\t\t\t\t\t\t\t<\/div>\n\t\t\t\t<\/div>\n\t\t\t\t<\/div>\n\t\t\t\t\t<\/div>\n\t\t\t\t<\/div>\n\t\t<div class=\"wd-negative-gap elementor-element elementor-element-ea4063e e-flex e-con-boxed e-con e-parent\" data-id=\"ea4063e\" data-element_type=\"container\" data-e-type=\"container\" data-settings=\"{&quot;_ha_eqh_enable&quot;:false}\">\n\t\t\t\t\t<div class=\"e-con-inner\">\n\t\t\t\t<div class=\"elementor-element elementor-element-ae234fe elementor-widget elementor-widget-wd_text_block\" data-id=\"ae234fe\" data-element_type=\"widget\" data-e-type=\"widget\" data-widget_type=\"wd_text_block.default\">\n\t\t\t\t<div class=\"elementor-widget-container\">\n\t\t\t\t\t\t\t<div class=\"wd-text-block reset-last-child text-left\">\n\t\t\t\n\t\t\t<div class=\"fl-row fl-row-fixed-width fl-row-bg-none fl-node-5df65a09b6ba5 fl-row-default-height fl-row-align-center\" data-node=\"5df65a09b6ba5\"><div class=\"fl-row-content-wrap\"><div class=\"fl-row-content fl-row-fixed-width fl-node-content\"><div class=\"fl-col-group fl-node-5df65a09ba1d8\" data-node=\"5df65a09ba1d8\"><div class=\"fl-col fl-node-5df65a09ba264 fl-col-bg-color\" data-node=\"5df65a09ba264\"><div class=\"fl-col-content fl-node-content\"><div class=\"fl-module fl-module-rich-text fl-node-5df65a09b687e\" data-node=\"5df65a09b687e\"><div class=\"fl-module-content fl-node-content\"><div class=\"fl-rich-text\"><h1 class=\"\" data-start=\"359\" data-end=\"441\">R\u00e9paration Microsoft Surface Pro 7+ - Un service fiable dans toute la Suisse<\/h1><h2 class=\"\" data-start=\"443\" data-end=\"515\">R\u00e9parations professionnelles pour les appareils Microsoft Surface - dans toute la Suisse<\/h2><p class=\"\" data-start=\"517\" data-end=\"781\">Vous poss\u00e9dez un <strong data-start=\"534\" data-end=\"562\">Microsoft Surface Pro 7+<\/strong> qui pr\u00e9sente un d\u00e9faut? Notre service de r\u00e9paration , pr\u00e9sent dans toute la Suisse, est sp\u00e9cialis\u00e9 dans la <strong data-start=\"639\" data-end=\"700\"> remise en \u00e9tatprofessionnelle des appareils Microsoft Surface<\/strong> - diagnostic d'erreur gratuit et <strong data-start=\"758\" data-end=\"780\">6 mois de garantie<\/strong> inclus. <\/p><h3 class=\"\" data-start=\"783\" data-end=\"841\">Nous r\u00e9parons entre autres les mod\u00e8les Surface suivants:<\/h3><ul data-start=\"843\" data-end=\"1142\"><li class=\"\" data-start=\"843\" data-end=\"928\"><p class=\"\" data-start=\"845\" data-end=\"928\"><strong data-start=\"845\" data-end=\"860\">Surface Pro<\/strong>: Pro, Pro 2, Pro 3, Pro 4, Pro 5 (2017), Pro 6, <strong data-start=\"909\" data-end=\"926\">Pro 7, Pro 7+<\/strong><\/p><\/li><li class=\"\" data-start=\"929\" data-end=\"963\"><p class=\"\" data-start=\"931\" data-end=\"963\"><strong data-start=\"931\" data-end=\"947\">Surface Book<\/strong>: Book, Book 2<\/p><\/li><li class=\"\" data-start=\"964\" data-end=\"1004\"><p class=\"\" data-start=\"966\" data-end=\"1004\"><strong data-start=\"966\" data-end=\"984\">Surface Laptop<\/strong>: Laptop, Laptop 2<\/p><\/li><li class=\"\" data-start=\"1005\" data-end=\"1045\"><p class=\"\" data-start=\"1007\" data-end=\"1045\"><strong data-start=\"1007\" data-end=\"1025\">Surface Studio<\/strong>: Studio, Studio 2<\/p><\/li><li class=\"\" data-start=\"1046\" data-end=\"1102\"><p class=\"\" data-start=\"1048\" data-end=\"1102\"><strong data-start=\"1048\" data-end=\"1062\">Surface RT<\/strong>, <strong data-start=\"1064\" data-end=\"1078\">Surface Go<\/strong>, Surface 2, Surface 3<\/p><\/li><li class=\"\" data-start=\"1103\" data-end=\"1142\"><p class=\"\" data-start=\"1105\" data-end=\"1142\">Tablettes Microsoft et autres appareils<\/p><\/li><\/ul><p class=\"\" data-start=\"1144\" data-end=\"1328\">Qu'il s'agisse d'un <strong data-start=\"1177\" data-end=\"1203\">\u00e9cran cass\u00e9<\/strong>, d'un <strong data-start=\"1211\" data-end=\"1229\">remplacement de batterie<\/strong>, d'<strong data-start=\"1231\" data-end=\"1248\">un d\u00e9g\u00e2t des eaux<\/strong> ou d'<strong data-start=\"1254\" data-end=\"1272\">une erreur de logiciel<\/strong>, nous trouvons la solution adapt\u00e9e \u00e0 votre appareil.<\/p><hr class=\"\" data-start=\"1330\" data-end=\"1333\"><h2 class=\"\" data-start=\"1335\" data-end=\"1387\">R\u00e9paration de Microsoft Surface dans toute la Suisse<\/h2><p class=\"\" data-start=\"1389\" data-end=\"1670\">Notre service de r\u00e9paration est actif dans toutes les r\u00e9gions de Suisse - que vous habitiez \u00e0 <strong data-start=\"1469\" data-end=\"1490\">La Chaux-de-Fonds<\/strong>, <strong data-start=\"1492\" data-end=\"1505\">Neuch\u00e2tel<\/strong>, <strong data-start=\"1507\" data-end=\"1521\">Interlaken<\/strong>, <strong data-start=\"1523\" data-end=\"1533\">Zurich<\/strong>, <strong data-start=\"1535\" data-end=\"1543\">Gen\u00e8ve<\/strong>, <strong data-start=\"1545\" data-end=\"1554\">B\u00e2le<\/strong>, <strong data-start=\"1556\" data-end=\"1568\">Lausanne<\/strong>, <strong data-start=\"1570\" data-end=\"1578\">Berne<\/strong>, <strong data-start=\"1580\" data-end=\"1594\">Winterthour<\/strong>, <strong data-start=\"1596\" data-end=\"1606\">Lucerne<\/strong>, <strong data-start=\"1608\" data-end=\"1622\"> Saint-Gall<\/strong>, <strong data-start=\"1624\" data-end=\"1634\">Lugano<\/strong>, <strong data-start=\"1636\" data-end=\"1644\">Bienne<\/strong> ou <strong data-start=\"1650\" data-end=\"1662\">Fribourg<\/strong>.<\/p><p class=\"\" data-start=\"1672\" data-end=\"1825\">Vous pouvez <strong data-start=\"1693\" data-end=\"1706\">envoyer<\/strong> votre appareil ou - selon l'endroit - le d\u00e9poser personnellement. Nous garantissons un processus rapide, s\u00fbr et transparent. <\/p><hr class=\"\" data-start=\"1827\" data-end=\"1830\"><h2 class=\"\" data-start=\"1832\" data-end=\"1891\">Devis gratuit - pas de frais cach\u00e9s<\/h2><p class=\"\" data-start=\"1893\" data-end=\"2183\">D\u00e8s que votre <strong data-start=\"1904\" data-end=\"1932\">Microsoft Surface Pro 7+<\/strong> arrive chez nous, nos techniciens analysent les dommages, v\u00e9rifient tous les composants concern\u00e9s et \u00e9tablissent un <strong data-start=\"2050\" data-end=\"2085\"> devisd\u00e9taill\u00e9<\/strong> - enti\u00e8rement gratuit. Ce n 'est qu' ensuite que vous d\u00e9cidez si vous souhaitez faire effectuer la r\u00e9paration. <\/p><p class=\"\" data-start=\"2185\" data-end=\"2278\">Tous les travaux effectu\u00e9s sont document\u00e9s afin que vous puissiez garder une vue d'ensemble \u00e0 tout moment.<\/p><hr class=\"\" data-start=\"2280\" data-end=\"2283\"><h2 class=\"\" data-start=\"2285\" data-end=\"2337\">Pourquoi les clients de toute la Suisse nous choisissent-ils?<\/h2><ul data-start=\"2339\" data-end=\"2689\"><li class=\"\" data-start=\"2339\" data-end=\"2399\"><p class=\"\" data-start=\"2341\" data-end=\"2399\"><strong data-start=\"2341\" data-end=\"2364\"> Prix transparents<\/strong> et <strong data-start=\"2369\" data-end=\"2397\"> analysegratuite des erreurs<\/strong><\/p><\/li><li class=\"\" data-start=\"2400\" data-end=\"2464\"><p class=\"\" data-start=\"2402\" data-end=\"2464\">R\u00e9parations effectu\u00e9es par des techniciens exp\u00e9riment\u00e9s disposant d'un savoir-faire Microsoft<\/p><\/li><li class=\"\" data-start=\"2465\" data-end=\"2509\"><p class=\"\" data-start=\"2467\" data-end=\"2509\"><strong data-start=\"2467\" data-end=\"2488\">6 mois de garantie<\/strong> sur chaque r\u00e9paration<\/p><\/li><li class=\"\" data-start=\"2510\" data-end=\"2563\"><p class=\"\" data-start=\"2512\" data-end=\"2563\">Traitement rapide et retour fiable<\/p><\/li><li class=\"\" data-start=\"2564\" data-end=\"2612\"><p class=\"\" data-start=\"2566\" data-end=\"2612\">Des conditions \u00e9quitables pour tous les types de dommages<\/p><\/li><li class=\"\" data-start=\"2613\" data-end=\"2689\"><p class=\"\" data-start=\"2615\" data-end=\"2689\">R\u00e9paration de <strong data-start=\"2629\" data-end=\"2689\">l'\u00e9cran, de la batterie, du port de chargement, des probl\u00e8mes de logiciel et plus encore<\/strong><\/p><\/li><\/ul><hr class=\"\" data-start=\"2691\" data-end=\"2694\"><h2 class=\"\" data-start=\"2696\" data-end=\"2738\">R\u00e9parations populaires pour Surface Pro 7+<\/h2><ul data-start=\"2740\" data-end=\"2995\"><li class=\"\" data-start=\"2740\" data-end=\"2793\"><p class=\"\" data-start=\"2742\" data-end=\"2793\"><strong data-start=\"2742\" data-end=\"2791\">Remplacement de l'\u00e9cran en cas de bris de verre ou de pixels d\u00e9fectueux<\/strong><\/p><\/li><li class=\"\" data-start=\"2794\" data-end=\"2832\"><p class=\"\" data-start=\"2796\" data-end=\"2832\"><strong data-start=\"2796\" data-end=\"2830\">Remplacement de la batterie en cas de baisse de performance<\/strong><\/p><\/li><li class=\"\" data-start=\"2833\" data-end=\"2873\"><p class=\"\" data-start=\"2835\" data-end=\"2873\"><strong data-start=\"2835\" data-end=\"2871\">Prise de charge d\u00e9fectueuse ou desserr\u00e9e<\/strong><\/p><\/li><li class=\"\" data-start=\"2874\" data-end=\"2916\"><p class=\"\" data-start=\"2876\" data-end=\"2916\"><strong data-start=\"2876\" data-end=\"2914\">Analyse des d\u00e9g\u00e2ts des eaux et ass\u00e8chement<\/strong><\/p><\/li><li class=\"\" data-start=\"2917\" data-end=\"2952\"><p class=\"\" data-start=\"2919\" data-end=\"2952\"><strong data-start=\"2919\" data-end=\"2950\">R\u00e9paration apr\u00e8s un dommage d\u00fb \u00e0 une chute<\/strong><\/p><\/li><li class=\"\" data-start=\"2953\" data-end=\"2995\"><p class=\"\" data-start=\"2955\" data-end=\"2995\"><strong data-start=\"2955\" data-end=\"2995\">R\u00e9soudre les probl\u00e8mes de syst\u00e8me et de logiciel<\/strong><\/p><\/li><\/ul><hr class=\"\" data-start=\"2997\" data-end=\"3000\"><h2 class=\"\" data-start=\"3002\" data-end=\"3089\">Faites r\u00e9parer maintenant votre Microsoft Surface Pro 7+ - en toute s\u00e9curit\u00e9, avec comp\u00e9tence et dans toute la Suisse.<\/h2><p class=\"\" data-start=\"3091\" data-end=\"3321\">Faites confiance \u00e0 un service de r\u00e9paration exp\u00e9riment\u00e9, sp\u00e9cialis\u00e9 dans les <strong data-start=\"3171\" data-end=\"3199\"> appareils Microsoft Surface<\/strong>. Nous sommes \u00e0 la disposition de nos clients dans toute la Suisse - rapidement, de mani\u00e8re professionnelle et sans frais cach\u00e9s. <\/p><p class=\"\" data-start=\"3323\" data-end=\"3414\"><strong data-start=\"3323\" data-end=\"3353\">Contactez-nous maintenant<\/strong> ou envoyez-nous votre appareil - nous nous occupons du reste.<\/p><\/div><\/div><\/div><\/div><\/div><\/div><\/div><\/div><\/div>\n\t\t\t\t\t<\/div>\n\t\t\t\t\t\t<\/div>\n\t\t\t\t<\/div>\n\t\t\t\t\t<\/div>\n\t\t\t\t<\/div>\n\t\t\t\t<\/div>\n\t\t\n    <div class=\"xs_social_share_widget xs_share_url after_content \t\tmain_content  wslu-style-1 wslu-share-box-shaped wslu-fill-colored wslu-none wslu-share-horizontal wslu-theme-font-no wslu-main_content\">\n\n\t\t\n        <ul>\n\t\t\t        <\/ul>\n    <\/div> \n","protected":false},"excerpt":{"rendered":"<p>Microsoft Surface Pro 7+ Micorosoft Surface Pro 7+ (LTE Advanced)Mod\u00e8le 1961 Micorsoft Surface Pro 7+ liste de prix de r\u00e9paration<\/p>\n","protected":false},"author":1,"featured_media":0,"parent":27545,"menu_order":0,"comment_status":"closed","ping_status":"closed","template":"","meta":{"postBodyCss":"","postBodyMargin":[],"postBodyPadding":[],"postBodyBackground":{"backgroundType":"classic","gradient":""},"footnotes":""},"class_list":["post-27675","page","type-page","status-publish","hentry"],"yoast_head":"<!-- This site is optimized with the Yoast SEO Premium plugin v26.8 (Yoast SEO v27.3) - https:\/\/yoast.com\/product\/yoast-seo-premium-wordpress\/ -->\n<title>R\u00e9paration Microsoft Surface Pro 7+ en Suisse<\/title>\n<meta name=\"description\" content=\"R\u00e9paration Microsoft Surface Pro 7+ en Suisse. Service rapide pour \u00e9cran, batterie, clavier et plus. Pi\u00e8ces d\u2019origine et garantie pour une r\u00e9paration fiable.\" \/>\n<meta name=\"robots\" content=\"index, follow, max-snippet:-1, max-image-preview:large, max-video-preview:-1\" \/>\n<link rel=\"canonical\" href=\"https:\/\/repairandshop.ch\/fr\/microsoft-surface\/surface-pro-7\/\" \/>\n<meta property=\"og:locale\" content=\"fr_FR\" \/>\n<meta property=\"og:type\" content=\"article\" \/>\n<meta property=\"og:title\" content=\"Surface Pro 7+\" \/>\n<meta property=\"og:description\" content=\"R\u00e9paration Microsoft Surface Pro 7+ en Suisse. Service rapide pour \u00e9cran, batterie, clavier et plus. Pi\u00e8ces d\u2019origine et garantie pour une r\u00e9paration fiable.\" \/>\n<meta property=\"og:url\" content=\"https:\/\/repairandshop.ch\/fr\/microsoft-surface\/surface-pro-7\/\" \/>\n<meta property=\"og:site_name\" content=\"repairandshop\" \/>\n<meta property=\"article:modified_time\" content=\"2025-06-01T21:04:34+00:00\" \/>\n<meta property=\"og:image\" content=\"https:\/\/repairandshop.ch\/wp-content\/uploads\/2025\/03\/Surface-Pro-Repair-Frebiurg-Germany-1.png\" \/>\n\t<meta property=\"og:image:width\" content=\"300\" \/>\n\t<meta property=\"og:image:height\" content=\"196\" \/>\n\t<meta property=\"og:image:type\" content=\"image\/png\" \/>\n<meta name=\"twitter:card\" content=\"summary_large_image\" \/>\n<meta name=\"twitter:label1\" content=\"Dur\u00e9e de lecture estim\u00e9e\" \/>\n\t<meta name=\"twitter:data1\" content=\"3 minutes\" \/>\n<!-- \/ Yoast SEO Premium plugin. -->","yoast_head_json":{"title":"R\u00e9paration Microsoft Surface Pro 7+ en Suisse","description":"R\u00e9paration Microsoft Surface Pro 7+ en Suisse. Service rapide pour \u00e9cran, batterie, clavier et plus. Pi\u00e8ces d\u2019origine et garantie pour une r\u00e9paration fiable.","robots":{"index":"index","follow":"follow","max-snippet":"max-snippet:-1","max-image-preview":"max-image-preview:large","max-video-preview":"max-video-preview:-1"},"canonical":"https:\/\/repairandshop.ch\/fr\/microsoft-surface\/surface-pro-7\/","og_locale":"fr_FR","og_type":"article","og_title":"Surface Pro 7+","og_description":"R\u00e9paration Microsoft Surface Pro 7+ en Suisse. Service rapide pour \u00e9cran, batterie, clavier et plus. Pi\u00e8ces d\u2019origine et garantie pour une r\u00e9paration fiable.","og_url":"https:\/\/repairandshop.ch\/fr\/microsoft-surface\/surface-pro-7\/","og_site_name":"repairandshop","article_modified_time":"2025-06-01T21:04:34+00:00","og_image":[{"width":300,"height":196,"url":"https:\/\/repairandshop.ch\/wp-content\/uploads\/2025\/03\/Surface-Pro-Repair-Frebiurg-Germany-1.png","type":"image\/png"}],"twitter_card":"summary_large_image","twitter_misc":{"Dur\u00e9e de lecture estim\u00e9e":"3 minutes"},"schema":{"@context":"https:\/\/schema.org","@graph":[{"@type":"WebPage","@id":"https:\/\/repairandshop.ch\/fr\/microsoft-surface\/surface-pro-7\/","url":"https:\/\/repairandshop.ch\/fr\/microsoft-surface\/surface-pro-7\/","name":"R\u00e9paration Microsoft Surface Pro 7+ en Suisse","isPartOf":{"@id":"https:\/\/repairandshop.ch\/fr\/#website"},"primaryImageOfPage":{"@id":"https:\/\/repairandshop.ch\/fr\/microsoft-surface\/surface-pro-7\/#primaryimage"},"image":{"@id":"https:\/\/repairandshop.ch\/fr\/microsoft-surface\/surface-pro-7\/#primaryimage"},"thumbnailUrl":"https:\/\/repairandshop.ch\/wp-content\/uploads\/2025\/03\/Surface-Pro-Repair-Frebiurg-Germany-1.png","datePublished":"2025-03-08T15:10:16+00:00","dateModified":"2025-06-01T21:04:34+00:00","description":"R\u00e9paration Microsoft Surface Pro 7+ en Suisse. Service rapide pour \u00e9cran, batterie, clavier et plus. Pi\u00e8ces d\u2019origine et garantie pour une r\u00e9paration fiable.","breadcrumb":{"@id":"https:\/\/repairandshop.ch\/fr\/microsoft-surface\/surface-pro-7\/#breadcrumb"},"inLanguage":"fr-FR","potentialAction":[{"@type":"ReadAction","target":["https:\/\/repairandshop.ch\/fr\/microsoft-surface\/surface-pro-7\/"]}]},{"@type":"ImageObject","inLanguage":"fr-FR","@id":"https:\/\/repairandshop.ch\/fr\/microsoft-surface\/surface-pro-7\/#primaryimage","url":"https:\/\/repairandshop.ch\/wp-content\/uploads\/2025\/03\/Surface-Pro-Repair-Frebiurg-Germany-1.png","contentUrl":"https:\/\/repairandshop.ch\/wp-content\/uploads\/2025\/03\/Surface-Pro-Repair-Frebiurg-Germany-1.png"},{"@type":"BreadcrumbList","@id":"https:\/\/repairandshop.ch\/fr\/microsoft-surface\/surface-pro-7\/#breadcrumb","itemListElement":[{"@type":"ListItem","position":1,"name":"Home","item":"https:\/\/repairandshop.ch\/fr\/"},{"@type":"ListItem","position":2,"name":"Microsoft Surface","item":"https:\/\/repairandshop.ch\/fr\/microsoft-surface\/"},{"@type":"ListItem","position":3,"name":"Surface Pro 7+"}]},{"@type":"WebSite","@id":"https:\/\/repairandshop.ch\/fr\/#website","url":"https:\/\/repairandshop.ch\/fr\/","name":"Repair And Shop","description":"","publisher":{"@id":"https:\/\/repairandshop.ch\/fr\/#organization"},"potentialAction":[{"@type":"SearchAction","target":{"@type":"EntryPoint","urlTemplate":"https:\/\/repairandshop.ch\/fr\/?s={search_term_string}"},"query-input":{"@type":"PropertyValueSpecification","valueRequired":true,"valueName":"search_term_string"}}],"inLanguage":"fr-FR"},{"@type":"Organization","@id":"https:\/\/repairandshop.ch\/fr\/#organization","name":"Repair And Shop","url":"https:\/\/repairandshop.ch\/fr\/","logo":{"@type":"ImageObject","inLanguage":"fr-FR","@id":"https:\/\/repairandshop.ch\/fr\/#\/schema\/logo\/image\/","url":"https:\/\/repairandshop.ch\/wp-content\/uploads\/2025\/02\/RepairandShop-Logo.png","contentUrl":"https:\/\/repairandshop.ch\/wp-content\/uploads\/2025\/02\/RepairandShop-Logo.png","width":834,"height":193,"caption":"Repair And Shop"},"image":{"@id":"https:\/\/repairandshop.ch\/fr\/#\/schema\/logo\/image\/"}}]}},"_links":{"self":[{"href":"https:\/\/repairandshop.ch\/fr\/wp-json\/wp\/v2\/pages\/27675","targetHints":{"allow":["GET"]}}],"collection":[{"href":"https:\/\/repairandshop.ch\/fr\/wp-json\/wp\/v2\/pages"}],"about":[{"href":"https:\/\/repairandshop.ch\/fr\/wp-json\/wp\/v2\/types\/page"}],"author":[{"embeddable":true,"href":"https:\/\/repairandshop.ch\/fr\/wp-json\/wp\/v2\/users\/1"}],"replies":[{"embeddable":true,"href":"https:\/\/repairandshop.ch\/fr\/wp-json\/wp\/v2\/comments?post=27675"}],"version-history":[{"count":0,"href":"https:\/\/repairandshop.ch\/fr\/wp-json\/wp\/v2\/pages\/27675\/revisions"}],"up":[{"embeddable":true,"href":"https:\/\/repairandshop.ch\/fr\/wp-json\/wp\/v2\/pages\/27545"}],"wp:attachment":[{"href":"https:\/\/repairandshop.ch\/fr\/wp-json\/wp\/v2\/media?parent=27675"}],"curies":[{"name":"wp","href":"https:\/\/api.w.org\/{rel}","templated":true}]}}