{"id":27677,"date":"2025-03-08T15:12:01","date_gmt":"2025-03-08T15:12:01","guid":{"rendered":"https:\/\/repairandshop.ch\/microsoft-surface\/surface-pro-7-2\/"},"modified":"2025-06-01T21:04:33","modified_gmt":"2025-06-01T21:04:33","slug":"surface-pro-7-2","status":"publish","type":"page","link":"https:\/\/repairandshop.ch\/fr\/microsoft-surface\/surface-pro-7-2\/","title":{"rendered":"Surface Pro 7"},"content":{"rendered":"\t\t<div data-elementor-type=\"wp-page\" data-elementor-id=\"27677\" class=\"elementor elementor-27677 elementor-16951\" data-elementor-post-type=\"page\">\n\t\t\t\t<div class=\"wd-negative-gap elementor-element elementor-element-28aff64 e-flex e-con-boxed e-con e-parent\" data-id=\"28aff64\" data-element_type=\"container\" data-e-type=\"container\" data-settings=\"{&quot;_ha_eqh_enable&quot;:false}\">\n\t\t\t\t\t<div class=\"e-con-inner\">\n\t\t\t\t<div class=\"elementor-element elementor-element-9ac07f8 elementor-widget elementor-widget-heading\" data-id=\"9ac07f8\" data-element_type=\"widget\" data-e-type=\"widget\" data-widget_type=\"heading.default\">\n\t\t\t\t<div class=\"elementor-widget-container\">\n\t\t\t\t\t<h2 class=\"elementor-heading-title elementor-size-default\">Microsoft Surface Pro 7 R\u00e9paration<\/h2>\t\t\t\t<\/div>\n\t\t\t\t<\/div>\n\t\t\t\t\t<\/div>\n\t\t\t\t<\/div>\n\t\t<div class=\"wd-negative-gap elementor-element elementor-element-c4693bd e-flex e-con-boxed e-con e-parent\" data-id=\"c4693bd\" data-element_type=\"container\" data-e-type=\"container\" data-settings=\"{&quot;background_background&quot;:&quot;classic&quot;,&quot;_ha_eqh_enable&quot;:false}\">\n\t\t\t\t\t<div class=\"e-con-inner\">\n\t\t<div class=\"elementor-element elementor-element-5a5c95a e-con-full e-flex e-con e-child\" data-id=\"5a5c95a\" data-element_type=\"container\" data-e-type=\"container\" data-settings=\"{&quot;_ha_eqh_enable&quot;:false}\">\n\t\t\t\t<div class=\"elementor-element elementor-element-ca082a0 elementor-widget elementor-widget-heading\" data-id=\"ca082a0\" data-element_type=\"widget\" data-e-type=\"widget\" data-widget_type=\"heading.default\">\n\t\t\t\t<div class=\"elementor-widget-container\">\n\t\t\t\t\t<h2 class=\"elementor-heading-title elementor-size-default\">Microsoft Surface Pro 7 R\u00e9paration<\/h2>\t\t\t\t<\/div>\n\t\t\t\t<\/div>\n\t\t\t\t<div class=\"elementor-element elementor-element-b7d08b0 elementor-widget elementor-widget-image\" data-id=\"b7d08b0\" data-element_type=\"widget\" data-e-type=\"widget\" data-widget_type=\"image.default\">\n\t\t\t\t<div class=\"elementor-widget-container\">\n\t\t\t\t\t\t\t\t\t\t\t\t\t\t\t<img loading=\"lazy\" decoding=\"async\" width=\"300\" height=\"196\" src=\"https:\/\/repairandshop.ch\/wp-content\/uploads\/2025\/03\/Surface-Pro-Repair-Frebiurg-Germany-1.png\" class=\"attachment-large size-large wp-image-26358\" alt=\"\" srcset=\"https:\/\/repairandshop.ch\/wp-content\/uploads\/2025\/03\/Surface-Pro-Repair-Frebiurg-Germany-1.png 300w, https:\/\/repairandshop.ch\/wp-content\/uploads\/2025\/03\/Surface-Pro-Repair-Frebiurg-Germany-1-150x98.png 150w\" sizes=\"auto, (max-width: 300px) 100vw, 300px\" \/>\t\t\t\t\t\t\t\t\t\t\t\t\t\t\t<\/div>\n\t\t\t\t<\/div>\n\t\t\t\t<div class=\"elementor-element elementor-element-db56abf elementor-widget elementor-widget-wd_text_block\" data-id=\"db56abf\" data-element_type=\"widget\" data-e-type=\"widget\" data-widget_type=\"wd_text_block.default\">\n\t\t\t\t<div class=\"elementor-widget-container\">\n\t\t\t\t\t\t\t<div class=\"wd-text-block reset-last-child text-center\">\n\t\t\t\n\t\t\t<p><strong>Mod\u00e8le 1866<\/strong><\/p>\n\t\t\t\t\t<\/div>\n\t\t\t\t\t\t<\/div>\n\t\t\t\t<\/div>\n\t\t\t\t<\/div>\n\t\t<div class=\"elementor-element elementor-element-025d350 e-con-full e-flex e-con e-child\" data-id=\"025d350\" data-element_type=\"container\" data-e-type=\"container\" data-settings=\"{&quot;_ha_eqh_enable&quot;:false}\">\n\t\t<div class=\"elementor-element elementor-element-a79f8ec e-con-full e-flex e-con e-child\" data-id=\"a79f8ec\" data-element_type=\"container\" data-e-type=\"container\" data-settings=\"{&quot;_ha_eqh_enable&quot;:false}\">\n\t\t\t\t<div class=\"elementor-element elementor-element-86d63d3 elementor-widget elementor-widget-wd_text_block\" data-id=\"86d63d3\" data-element_type=\"widget\" data-e-type=\"widget\" data-widget_type=\"wd_text_block.default\">\n\t\t\t\t<div class=\"elementor-widget-container\">\n\t\t\t\t\t\t\t<div class=\"wd-text-block reset-last-child text-left\">\n\t\t\t\n\t\t\t<h3 class=\"fl-callout-title\"><span class=\"fl-callout-title-text\">Microsoft Surface Pro 7 Liste de prix de r\u00e9paration<\/span><\/h3><div class=\"fl-callout-text-wrap\"><div class=\"fl-callout-text\"><table id=\"tablepress-278\" class=\"tablepress tablepress-id-278\"><tbody class=\"row-striping row-hover\"><tr class=\"row-1\"><td class=\"column-1\">Changement d'\u00e9cran (LCD + verre)<\/td><td class=\"column-2\">299 CHF<\/td><\/tr><tr class=\"row-2\"><td class=\"column-1\">Remplacement de l'accu en liaison avec l'\u00e9cran<\/td><td class=\"column-2\">119 CHF<\/td><\/tr><tr class=\"row-3\"><td class=\"column-1\">Remplacement de la batterie<\/td><td class=\"column-2\">259 CHF<\/td><\/tr><tr class=\"row-4\"><td class=\"column-1\">Remplacement du bo\u00eetier \u00e0 partir de<\/td><td class=\"column-2\">99 CHF<\/td><\/tr><tr class=\"row-5\"><td class=\"column-1\">Installation de Windows\/r\u00e9paration Surface<\/td><td class=\"column-2\">99 CHF<\/td><\/tr><tr class=\"row-6\"><td class=\"column-1\">Nettoyage int\u00e9rieur complet \u00e0 partir de (par ex. pour r\u00e9parer les d\u00e9g\u00e2ts des eaux)<\/td><td class=\"column-2\">x.xx<\/td><\/tr><\/tbody><\/table><\/div><\/div>\n\t\t\t\t\t<\/div>\n\t\t\t\t\t\t<\/div>\n\t\t\t\t<\/div>\n\t\t\t\t<\/div>\n\t\t\t\t<\/div>\n\t\t\t\t\t<\/div>\n\t\t\t\t<\/div>\n\t\t<div class=\"wd-negative-gap elementor-element elementor-element-e196aa3 e-flex e-con-boxed e-con e-parent\" data-id=\"e196aa3\" data-element_type=\"container\" data-e-type=\"container\" data-settings=\"{&quot;_ha_eqh_enable&quot;:false}\">\n\t\t\t\t\t<div class=\"e-con-inner\">\n\t\t<div class=\"elementor-element elementor-element-2428ff9 e-con-full e-flex e-con e-child\" data-id=\"2428ff9\" data-element_type=\"container\" data-e-type=\"container\" data-settings=\"{&quot;_ha_eqh_enable&quot;:false}\">\n\t\t\t\t<div class=\"elementor-element elementor-element-b52364e elementor-align-justify elementor-widget elementor-widget-button\" data-id=\"b52364e\" data-element_type=\"widget\" data-e-type=\"widget\" data-widget_type=\"button.default\">\n\t\t\t\t<div class=\"elementor-widget-container\">\n\t\t\t\t\t\t\t\t\t<div class=\"elementor-button-wrapper\">\n\t\t\t\t\t<a class=\"elementor-button elementor-button-link elementor-size-sm\" href=\"https:\/\/repairandshop.ch\/fr\/contact\/\">\n\t\t\t\t\t\t<span class=\"elementor-button-content-wrapper\">\n\t\t\t\t\t\t\t\t\t<span class=\"elementor-button-text\">Contact<\/span>\n\t\t\t\t\t<\/span>\n\t\t\t\t\t<\/a>\n\t\t\t\t<\/div>\n\t\t\t\t\t\t\t\t<\/div>\n\t\t\t\t<\/div>\n\t\t\t\t<\/div>\n\t\t<div class=\"elementor-element elementor-element-42aaa7a e-con-full e-flex e-con e-child\" data-id=\"42aaa7a\" data-element_type=\"container\" data-e-type=\"container\" data-settings=\"{&quot;_ha_eqh_enable&quot;:false}\">\n\t\t\t\t<div class=\"elementor-element elementor-element-778faf0 elementor-align-justify elementor-widget elementor-widget-button\" data-id=\"778faf0\" data-element_type=\"widget\" data-e-type=\"widget\" data-widget_type=\"button.default\">\n\t\t\t\t<div class=\"elementor-widget-container\">\n\t\t\t\t\t\t\t\t\t<div class=\"elementor-button-wrapper\">\n\t\t\t\t\t<a class=\"elementor-button elementor-button-link elementor-size-sm\" href=\"#\">\n\t\t\t\t\t\t<span class=\"elementor-button-content-wrapper\">\n\t\t\t\t\t\t\t\t\t<span class=\"elementor-button-text\">Informations<\/span>\n\t\t\t\t\t<\/span>\n\t\t\t\t\t<\/a>\n\t\t\t\t<\/div>\n\t\t\t\t\t\t\t\t<\/div>\n\t\t\t\t<\/div>\n\t\t\t\t<\/div>\n\t\t\t\t\t<\/div>\n\t\t\t\t<\/div>\n\t\t<div class=\"wd-negative-gap elementor-element elementor-element-0e7932c e-flex e-con-boxed e-con e-parent\" data-id=\"0e7932c\" data-element_type=\"container\" data-e-type=\"container\" data-settings=\"{&quot;_ha_eqh_enable&quot;:false}\">\n\t\t\t\t\t<div class=\"e-con-inner\">\n\t\t\t\t<div class=\"elementor-element elementor-element-03ea1bd elementor-widget elementor-widget-wd_text_block\" data-id=\"03ea1bd\" data-element_type=\"widget\" data-e-type=\"widget\" data-widget_type=\"wd_text_block.default\">\n\t\t\t\t<div class=\"elementor-widget-container\">\n\t\t\t\t\t\t\t<div class=\"wd-text-block reset-last-child text-left\">\n\t\t\t\n\t\t\t<div class=\"fl-row fl-row-fixed-width fl-row-bg-none fl-node-5df65a09b6ba5 fl-row-default-height fl-row-align-center\" data-node=\"5df65a09b6ba5\"><div class=\"fl-row-content-wrap\"><div class=\"fl-row-content fl-row-fixed-width fl-node-content\"><div class=\"fl-col-group fl-node-5df65a09ba1d8\" data-node=\"5df65a09ba1d8\"><div class=\"fl-col fl-node-5df65a09ba264 fl-col-bg-color\" data-node=\"5df65a09ba264\"><div class=\"fl-col-content fl-node-content\"><div class=\"fl-module fl-module-rich-text fl-node-5df65a09b687e\" data-node=\"5df65a09b687e\"><div class=\"fl-module-content fl-node-content\"><div class=\"fl-rich-text\"><h1 class=\"\" data-start=\"323\" data-end=\"386\">Microsoft Surface Pro 7 R\u00e9paration - Service sp\u00e9cialis\u00e9 dans toute la Suisse<\/h1><h2 class=\"\" data-start=\"388\" data-end=\"478\">R\u00e9paration fiable pour Microsoft Surface Pro 7 - rapide, comp\u00e9tente et dans toute la Suisse<\/h2><p class=\"\" data-start=\"480\" data-end=\"709\">Votre <strong data-start=\"484\" data-end=\"511\">Microsoft Surface Pro 7<\/strong> est en panne ? Que ce soit un <strong data-start=\"531\" data-end=\"555\">\u00e9cran fissur\u00e9<\/strong>, une <strong data-start=\"561\" data-end=\"579\">batterie faible<\/strong> ou un <strong data-start=\"589\" data-end=\"608\">probl\u00e8me mat\u00e9riel<\/strong> - nous sommes votre sp\u00e9cialiste pour la <strong data-start=\"643\" data-end=\"686\">r\u00e9paration des appareils Microsoft Surface<\/strong> dans toute la Suisse. <\/p><p class=\"\" data-start=\"711\" data-end=\"880\">Notre \u00e9quipe de techniciens qualifi\u00e9s effectue tous les travaux <strong data-start=\"766\" data-end=\"807\">rapidement, dans les r\u00e8gles de l'art et avec une garantie<\/strong> - pour que vous puissiez \u00e0 nouveau utiliser votre appareil le plus rapidement possible.<\/p><hr class=\"\" data-start=\"882\" data-end=\"885\"><h2 class=\"\" data-start=\"887\" data-end=\"941\">Nous r\u00e9parons professionnellement ces mod\u00e8les de surface :<\/h2><ul data-start=\"943\" data-end=\"1240\"><li class=\"\" data-start=\"943\" data-end=\"1020\"><p class=\"\" data-start=\"945\" data-end=\"1020\"><strong data-start=\"945\" data-end=\"960\">Surface Pro<\/strong>: Pro, Pro 2, Pro 3, Pro 4, Pro 5 (2017), Pro 6, <strong data-start=\"1009\" data-end=\"1018\">Pro 7<\/strong><\/p><\/li><li class=\"\" data-start=\"1021\" data-end=\"1055\"><p class=\"\" data-start=\"1023\" data-end=\"1055\"><strong data-start=\"1023\" data-end=\"1039\">Surface Book<\/strong>: Book, Book 2<\/p><\/li><li class=\"\" data-start=\"1056\" data-end=\"1096\"><p class=\"\" data-start=\"1058\" data-end=\"1096\"><strong data-start=\"1058\" data-end=\"1076\">Surface Laptop<\/strong>: Laptop, Laptop 2<\/p><\/li><li class=\"\" data-start=\"1097\" data-end=\"1137\"><p class=\"\" data-start=\"1099\" data-end=\"1137\"><strong data-start=\"1099\" data-end=\"1117\">Surface Studio<\/strong>: Studio, Studio 2<\/p><\/li><li class=\"\" data-start=\"1138\" data-end=\"1194\"><p class=\"\" data-start=\"1140\" data-end=\"1194\"><strong data-start=\"1140\" data-end=\"1154\">Surface RT<\/strong>, <strong data-start=\"1156\" data-end=\"1170\">Surface Go<\/strong>, Surface 2, Surface 3<\/p><\/li><li class=\"\" data-start=\"1195\" data-end=\"1240\"><p class=\"\" data-start=\"1197\" data-end=\"1240\">Tablettes Microsoft et de nombreux autres mod\u00e8les<\/p><\/li><\/ul><hr class=\"\" data-start=\"1242\" data-end=\"1245\"><h2 class=\"\" data-start=\"1247\" data-end=\"1300\">Service de r\u00e9paration disponible dans toute la Suisse<\/h2><p class=\"\" data-start=\"1302\" data-end=\"1632\">Nos services couvrent toute la Suisse. Que vous veniez de <strong data-start=\"1361\" data-end=\"1382\">La Chaux-de-Fonds<\/strong>, <strong data-start=\"1384\" data-end=\"1397\">Neuch\u00e2tel<\/strong>, <strong data-start=\"1399\" data-end=\"1413\">Interlaken<\/strong>, <strong data-start=\"1415\" data-end=\"1425\">Zurich<\/strong>, <strong data-start=\"1427\" data-end=\"1435\">Gen\u00e8ve<\/strong>, <strong data-start=\"1437\" data-end=\"1446\">B\u00e2le<\/strong>, <strong data-start=\"1448\" data-end=\"1460\">Lausanne<\/strong>, <strong data-start=\"1462\" data-end=\"1470\">Berne<\/strong>, <strong data-start=\"1472\" data-end=\"1486\">Winterthur<\/strong>, <strong data-start=\"1488\" data-end=\"1498\">Lucerne<\/strong>, <strong data-start=\"1500\" data-end=\"1514\">Saint-Gall<\/strong>, <strong data-start=\"1516\" data-end=\"1526\">Lugano<\/strong>, <strong data-start=\"1528\" data-end=\"1536\">Bienne<\/strong> ou <strong data-start=\"1542\" data-end=\"1554\">Fribourg<\/strong> - vous pouvez <strong data-start=\"1592\" data-end=\"1605\">envoyer<\/strong> votre appareil en toute simplicit\u00e9 ou le remettre en mains propres. <\/p><hr class=\"\" data-start=\"1634\" data-end=\"1637\"><h2 class=\"\" data-start=\"1639\" data-end=\"1667\">Voici comment se d\u00e9roule la r\u00e9paration<\/h2><h3 class=\"\" data-start=\"1669\" data-end=\"1695\">1. <strong data-start=\"1676\" data-end=\"1695\">analyse des dommages<\/strong><\/h3><p class=\"\" data-start=\"1697\" data-end=\"1883\">D\u00e8s que nous recevons votre <strong data-start=\"1708\" data-end=\"1735\">Microsoft Surface Pro 7<\/strong>, nous commen\u00e7ons imm\u00e9diatement une <strong data-start=\"1799\" data-end=\"1823\">analyse approfondie des dommages<\/strong> afin de d\u00e9terminer exactement quels composants sont concern\u00e9s.<\/p><h3 class=\"\" data-start=\"1885\" data-end=\"1925\">2. <strong data-start=\"1892\" data-end=\"1925\"> devisgratuit<\/strong><\/h3><p class=\"\" data-start=\"1927\" data-end=\"2079\">Les r\u00e9parations n\u00e9cessaires sont clairement document\u00e9es et r\u00e9sum\u00e9es dans un <strong data-start=\"1993\" data-end=\"2028\"> devistransparent<\/strong> - <strong data-start=\"2047\" data-end=\"2078\">gratuit et sans engagement<\/strong>.<\/p><h3 class=\"\" data-start=\"2081\" data-end=\"2113\">3. <strong data-start=\"2088\" data-end=\"2113\">rapidit\u00e9 d' ex\u00e9cution<\/strong><\/h3><p class=\"\" data-start=\"2115\" data-end=\"2247\">Apr\u00e8s votre autorisation , nous effectuons la r\u00e9paration <strong data-start=\"2160\" data-end=\"2189\">rapidement et de mani\u00e8re professionnelle<\/strong> - y compris un examen d\u00e9taill\u00e9 et un contr\u00f4le final.<\/p><hr class=\"\" data-start=\"2249\" data-end=\"2252\"><h2 class=\"\" data-start=\"2254\" data-end=\"2280\">Pourquoi les clients nous choisissent-ils?<\/h2><ul data-start=\"2282\" data-end=\"2554\"><li class=\"\" data-start=\"2282\" data-end=\"2354\"><p class=\"\" data-start=\"2284\" data-end=\"2354\"><strong data-start=\"2284\" data-end=\"2314\"> Analysegratuite des dommages<\/strong> et devis sans engagement<\/p><\/li><li class=\"\" data-start=\"2355\" data-end=\"2408\"><p class=\"\" data-start=\"2357\" data-end=\"2408\"><strong data-start=\"2357\" data-end=\"2378\"> Des prixattractifs<\/strong> et un traitement transparent<\/p><\/li><li class=\"\" data-start=\"2409\" data-end=\"2455\"><p class=\"\" data-start=\"2411\" data-end=\"2455\"><strong data-start=\"2411\" data-end=\"2432\">6 mois de garantie<\/strong> sur toutes les r\u00e9parations<\/p><\/li><li class=\"\" data-start=\"2456\" data-end=\"2511\"><p class=\"\" data-start=\"2458\" data-end=\"2511\">Longue exp\u00e9rience avec les appareils Microsoft Surface<\/p><\/li><li class=\"\" data-start=\"2512\" data-end=\"2554\"><p class=\"\" data-start=\"2514\" data-end=\"2554\">Service de r\u00e9paration dans toute la Suisse<\/p><\/li><\/ul><hr class=\"\" data-start=\"2556\" data-end=\"2559\"><h2 class=\"\" data-start=\"2561\" data-end=\"2601\">R\u00e9parations courantes pour Surface Pro 7<\/h2><ul data-start=\"2603\" data-end=\"2863\"><li class=\"\" data-start=\"2603\" data-end=\"2654\"><p class=\"\" data-start=\"2605\" data-end=\"2654\"><strong data-start=\"2605\" data-end=\"2652\">Remplacement de l'\u00e9cran en cas de casse ou de probl\u00e8mes tactiles<\/strong><\/p><\/li><li class=\"\" data-start=\"2655\" data-end=\"2695\"><p class=\"\" data-start=\"2657\" data-end=\"2695\"><strong data-start=\"2657\" data-end=\"2693\">Remplacement de la batterie en cas de perte de puissance<\/strong><\/p><\/li><li class=\"\" data-start=\"2696\" data-end=\"2734\"><p class=\"\" data-start=\"2698\" data-end=\"2734\"><strong data-start=\"2698\" data-end=\"2732\">Prise de charge d\u00e9fectueuse ou desserr\u00e9e<\/strong><\/p><\/li><li class=\"\" data-start=\"2735\" data-end=\"2766\"><p class=\"\" data-start=\"2737\" data-end=\"2766\"><strong data-start=\"2737\" data-end=\"2764\">R\u00e9paration de d\u00e9g\u00e2ts d'eau<\/strong><\/p><\/li><li class=\"\" data-start=\"2767\" data-end=\"2816\"><p class=\"\" data-start=\"2769\" data-end=\"2816\"><strong data-start=\"2769\" data-end=\"2814\">R\u00e9soudreles probl\u00e8mes logiciels et les erreurs syst\u00e8me<\/strong><\/p><\/li><li class=\"\" data-start=\"2817\" data-end=\"2863\"><p class=\"\" data-start=\"2819\" data-end=\"2863\"><strong data-start=\"2819\" data-end=\"2863\">R\u00e9parer les dommages du clavier ou du bo\u00eetier<\/strong><\/p><\/li><\/ul><hr class=\"\" data-start=\"2865\" data-end=\"2868\"><h2 class=\"\" data-start=\"2870\" data-end=\"2920\">R\u00e9parer la Surface Pro 7 de Microsoft en un clin d '\u0153il<\/h2><p class=\"\" data-start=\"2922\" data-end=\"3149\">Faites confiance \u00e0 un service de r\u00e9paration exp\u00e9riment\u00e9 pour les appareils Microsoft Surface - <strong data-start=\"3004\" data-end=\"3049\">rapide, s\u00fbr et disponible dans toute la Suisse<\/strong>. Contactez-nous d\u00e8s aujourd'hui ou envoyez-nous directement votre appareil. Nous nous occupons du reste.  <\/p><hr class=\"\" data-start=\"3151\" data-end=\"3154\"><p class=\"\" data-start=\"3156\" data-end=\"3467\"><strong data-start=\"3156\" data-end=\"3178\">Termes associ\u00e9s<\/strong>: mod\u00e8les Surface, r\u00e9paration batterie, r\u00e9paration tablette Microsoft, \u00e9cran cass\u00e9, r\u00e9paration Microsoft Surface Pro, Surface Book, r\u00e9paration Microsoft Surface, faire r\u00e9parer, Surface Studio, Surface Go, batterie Surface, r\u00e9paration tablette, envoyer r\u00e9paration, r\u00e9paration \u00e9cran Surface<\/p><hr class=\"\" data-start=\"3469\" data-end=\"3472\"><p class=\"\" data-start=\"3474\" data-end=\"3560\"> <\/p><\/div><\/div><\/div><\/div><\/div><\/div><\/div><\/div><\/div>\n\t\t\t\t\t<\/div>\n\t\t\t\t\t\t<\/div>\n\t\t\t\t<\/div>\n\t\t\t\t\t<\/div>\n\t\t\t\t<\/div>\n\t\t\t\t<\/div>\n\t\t\n    <div class=\"xs_social_share_widget xs_share_url after_content \t\tmain_content  wslu-style-1 wslu-share-box-shaped wslu-fill-colored wslu-none wslu-share-horizontal wslu-theme-font-no wslu-main_content\">\n\n\t\t\n        <ul>\n\t\t\t        <\/ul>\n    <\/div> \n","protected":false},"excerpt":{"rendered":"<p>Microsoft Surface Pro 7 R\u00e9paration Microsoft Surface Pro 7 R\u00e9paration Mod\u00e8le 1866 Microsoft Surface Pro 7 Liste de prix de<\/p>\n","protected":false},"author":1,"featured_media":0,"parent":27545,"menu_order":0,"comment_status":"closed","ping_status":"closed","template":"","meta":{"postBodyCss":"","postBodyMargin":[],"postBodyPadding":[],"postBodyBackground":{"backgroundType":"classic","gradient":""},"footnotes":""},"class_list":["post-27677","page","type-page","status-publish","hentry"],"yoast_head":"<!-- This site is optimized with the Yoast SEO Premium plugin v26.8 (Yoast SEO v27.3) - https:\/\/yoast.com\/product\/yoast-seo-premium-wordpress\/ -->\n<title>R\u00e9paration Microsoft Surface Pro 7 en Suisse<\/title>\n<meta name=\"description\" content=\"R\u00e9paration Microsoft Surface Pro 7 en Suisse. Service rapide pour \u00e9cran, batterie, clavier et plus. Pi\u00e8ces d\u2019origine et garantie pour une r\u00e9paration fiable.\" \/>\n<meta name=\"robots\" content=\"index, follow, max-snippet:-1, max-image-preview:large, max-video-preview:-1\" \/>\n<link rel=\"canonical\" href=\"https:\/\/repairandshop.ch\/fr\/microsoft-surface\/surface-pro-7-2\/\" \/>\n<meta property=\"og:locale\" content=\"fr_FR\" \/>\n<meta property=\"og:type\" content=\"article\" \/>\n<meta property=\"og:title\" content=\"Surface Pro 7\" \/>\n<meta property=\"og:description\" content=\"R\u00e9paration Microsoft Surface Pro 7 en Suisse. Service rapide pour \u00e9cran, batterie, clavier et plus. Pi\u00e8ces d\u2019origine et garantie pour une r\u00e9paration fiable.\" \/>\n<meta property=\"og:url\" content=\"https:\/\/repairandshop.ch\/fr\/microsoft-surface\/surface-pro-7-2\/\" \/>\n<meta property=\"og:site_name\" content=\"repairandshop\" \/>\n<meta property=\"article:modified_time\" content=\"2025-06-01T21:04:33+00:00\" \/>\n<meta property=\"og:image\" content=\"https:\/\/repairandshop.ch\/wp-content\/uploads\/2025\/03\/Surface-Pro-Repair-Frebiurg-Germany-1.png\" \/>\n\t<meta property=\"og:image:width\" content=\"300\" \/>\n\t<meta property=\"og:image:height\" content=\"196\" \/>\n\t<meta property=\"og:image:type\" content=\"image\/png\" \/>\n<meta name=\"twitter:card\" content=\"summary_large_image\" \/>\n<meta name=\"twitter:label1\" content=\"Dur\u00e9e de lecture estim\u00e9e\" \/>\n\t<meta name=\"twitter:data1\" content=\"3 minutes\" \/>\n<!-- \/ Yoast SEO Premium plugin. -->","yoast_head_json":{"title":"R\u00e9paration Microsoft Surface Pro 7 en Suisse","description":"R\u00e9paration Microsoft Surface Pro 7 en Suisse. Service rapide pour \u00e9cran, batterie, clavier et plus. Pi\u00e8ces d\u2019origine et garantie pour une r\u00e9paration fiable.","robots":{"index":"index","follow":"follow","max-snippet":"max-snippet:-1","max-image-preview":"max-image-preview:large","max-video-preview":"max-video-preview:-1"},"canonical":"https:\/\/repairandshop.ch\/fr\/microsoft-surface\/surface-pro-7-2\/","og_locale":"fr_FR","og_type":"article","og_title":"Surface Pro 7","og_description":"R\u00e9paration Microsoft Surface Pro 7 en Suisse. Service rapide pour \u00e9cran, batterie, clavier et plus. Pi\u00e8ces d\u2019origine et garantie pour une r\u00e9paration fiable.","og_url":"https:\/\/repairandshop.ch\/fr\/microsoft-surface\/surface-pro-7-2\/","og_site_name":"repairandshop","article_modified_time":"2025-06-01T21:04:33+00:00","og_image":[{"width":300,"height":196,"url":"https:\/\/repairandshop.ch\/wp-content\/uploads\/2025\/03\/Surface-Pro-Repair-Frebiurg-Germany-1.png","type":"image\/png"}],"twitter_card":"summary_large_image","twitter_misc":{"Dur\u00e9e de lecture estim\u00e9e":"3 minutes"},"schema":{"@context":"https:\/\/schema.org","@graph":[{"@type":"WebPage","@id":"https:\/\/repairandshop.ch\/fr\/microsoft-surface\/surface-pro-7-2\/","url":"https:\/\/repairandshop.ch\/fr\/microsoft-surface\/surface-pro-7-2\/","name":"R\u00e9paration Microsoft Surface Pro 7 en Suisse","isPartOf":{"@id":"https:\/\/repairandshop.ch\/fr\/#website"},"primaryImageOfPage":{"@id":"https:\/\/repairandshop.ch\/fr\/microsoft-surface\/surface-pro-7-2\/#primaryimage"},"image":{"@id":"https:\/\/repairandshop.ch\/fr\/microsoft-surface\/surface-pro-7-2\/#primaryimage"},"thumbnailUrl":"https:\/\/repairandshop.ch\/wp-content\/uploads\/2025\/03\/Surface-Pro-Repair-Frebiurg-Germany-1.png","datePublished":"2025-03-08T15:12:01+00:00","dateModified":"2025-06-01T21:04:33+00:00","description":"R\u00e9paration Microsoft Surface Pro 7 en Suisse. Service rapide pour \u00e9cran, batterie, clavier et plus. Pi\u00e8ces d\u2019origine et garantie pour une r\u00e9paration fiable.","breadcrumb":{"@id":"https:\/\/repairandshop.ch\/fr\/microsoft-surface\/surface-pro-7-2\/#breadcrumb"},"inLanguage":"fr-FR","potentialAction":[{"@type":"ReadAction","target":["https:\/\/repairandshop.ch\/fr\/microsoft-surface\/surface-pro-7-2\/"]}]},{"@type":"ImageObject","inLanguage":"fr-FR","@id":"https:\/\/repairandshop.ch\/fr\/microsoft-surface\/surface-pro-7-2\/#primaryimage","url":"https:\/\/repairandshop.ch\/wp-content\/uploads\/2025\/03\/Surface-Pro-Repair-Frebiurg-Germany-1.png","contentUrl":"https:\/\/repairandshop.ch\/wp-content\/uploads\/2025\/03\/Surface-Pro-Repair-Frebiurg-Germany-1.png"},{"@type":"BreadcrumbList","@id":"https:\/\/repairandshop.ch\/fr\/microsoft-surface\/surface-pro-7-2\/#breadcrumb","itemListElement":[{"@type":"ListItem","position":1,"name":"Home","item":"https:\/\/repairandshop.ch\/fr\/"},{"@type":"ListItem","position":2,"name":"Microsoft Surface","item":"https:\/\/repairandshop.ch\/fr\/microsoft-surface\/"},{"@type":"ListItem","position":3,"name":"Surface Pro 7"}]},{"@type":"WebSite","@id":"https:\/\/repairandshop.ch\/fr\/#website","url":"https:\/\/repairandshop.ch\/fr\/","name":"Repair And Shop","description":"","publisher":{"@id":"https:\/\/repairandshop.ch\/fr\/#organization"},"potentialAction":[{"@type":"SearchAction","target":{"@type":"EntryPoint","urlTemplate":"https:\/\/repairandshop.ch\/fr\/?s={search_term_string}"},"query-input":{"@type":"PropertyValueSpecification","valueRequired":true,"valueName":"search_term_string"}}],"inLanguage":"fr-FR"},{"@type":"Organization","@id":"https:\/\/repairandshop.ch\/fr\/#organization","name":"Repair And Shop","url":"https:\/\/repairandshop.ch\/fr\/","logo":{"@type":"ImageObject","inLanguage":"fr-FR","@id":"https:\/\/repairandshop.ch\/fr\/#\/schema\/logo\/image\/","url":"https:\/\/repairandshop.ch\/wp-content\/uploads\/2025\/02\/RepairandShop-Logo.png","contentUrl":"https:\/\/repairandshop.ch\/wp-content\/uploads\/2025\/02\/RepairandShop-Logo.png","width":834,"height":193,"caption":"Repair And Shop"},"image":{"@id":"https:\/\/repairandshop.ch\/fr\/#\/schema\/logo\/image\/"}}]}},"_links":{"self":[{"href":"https:\/\/repairandshop.ch\/fr\/wp-json\/wp\/v2\/pages\/27677","targetHints":{"allow":["GET"]}}],"collection":[{"href":"https:\/\/repairandshop.ch\/fr\/wp-json\/wp\/v2\/pages"}],"about":[{"href":"https:\/\/repairandshop.ch\/fr\/wp-json\/wp\/v2\/types\/page"}],"author":[{"embeddable":true,"href":"https:\/\/repairandshop.ch\/fr\/wp-json\/wp\/v2\/users\/1"}],"replies":[{"embeddable":true,"href":"https:\/\/repairandshop.ch\/fr\/wp-json\/wp\/v2\/comments?post=27677"}],"version-history":[{"count":0,"href":"https:\/\/repairandshop.ch\/fr\/wp-json\/wp\/v2\/pages\/27677\/revisions"}],"up":[{"embeddable":true,"href":"https:\/\/repairandshop.ch\/fr\/wp-json\/wp\/v2\/pages\/27545"}],"wp:attachment":[{"href":"https:\/\/repairandshop.ch\/fr\/wp-json\/wp\/v2\/media?parent=27677"}],"curies":[{"name":"wp","href":"https:\/\/api.w.org\/{rel}","templated":true}]}}