{"id":27695,"date":"2025-03-02T16:39:05","date_gmt":"2025-03-02T16:39:05","guid":{"rendered":"https:\/\/repairandshop.ch\/motorola-g-serie\/"},"modified":"2025-05-09T20:38:57","modified_gmt":"2025-05-09T20:38:57","slug":"motorola-g-serie","status":"publish","type":"page","link":"https:\/\/repairandshop.ch\/fr\/motorola-g-serie\/","title":{"rendered":"Motorola G S\u00e9rie"},"content":{"rendered":"\t\t<div data-elementor-type=\"wp-page\" data-elementor-id=\"27695\" class=\"elementor elementor-27695 elementor-15728\" data-elementor-post-type=\"page\">\n\t\t\t\t<div class=\"wd-negative-gap elementor-element elementor-element-28aff64 e-flex e-con-boxed e-con e-parent\" data-id=\"28aff64\" data-element_type=\"container\" data-e-type=\"container\" data-settings=\"{&quot;_ha_eqh_enable&quot;:false}\">\n\t\t\t\t\t<div class=\"e-con-inner\">\n\t\t\t\t<div class=\"elementor-element elementor-element-9ac07f8 elementor-widget elementor-widget-heading\" data-id=\"9ac07f8\" data-element_type=\"widget\" data-e-type=\"widget\" data-widget_type=\"heading.default\">\n\t\t\t\t<div class=\"elementor-widget-container\">\n\t\t\t\t\t<h2 class=\"elementor-heading-title elementor-size-default\">Motorola G S\u00e9rie<\/h2>\t\t\t\t<\/div>\n\t\t\t\t<\/div>\n\t\t\t\t\t<\/div>\n\t\t\t\t<\/div>\n\t\t<div class=\"elementor-element elementor-element-b9a5b81 e-grid e-con-full e-con e-parent\" data-id=\"b9a5b81\" data-element_type=\"container\" data-e-type=\"container\" data-settings=\"{&quot;_ha_eqh_enable&quot;:false}\">\n\t\t\t\t<div class=\"elementor-element elementor-element-782ebba ha-has-bg-overlay elementor-widget elementor-widget-image\" data-id=\"782ebba\" data-element_type=\"widget\" data-e-type=\"widget\" data-widget_type=\"image.default\">\n\t\t\t\t<div class=\"elementor-widget-container\">\n\t\t\t\t\t\t\t\t\t\t\t\t<figure class=\"wp-caption\">\n\t\t\t\t\t\t\t\t\t\t\t<a href=\"https:\/\/repairandshop.ch\/motorola-g-series\/g9-power-reparatur\/\">\n\t\t\t\t\t\t\t<img loading=\"lazy\" decoding=\"async\" width=\"150\" height=\"150\" src=\"https:\/\/repairandshop.ch\/wp-content\/uploads\/2025\/03\/Motorola-Moto-G9-Power-1.png\" class=\"attachment-full size-full wp-image-25710\" alt=\"\" \/>\t\t\t\t\t\t\t\t<\/a>\n\t\t\t\t\t\t\t\t\t\t\t<figcaption class=\"widget-image-caption wp-caption-text\">G9 Power<\/figcaption>\n\t\t\t\t\t\t\t\t\t\t<\/figure>\n\t\t\t\t\t\t\t\t\t<\/div>\n\t\t\t\t<\/div>\n\t\t\t\t<div class=\"elementor-element elementor-element-533dc4e ha-has-bg-overlay elementor-widget elementor-widget-image\" data-id=\"533dc4e\" data-element_type=\"widget\" data-e-type=\"widget\" data-widget_type=\"image.default\">\n\t\t\t\t<div class=\"elementor-widget-container\">\n\t\t\t\t\t\t\t\t\t\t\t\t<figure class=\"wp-caption\">\n\t\t\t\t\t\t\t\t\t\t\t<a href=\"https:\/\/repairandshop.ch\/motorola-g-series\/g9-play-reparatur\/\">\n\t\t\t\t\t\t\t<img loading=\"lazy\" decoding=\"async\" width=\"150\" height=\"150\" src=\"https:\/\/repairandshop.ch\/wp-content\/uploads\/2025\/03\/Motorola-Moto-G9-Play.jpg\" class=\"attachment-full size-full wp-image-25707\" alt=\"\" \/>\t\t\t\t\t\t\t\t<\/a>\n\t\t\t\t\t\t\t\t\t\t\t<figcaption class=\"widget-image-caption wp-caption-text\">G9 Play<\/figcaption>\n\t\t\t\t\t\t\t\t\t\t<\/figure>\n\t\t\t\t\t\t\t\t\t<\/div>\n\t\t\t\t<\/div>\n\t\t\t\t<div class=\"elementor-element elementor-element-c652db0 ha-has-bg-overlay elementor-widget elementor-widget-image\" data-id=\"c652db0\" data-element_type=\"widget\" data-e-type=\"widget\" data-widget_type=\"image.default\">\n\t\t\t\t<div class=\"elementor-widget-container\">\n\t\t\t\t\t\t\t\t\t\t\t\t<figure class=\"wp-caption\">\n\t\t\t\t\t\t\t\t\t\t\t<a href=\"https:\/\/repairandshop.ch\/motorola-g-series\/g8-power-lite-reparatur\/\">\n\t\t\t\t\t\t\t<img loading=\"lazy\" decoding=\"async\" width=\"150\" height=\"150\" src=\"https:\/\/repairandshop.ch\/wp-content\/uploads\/2025\/03\/Motorola-Moto-G8-Power-Lite.jpg\" class=\"attachment-full size-full wp-image-25704\" alt=\"\" \/>\t\t\t\t\t\t\t\t<\/a>\n\t\t\t\t\t\t\t\t\t\t\t<figcaption class=\"widget-image-caption wp-caption-text\">G8 Power Lite<\/figcaption>\n\t\t\t\t\t\t\t\t\t\t<\/figure>\n\t\t\t\t\t\t\t\t\t<\/div>\n\t\t\t\t<\/div>\n\t\t\t\t<div class=\"elementor-element elementor-element-ebd3831 ha-has-bg-overlay elementor-widget elementor-widget-image\" data-id=\"ebd3831\" data-element_type=\"widget\" data-e-type=\"widget\" data-widget_type=\"image.default\">\n\t\t\t\t<div class=\"elementor-widget-container\">\n\t\t\t\t\t\t\t\t\t\t\t\t<figure class=\"wp-caption\">\n\t\t\t\t\t\t\t\t\t\t\t<a href=\"https:\/\/repairandshop.ch\/motorola-g-series\/g8-power-reparatur\/\">\n\t\t\t\t\t\t\t<img loading=\"lazy\" decoding=\"async\" width=\"150\" height=\"150\" src=\"https:\/\/repairandshop.ch\/wp-content\/uploads\/2025\/03\/Motorola-Moto-G8-Power.jpg\" class=\"attachment-full size-full wp-image-25701\" alt=\"\" \/>\t\t\t\t\t\t\t\t<\/a>\n\t\t\t\t\t\t\t\t\t\t\t<figcaption class=\"widget-image-caption wp-caption-text\">G8 Power<\/figcaption>\n\t\t\t\t\t\t\t\t\t\t<\/figure>\n\t\t\t\t\t\t\t\t\t<\/div>\n\t\t\t\t<\/div>\n\t\t\t\t<div class=\"elementor-element elementor-element-ce302d5 ha-has-bg-overlay elementor-widget elementor-widget-image\" data-id=\"ce302d5\" data-element_type=\"widget\" data-e-type=\"widget\" data-widget_type=\"image.default\">\n\t\t\t\t<div class=\"elementor-widget-container\">\n\t\t\t\t\t\t\t\t\t\t\t\t<figure class=\"wp-caption\">\n\t\t\t\t\t\t\t\t\t\t\t<a href=\"https:\/\/repairandshop.ch\/motorola-g-series\/g8-plus-reparatur\/\">\n\t\t\t\t\t\t\t<img loading=\"lazy\" decoding=\"async\" width=\"150\" height=\"150\" src=\"https:\/\/repairandshop.ch\/wp-content\/uploads\/2025\/03\/Motorola-G8-Plus.png\" class=\"attachment-full size-full wp-image-25698\" alt=\"\" \/>\t\t\t\t\t\t\t\t<\/a>\n\t\t\t\t\t\t\t\t\t\t\t<figcaption class=\"widget-image-caption wp-caption-text\">G8 Plus<\/figcaption>\n\t\t\t\t\t\t\t\t\t\t<\/figure>\n\t\t\t\t\t\t\t\t\t<\/div>\n\t\t\t\t<\/div>\n\t\t\t\t<div class=\"elementor-element elementor-element-906fc32 ha-has-bg-overlay elementor-widget elementor-widget-image\" data-id=\"906fc32\" data-element_type=\"widget\" data-e-type=\"widget\" data-widget_type=\"image.default\">\n\t\t\t\t<div class=\"elementor-widget-container\">\n\t\t\t\t\t\t\t\t\t\t\t\t<figure class=\"wp-caption\">\n\t\t\t\t\t\t\t\t\t\t\t<a href=\"https:\/\/repairandshop.ch\/motorola-g-series\/g8-reparatur\/\">\n\t\t\t\t\t\t\t<img loading=\"lazy\" decoding=\"async\" width=\"150\" height=\"150\" src=\"https:\/\/repairandshop.ch\/wp-content\/uploads\/2025\/03\/motorola-moto-g8.jpg\" class=\"attachment-full size-full wp-image-25695\" alt=\"\" \/>\t\t\t\t\t\t\t\t<\/a>\n\t\t\t\t\t\t\t\t\t\t\t<figcaption class=\"widget-image-caption wp-caption-text\">G8<\/figcaption>\n\t\t\t\t\t\t\t\t\t\t<\/figure>\n\t\t\t\t\t\t\t\t\t<\/div>\n\t\t\t\t<\/div>\n\t\t\t\t<div class=\"elementor-element elementor-element-9531322 ha-has-bg-overlay elementor-widget elementor-widget-image\" data-id=\"9531322\" data-element_type=\"widget\" data-e-type=\"widget\" data-widget_type=\"image.default\">\n\t\t\t\t<div class=\"elementor-widget-container\">\n\t\t\t\t\t\t\t\t\t\t\t\t<figure class=\"wp-caption\">\n\t\t\t\t\t\t\t\t\t\t\t<a href=\"https:\/\/repairandshop.ch\/motorola-g-series\/g7-power-reparatur\/\">\n\t\t\t\t\t\t\t<img loading=\"lazy\" decoding=\"async\" width=\"150\" height=\"150\" src=\"https:\/\/repairandshop.ch\/wp-content\/uploads\/2025\/03\/Motorola-Moto-G7-Power.jpg\" class=\"attachment-full size-full wp-image-25692\" alt=\"\" \/>\t\t\t\t\t\t\t\t<\/a>\n\t\t\t\t\t\t\t\t\t\t\t<figcaption class=\"widget-image-caption wp-caption-text\">G7 Power<\/figcaption>\n\t\t\t\t\t\t\t\t\t\t<\/figure>\n\t\t\t\t\t\t\t\t\t<\/div>\n\t\t\t\t<\/div>\n\t\t\t\t<div class=\"elementor-element elementor-element-94fe87a ha-has-bg-overlay elementor-widget elementor-widget-image\" data-id=\"94fe87a\" data-element_type=\"widget\" data-e-type=\"widget\" data-widget_type=\"image.default\">\n\t\t\t\t<div class=\"elementor-widget-container\">\n\t\t\t\t\t\t\t\t\t\t\t\t<figure class=\"wp-caption\">\n\t\t\t\t\t\t\t\t\t\t\t<a href=\"https:\/\/repairandshop.ch\/motorola-g-series\/g7-plus-reparatur\/\">\n\t\t\t\t\t\t\t<img loading=\"lazy\" decoding=\"async\" width=\"150\" height=\"150\" src=\"https:\/\/repairandshop.ch\/wp-content\/uploads\/2025\/03\/Motorola-Moto-G7-Plus.jpg\" class=\"attachment-full size-full wp-image-25689\" alt=\"\" \/>\t\t\t\t\t\t\t\t<\/a>\n\t\t\t\t\t\t\t\t\t\t\t<figcaption class=\"widget-image-caption wp-caption-text\">G7 Plus<\/figcaption>\n\t\t\t\t\t\t\t\t\t\t<\/figure>\n\t\t\t\t\t\t\t\t\t<\/div>\n\t\t\t\t<\/div>\n\t\t\t\t<div class=\"elementor-element elementor-element-e52897b ha-has-bg-overlay elementor-widget elementor-widget-image\" data-id=\"e52897b\" data-element_type=\"widget\" data-e-type=\"widget\" data-widget_type=\"image.default\">\n\t\t\t\t<div class=\"elementor-widget-container\">\n\t\t\t\t\t\t\t\t\t\t\t\t<figure class=\"wp-caption\">\n\t\t\t\t\t\t\t\t\t\t\t<a href=\"https:\/\/repairandshop.ch\/motorola-g-series\/g-serie-reparatur-g7-play-reparatur\/\">\n\t\t\t\t\t\t\t<img loading=\"lazy\" decoding=\"async\" width=\"150\" height=\"150\" src=\"https:\/\/repairandshop.ch\/wp-content\/uploads\/2025\/03\/Motorola-Moto-G7-Play.jpg\" class=\"attachment-full size-full wp-image-25686\" alt=\"\" \/>\t\t\t\t\t\t\t\t<\/a>\n\t\t\t\t\t\t\t\t\t\t\t<figcaption class=\"widget-image-caption wp-caption-text\">G7 Play<\/figcaption>\n\t\t\t\t\t\t\t\t\t\t<\/figure>\n\t\t\t\t\t\t\t\t\t<\/div>\n\t\t\t\t<\/div>\n\t\t\t\t<div class=\"elementor-element elementor-element-71ff4e7 ha-has-bg-overlay elementor-widget elementor-widget-image\" data-id=\"71ff4e7\" data-element_type=\"widget\" data-e-type=\"widget\" data-widget_type=\"image.default\">\n\t\t\t\t<div class=\"elementor-widget-container\">\n\t\t\t\t\t\t\t\t\t\t\t\t<figure class=\"wp-caption\">\n\t\t\t\t\t\t\t\t\t\t\t<a href=\"https:\/\/repairandshop.ch\/motorola-g-series\/g7-reparatur\/\">\n\t\t\t\t\t\t\t<img loading=\"lazy\" decoding=\"async\" width=\"150\" height=\"150\" src=\"https:\/\/repairandshop.ch\/wp-content\/uploads\/2025\/03\/Motorola-Moto-G7.jpg\" class=\"attachment-full size-full wp-image-25683\" alt=\"\" \/>\t\t\t\t\t\t\t\t<\/a>\n\t\t\t\t\t\t\t\t\t\t\t<figcaption class=\"widget-image-caption wp-caption-text\">G7<\/figcaption>\n\t\t\t\t\t\t\t\t\t\t<\/figure>\n\t\t\t\t\t\t\t\t\t<\/div>\n\t\t\t\t<\/div>\n\t\t\t\t<div class=\"elementor-element elementor-element-36ca7ba ha-has-bg-overlay elementor-widget elementor-widget-image\" data-id=\"36ca7ba\" data-element_type=\"widget\" data-e-type=\"widget\" data-widget_type=\"image.default\">\n\t\t\t\t<div class=\"elementor-widget-container\">\n\t\t\t\t\t\t\t\t\t\t\t\t<figure class=\"wp-caption\">\n\t\t\t\t\t\t\t\t\t\t\t<a href=\"https:\/\/repairandshop.ch\/motorola-g-series\/g6-plus-reparatur\/\">\n\t\t\t\t\t\t\t<img loading=\"lazy\" decoding=\"async\" width=\"150\" height=\"150\" src=\"https:\/\/repairandshop.ch\/wp-content\/uploads\/2025\/03\/motorola-moto-g6-plus.jpg\" class=\"attachment-full size-full wp-image-25680\" alt=\"\" \/>\t\t\t\t\t\t\t\t<\/a>\n\t\t\t\t\t\t\t\t\t\t\t<figcaption class=\"widget-image-caption wp-caption-text\">G6 Plus<\/figcaption>\n\t\t\t\t\t\t\t\t\t\t<\/figure>\n\t\t\t\t\t\t\t\t\t<\/div>\n\t\t\t\t<\/div>\n\t\t\t\t<div class=\"elementor-element elementor-element-4b6bb62 ha-has-bg-overlay elementor-widget elementor-widget-image\" data-id=\"4b6bb62\" data-element_type=\"widget\" data-e-type=\"widget\" data-widget_type=\"image.default\">\n\t\t\t\t<div class=\"elementor-widget-container\">\n\t\t\t\t\t\t\t\t\t\t\t\t<figure class=\"wp-caption\">\n\t\t\t\t\t\t\t\t\t\t\t<a href=\"https:\/\/repairandshop.ch\/motorola-g-series\/g6-reparatur\/\">\n\t\t\t\t\t\t\t<img loading=\"lazy\" decoding=\"async\" width=\"150\" height=\"150\" src=\"https:\/\/repairandshop.ch\/wp-content\/uploads\/2025\/03\/Motrola-Moto-G6.jpg\" class=\"attachment-full size-full wp-image-25677\" alt=\"\" \/>\t\t\t\t\t\t\t\t<\/a>\n\t\t\t\t\t\t\t\t\t\t\t<figcaption class=\"widget-image-caption wp-caption-text\">G6<\/figcaption>\n\t\t\t\t\t\t\t\t\t\t<\/figure>\n\t\t\t\t\t\t\t\t\t<\/div>\n\t\t\t\t<\/div>\n\t\t\t\t<div class=\"elementor-element elementor-element-92f8885 ha-has-bg-overlay elementor-widget elementor-widget-image\" data-id=\"92f8885\" data-element_type=\"widget\" data-e-type=\"widget\" data-widget_type=\"image.default\">\n\t\t\t\t<div class=\"elementor-widget-container\">\n\t\t\t\t\t\t\t\t\t\t\t\t<figure class=\"wp-caption\">\n\t\t\t\t\t\t\t\t\t\t\t<a href=\"https:\/\/repairandshop.ch\/motorola-g-series\/g100-reparatur\/\">\n\t\t\t\t\t\t\t<img loading=\"lazy\" decoding=\"async\" width=\"150\" height=\"150\" src=\"https:\/\/repairandshop.ch\/wp-content\/uploads\/2025\/03\/Motorola-Moto-G100.jpg\" class=\"attachment-full size-full wp-image-25674\" alt=\"\" \/>\t\t\t\t\t\t\t\t<\/a>\n\t\t\t\t\t\t\t\t\t\t\t<figcaption class=\"widget-image-caption wp-caption-text\">G100<\/figcaption>\n\t\t\t\t\t\t\t\t\t\t<\/figure>\n\t\t\t\t\t\t\t\t\t<\/div>\n\t\t\t\t<\/div>\n\t\t\t\t<div class=\"elementor-element elementor-element-6ef24a0 ha-has-bg-overlay elementor-widget elementor-widget-image\" data-id=\"6ef24a0\" data-element_type=\"widget\" data-e-type=\"widget\" data-widget_type=\"image.default\">\n\t\t\t\t<div class=\"elementor-widget-container\">\n\t\t\t\t\t\t\t\t\t\t\t\t<figure class=\"wp-caption\">\n\t\t\t\t\t\t\t\t\t\t\t<a href=\"https:\/\/repairandshop.ch\/motorola-g-series\/g-5g-plus-reparatur\/\">\n\t\t\t\t\t\t\t<img loading=\"lazy\" decoding=\"async\" width=\"150\" height=\"150\" src=\"https:\/\/repairandshop.ch\/wp-content\/uploads\/2025\/03\/motorola-moto-g-5g-plus.jpg\" class=\"attachment-full size-full wp-image-25671\" alt=\"\" \/>\t\t\t\t\t\t\t\t<\/a>\n\t\t\t\t\t\t\t\t\t\t\t<figcaption class=\"widget-image-caption wp-caption-text\">G 5G Plus<\/figcaption>\n\t\t\t\t\t\t\t\t\t\t<\/figure>\n\t\t\t\t\t\t\t\t\t<\/div>\n\t\t\t\t<\/div>\n\t\t\t\t<div class=\"elementor-element elementor-element-f7c8a0d ha-has-bg-overlay elementor-widget elementor-widget-image\" data-id=\"f7c8a0d\" data-element_type=\"widget\" data-e-type=\"widget\" data-widget_type=\"image.default\">\n\t\t\t\t<div class=\"elementor-widget-container\">\n\t\t\t\t\t\t\t\t\t\t\t\t<figure class=\"wp-caption\">\n\t\t\t\t\t\t\t\t\t\t\t<a href=\"https:\/\/repairandshop.ch\/motorola-g-series\/g-5g-reparatur\/\">\n\t\t\t\t\t\t\t<img loading=\"lazy\" decoding=\"async\" width=\"150\" height=\"150\" src=\"https:\/\/repairandshop.ch\/wp-content\/uploads\/2025\/03\/Motorola-Moto-G-5G.jpg\" class=\"attachment-full size-full wp-image-25668\" alt=\"\" \/>\t\t\t\t\t\t\t\t<\/a>\n\t\t\t\t\t\t\t\t\t\t\t<figcaption class=\"widget-image-caption wp-caption-text\">G 5G<\/figcaption>\n\t\t\t\t\t\t\t\t\t\t<\/figure>\n\t\t\t\t\t\t\t\t\t<\/div>\n\t\t\t\t<\/div>\n\t\t\t\t<div class=\"elementor-element elementor-element-5c00d4d ha-has-bg-overlay elementor-widget elementor-widget-image\" data-id=\"5c00d4d\" data-element_type=\"widget\" data-e-type=\"widget\" data-widget_type=\"image.default\">\n\t\t\t\t<div class=\"elementor-widget-container\">\n\t\t\t\t\t\t\t\t\t\t\t\t<figure class=\"wp-caption\">\n\t\t\t\t\t\t\t\t\t\t\t<a href=\"https:\/\/repairandshop.ch\/motorola-g-series\/g71-5g-reparatur\/\">\n\t\t\t\t\t\t\t<img loading=\"lazy\" decoding=\"async\" width=\"150\" height=\"150\" src=\"https:\/\/repairandshop.ch\/wp-content\/uploads\/2025\/03\/Motorola-Moto-G71-5G.jpg\" class=\"attachment-full size-full wp-image-25665\" alt=\"\" \/>\t\t\t\t\t\t\t\t<\/a>\n\t\t\t\t\t\t\t\t\t\t\t<figcaption class=\"widget-image-caption wp-caption-text\">G71 5G<\/figcaption>\n\t\t\t\t\t\t\t\t\t\t<\/figure>\n\t\t\t\t\t\t\t\t\t<\/div>\n\t\t\t\t<\/div>\n\t\t\t\t<div class=\"elementor-element elementor-element-6474e1d ha-has-bg-overlay elementor-widget elementor-widget-image\" data-id=\"6474e1d\" data-element_type=\"widget\" data-e-type=\"widget\" data-widget_type=\"image.default\">\n\t\t\t\t<div class=\"elementor-widget-container\">\n\t\t\t\t\t\t\t\t\t\t\t\t<figure class=\"wp-caption\">\n\t\t\t\t\t\t\t\t\t\t\t<a href=\"https:\/\/repairandshop.ch\/motorola-g-series\/g60s-reparatur\/\">\n\t\t\t\t\t\t\t<img loading=\"lazy\" decoding=\"async\" width=\"150\" height=\"150\" src=\"https:\/\/repairandshop.ch\/wp-content\/uploads\/2025\/03\/Moto-G60s.jpg\" class=\"attachment-full size-full wp-image-25662\" alt=\"\" \/>\t\t\t\t\t\t\t\t<\/a>\n\t\t\t\t\t\t\t\t\t\t\t<figcaption class=\"widget-image-caption wp-caption-text\">G60S<\/figcaption>\n\t\t\t\t\t\t\t\t\t\t<\/figure>\n\t\t\t\t\t\t\t\t\t<\/div>\n\t\t\t\t<\/div>\n\t\t\t\t<div class=\"elementor-element elementor-element-d8d4049 ha-has-bg-overlay elementor-widget elementor-widget-image\" data-id=\"d8d4049\" data-element_type=\"widget\" data-e-type=\"widget\" data-widget_type=\"image.default\">\n\t\t\t\t<div class=\"elementor-widget-container\">\n\t\t\t\t\t\t\t\t\t\t\t\t<figure class=\"wp-caption\">\n\t\t\t\t\t\t\t\t\t\t\t<a href=\"https:\/\/repairandshop.ch\/motorola-g-series\/g41-reparatur\/\">\n\t\t\t\t\t\t\t<img loading=\"lazy\" decoding=\"async\" width=\"150\" height=\"150\" src=\"https:\/\/repairandshop.ch\/wp-content\/uploads\/2025\/03\/Motorola-Moto-G41.jpg\" class=\"attachment-full size-full wp-image-25659\" alt=\"\" \/>\t\t\t\t\t\t\t\t<\/a>\n\t\t\t\t\t\t\t\t\t\t\t<figcaption class=\"widget-image-caption wp-caption-text\">G41<\/figcaption>\n\t\t\t\t\t\t\t\t\t\t<\/figure>\n\t\t\t\t\t\t\t\t\t<\/div>\n\t\t\t\t<\/div>\n\t\t\t\t<div class=\"elementor-element elementor-element-f8434b0 ha-has-bg-overlay elementor-widget elementor-widget-image\" data-id=\"f8434b0\" data-element_type=\"widget\" data-e-type=\"widget\" data-widget_type=\"image.default\">\n\t\t\t\t<div class=\"elementor-widget-container\">\n\t\t\t\t\t\t\t\t\t\t\t\t<figure class=\"wp-caption\">\n\t\t\t\t\t\t\t\t\t\t\t<a href=\"https:\/\/repairandshop.ch\/motorola-g-series\/g31-reparatur\/\">\n\t\t\t\t\t\t\t<img loading=\"lazy\" decoding=\"async\" width=\"150\" height=\"150\" src=\"https:\/\/repairandshop.ch\/wp-content\/uploads\/2025\/03\/Motorola-Moto-G31.jpg\" class=\"attachment-full size-full wp-image-25656\" alt=\"\" \/>\t\t\t\t\t\t\t\t<\/a>\n\t\t\t\t\t\t\t\t\t\t\t<figcaption class=\"widget-image-caption wp-caption-text\">G31<\/figcaption>\n\t\t\t\t\t\t\t\t\t\t<\/figure>\n\t\t\t\t\t\t\t\t\t<\/div>\n\t\t\t\t<\/div>\n\t\t\t\t<div class=\"elementor-element elementor-element-19cabdb ha-has-bg-overlay elementor-widget elementor-widget-image\" data-id=\"19cabdb\" data-element_type=\"widget\" data-e-type=\"widget\" data-widget_type=\"image.default\">\n\t\t\t\t<div class=\"elementor-widget-container\">\n\t\t\t\t\t\t\t\t\t\t\t\t<figure class=\"wp-caption\">\n\t\t\t\t\t\t\t\t\t\t<img loading=\"lazy\" decoding=\"async\" width=\"150\" height=\"150\" src=\"https:\/\/repairandshop.ch\/wp-content\/uploads\/2025\/03\/Motorola-Moto-G30.jpg\" class=\"attachment-full size-full wp-image-25653\" alt=\"\" \/>\t\t\t\t\t\t\t\t\t\t\t<figcaption class=\"widget-image-caption wp-caption-text\">G30<\/figcaption>\n\t\t\t\t\t\t\t\t\t\t<\/figure>\n\t\t\t\t\t\t\t\t\t<\/div>\n\t\t\t\t<\/div>\n\t\t\t\t<\/div>\n\t\t<div class=\"wd-negative-gap elementor-element elementor-element-2481122 e-flex e-con-boxed e-con e-parent\" data-id=\"2481122\" data-element_type=\"container\" data-e-type=\"container\" data-settings=\"{&quot;_ha_eqh_enable&quot;:false}\">\n\t\t\t\t\t<div class=\"e-con-inner\">\n\t\t\t\t<div class=\"elementor-element elementor-element-07517df elementor-widget elementor-widget-heading\" data-id=\"07517df\" data-element_type=\"widget\" data-e-type=\"widget\" data-widget_type=\"heading.default\">\n\t\t\t\t<div class=\"elementor-widget-container\">\n\t\t\t\t\t<h3 class=\"elementor-heading-title elementor-size-default\">Motorola G R\u00e9paration \u00e0 La Chaux-de-Fonds, Neuch\u00e2tel, Berne, Thoune, Interlaken, M\u00fcnsingen, Bienne, Yverdon, Zurich, B\u00e2le, Olten et Soleure<\/h3>\t\t\t\t<\/div>\n\t\t\t\t<\/div>\n\t\t\t\t\t<\/div>\n\t\t\t\t<\/div>\n\t\t<div class=\"wd-negative-gap elementor-element elementor-element-953870c e-grid e-con-boxed e-con e-parent\" data-id=\"953870c\" data-element_type=\"container\" data-e-type=\"container\" data-settings=\"{&quot;_ha_eqh_enable&quot;:false}\">\n\t\t\t\t\t<div class=\"e-con-inner\">\n\t\t\t\t<div class=\"elementor-element elementor-element-9cea271 elementor-widget elementor-widget-wd_text_block\" data-id=\"9cea271\" data-element_type=\"widget\" data-e-type=\"widget\" data-widget_type=\"wd_text_block.default\">\n\t\t\t\t<div class=\"elementor-widget-container\">\n\t\t\t\t\t\t\t<div class=\"wd-text-block reset-last-child text-left\">\n\t\t\t\n\t\t\t<h3 class=\"\" data-start=\"132\" data-end=\"217\"><strong data-start=\"136\" data-end=\"217\">Motorola G r\u00e9paration chez Repairandshop - rapide, professionnelle &amp; fiable<\/strong><\/h3><p class=\"\" data-start=\"219\" data-end=\"462\">Ton smartphone Motorola G est en panne et tu cherches une r\u00e9paration rapide et professionnelle en Suisse?<br data-start=\"324\" data-end=\"327\">Chez Repairandshop, tu es \u00e0 la bonne adresse. Qu'il s'agisse du Motorola G6, G7, G8, G9, G10 ou G100, nous remettons rapidement ton appareil en pleine forme. <\/p><p class=\"\" data-start=\"464\" data-end=\"680\"><strong data-start=\"464\" data-end=\"500\">R\u00e9parationstypiques du Motorola G :<\/strong><br data-start=\"500\" data-end=\"503\">- R\u00e9paration de l'\u00e9cran en cas de bris de verre ou de d\u00e9fauts d'image<br data-start=\"552\" data-end=\"555\">- Remplacement de la batterie en cas de faible performance<br data-start=\"590\" data-end=\"593\">- R\u00e9paration des ports de chargement ou des touches d\u00e9fectueuses<br data-start=\"645\" data-end=\"648\">- D\u00e9g\u00e2ts des eaux et panne totale<\/p><p class=\"\" data-start=\"682\" data-end=\"889\">Nos techniciens exp\u00e9riment\u00e9s effectuent de nombreuses r\u00e9parations dans un d\u00e9lai de 30 \u00e0 60 minutes. En r\u00e8gle g\u00e9n\u00e9rale, nous r\u00e9parons les d\u00e9fauts plus complexes dans les 24 heures - de mani\u00e8re professionnelle, contr\u00f4l\u00e9e et avec garantie. <\/p><p class=\"\" data-start=\"891\" data-end=\"1041\"><strong data-start=\"891\" data-end=\"920\">Implantations en Suisse:<\/strong><br data-start=\"920\" data-end=\"923\">Thoune, Berne, Interlaken, M\u00fcnsingen, Bienne, Neuch\u00e2tel, La Chaux-de-Fonds, Yverdon, Zurich, B\u00e2le, Olten, Soleure<\/p><p class=\"\" data-start=\"1043\" data-end=\"1131\"><strong data-start=\"1043\" data-end=\"1131\">Repairandshop - ta r\u00e9paration de Motorola G en Suisse. Rapide. Juste. Comp\u00e9tent.   <\/strong><\/p><p class=\"\" data-start=\"1133\" data-end=\"1233\"> <\/p>\n\t\t\t\t\t<\/div>\n\t\t\t\t\t\t<\/div>\n\t\t\t\t<\/div>\n\t\t\t\t<div class=\"elementor-element elementor-element-16343c3 elementor-widget elementor-widget-wd_text_block\" data-id=\"16343c3\" data-element_type=\"widget\" data-e-type=\"widget\" data-widget_type=\"wd_text_block.default\">\n\t\t\t\t<div class=\"elementor-widget-container\">\n\t\t\t\t\t\t\t<div class=\"wd-text-block reset-last-child text-left\">\n\t\t\t\n\t\t\t<h3 class=\"\" data-start=\"309\" data-end=\"378\"><strong data-start=\"313\" data-end=\"378\">Motorola G R\u00e9paration - Rapide, professionnelle et fiable<\/strong><\/h3><p class=\"\" data-start=\"380\" data-end=\"656\">Tu ne veux pas renoncer \u00e0 ton smartphone au quotidien - c'est compr\u00e9hensible, car il t'accompagne tous les jours.<br data-start=\"486\" data-end=\"489\">Pour que tu n'aies pas \u00e0 attendre longtemps en cas de dommage, nos techniciens exp\u00e9riment\u00e9s remettent souvent ton <strong data-start=\"581\" data-end=\"601\">appareil Motorola G<\/strong> en \u00e9tat de marche en <strong data-start=\"609\" data-end=\"637\">moins de 30 minutes<\/strong>.<\/p><p class=\"\" data-start=\"658\" data-end=\"875\"><strong data-start=\"658\" data-end=\"675\">Repairandshop<\/strong> est l 'un des principaux ateliers de <strong data-start=\"715\" data-end=\"760\"> r\u00e9paration de t\u00e9l\u00e9phones portablesMotorola en Suisse<\/strong> et te propose une solution rapide, professionnelle et \u00e9quitable - sp\u00e9cialement pour les mod\u00e8les de la <strong data-start=\"854\" data-end=\"874\">s\u00e9rie G deMotorola<\/strong>.<\/p><p class=\"\" data-start=\"877\" data-end=\"1106\">Nos techniciens form\u00e9s sont sp\u00e9cialis\u00e9s dans tous les d\u00e9fauts courants, notamment :<br data-start=\"960\" data-end=\"963\">- \u00c9cran cass\u00e9 ou LCD d\u00e9fectueux<br data-start=\"1001\" data-end=\"1004\">- Batterie faible ou probl\u00e8mes de charge<br data-start=\"1038\" data-end=\"1041\">- D\u00e9fauts de son et de haut-parleurs<br data-start=\"1070\" data-end=\"1073\">- D\u00e9g\u00e2ts d'eau et pannes totales<\/p><p class=\"\" data-start=\"1108\" data-end=\"1260\">Gr\u00e2ce \u00e0 des ann\u00e9es d' exp\u00e9rience , nous r\u00e9parons ces dommages efficacement et avec des pi\u00e8ces de rechange test\u00e9es - pour un Motorola G qui fonctionne \u00e0 nouveau sans probl\u00e8me.<\/p><p class=\"\" data-start=\"1262\" data-end=\"1340\"><strong data-start=\"1262\" data-end=\"1338\">Repairandshop - ton adresse pour les r\u00e9parations du Motorola G en Suisse.<\/strong><\/p>\n\t\t\t\t\t<\/div>\n\t\t\t\t\t\t<\/div>\n\t\t\t\t<\/div>\n\t\t\t\t<div class=\"elementor-element elementor-element-20b01b5 elementor-widget elementor-widget-wd_text_block\" data-id=\"20b01b5\" data-element_type=\"widget\" data-e-type=\"widget\" data-widget_type=\"wd_text_block.default\">\n\t\t\t\t<div class=\"elementor-widget-container\">\n\t\t\t\t\t\t\t<div class=\"wd-text-block reset-last-child text-left\">\n\t\t\t\n\t\t\t<h3 class=\"\" data-start=\"207\" data-end=\"287\"><strong data-start=\"211\" data-end=\"287\">Ecran cass\u00e9 sur ton Motorola G - R\u00e9paration rapide chez Repairandshop<\/strong><\/h3><p class=\"\" data-start=\"289\" data-end=\"421\">Ton <strong data-start=\"294\" data-end=\"331\"> \u00e9cran deMotorola G est fissur\u00e9<\/strong> ou n'affiche plus d'image? Pas de probl\u00e8me - chez Repairandshop, tu es entre de bonnes mains. <\/p><p class=\"\" data-start=\"423\" data-end=\"658\">La <strong data-start=\"427\" data-end=\"495\">r\u00e9paration de l'\u00e9cran fait partie de nos prestations standard les plus fr\u00e9quentes<\/strong>, en particulier pour les appareils de la <strong data-start=\"526\" data-end=\"546\">s\u00e9rie G deMotorola<\/strong>. Nos techniciens effectuent ces r\u00e9parations quotidiennement - rapidement, avec pr\u00e9cision et avec des pi\u00e8ces de rechange de haute qualit\u00e9. <\/p><p class=\"\" data-start=\"660\" data-end=\"836\">Que ton \u00e9cran soit l\u00e9g\u00e8rement fissur\u00e9, compl\u00e8tement cass\u00e9 ou en panne, nous remettons ton Motorola G en \u00e9tat en un rien de temps.<\/p><p class=\"\" data-start=\"838\" data-end=\"1027\">Tu as \u00e9galement un probl\u00e8me de batterie ou de prise de charge ?<br data-start=\"907\" data-end=\"910\">Nous te proposons des <strong data-start=\"936\" data-end=\"975\">r\u00e9parations combin\u00e9es int\u00e9ressantes \u00e0 des prix raisonnables<\/strong>, parfaitement adapt\u00e9es \u00e0 ton appareil et \u00e0 tes besoins.<\/p><p class=\"\" data-start=\"1029\" data-end=\"1116\"><strong data-start=\"1029\" data-end=\"1114\">Repairandshop - ton sp\u00e9cialiste de la r\u00e9paration des \u00e9crans de Motorola G en Suisse.<\/strong><\/p>\n\t\t\t\t\t<\/div>\n\t\t\t\t\t\t<\/div>\n\t\t\t\t<\/div>\n\t\t\t\t<div class=\"elementor-element elementor-element-ac905d3 elementor-widget elementor-widget-wd_text_block\" data-id=\"ac905d3\" data-element_type=\"widget\" data-e-type=\"widget\" data-widget_type=\"wd_text_block.default\">\n\t\t\t\t<div class=\"elementor-widget-container\">\n\t\t\t\t\t\t\t<div class=\"wd-text-block reset-last-child text-left\">\n\t\t\t\n\t\t\t<h3 class=\"\" data-start=\"293\" data-end=\"403\"><strong data-start=\"297\" data-end=\"403\">Repairandshop - rapide, fiable et \u00e9quitable! R\u00e9parations Motorola G dans ta filiale Repairandshop <\/strong><\/h3><p class=\"\" data-start=\"405\" data-end=\"557\">Nos techniciens sont sp\u00e9cialis\u00e9s dans la <strong data-start=\"450\" data-end=\"503\"> r\u00e9parationprofessionnelle des smartphones Motorola G<\/strong> - rapidement, en toute s\u00e9curit\u00e9 et au juste prix.<\/p><p class=\"\" data-start=\"559\" data-end=\"733\">Qu'il s'agisse d'<strong data-start=\"562\" data-end=\"608\">un \u00e9cran cass\u00e9, d'un changement de batterie ou d'un probl\u00e8me de charge<\/strong>, nous nous occupons de ton appareil avec comp\u00e9tence et veillons \u00e0 ce que ton Motorola G fonctionne \u00e0 nouveau parfaitement dans les meilleurs d\u00e9lais.<\/p><p class=\"\" data-start=\"735\" data-end=\"929\">Rendez-nous visite dans l'une de nos succursales suisses, par exemple \u00e0 :<br data-start=\"800\" data-end=\"803\"><strong data-start=\"803\" data-end=\"929\">Thoune, Berne, Interlaken, M\u00fcnsingen, Biel\/Bienne, Neuch\u00e2tel, La Chaux-de-Fonds, Yverdon, Zurich, B\u00e2le, Olten ou Soleure<\/strong><\/p><p class=\"\" data-start=\"931\" data-end=\"1030\"><strong data-start=\"931\" data-end=\"1030\">Repairandshop - ton adresse pour les r\u00e9parations du Motorola G en Suisse. Sur place ou par la poste. <\/strong><\/p>\n\t\t\t\t\t<\/div>\n\t\t\t\t\t\t<\/div>\n\t\t\t\t<\/div>\n\t\t\t\t<div class=\"elementor-element elementor-element-0ca4390 elementor-widget elementor-widget-wd_text_block\" data-id=\"0ca4390\" data-element_type=\"widget\" data-e-type=\"widget\" data-widget_type=\"wd_text_block.default\">\n\t\t\t\t<div class=\"elementor-widget-container\">\n\t\t\t\t\t\t\t<div class=\"wd-text-block reset-last-child text-left\">\n\t\t\t\n\t\t\t<h3 class=\"\" data-start=\"347\" data-end=\"411\"><strong data-start=\"351\" data-end=\"411\">R\u00e9paration Motorola pour tous les mod\u00e8les - S\u00e9ries G, E et One<\/strong><\/h3><p class=\"\" data-start=\"413\" data-end=\"592\">Ton smartphone Motorola est d\u00e9fectueux? Pas de probl\u00e8me - chez Repairandshop , nous r\u00e9parons rapidement et de mani\u00e8re fiable tous les mod\u00e8les courants, en particulier la c\u00e9l\u00e8bre <strong data-start=\"571\" data-end=\"591\">s\u00e9rie G deMotorola<\/strong>. <\/p><p class=\"\" data-start=\"594\" data-end=\"770\"><strong data-start=\"594\" data-end=\"658\">Nous proposons des r\u00e9parations pour les s\u00e9ries de mod\u00e8les Motorola suivantes<\/strong>:<br data-start=\"659\" data-end=\"662\">- <strong data-start=\"664\" data-end=\"684\">Motorola G-S\u00e9rie<\/strong> (par ex. G6, G7, G8, G9, G10, G100)<br data-start=\"718\" data-end=\"721\">- <strong data-start=\"723\" data-end=\"743\">Motorola E-S\u00e9rie<\/strong><br data-start=\"743\" data-end=\"746\">- <strong data-start=\"748\" data-end=\"770\">Motorola One-S\u00e9rie<\/strong><\/p><p class=\"\" data-start=\"772\" data-end=\"983\">Les r\u00e9parations typiques comprennent :<br data-start=\"802\" data-end=\"805\">- <strong data-start=\"807\" data-end=\"841\">Remplacement de l'\u00e9cran en cas de bris de verre<\/strong><br data-start=\"841\" data-end=\"844\">- <strong data-start=\"846\" data-end=\"883\">Remplacement de la batterie en cas de faible performance<\/strong><br data-start=\"883\" data-end=\"886\">- <strong data-start=\"888\" data-end=\"926\"> R\u00e9parationdu port de chargement et des touches<\/strong><br data-start=\"926\" data-end=\"929\">- <strong data-start=\"931\" data-end=\"983\">R\u00e9paration des d\u00e9g\u00e2ts d'eau et des probl\u00e8mes de logiciels<\/strong><\/p><p class=\"\" data-start=\"985\" data-end=\"1252\">Nos ateliers en Suisse - dont <strong data-start=\"1030\" data-end=\"1155\">Thoune, Berne, Interlaken, M\u00fcnsingen, Biel\/Bienne, Neuch\u00e2tel, La Chaux-de-Fonds, Yverdon, Zurich, B\u00e2le, Olten et Soleure<\/strong> - sont \u00e9quip\u00e9s de techniciens exp\u00e9riment\u00e9s et utilisent exclusivement des pi\u00e8ces de rechange contr\u00f4l\u00e9es.<\/p><p class=\"\" data-start=\"1254\" data-end=\"1378\">En plus de Motorola , nous r\u00e9parons \u00e9galement les appareils de <strong data-start=\"1300\" data-end=\"1377\">Samsung, Apple, Sony, HTC, Blackberry ainsi que divers ordinateurs portables et tablettes<\/strong>.<\/p><p class=\"\" data-start=\"1380\" data-end=\"1462\"><strong data-start=\"1380\" data-end=\"1462\">Repairandshop - ton atelier sp\u00e9cialis\u00e9 pour les r\u00e9parations du Motorola G en Suisse.<\/strong><\/p>\n\t\t\t\t\t<\/div>\n\t\t\t\t\t\t<\/div>\n\t\t\t\t<\/div>\n\t\t\t\t<div class=\"elementor-element elementor-element-83b1204 elementor-widget elementor-widget-wd_text_block\" data-id=\"83b1204\" data-element_type=\"widget\" data-e-type=\"widget\" data-widget_type=\"wd_text_block.default\">\n\t\t\t\t<div class=\"elementor-widget-container\">\n\t\t\t\t\t\t\t<div class=\"wd-text-block reset-last-child text-left\">\n\t\t\t\n\t\t\t<h3 class=\"\" data-start=\"197\" data-end=\"293\"><strong data-start=\"201\" data-end=\"293\">R\u00e9paration en ligne de ton smartphone Motorola G - Pratique, s\u00fbre et professionnelle par la poste<\/strong><\/h3><p class=\"\" data-start=\"295\" data-end=\"548\">Tu n'as pas de magasin pr\u00e8s de chez toi ou tu n'as tout simplement pas le temps de t 'y rendre? Pas de probl\u00e8me. Avec le <strong data-start=\"388\" data-end=\"433\">service de r\u00e9paration en ligne de Repairandshop<\/strong> , tu peux envoyer ton <strong data-start=\"458\" data-end=\"478\"> appareilMotorola G<\/strong> d\u00e9fectueux par la poste - <strong data-start=\"512\" data-end=\"547\">rapidement, en toute s\u00e9curit\u00e9 et de mani\u00e8re fiable<\/strong>.  <\/p><p class=\"\" data-start=\"550\" data-end=\"951\"><strong data-start=\"550\" data-end=\"572\">Voici comment cela fonctionne :<\/strong><br data-start=\"572\" data-end=\"575\">- r\u00e9server la r\u00e9paration en ligne sur <a class=\"\" href=\"https:\/\/www.repairandshop.ch\" target=\"_new\" rel=\"noopener\" data-start=\"598\" data-end=\"646\">repairandshop.ch<\/a><br data-start=\"653\" data-end=\"656\">- nous envoyer l'appareil avec la confirmation de commande sous forme de <strong data-start=\"705\" data-end=\"727\">colis assur\u00e9<\/strong><br data-start=\"741\" data-end=\"744\">- nos techniciens analysent le d\u00e9faut et effectuent la r\u00e9paration en r\u00e8gle g\u00e9n\u00e9rale <strong data-start=\"824\" data-end=\"852\">dans un d\u00e9lai d'un jour ouvrable<\/strong><br data-start=\"858\" data-end=\"861\">- le retour est \u00e9galement assur\u00e9 - <strong data-start=\"906\" data-end=\"951\">nous prenons en charge les frais d'envoi pour toi<\/strong><\/p><p class=\"\" data-start=\"953\" data-end=\"1083\">Qu'il s'agisse <strong data-start=\"969\" data-end=\"1029\">d'un \u00e9cran cass\u00e9, d'un probl\u00e8me de batterie, d'une erreur de charge ou d' un d\u00e9g\u00e2t des eaux<\/strong>, nous trouvons la solution adapt\u00e9e \u00e0 ton Motorola G.<\/p><p class=\"\" data-start=\"1085\" data-end=\"1155\"><strong data-start=\"1085\" data-end=\"1155\">R\u00e9paration Motorola en Suisse - rapide, professionnelle &amp; \u00e9quitable.<\/strong><\/p><p class=\"\" data-start=\"1157\" data-end=\"1412\">Tu pr\u00e9f\u00e8res remettre ton appareil en personne?<br data-start=\"1206\" data-end=\"1209\">Rends-nous visite dans l'un de nos ateliers suisses \u00e0 :<br data-start=\"1263\" data-end=\"1266\"><strong data-start=\"1266\" data-end=\"1412\">La Chaux-de-Fonds, Neuch\u00e2tel, Le Locle, St-Imier, Berne, Thoune, Interlaken, M\u00fcnsingen, Biel\/Bienne, Yverdon, Zurich, B\u00e2le, Olten ou Soleure<\/strong><\/p><p class=\"\" data-start=\"1414\" data-end=\"1504\"><strong data-start=\"1414\" data-end=\"1504\">Repairandshop - ton atelier sp\u00e9cialis\u00e9 pour les r\u00e9parations du Motorola G . Sur place ou par courrier. <\/strong><\/p>\n\t\t\t\t\t<\/div>\n\t\t\t\t\t\t<\/div>\n\t\t\t\t<\/div>\n\t\t\t\t<div class=\"elementor-element elementor-element-ed892cc elementor-widget elementor-widget-wd_text_block\" data-id=\"ed892cc\" data-element_type=\"widget\" data-e-type=\"widget\" data-widget_type=\"wd_text_block.default\">\n\t\t\t\t<div class=\"elementor-widget-container\">\n\t\t\t\t\t\t\t<div class=\"wd-text-block reset-last-child text-left\">\n\t\t\t\n\t\t\t\n\t\t\t\t\t<\/div>\n\t\t\t\t\t\t<\/div>\n\t\t\t\t<\/div>\n\t\t\t\t\t<\/div>\n\t\t\t\t<\/div>\n\t\t<div class=\"wd-negative-gap elementor-element elementor-element-fdbf9f7 e-flex e-con-boxed e-con e-parent\" data-id=\"fdbf9f7\" data-element_type=\"container\" data-e-type=\"container\" data-settings=\"{&quot;_ha_eqh_enable&quot;:false}\">\n\t\t\t\t\t<div class=\"e-con-inner\">\n\t\t\t\t<div class=\"elementor-element elementor-element-dbbea5b elementor-widget elementor-widget-wd_text_block\" data-id=\"dbbea5b\" data-element_type=\"widget\" data-e-type=\"widget\" data-widget_type=\"wd_text_block.default\">\n\t\t\t\t<div class=\"elementor-widget-container\">\n\t\t\t\t\t\t\t<div class=\"wd-text-block reset-last-child text-left\">\n\t\t\t\n\t\t\t<h3 class=\"\" data-start=\"321\" data-end=\"414\"><strong data-start=\"325\" data-end=\"414\">R\u00e9parations de smartphones, tablettes &amp; ordinateurs dans toute la Suisse - chez Repairandshop<\/strong><\/h3><p class=\"\" data-start=\"416\" data-end=\"930\">Ob aus <strong data-start=\"423\" data-end=\"433\">Zurich,<\/strong> <strong data-start=\"435\" data-end=\"443\">Gen\u00e8ve<\/strong>, <strong data-start=\"445\" data-end=\"454\">B\u00e2le,<\/strong> <strong data-start=\"456\" data-end=\"468\">Lausanne<\/strong>, <strong data-start=\"470\" data-end=\"478\">Berne,<\/strong> <strong data-start=\"480\" data-end=\"490\">Luzerne<\/strong>, <strong data-start=\"492\" data-end=\"506\">Winterthour<\/strong>, <strong data-start=\"508\" data-end=\"522\">Saint-Gall<\/strong>, <strong data-start=\"524\" data-end=\"534\">Lugano<\/strong>,  <strong data-start=\"536\" data-end=\"551\">Biel\/Bienne,<\/strong> <strong data-start=\"553\" data-end=\"561\">Thoune,<\/strong> <strong data-start=\"563\" data-end=\"572\">Roi<\/strong>, <strong data-start=\"574\" data-end=\"595\">La Chaux-de-Fonds,<\/strong> <strong data-start=\"597\" data-end=\"613\">Schaffhouse<\/strong>, <strong data-start=\"615\" data-end=\"627\">Fribourg<\/strong>, <strong data-start=\"629\" data-end=\"637\">Coire<\/strong>, <strong data-start=\"639\" data-end=\"652\">Neuch\u00e2tel,<\/strong> <strong data-start=\"654\" data-end=\"665\">Vernier<\/strong>, <strong data-start=\"667\" data-end=\"676\">Uster<\/strong>,  <strong data-start=\"678\" data-end=\"686\">Sion<\/strong>, <strong data-start=\"688\" data-end=\"697\">Lancy<\/strong>, <strong data-start=\"699\" data-end=\"720\">Yverdon-les-Bains,<\/strong> <strong data-start=\"722\" data-end=\"729\">Zug<\/strong>, <strong data-start=\"731\" data-end=\"744\">D\u00fcbendorf<\/strong>, <strong data-start=\"746\" data-end=\"758\">Montreux<\/strong>, <strong data-start=\"760\" data-end=\"774\">Frauenfeld<\/strong>, <strong data-start=\"776\" data-end=\"788\">Dietikon<\/strong>, <strong data-start=\"790\" data-end=\"802\">Wetzikon<\/strong>,      <strong data-start=\"804\" data-end=\"823\">Rapperswil-Jona<\/strong>, <strong data-start=\"825\" data-end=\"835\">Meyrin<\/strong> ou <strong data-start=\"841\" data-end=\"855\">Bellinzona<\/strong> - nous proposons <strong data-start=\"869\" data-end=\"910\">des r\u00e9parations Apple et Samsung Galaxy<\/strong> <strong data-start=\"911\" data-end=\"926\">dans toute la Suisse<\/strong>.<\/p><p class=\"\" data-start=\"932\" data-end=\"1111\">Chez <strong data-start=\"936\" data-end=\"953\">Repairandshop<\/strong>, nous sommes votre interlocuteur pour la <strong data-start=\"992\" data-end=\"1062\">r\u00e9paration professionnelle de smartphones, tablettes, ordinateurs portables et PC<\/strong> - ind\u00e9pendamment de la marque, du mod\u00e8le ou du type de dommage.<\/p><hr class=\"\" data-start=\"1113\" data-end=\"1116\"><h3 class=\"\" data-start=\"1118\" data-end=\"1186\"><strong data-start=\"1122\" data-end=\"1186\">D\u00e9roulement de votre r\u00e9paration - simple, transparent &amp; fiable<\/strong><\/h3><p class=\"\" data-start=\"1188\" data-end=\"1522\">Pour que nous puissions \u00e9tablir un diagnostic exact des dommages, nous avons besoin de ton appareil sur place dans l'un de nos ateliers ou par courrier.<br data-start=\"1319\" data-end=\"1322\">D\u00e8s r\u00e9ception de ton colis, nos techniciens effectuent une analyse pr\u00e9cise, d\u00e9terminent les pi\u00e8ces de rechange n\u00e9cessaires et documentent toutes les mesures dans un <strong data-start=\"1486\" data-end=\"1521\">devis transparent<\/strong>.<\/p><p class=\"\" data-start=\"1524\" data-end=\"1689\">Nos clients choisissent Repairandshop parce que nous associons des r\u00e9parations de qualit\u00e9 \u00e0 <strong data-start=\"1625\" data-end=\"1648\">des prix attractifs<\/strong> et \u00e0 <strong data-start=\"1653\" data-end=\"1678\">un service de premier ordre<\/strong>.<\/p><hr class=\"\" data-start=\"1691\" data-end=\"1694\"><h3 class=\"\" data-start=\"1696\" data-end=\"1737\"><strong data-start=\"1700\" data-end=\"1735\">Vos avantages en un coup d'\u0153il :<\/strong><\/h3><p class=\"\" data-start=\"1738\" data-end=\"1920\"> 6 mois de garantie sur chaque r\u00e9paration<br data-start=\"1776\" data-end=\"1779\">Des prix \u00e9quitables &amp; ; des proc\u00e9dures transparentes<br data-start=\"1816\" data-end=\"1819\">Retour possible \u00e0 tout moment en cas de r\u00e9clamation<br data-start=\"1866\" data-end=\"1869\">Un service personnalis\u00e9 - en ligne ou pr\u00e8s de chez toi<\/p><p class=\"\" data-start=\"1922\" data-end=\"2025\"><strong data-start=\"1922\" data-end=\"2025\">Repairandshop - votre partenaire pour les r\u00e9parations dans toute la Suisse. Rapidement. En toute s\u00e9curit\u00e9. Professionnel.   <\/strong><\/p>\n\t\t\t\t\t<\/div>\n\t\t\t\t\t\t<\/div>\n\t\t\t\t<\/div>\n\t\t\t\t\t<\/div>\n\t\t\t\t<\/div>\n\t\t\t\t<\/div>\n\t\t\n    <div class=\"xs_social_share_widget xs_share_url after_content \t\tmain_content  wslu-style-1 wslu-share-box-shaped wslu-fill-colored wslu-none wslu-share-horizontal wslu-theme-font-no wslu-main_content\">\n\n\t\t\n        <ul>\n\t\t\t        <\/ul>\n    <\/div> \n","protected":false},"excerpt":{"rendered":"<p>Motorola G S\u00e9rie G9 Power G9 Play G8 Power Lite G8 Power G8 Plus G8 G7 Power G7 Plus G7<\/p>\n","protected":false},"author":1,"featured_media":0,"parent":0,"menu_order":0,"comment_status":"closed","ping_status":"closed","template":"","meta":{"postBodyCss":"","postBodyMargin":[],"postBodyPadding":[],"postBodyBackground":{"backgroundType":"classic","gradient":""},"footnotes":""},"class_list":["post-27695","page","type-page","status-publish","hentry"],"yoast_head":"<!-- This site is optimized with the Yoast SEO Premium plugin v26.8 (Yoast SEO v27.3) - https:\/\/yoast.com\/product\/yoast-seo-premium-wordpress\/ -->\n<title>Motorola G Series r\u00e9paration en Suisse<\/title>\n<meta name=\"description\" content=\"professionnelle de la Motorola G Series R\u00e9paration en Suisse ! \u00c9cran, batterie &amp; ; plus - un service rapide et fiable par un expert. Prenez rendez-vous maintenant !\" \/>\n<meta name=\"robots\" content=\"index, follow, max-snippet:-1, max-image-preview:large, max-video-preview:-1\" \/>\n<link rel=\"canonical\" href=\"https:\/\/repairandshop.ch\/fr\/motorola-g-serie\/\" \/>\n<meta property=\"og:locale\" content=\"fr_FR\" \/>\n<meta property=\"og:type\" content=\"article\" \/>\n<meta property=\"og:title\" content=\"Motorola G S\u00e9rie\" \/>\n<meta property=\"og:description\" content=\"professionnelle de la Motorola G Series R\u00e9paration en Suisse ! \u00c9cran, batterie &amp; ; plus - un service rapide et fiable par un expert. Prenez rendez-vous maintenant !\" \/>\n<meta property=\"og:url\" content=\"https:\/\/repairandshop.ch\/fr\/motorola-g-serie\/\" \/>\n<meta property=\"og:site_name\" content=\"repairandshop\" \/>\n<meta property=\"article:modified_time\" content=\"2025-05-09T20:38:57+00:00\" \/>\n<meta property=\"og:image\" content=\"https:\/\/repairandshop.ch\/wp-content\/uploads\/2025\/03\/Motorola-Moto-G9-Power-1.png\" \/>\n\t<meta property=\"og:image:width\" content=\"150\" \/>\n\t<meta property=\"og:image:height\" content=\"150\" \/>\n\t<meta property=\"og:image:type\" content=\"image\/png\" \/>\n<meta name=\"twitter:card\" content=\"summary_large_image\" \/>\n<meta name=\"twitter:label1\" content=\"Dur\u00e9e de lecture estim\u00e9e\" \/>\n\t<meta name=\"twitter:data1\" content=\"7 minutes\" \/>\n<!-- \/ Yoast SEO Premium plugin. -->","yoast_head_json":{"title":"Motorola G Series r\u00e9paration en Suisse","description":"professionnelle de la Motorola G Series R\u00e9paration en Suisse ! \u00c9cran, batterie & ; plus - un service rapide et fiable par un expert. Prenez rendez-vous maintenant !","robots":{"index":"index","follow":"follow","max-snippet":"max-snippet:-1","max-image-preview":"max-image-preview:large","max-video-preview":"max-video-preview:-1"},"canonical":"https:\/\/repairandshop.ch\/fr\/motorola-g-serie\/","og_locale":"fr_FR","og_type":"article","og_title":"Motorola G S\u00e9rie","og_description":"professionnelle de la Motorola G Series R\u00e9paration en Suisse ! \u00c9cran, batterie & ; plus - un service rapide et fiable par un expert. Prenez rendez-vous maintenant !","og_url":"https:\/\/repairandshop.ch\/fr\/motorola-g-serie\/","og_site_name":"repairandshop","article_modified_time":"2025-05-09T20:38:57+00:00","og_image":[{"width":150,"height":150,"url":"https:\/\/repairandshop.ch\/wp-content\/uploads\/2025\/03\/Motorola-Moto-G9-Power-1.png","type":"image\/png"}],"twitter_card":"summary_large_image","twitter_misc":{"Dur\u00e9e de lecture estim\u00e9e":"7 minutes"},"schema":{"@context":"https:\/\/schema.org","@graph":[{"@type":"WebPage","@id":"https:\/\/repairandshop.ch\/fr\/motorola-g-serie\/","url":"https:\/\/repairandshop.ch\/fr\/motorola-g-serie\/","name":"Motorola G Series r\u00e9paration en Suisse","isPartOf":{"@id":"https:\/\/repairandshop.ch\/fr\/#website"},"primaryImageOfPage":{"@id":"https:\/\/repairandshop.ch\/fr\/motorola-g-serie\/#primaryimage"},"image":{"@id":"https:\/\/repairandshop.ch\/fr\/motorola-g-serie\/#primaryimage"},"thumbnailUrl":"https:\/\/repairandshop.ch\/wp-content\/uploads\/2025\/03\/Motorola-Moto-G9-Power-1.png","datePublished":"2025-03-02T16:39:05+00:00","dateModified":"2025-05-09T20:38:57+00:00","description":"professionnelle de la Motorola G Series R\u00e9paration en Suisse ! \u00c9cran, batterie & ; plus - un service rapide et fiable par un expert. Prenez rendez-vous maintenant !","breadcrumb":{"@id":"https:\/\/repairandshop.ch\/fr\/motorola-g-serie\/#breadcrumb"},"inLanguage":"fr-FR","potentialAction":[{"@type":"ReadAction","target":["https:\/\/repairandshop.ch\/fr\/motorola-g-serie\/"]}]},{"@type":"ImageObject","inLanguage":"fr-FR","@id":"https:\/\/repairandshop.ch\/fr\/motorola-g-serie\/#primaryimage","url":"https:\/\/repairandshop.ch\/wp-content\/uploads\/2025\/03\/Motorola-Moto-G9-Power-1.png","contentUrl":"https:\/\/repairandshop.ch\/wp-content\/uploads\/2025\/03\/Motorola-Moto-G9-Power-1.png"},{"@type":"BreadcrumbList","@id":"https:\/\/repairandshop.ch\/fr\/motorola-g-serie\/#breadcrumb","itemListElement":[{"@type":"ListItem","position":1,"name":"Home","item":"https:\/\/repairandshop.ch\/fr\/"},{"@type":"ListItem","position":2,"name":"Motorola G S\u00e9rie"}]},{"@type":"WebSite","@id":"https:\/\/repairandshop.ch\/fr\/#website","url":"https:\/\/repairandshop.ch\/fr\/","name":"Repair And Shop","description":"","publisher":{"@id":"https:\/\/repairandshop.ch\/fr\/#organization"},"potentialAction":[{"@type":"SearchAction","target":{"@type":"EntryPoint","urlTemplate":"https:\/\/repairandshop.ch\/fr\/?s={search_term_string}"},"query-input":{"@type":"PropertyValueSpecification","valueRequired":true,"valueName":"search_term_string"}}],"inLanguage":"fr-FR"},{"@type":"Organization","@id":"https:\/\/repairandshop.ch\/fr\/#organization","name":"Repair And Shop","url":"https:\/\/repairandshop.ch\/fr\/","logo":{"@type":"ImageObject","inLanguage":"fr-FR","@id":"https:\/\/repairandshop.ch\/fr\/#\/schema\/logo\/image\/","url":"https:\/\/repairandshop.ch\/wp-content\/uploads\/2025\/02\/RepairandShop-Logo.png","contentUrl":"https:\/\/repairandshop.ch\/wp-content\/uploads\/2025\/02\/RepairandShop-Logo.png","width":834,"height":193,"caption":"Repair And Shop"},"image":{"@id":"https:\/\/repairandshop.ch\/fr\/#\/schema\/logo\/image\/"}}]}},"_links":{"self":[{"href":"https:\/\/repairandshop.ch\/fr\/wp-json\/wp\/v2\/pages\/27695","targetHints":{"allow":["GET"]}}],"collection":[{"href":"https:\/\/repairandshop.ch\/fr\/wp-json\/wp\/v2\/pages"}],"about":[{"href":"https:\/\/repairandshop.ch\/fr\/wp-json\/wp\/v2\/types\/page"}],"author":[{"embeddable":true,"href":"https:\/\/repairandshop.ch\/fr\/wp-json\/wp\/v2\/users\/1"}],"replies":[{"embeddable":true,"href":"https:\/\/repairandshop.ch\/fr\/wp-json\/wp\/v2\/comments?post=27695"}],"version-history":[{"count":0,"href":"https:\/\/repairandshop.ch\/fr\/wp-json\/wp\/v2\/pages\/27695\/revisions"}],"wp:attachment":[{"href":"https:\/\/repairandshop.ch\/fr\/wp-json\/wp\/v2\/media?parent=27695"}],"curies":[{"name":"wp","href":"https:\/\/api.w.org\/{rel}","templated":true}]}}