{"id":28715,"date":"2025-03-10T17:36:31","date_gmt":"2025-03-10T17:36:31","guid":{"rendered":"https:\/\/repairandshop.ch\/galaxy-a90-5g-sm-a905\/"},"modified":"2026-04-12T16:29:12","modified_gmt":"2026-04-12T16:29:12","slug":"reparation-galaxy-a90-5g-sm-a905","status":"publish","type":"page","link":"https:\/\/repairandshop.ch\/fr\/samsung\/galaxy-serie-a\/reparation-galaxy-a90-5g-sm-a905\/","title":{"rendered":"Galaxy A90 5G (SM-A905)"},"content":{"rendered":"\t\t<div data-elementor-type=\"wp-page\" data-elementor-id=\"28715\" class=\"elementor elementor-28715 elementor-17912\" data-elementor-post-type=\"page\">\n\t\t\t\t<div class=\"wd-negative-gap elementor-element elementor-element-55a2700 e-flex e-con-boxed e-con e-parent\" data-id=\"55a2700\" data-element_type=\"container\" data-e-type=\"container\" data-settings=\"{&quot;_ha_eqh_enable&quot;:&quot;yes&quot;,&quot;_ha_eqh_widget&quot;:[&quot;heading&quot;,&quot;image&quot;,&quot;text-editor&quot;],&quot;_ha_eqh_to&quot;:&quot;widget&quot;,&quot;_ha_eqh_disable_on_tablet&quot;:&quot;no&quot;,&quot;_ha_eqh_disable_on_mobile&quot;:&quot;yes&quot;}\">\n\t\t\t\t\t<div class=\"e-con-inner\">\n\t\t<div class=\"elementor-element elementor-element-657e74f e-con-full e-flex e-con e-child\" data-id=\"657e74f\" data-element_type=\"container\" data-e-type=\"container\" data-settings=\"{&quot;_ha_eqh_enable&quot;:false}\">\n\t\t\t\t<div class=\"elementor-element elementor-element-16313c4 elementor-widget elementor-widget-heading\" data-id=\"16313c4\" data-element_type=\"widget\" data-e-type=\"widget\" data-widget_type=\"heading.default\">\n\t\t\t\t<div class=\"elementor-widget-container\">\n\t\t\t\t\t<h1 class=\"elementor-heading-title elementor-size-default\">R\u00e9paration MacBook Pro M4 2024<\/h1>\t\t\t\t<\/div>\n\t\t\t\t<\/div>\n\t\t\t\t<div class=\"elementor-element elementor-element-40a8ee6 elementor-widget elementor-widget-image\" data-id=\"40a8ee6\" data-element_type=\"widget\" data-e-type=\"widget\" data-widget_type=\"image.default\">\n\t\t\t\t<div class=\"elementor-widget-container\">\n\t\t\t\t\t\t\t\t\t\t\t\t\t\t\t<img loading=\"lazy\" decoding=\"async\" width=\"300\" height=\"300\" src=\"https:\/\/repairandshop.ch\/wp-content\/uploads\/2026\/02\/MacBook-Pro-M4-600x600-1-300x300.jpg\" class=\"attachment-medium size-medium wp-image-68391\" alt=\"MacBook-Pro-M4-600x600\" srcset=\"https:\/\/repairandshop.ch\/wp-content\/uploads\/2026\/02\/MacBook-Pro-M4-600x600-1-300x300.jpg 300w, https:\/\/repairandshop.ch\/wp-content\/uploads\/2026\/02\/MacBook-Pro-M4-600x600-1-150x150.jpg 150w, https:\/\/repairandshop.ch\/wp-content\/uploads\/2026\/02\/MacBook-Pro-M4-600x600-1.jpg 600w\" sizes=\"auto, (max-width: 300px) 100vw, 300px\" \/>\t\t\t\t\t\t\t\t\t\t\t\t\t\t\t<\/div>\n\t\t\t\t<\/div>\n\t\t\t\t<\/div>\n\t\t<div class=\"elementor-element elementor-element-081306b e-con-full e-flex e-con e-child\" data-id=\"081306b\" data-element_type=\"container\" data-e-type=\"container\" data-settings=\"{&quot;_ha_eqh_enable&quot;:false}\">\n\t\t\t\t<div class=\"elementor-element elementor-element-9dd76da ha-has-bg-overlay elementor-widget elementor-widget-heading\" data-id=\"9dd76da\" data-element_type=\"widget\" data-e-type=\"widget\" data-widget_type=\"heading.default\">\n\t\t\t\t<div class=\"elementor-widget-container\">\n\t\t\t\t\t<h2 class=\"elementor-heading-title elementor-size-default\">Prix \u200b\u200bde r\u00e9paration :<\/h2>\t\t\t\t<\/div>\n\t\t\t\t<\/div>\n\t\t\t\t<div class=\"elementor-element elementor-element-8117262 ha-has-bg-overlay elementor-widget elementor-widget-price-list\" data-id=\"8117262\" data-element_type=\"widget\" data-e-type=\"widget\" data-widget_type=\"price-list.default\">\n\t\t\t\t<div class=\"elementor-widget-container\">\n\t\t\t\t\t\n\t\t<ul class=\"elementor-price-list\">\n\n\t\t\t\t\t\t\t\t\t<li><a class=\"elementor-price-list-item\" href=\"#\">\t\t\t\t\n\t\t\t\t<div class=\"elementor-price-list-text\">\n\t\t\t\t\t\t\t\t\t<div class=\"elementor-price-list-header\">\n\t\t\t\t\t\t\t\t\t\t\t<span class=\"elementor-price-list-title\">\n\t\t\t\t\t\t\tR\u00e9paration \u00e9cran MacBook Pro M4 2024 qualit\u00e9 premium (garantie 6 mois)\t\t\t\t\t\t<\/span>\n\t\t\t\t\t\t\t\t\t\t\t\t\t\t\t\t\t\t\t\t\t\t\t\t<span class=\"elementor-price-list-price\">279 CHF<\/span>\n\t\t\t\t\t\t\t\t\t\t<\/div>\n\t\t\t\t\t\t\t\t\t\t\t\t<\/div>\n\t\t\t\t<\/a><\/li>\t\t\t\t\t\n\t\t<\/ul>\n\n\t\t\t\t\t\t<\/div>\n\t\t\t\t<\/div>\n\t\t\t\t<div class=\"elementor-element elementor-element-96adf71 ha-has-bg-overlay elementor-widget elementor-widget-price-list\" data-id=\"96adf71\" data-element_type=\"widget\" data-e-type=\"widget\" data-widget_type=\"price-list.default\">\n\t\t\t\t<div class=\"elementor-widget-container\">\n\t\t\t\t\t\n\t\t<ul class=\"elementor-price-list\">\n\n\t\t\t\t\t\t\t\t\t<li><a class=\"elementor-price-list-item\" href=\"#\">\t\t\t\t\n\t\t\t\t<div class=\"elementor-price-list-text\">\n\t\t\t\t\t\t\t\t\t<div class=\"elementor-price-list-header\">\n\t\t\t\t\t\t\t\t\t\t\t<span class=\"elementor-price-list-title\">\n\t\t\t\t\t\t\tMacBook Pro M4 2024 en \u00e9tat d'origine\t\t\t\t\t\t<\/span>\n\t\t\t\t\t\t\t\t\t\t\t\t\t\t\t\t\t\t\t\t\t\t\t\t<span class=\"elementor-price-list-price\">199 CHF<\/span>\n\t\t\t\t\t\t\t\t\t\t<\/div>\n\t\t\t\t\t\t\t\t\t\t\t\t<\/div>\n\t\t\t\t<\/a><\/li>\t\t\t\t\t\n\t\t<\/ul>\n\n\t\t\t\t\t\t<\/div>\n\t\t\t\t<\/div>\n\t\t\t\t<div class=\"elementor-element elementor-element-2522206 ha-has-bg-overlay elementor-widget elementor-widget-price-list\" data-id=\"2522206\" data-element_type=\"widget\" data-e-type=\"widget\" data-widget_type=\"price-list.default\">\n\t\t\t\t<div class=\"elementor-widget-container\">\n\t\t\t\t\t\n\t\t<ul class=\"elementor-price-list\">\n\n\t\t\t\t\t\t\t\t\t<li><a class=\"elementor-price-list-item\" href=\"#\">\t\t\t\t\n\t\t\t\t<div class=\"elementor-price-list-text\">\n\t\t\t\t\t\t\t\t\t<div class=\"elementor-price-list-header\">\n\t\t\t\t\t\t\t\t\t\t\t<span class=\"elementor-price-list-title\">\n\t\t\t\t\t\t\tRemplacement de la batterie du MacBook Pro M4 2024\t\t\t\t\t\t<\/span>\n\t\t\t\t\t\t\t\t\t\t\t\t\t\t\t\t\t\t\t\t\t\t\t\t<span class=\"elementor-price-list-price\">89 CHF<\/span>\n\t\t\t\t\t\t\t\t\t\t<\/div>\n\t\t\t\t\t\t\t\t\t\t\t\t<\/div>\n\t\t\t\t<\/a><\/li>\t\t\t\t\t\n\t\t<\/ul>\n\n\t\t\t\t\t\t<\/div>\n\t\t\t\t<\/div>\n\t\t\t\t<div class=\"elementor-element elementor-element-3d622d1 ha-has-bg-overlay elementor-widget elementor-widget-price-list\" data-id=\"3d622d1\" data-element_type=\"widget\" data-e-type=\"widget\" data-widget_type=\"price-list.default\">\n\t\t\t\t<div class=\"elementor-widget-container\">\n\t\t\t\t\t\n\t\t<ul class=\"elementor-price-list\">\n\n\t\t\t\t\t\t\t\t\t<li><a class=\"elementor-price-list-item\" href=\"#\">\t\t\t\t\n\t\t\t\t<div class=\"elementor-price-list-text\">\n\t\t\t\t\t\t\t\t\t<div class=\"elementor-price-list-header\">\n\t\t\t\t\t\t\t\t\t\t\t<span class=\"elementor-price-list-title\">\n\t\t\t\t\t\t\tDos du MacBook Pro M4 2024\t\t\t\t\t\t<\/span>\n\t\t\t\t\t\t\t\t\t\t\t\t\t\t\t\t\t\t\t\t\t\t\t\t<span class=\"elementor-price-list-price\">69 CHF<\/span>\n\t\t\t\t\t\t\t\t\t\t<\/div>\n\t\t\t\t\t\t\t\t\t\t\t\t<\/div>\n\t\t\t\t<\/a><\/li>\t\t\t\t\t\n\t\t<\/ul>\n\n\t\t\t\t\t\t<\/div>\n\t\t\t\t<\/div>\n\t\t\t\t<div class=\"elementor-element elementor-element-150cc81 ha-has-bg-overlay elementor-widget elementor-widget-price-list\" data-id=\"150cc81\" data-element_type=\"widget\" data-e-type=\"widget\" data-widget_type=\"price-list.default\">\n\t\t\t\t<div class=\"elementor-widget-container\">\n\t\t\t\t\t\n\t\t<ul class=\"elementor-price-list\">\n\n\t\t\t\t\t\t\t\t\t<li><a class=\"elementor-price-list-item\" href=\"#\">\t\t\t\t\n\t\t\t\t<div class=\"elementor-price-list-text\">\n\t\t\t\t\t\t\t\t\t<div class=\"elementor-price-list-header\">\n\t\t\t\t\t\t\t\t\t\t\t<span class=\"elementor-price-list-title\">\n\t\t\t\t\t\t\tPort de charge MacBook Pro M4 2024\t\t\t\t\t\t<\/span>\n\t\t\t\t\t\t\t\t\t\t\t\t\t\t\t\t\t\t\t\t\t\t\t\t<span class=\"elementor-price-list-price\">169 CHF<\/span>\n\t\t\t\t\t\t\t\t\t\t<\/div>\n\t\t\t\t\t\t\t\t\t\t\t\t<\/div>\n\t\t\t\t<\/a><\/li>\t\t\t\t\t\n\t\t<\/ul>\n\n\t\t\t\t\t\t<\/div>\n\t\t\t\t<\/div>\n\t\t\t\t<div class=\"elementor-element elementor-element-eb9ecf8 ha-has-bg-overlay elementor-widget elementor-widget-price-list\" data-id=\"eb9ecf8\" data-element_type=\"widget\" data-e-type=\"widget\" data-widget_type=\"price-list.default\">\n\t\t\t\t<div class=\"elementor-widget-container\">\n\t\t\t\t\t\n\t\t<ul class=\"elementor-price-list\">\n\n\t\t\t\t\t\t\t\t\t<li><a class=\"elementor-price-list-item\" href=\"#\">\t\t\t\t\n\t\t\t\t<div class=\"elementor-price-list-text\">\n\t\t\t\t\t\t\t\t\t<div class=\"elementor-price-list-header\">\n\t\t\t\t\t\t\t\t\t\t\t<span class=\"elementor-price-list-title\">\n\t\t\t\t\t\t\tHaut-parleurs MacBook Pro M4 2024\t\t\t\t\t\t<\/span>\n\t\t\t\t\t\t\t\t\t\t\t\t\t\t\t\t\t\t\t\t\t\t\t\t<span class=\"elementor-price-list-price\">69 CHF<\/span>\n\t\t\t\t\t\t\t\t\t\t<\/div>\n\t\t\t\t\t\t\t\t\t\t\t\t<\/div>\n\t\t\t\t<\/a><\/li>\t\t\t\t\t\n\t\t<\/ul>\n\n\t\t\t\t\t\t<\/div>\n\t\t\t\t<\/div>\n\t\t\t\t<div class=\"elementor-element elementor-element-5a212d4 ha-has-bg-overlay elementor-widget elementor-widget-price-list\" data-id=\"5a212d4\" data-element_type=\"widget\" data-e-type=\"widget\" data-widget_type=\"price-list.default\">\n\t\t\t\t<div class=\"elementor-widget-container\">\n\t\t\t\t\t\n\t\t<ul class=\"elementor-price-list\">\n\n\t\t\t\t\t\t\t\t\t<li><a class=\"elementor-price-list-item\" href=\"#\">\t\t\t\t\n\t\t\t\t<div class=\"elementor-price-list-text\">\n\t\t\t\t\t\t\t\t\t<div class=\"elementor-price-list-header\">\n\t\t\t\t\t\t\t\t\t\t\t<span class=\"elementor-price-list-title\">\n\t\t\t\t\t\t\tMicrophone MacBook Pro M4 2024\t\t\t\t\t\t<\/span>\n\t\t\t\t\t\t\t\t\t\t\t\t\t\t\t\t\t\t\t\t\t\t\t\t<span class=\"elementor-price-list-price\">99 CHF<\/span>\n\t\t\t\t\t\t\t\t\t\t<\/div>\n\t\t\t\t\t\t\t\t\t\t\t\t<\/div>\n\t\t\t\t<\/a><\/li>\t\t\t\t\t\n\t\t<\/ul>\n\n\t\t\t\t\t\t<\/div>\n\t\t\t\t<\/div>\n\t\t\t\t<div class=\"elementor-element elementor-element-161d354 ha-has-bg-overlay elementor-widget elementor-widget-price-list\" data-id=\"161d354\" data-element_type=\"widget\" data-e-type=\"widget\" data-widget_type=\"price-list.default\">\n\t\t\t\t<div class=\"elementor-widget-container\">\n\t\t\t\t\t\n\t\t<ul class=\"elementor-price-list\">\n\n\t\t\t\t\t\t\t\t\t<li><a class=\"elementor-price-list-item\" href=\"#\">\t\t\t\t\n\t\t\t\t<div class=\"elementor-price-list-text\">\n\t\t\t\t\t\t\t\t\t<div class=\"elementor-price-list-header\">\n\t\t\t\t\t\t\t\t\t\t\t<span class=\"elementor-price-list-title\">\n\t\t\t\t\t\t\t\u00c9couteur MacBook Pro M4 2024\t\t\t\t\t\t<\/span>\n\t\t\t\t\t\t\t\t\t\t\t\t\t\t\t\t\t\t\t\t\t\t\t\t<span class=\"elementor-price-list-price\">69 CHF<\/span>\n\t\t\t\t\t\t\t\t\t\t<\/div>\n\t\t\t\t\t\t\t\t\t\t\t\t<\/div>\n\t\t\t\t<\/a><\/li>\t\t\t\t\t\n\t\t<\/ul>\n\n\t\t\t\t\t\t<\/div>\n\t\t\t\t<\/div>\n\t\t\t\t<div class=\"elementor-element elementor-element-d6c2453 ha-has-bg-overlay elementor-widget elementor-widget-price-list\" data-id=\"d6c2453\" data-element_type=\"widget\" data-e-type=\"widget\" data-widget_type=\"price-list.default\">\n\t\t\t\t<div class=\"elementor-widget-container\">\n\t\t\t\t\t\n\t\t<ul class=\"elementor-price-list\">\n\n\t\t\t\t\t\t\t\t\t<li><a class=\"elementor-price-list-item\" href=\"#\">\t\t\t\t\n\t\t\t\t<div class=\"elementor-price-list-text\">\n\t\t\t\t\t\t\t\t\t<div class=\"elementor-price-list-header\">\n\t\t\t\t\t\t\t\t\t\t\t<span class=\"elementor-price-list-title\">\n\t\t\t\t\t\t\tAppareil photo MacBook Pro M4 2024\t\t\t\t\t\t<\/span>\n\t\t\t\t\t\t\t\t\t\t\t\t\t\t\t\t\t\t\t\t\t\t\t\t<span class=\"elementor-price-list-price\">299 CHF<\/span>\n\t\t\t\t\t\t\t\t\t\t<\/div>\n\t\t\t\t\t\t\t\t\t\t\t\t<\/div>\n\t\t\t\t<\/a><\/li>\t\t\t\t\t\n\t\t<\/ul>\n\n\t\t\t\t\t\t<\/div>\n\t\t\t\t<\/div>\n\t\t\t\t<div class=\"elementor-element elementor-element-6a9efe3 ha-has-bg-overlay elementor-widget elementor-widget-price-list\" data-id=\"6a9efe3\" data-element_type=\"widget\" data-e-type=\"widget\" data-widget_type=\"price-list.default\">\n\t\t\t\t<div class=\"elementor-widget-container\">\n\t\t\t\t\t\n\t\t<ul class=\"elementor-price-list\">\n\n\t\t\t\t\t\t\t\t\t<li><a class=\"elementor-price-list-item\" href=\"#\">\t\t\t\t\n\t\t\t\t<div class=\"elementor-price-list-text\">\n\t\t\t\t\t\t\t\t\t<div class=\"elementor-price-list-header\">\n\t\t\t\t\t\t\t\t\t\t\t<span class=\"elementor-price-list-title\">\n\t\t\t\t\t\t\tAppareil photo MacBook Pro M4 2024 (avant)\t\t\t\t\t\t<\/span>\n\t\t\t\t\t\t\t\t\t\t\t\t\t\t\t\t\t\t\t\t\t\t\t\t<span class=\"elementor-price-list-price\">69 CHF<\/span>\n\t\t\t\t\t\t\t\t\t\t<\/div>\n\t\t\t\t\t\t\t\t\t\t\t\t<\/div>\n\t\t\t\t<\/a><\/li>\t\t\t\t\t\n\t\t<\/ul>\n\n\t\t\t\t\t\t<\/div>\n\t\t\t\t<\/div>\n\t\t\t\t<div class=\"elementor-element elementor-element-0aeb2b8 ha-has-bg-overlay elementor-widget elementor-widget-price-list\" data-id=\"0aeb2b8\" data-element_type=\"widget\" data-e-type=\"widget\" data-widget_type=\"price-list.default\">\n\t\t\t\t<div class=\"elementor-widget-container\">\n\t\t\t\t\t\n\t\t<ul class=\"elementor-price-list\">\n\n\t\t\t\t\t\t\t\t\t<li><a class=\"elementor-price-list-item\" href=\"#\">\t\t\t\t\n\t\t\t\t<div class=\"elementor-price-list-text\">\n\t\t\t\t\t\t\t\t\t<div class=\"elementor-price-list-header\">\n\t\t\t\t\t\t\t\t\t\t\t<span class=\"elementor-price-list-title\">\n\t\t\t\t\t\t\tVitre de cam\u00e9ra arri\u00e8re pour MacBook Pro M4 2024\t\t\t\t\t\t<\/span>\n\t\t\t\t\t\t\t\t\t\t\t\t\t\t\t\t\t\t\t\t\t\t\t\t<span class=\"elementor-price-list-price\">99 CHF<\/span>\n\t\t\t\t\t\t\t\t\t\t<\/div>\n\t\t\t\t\t\t\t\t\t\t\t\t<\/div>\n\t\t\t\t<\/a><\/li>\t\t\t\t\t\n\t\t<\/ul>\n\n\t\t\t\t\t\t<\/div>\n\t\t\t\t<\/div>\n\t\t\t\t<\/div>\n\t\t\t\t\t<\/div>\n\t\t\t\t<\/div>\n\t\t<div class=\"wd-negative-gap elementor-element elementor-element-c961671 e-flex e-con-boxed e-con e-parent\" data-id=\"c961671\" data-element_type=\"container\" data-e-type=\"container\" data-settings=\"{&quot;_ha_eqh_enable&quot;:false}\">\n\t\t\t\t\t<div class=\"e-con-inner\">\n\t\t<div class=\"elementor-element elementor-element-7288e9e e-con-full e-flex e-con e-child\" data-id=\"7288e9e\" data-element_type=\"container\" data-e-type=\"container\" data-settings=\"{&quot;_ha_eqh_enable&quot;:false}\">\n\t\t\t\t<div class=\"elementor-element elementor-element-7eadeb8 elementor-align-center ha-has-bg-overlay elementor-widget elementor-widget-elementskit-button\" data-id=\"7eadeb8\" data-element_type=\"widget\" data-e-type=\"widget\" data-widget_type=\"elementskit-button.default\">\n\t\t\t\t<div class=\"elementor-widget-container\">\n\t\t\t\t\t<div class=\"ekit-wid-con\" >\t\t<div class=\"ekit-btn-wraper\">\n\t\t\t\t\t\t\t<a href=\"https:\/\/repairandshop.ch\/fr\/apporter-pour-reparation\/\" class=\"elementskit-btn  whitespace--normal\" id=\"\">\n\t\t\t\t\t<i class=\"huge huge-maps-location-01\"><\/i>Apportez-le en r\u00e9paration\t\t\t\t<\/a>\n\t\t\t\t\t<\/div>\n        <\/div>\t\t\t\t<\/div>\n\t\t\t\t<\/div>\n\t\t\t\t<\/div>\n\t\t<div class=\"elementor-element elementor-element-d29147b e-con-full e-flex e-con e-child\" data-id=\"d29147b\" data-element_type=\"container\" data-e-type=\"container\" data-settings=\"{&quot;_ha_eqh_enable&quot;:false}\">\n\t\t\t\t<div class=\"elementor-element elementor-element-dd932ee elementor-align-center elementor-widget elementor-widget-elementskit-button\" data-id=\"dd932ee\" data-element_type=\"widget\" data-e-type=\"widget\" data-widget_type=\"elementskit-button.default\">\n\t\t\t\t<div class=\"elementor-widget-container\">\n\t\t\t\t\t<div class=\"ekit-wid-con\" >\t\t<div class=\"ekit-btn-wraper\">\n\t\t\t\t\t\t\t<a href=\"https:\/\/repairandshop.ch\/fr\/envoyer-pour-reparation\/\" class=\"elementskit-btn  whitespace--normal\" id=\"\">\n\t\t\t\t\t<i class=\"huge huge-store-location-02\"><\/i>Envoyer pour r\u00e9paration\t\t\t\t<\/a>\n\t\t\t\t\t<\/div>\n        <\/div>\t\t\t\t<\/div>\n\t\t\t\t<\/div>\n\t\t\t\t<\/div>\n\t\t\t\t\t<\/div>\n\t\t\t\t<\/div>\n\t\t<div class=\"wd-negative-gap elementor-element elementor-element-ab5d4aa e-flex e-con-boxed e-con e-parent\" data-id=\"ab5d4aa\" data-element_type=\"container\" data-e-type=\"container\" data-settings=\"{&quot;_ha_eqh_enable&quot;:false}\">\n\t\t\t\t\t<div class=\"e-con-inner\">\n\t\t\t\t<div class=\"elementor-element elementor-element-c31ae6e e-n-tabs-mobile elementor-widget elementor-widget-n-tabs\" data-id=\"c31ae6e\" data-element_type=\"widget\" data-e-type=\"widget\" data-widget_type=\"nested-tabs.default\">\n\t\t\t\t<div class=\"elementor-widget-container\">\n\t\t\t\t\t\t\t<div class=\"e-n-tabs\" data-widget-number=\"204582510\" aria-label=\"Onglets. Ouvrez des \u00e9l\u00e9ments avec Entrer ou Espace, fermez-les avec Echape et naviguez \u00e0 l&#039;aide des touches fl\u00e9ch\u00e9es.\">\n\t\t\t<div class=\"e-n-tabs-heading\" role=\"tablist\">\n\t\t\t\t\t<button id=\"e-n-tab-title-2045825101\" data-tab-title-id=\"e-n-tab-title-2045825101\" class=\"e-n-tab-title\" aria-selected=\"true\" data-tab-index=\"1\" role=\"tab\" tabindex=\"0\" aria-controls=\"e-n-tab-content-2045825101\" style=\"--n-tabs-title-order: 1;\">\n\t\t\t\t\t<span class=\"e-n-tab-icon\">\n\t\t\t<svg aria-hidden=\"true\" class=\"e-font-icon-svg e-fas-tools\" viewBox=\"0 0 512 512\" xmlns=\"http:\/\/www.w3.org\/2000\/svg\"><path d=\"M501.1 395.7L384 278.6c-23.1-23.1-57.6-27.6-85.4-13.9L192 158.1V96L64 0 0 64l96 128h62.1l106.6 106.6c-13.6 27.8-9.2 62.3 13.9 85.4l117.1 117.1c14.6 14.6 38.2 14.6 52.7 0l52.7-52.7c14.5-14.6 14.5-38.2 0-52.7zM331.7 225c28.3 0 54.9 11 74.9 31l19.4 19.4c15.8-6.9 30.8-16.5 43.8-29.5 37.1-37.1 49.7-89.3 37.9-136.7-2.2-9-13.5-12.1-20.1-5.5l-74.4 74.4-67.9-11.3L334 98.9l74.4-74.4c6.6-6.6 3.4-17.9-5.7-20.2-47.4-11.7-99.6.9-136.6 37.9-28.5 28.5-41.9 66.1-41.2 103.6l82.1 82.1c8.1-1.9 16.5-2.9 24.7-2.9zm-103.9 82l-56.7-56.7L18.7 402.8c-25 25-25 65.5 0 90.5s65.5 25 90.5 0l123.6-123.6c-7.6-19.9-9.9-41.6-5-62.7zM64 472c-13.2 0-24-10.8-24-24 0-13.3 10.7-24 24-24s24 10.7 24 24c0 13.2-10.7 24-24 24z\"><\/path><\/svg>\t\t\t<svg aria-hidden=\"true\" class=\"e-font-icon-svg e-fas-tools\" viewBox=\"0 0 512 512\" xmlns=\"http:\/\/www.w3.org\/2000\/svg\"><path d=\"M501.1 395.7L384 278.6c-23.1-23.1-57.6-27.6-85.4-13.9L192 158.1V96L64 0 0 64l96 128h62.1l106.6 106.6c-13.6 27.8-9.2 62.3 13.9 85.4l117.1 117.1c14.6 14.6 38.2 14.6 52.7 0l52.7-52.7c14.5-14.6 14.5-38.2 0-52.7zM331.7 225c28.3 0 54.9 11 74.9 31l19.4 19.4c15.8-6.9 30.8-16.5 43.8-29.5 37.1-37.1 49.7-89.3 37.9-136.7-2.2-9-13.5-12.1-20.1-5.5l-74.4 74.4-67.9-11.3L334 98.9l74.4-74.4c6.6-6.6 3.4-17.9-5.7-20.2-47.4-11.7-99.6.9-136.6 37.9-28.5 28.5-41.9 66.1-41.2 103.6l82.1 82.1c8.1-1.9 16.5-2.9 24.7-2.9zm-103.9 82l-56.7-56.7L18.7 402.8c-25 25-25 65.5 0 90.5s65.5 25 90.5 0l123.6-123.6c-7.6-19.9-9.9-41.6-5-62.7zM64 472c-13.2 0-24-10.8-24-24 0-13.3 10.7-24 24-24s24 10.7 24 24c0 13.2-10.7 24-24 24z\"><\/path><\/svg>\t\t<\/span>\n\t\t\t\t\t<span class=\"e-n-tab-title-text\">\n\t\t\t\tDisplay \/ \u00c9cran\t\t\t<\/span>\n\t\t<\/button>\n\t\t\t\t<button id=\"e-n-tab-title-2045825102\" data-tab-title-id=\"e-n-tab-title-2045825102\" class=\"e-n-tab-title\" aria-selected=\"false\" data-tab-index=\"2\" role=\"tab\" tabindex=\"-1\" aria-controls=\"e-n-tab-content-2045825102\" style=\"--n-tabs-title-order: 2;\">\n\t\t\t\t\t<span class=\"e-n-tab-icon\">\n\t\t\t<svg aria-hidden=\"true\" class=\"e-font-icon-svg e-fas-battery-three-quarters\" viewBox=\"0 0 640 512\" xmlns=\"http:\/\/www.w3.org\/2000\/svg\"><path d=\"M544 160v64h32v64h-32v64H64V160h480m16-64H48c-26.51 0-48 21.49-48 48v224c0 26.51 21.49 48 48 48h512c26.51 0 48-21.49 48-48v-16h8c13.255 0 24-10.745 24-24V184c0-13.255-10.745-24-24-24h-8v-16c0-26.51-21.49-48-48-48zm-144 96H96v128h320V192z\"><\/path><\/svg>\t\t\t<svg aria-hidden=\"true\" class=\"e-font-icon-svg e-fas-battery-three-quarters\" viewBox=\"0 0 640 512\" xmlns=\"http:\/\/www.w3.org\/2000\/svg\"><path d=\"M544 160v64h32v64h-32v64H64V160h480m16-64H48c-26.51 0-48 21.49-48 48v224c0 26.51 21.49 48 48 48h512c26.51 0 48-21.49 48-48v-16h8c13.255 0 24-10.745 24-24V184c0-13.255-10.745-24-24-24h-8v-16c0-26.51-21.49-48-48-48zm-144 96H96v128h320V192z\"><\/path><\/svg>\t\t<\/span>\n\t\t\t\t\t<span class=\"e-n-tab-title-text\">\n\t\t\t\tBatterie\t\t\t<\/span>\n\t\t<\/button>\n\t\t\t\t<button id=\"e-n-tab-title-2045825103\" data-tab-title-id=\"e-n-tab-title-2045825103\" class=\"e-n-tab-title\" aria-selected=\"false\" data-tab-index=\"3\" role=\"tab\" tabindex=\"-1\" aria-controls=\"e-n-tab-content-2045825103\" style=\"--n-tabs-title-order: 3;\">\n\t\t\t\t\t<span class=\"e-n-tab-icon\">\n\t\t\t<svg aria-hidden=\"true\" class=\"e-font-icon-svg e-fas-charging-station\" viewBox=\"0 0 576 512\" xmlns=\"http:\/\/www.w3.org\/2000\/svg\"><path d=\"M336 448H16c-8.84 0-16 7.16-16 16v32c0 8.84 7.16 16 16 16h320c8.84 0 16-7.16 16-16v-32c0-8.84-7.16-16-16-16zm208-320V80c0-8.84-7.16-16-16-16s-16 7.16-16 16v48h-32V80c0-8.84-7.16-16-16-16s-16 7.16-16 16v48h-16c-8.84 0-16 7.16-16 16v32c0 35.76 23.62 65.69 56 75.93v118.49c0 13.95-9.5 26.92-23.26 29.19C431.22 402.5 416 388.99 416 372v-28c0-48.6-39.4-88-88-88h-8V64c0-35.35-28.65-64-64-64H96C60.65 0 32 28.65 32 64v352h288V304h8c22.09 0 40 17.91 40 40v24.61c0 39.67 28.92 75.16 68.41 79.01C481.71 452.05 520 416.41 520 372V251.93c32.38-10.24 56-40.17 56-75.93v-32c0-8.84-7.16-16-16-16h-16zm-283.91 47.76l-93.7 139c-2.2 3.33-6.21 5.24-10.39 5.24-7.67 0-13.47-6.28-11.67-12.92L167.35 224H108c-7.25 0-12.85-5.59-11.89-11.89l16-107C112.9 99.9 117.98 96 124 96h68c7.88 0 13.62 6.54 11.6 13.21L192 160h57.7c9.24 0 15.01 8.78 10.39 15.76z\"><\/path><\/svg>\t\t\t<svg aria-hidden=\"true\" class=\"e-font-icon-svg e-fas-charging-station\" viewBox=\"0 0 576 512\" xmlns=\"http:\/\/www.w3.org\/2000\/svg\"><path d=\"M336 448H16c-8.84 0-16 7.16-16 16v32c0 8.84 7.16 16 16 16h320c8.84 0 16-7.16 16-16v-32c0-8.84-7.16-16-16-16zm208-320V80c0-8.84-7.16-16-16-16s-16 7.16-16 16v48h-32V80c0-8.84-7.16-16-16-16s-16 7.16-16 16v48h-16c-8.84 0-16 7.16-16 16v32c0 35.76 23.62 65.69 56 75.93v118.49c0 13.95-9.5 26.92-23.26 29.19C431.22 402.5 416 388.99 416 372v-28c0-48.6-39.4-88-88-88h-8V64c0-35.35-28.65-64-64-64H96C60.65 0 32 28.65 32 64v352h288V304h8c22.09 0 40 17.91 40 40v24.61c0 39.67 28.92 75.16 68.41 79.01C481.71 452.05 520 416.41 520 372V251.93c32.38-10.24 56-40.17 56-75.93v-32c0-8.84-7.16-16-16-16h-16zm-283.91 47.76l-93.7 139c-2.2 3.33-6.21 5.24-10.39 5.24-7.67 0-13.47-6.28-11.67-12.92L167.35 224H108c-7.25 0-12.85-5.59-11.89-11.89l16-107C112.9 99.9 117.98 96 124 96h68c7.88 0 13.62 6.54 11.6 13.21L192 160h57.7c9.24 0 15.01 8.78 10.39 15.76z\"><\/path><\/svg>\t\t<\/span>\n\t\t\t\t\t<span class=\"e-n-tab-title-text\">\n\t\t\t\tConnecteur de charge \/ Ne charge plus?\t\t\t<\/span>\n\t\t<\/button>\n\t\t\t\t<button id=\"e-n-tab-title-2045825104\" data-tab-title-id=\"e-n-tab-title-2045825104\" class=\"e-n-tab-title\" aria-selected=\"false\" data-tab-index=\"4\" role=\"tab\" tabindex=\"-1\" aria-controls=\"e-n-tab-content-2045825104\" style=\"--n-tabs-title-order: 4;\">\n\t\t\t\t\t<span class=\"e-n-tab-icon\">\n\t\t\t<i aria-hidden=\"true\" class=\"huge huge-ear\"><\/i>\t\t\t<i aria-hidden=\"true\" class=\"huge huge-ear\"><\/i>\t\t<\/span>\n\t\t\t\t\t<span class=\"e-n-tab-title-text\">\n\t\t\t\t\u00c9couteur Interne \/ Earpeace\t\t\t<\/span>\n\t\t<\/button>\n\t\t\t\t<button id=\"e-n-tab-title-2045825105\" data-tab-title-id=\"e-n-tab-title-2045825105\" class=\"e-n-tab-title\" aria-selected=\"false\" data-tab-index=\"5\" role=\"tab\" tabindex=\"-1\" aria-controls=\"e-n-tab-content-2045825105\" style=\"--n-tabs-title-order: 5;\">\n\t\t\t\t\t<span class=\"e-n-tab-icon\">\n\t\t\t<i aria-hidden=\"true\" class=\"hm hm-speaker-on\"><\/i>\t\t\t<i aria-hidden=\"true\" class=\"hm hm-speaker-on\"><\/i>\t\t<\/span>\n\t\t\t\t\t<span class=\"e-n-tab-title-text\">\n\t\t\t\tHaut-Parleur \/ Speaker\t\t\t<\/span>\n\t\t<\/button>\n\t\t\t\t<button id=\"e-n-tab-title-2045825106\" data-tab-title-id=\"e-n-tab-title-2045825106\" class=\"e-n-tab-title\" aria-selected=\"false\" data-tab-index=\"6\" role=\"tab\" tabindex=\"-1\" aria-controls=\"e-n-tab-content-2045825106\" style=\"--n-tabs-title-order: 6;\">\n\t\t\t\t\t<span class=\"e-n-tab-icon\">\n\t\t\t<svg aria-hidden=\"true\" class=\"e-font-icon-svg e-fas-camera\" viewBox=\"0 0 512 512\" xmlns=\"http:\/\/www.w3.org\/2000\/svg\"><path d=\"M512 144v288c0 26.5-21.5 48-48 48H48c-26.5 0-48-21.5-48-48V144c0-26.5 21.5-48 48-48h88l12.3-32.9c7-18.7 24.9-31.1 44.9-31.1h125.5c20 0 37.9 12.4 44.9 31.1L376 96h88c26.5 0 48 21.5 48 48zM376 288c0-66.2-53.8-120-120-120s-120 53.8-120 120 53.8 120 120 120 120-53.8 120-120zm-32 0c0 48.5-39.5 88-88 88s-88-39.5-88-88 39.5-88 88-88 88 39.5 88 88z\"><\/path><\/svg>\t\t\t<svg aria-hidden=\"true\" class=\"e-font-icon-svg e-fas-camera\" viewBox=\"0 0 512 512\" xmlns=\"http:\/\/www.w3.org\/2000\/svg\"><path d=\"M512 144v288c0 26.5-21.5 48-48 48H48c-26.5 0-48-21.5-48-48V144c0-26.5 21.5-48 48-48h88l12.3-32.9c7-18.7 24.9-31.1 44.9-31.1h125.5c20 0 37.9 12.4 44.9 31.1L376 96h88c26.5 0 48 21.5 48 48zM376 288c0-66.2-53.8-120-120-120s-120 53.8-120 120 53.8 120 120 120 120-53.8 120-120zm-32 0c0 48.5-39.5 88-88 88s-88-39.5-88-88 39.5-88 88-88 88 39.5 88 88z\"><\/path><\/svg>\t\t<\/span>\n\t\t\t\t\t<span class=\"e-n-tab-title-text\">\n\t\t\t\tCam\u00e9ra Principale \t\t\t<\/span>\n\t\t<\/button>\n\t\t\t\t<button id=\"e-n-tab-title-2045825107\" data-tab-title-id=\"e-n-tab-title-2045825107\" class=\"e-n-tab-title\" aria-selected=\"false\" data-tab-index=\"7\" role=\"tab\" tabindex=\"-1\" aria-controls=\"e-n-tab-content-2045825107\" style=\"--n-tabs-title-order: 7;\">\n\t\t\t\t\t<span class=\"e-n-tab-icon\">\n\t\t\t<svg aria-hidden=\"true\" class=\"e-font-icon-svg e-fas-camera-retro\" viewBox=\"0 0 512 512\" xmlns=\"http:\/\/www.w3.org\/2000\/svg\"><path d=\"M48 32C21.5 32 0 53.5 0 80v352c0 26.5 21.5 48 48 48h416c26.5 0 48-21.5 48-48V80c0-26.5-21.5-48-48-48H48zm0 32h106c3.3 0 6 2.7 6 6v20c0 3.3-2.7 6-6 6H38c-3.3 0-6-2.7-6-6V80c0-8.8 7.2-16 16-16zm426 96H38c-3.3 0-6-2.7-6-6v-36c0-3.3 2.7-6 6-6h138l30.2-45.3c1.1-1.7 3-2.7 5-2.7H464c8.8 0 16 7.2 16 16v74c0 3.3-2.7 6-6 6zM256 424c-66.2 0-120-53.8-120-120s53.8-120 120-120 120 53.8 120 120-53.8 120-120 120zm0-208c-48.5 0-88 39.5-88 88s39.5 88 88 88 88-39.5 88-88-39.5-88-88-88zm-48 104c-8.8 0-16-7.2-16-16 0-35.3 28.7-64 64-64 8.8 0 16 7.2 16 16s-7.2 16-16 16c-17.6 0-32 14.4-32 32 0 8.8-7.2 16-16 16z\"><\/path><\/svg>\t\t\t<svg aria-hidden=\"true\" class=\"e-font-icon-svg e-fas-camera-retro\" viewBox=\"0 0 512 512\" xmlns=\"http:\/\/www.w3.org\/2000\/svg\"><path d=\"M48 32C21.5 32 0 53.5 0 80v352c0 26.5 21.5 48 48 48h416c26.5 0 48-21.5 48-48V80c0-26.5-21.5-48-48-48H48zm0 32h106c3.3 0 6 2.7 6 6v20c0 3.3-2.7 6-6 6H38c-3.3 0-6-2.7-6-6V80c0-8.8 7.2-16 16-16zm426 96H38c-3.3 0-6-2.7-6-6v-36c0-3.3 2.7-6 6-6h138l30.2-45.3c1.1-1.7 3-2.7 5-2.7H464c8.8 0 16 7.2 16 16v74c0 3.3-2.7 6-6 6zM256 424c-66.2 0-120-53.8-120-120s53.8-120 120-120 120 53.8 120 120-53.8 120-120 120zm0-208c-48.5 0-88 39.5-88 88s39.5 88 88 88 88-39.5 88-88-39.5-88-88-88zm-48 104c-8.8 0-16-7.2-16-16 0-35.3 28.7-64 64-64 8.8 0 16 7.2 16 16s-7.2 16-16 16c-17.6 0-32 14.4-32 32 0 8.8-7.2 16-16 16z\"><\/path><\/svg>\t\t<\/span>\n\t\t\t\t\t<span class=\"e-n-tab-title-text\">\n\t\t\t\tCam\u00e9ra Avant\t\t\t<\/span>\n\t\t<\/button>\n\t\t\t\t\t<\/div>\n\t\t\t<div class=\"e-n-tabs-content\">\n\t\t\t\t<div id=\"e-n-tab-content-2045825101\" role=\"tabpanel\" aria-labelledby=\"e-n-tab-title-2045825101\" data-tab-index=\"1\" style=\"--n-tabs-title-order: 1;\" class=\"e-active elementor-element elementor-element-5919da6 e-con-full e-flex e-con e-child\" data-id=\"5919da6\" data-element_type=\"container\" data-e-type=\"container\" data-settings=\"{&quot;_ha_eqh_enable&quot;:false}\">\n\t\t<div class=\"wd-negative-gap elementor-element elementor-element-7508edd e-flex e-con-boxed e-con e-child\" data-id=\"7508edd\" data-element_type=\"container\" data-e-type=\"container\" data-settings=\"{&quot;_ha_eqh_enable&quot;:false}\">\n\t\t\t\t\t<div class=\"e-con-inner\">\n\t\t\t\t<div class=\"elementor-element elementor-element-3258c83 color-scheme-inherit text-left elementor-widget elementor-widget-text-editor\" data-id=\"3258c83\" data-element_type=\"widget\" data-e-type=\"widget\" data-widget_type=\"text-editor.default\">\n\t\t\t\t<div class=\"elementor-widget-container\">\n\t\t\t\t\t\t\t\t\t<h3 data-start=\"177\" data-end=\"266\">R\u00e9paration \u00e9cran \/ vitre \/ affichage MacBook Pro M4 (2024) \u2013 Une clart\u00e9 comme au premier jour<\/h3><p data-start=\"97\" data-end=\"705\">Lorsque l\u2019\u00e9cran de votre MacBook Pro M4 (2024) pr\u00e9sente des fissures visibles, des lignes verticales ou horizontales, des taches noires, un r\u00e9tro\u00e9clairage irr\u00e9gulier ou une perte de luminosit\u00e9, cela signifie g\u00e9n\u00e9ralement que la dalle Liquid Retina XDR ainsi que la vitre de protection sont endommag\u00e9es \u2014 le plus souvent \u00e0 la suite d\u2019un choc, d\u2019une pression excessive ou d\u2019une fermeture sur un objet. Dans ce cas, une r\u00e9paration \u00e9cran MacBook compl\u00e8te est indispensable, car la dalle, le r\u00e9tro\u00e9clairage et l\u2019ensemble du module d\u2019affichage sont assembl\u00e9s avec une extr\u00eame pr\u00e9cision sur ce mod\u00e8le haut de gamme.<\/p><p data-start=\"707\" data-end=\"1217\">Lors de la r\u00e9paration \u00e9cran MacBook Pro M4 (2024), nos techniciens certifi\u00e9s remplacent avec pr\u00e9cision l\u2019ensemble du module d\u2019affichage \u2014 incluant la vitre, la dalle Liquid Retina XDR, le syst\u00e8me de r\u00e9tro\u00e9clairage mini-LED et les composants de calibration \u2014 par une pi\u00e8ce d\u2019origine de haute qualit\u00e9. Cela permet de retrouver une qualit\u00e9 d\u2019affichage exceptionnelle, avec une luminosit\u00e9 intense, des noirs profonds, un contraste extr\u00eame et une fid\u00e9lit\u00e9 des couleurs professionnelle, exactement comme \u00e0 l\u2019origine.<\/p><p data-start=\"1219\" data-end=\"1754\">Notre service de r\u00e9paration MacBook est rapide, fiable et professionnel. Nous utilisons des outils sp\u00e9cialis\u00e9s adapt\u00e9s aux appareils Apple Silicon, des protections ESD contre les d\u00e9charges \u00e9lectrostatiques, et effectuons un contr\u00f4le complet apr\u00e8s chaque r\u00e9paration MacBook Pro. Chaque \u00e9cran est test\u00e9 en profondeur (luminosit\u00e9, uniformit\u00e9, pixels, capteurs, cam\u00e9ra, True Tone) afin de garantir un fonctionnement optimal. De plus, vous b\u00e9n\u00e9ficiez d\u2019une garantie sur les pi\u00e8ces et la main-d\u2019\u0153uvre, pour une tranquillit\u00e9 d\u2019esprit durable.<\/p><p data-start=\"1756\" data-end=\"2068\">\u26a0\ufe0f Nous d\u00e9conseillons fortement toute tentative de r\u00e9parer l\u2019\u00e9cran MacBook soi-m\u00eame, car le module d\u2019affichage est extr\u00eamement fin et sensible. Une mauvaise manipulation peut endommager la carte m\u00e8re, la nappe d\u2019\u00e9cran ou le syst\u00e8me de r\u00e9tro\u00e9clairage, et augmenter consid\u00e9rablement le co\u00fbt final de la r\u00e9paration.<\/p><p data-start=\"2070\" data-end=\"2317\" data-is-last-node=\"\" data-is-only-node=\"\">Gr\u00e2ce \u00e0 notre r\u00e9paration professionnelle MacBook Pro M4 (2024), votre ordinateur retrouve un \u00e9cran parfaitement net, une exp\u00e9rience visuelle immersive et une finition premium, exactement comme au premier jour, m\u00eame en cas d\u2019\u00e9cran cass\u00e9 ou fissur\u00e9.<\/p>\t\t\t\t\t\t\t\t<\/div>\n\t\t\t\t<\/div>\n\t\t<div class=\"elementor-element elementor-element-cfa3fb1 e-con-full e-flex e-con e-child\" data-id=\"cfa3fb1\" data-element_type=\"container\" data-e-type=\"container\" data-settings=\"{&quot;_ha_eqh_enable&quot;:false}\">\n\t\t<div class=\"elementor-element elementor-element-bb329e8 e-con-full e-flex e-con e-child\" data-id=\"bb329e8\" data-element_type=\"container\" data-e-type=\"container\" data-settings=\"{&quot;_ha_eqh_enable&quot;:false}\">\n\t\t\t\t<div class=\"elementor-element elementor-element-3f0cdc9 elementor-align-center ha-has-bg-overlay elementor-widget elementor-widget-elementskit-button\" data-id=\"3f0cdc9\" data-element_type=\"widget\" data-e-type=\"widget\" data-widget_type=\"elementskit-button.default\">\n\t\t\t\t<div class=\"elementor-widget-container\">\n\t\t\t\t\t<div class=\"ekit-wid-con\" >\t\t<div class=\"ekit-btn-wraper\">\n\t\t\t\t\t\t\t<a href=\"https:\/\/repairandshop.ch\/fr\/reparation-sur-place\/\" class=\"elementskit-btn  whitespace--normal\" id=\"\">\n\t\t\t\t\tR\u00e9paration Sur Place\t\t\t\t<\/a>\n\t\t\t\t\t<\/div>\n        <\/div>\t\t\t\t<\/div>\n\t\t\t\t<\/div>\n\t\t\t\t<\/div>\n\t\t<div class=\"elementor-element elementor-element-04c8c90 e-con-full e-flex e-con e-child\" data-id=\"04c8c90\" data-element_type=\"container\" data-e-type=\"container\" data-settings=\"{&quot;_ha_eqh_enable&quot;:false}\">\n\t\t\t\t<div class=\"elementor-element elementor-element-1e6c064 elementor-align-center ha-has-bg-overlay elementor-widget elementor-widget-elementskit-button\" data-id=\"1e6c064\" data-element_type=\"widget\" data-e-type=\"widget\" data-widget_type=\"elementskit-button.default\">\n\t\t\t\t<div class=\"elementor-widget-container\">\n\t\t\t\t\t<div class=\"ekit-wid-con\" >\t\t<div class=\"ekit-btn-wraper\">\n\t\t\t\t\t\t\t<a href=\"https:\/\/repairandshop.ch\/fr\/reparation-par-courrier\" class=\"elementskit-btn  whitespace--normal\" id=\"\">\n\t\t\t\t\tR\u00e9paration Par Courrier\t\t\t\t<\/a>\n\t\t\t\t\t<\/div>\n        <\/div>\t\t\t\t<\/div>\n\t\t\t\t<\/div>\n\t\t\t\t<\/div>\n\t\t\t\t<\/div>\n\t\t\t\t\t<\/div>\n\t\t\t\t<\/div>\n\t\t\t\t<\/div>\n\t\t<div id=\"e-n-tab-content-2045825102\" role=\"tabpanel\" aria-labelledby=\"e-n-tab-title-2045825102\" data-tab-index=\"2\" style=\"--n-tabs-title-order: 2;\" class=\" elementor-element elementor-element-03d9423 e-con-full e-flex e-con e-child\" data-id=\"03d9423\" data-element_type=\"container\" data-e-type=\"container\" data-settings=\"{&quot;_ha_eqh_enable&quot;:false}\">\n\t\t<div class=\"wd-negative-gap elementor-element elementor-element-19e3440 e-flex e-con-boxed e-con e-child\" data-id=\"19e3440\" data-element_type=\"container\" data-e-type=\"container\" data-settings=\"{&quot;_ha_eqh_enable&quot;:false}\">\n\t\t\t\t\t<div class=\"e-con-inner\">\n\t\t\t\t<div class=\"elementor-element elementor-element-ac1a256 color-scheme-inherit text-left elementor-widget elementor-widget-text-editor\" data-id=\"ac1a256\" data-element_type=\"widget\" data-e-type=\"widget\" data-widget_type=\"text-editor.default\">\n\t\t\t\t<div class=\"elementor-widget-container\">\n\t\t\t\t\t\t\t\t\t<h3 data-start=\"144\" data-end=\"206\">Changement batterie MacBook Pro M4 2024 \u2013 Remplacement de la batterie<\/h3><p data-start=\"73\" data-end=\"599\">la batterie est l\u2019un des composants les plus sollicit\u00e9s des ordinateurs portables modernes. M\u00eame en cas d\u2019utilisation intensive, votre MacBook Pro M4 2024 devrait id\u00e9alement offrir une autonomie stable sur toute une journ\u00e9e de travail. En revanche, si vous devez le recharger fr\u00e9quemment, si l\u2019autonomie chute rapidement ou si l\u2019appareil s\u2019\u00e9teint soudainement, cela indique g\u00e9n\u00e9ralement une batterie d\u00e9fectueuse ou us\u00e9e.<\/p><p data-start=\"601\" data-end=\"1020\">Les causes les plus fr\u00e9quentes des probl\u00e8mes de batterie sont la surchauffe, les cycles de charge \u00e9lev\u00e9s, le vieillissement naturel des cellules lithium-polym\u00e8re ou une capacit\u00e9 maximale fortement r\u00e9duite. Afin d\u2019\u00e9viter les pertes de performance, les ralentissements syst\u00e8me, le gonflement de la batterie ou les coupures d\u2019alimentation impr\u00e9vues, un remplacement batterie MacBook professionnel est fortement recommand\u00e9.<\/p><p data-start=\"1022\" data-end=\"1456\">Dans notre atelier sp\u00e9cialis\u00e9 en r\u00e9paration MacBook, nous contr\u00f4lons avec pr\u00e9cision l\u2019\u00e9tat de votre batterie, le nombre de cycles et la capacit\u00e9 r\u00e9elle. Si n\u00e9cessaire, nous effectuons le remplacement batterie MacBook Pro avec une pi\u00e8ce d\u2019origine de haute qualit\u00e9, parfaitement compatible avec l\u2019architecture Apple Silicon. Cela permet de retrouver une autonomie optimale, une gestion \u00e9nerg\u00e9tique stable et des performances constantes.<\/p><p data-start=\"1458\" data-end=\"1789\" data-is-last-node=\"\" data-is-only-node=\"\">Toutes nos interventions sont r\u00e9alis\u00e9es rapidement, avec fiabilit\u00e9 et sous garantie. Apr\u00e8s le changement batterie MacBook Pro M4 2024, votre ordinateur fonctionne \u00e0 nouveau comme neuf, avec une autonomie durable, une recharge efficace et une puissance parfaitement ma\u00eetris\u00e9e, id\u00e9ale pour le travail comme pour les usages intensifs.<\/p>\t\t\t\t\t\t\t\t<\/div>\n\t\t\t\t<\/div>\n\t\t\t\t\t<\/div>\n\t\t\t\t<\/div>\n\t\t<div class=\"elementor-element elementor-element-277bb32 e-con-full e-flex e-con e-child\" data-id=\"277bb32\" data-element_type=\"container\" data-e-type=\"container\" data-settings=\"{&quot;_ha_eqh_enable&quot;:false}\">\n\t\t<div class=\"elementor-element elementor-element-22cfbf5 e-con-full e-flex e-con e-child\" data-id=\"22cfbf5\" data-element_type=\"container\" data-e-type=\"container\" data-settings=\"{&quot;_ha_eqh_enable&quot;:false}\">\n\t\t\t\t<div class=\"elementor-element elementor-element-25f7b44 elementor-align-center ha-has-bg-overlay elementor-widget elementor-widget-elementskit-button\" data-id=\"25f7b44\" data-element_type=\"widget\" data-e-type=\"widget\" data-widget_type=\"elementskit-button.default\">\n\t\t\t\t<div class=\"elementor-widget-container\">\n\t\t\t\t\t<div class=\"ekit-wid-con\" >\t\t<div class=\"ekit-btn-wraper\">\n\t\t\t\t\t\t\t<a href=\"https:\/\/repairandshop.ch\/fr\/reparation-sur-place\/\" class=\"elementskit-btn  whitespace--normal\" id=\"\">\n\t\t\t\t\tR\u00e9paration Sur Place\t\t\t\t<\/a>\n\t\t\t\t\t<\/div>\n        <\/div>\t\t\t\t<\/div>\n\t\t\t\t<\/div>\n\t\t\t\t<\/div>\n\t\t<div class=\"elementor-element elementor-element-f78349e e-con-full e-flex e-con e-child\" data-id=\"f78349e\" data-element_type=\"container\" data-e-type=\"container\" data-settings=\"{&quot;_ha_eqh_enable&quot;:false}\">\n\t\t\t\t<div class=\"elementor-element elementor-element-15ffef8 elementor-align-center ha-has-bg-overlay elementor-widget elementor-widget-elementskit-button\" data-id=\"15ffef8\" data-element_type=\"widget\" data-e-type=\"widget\" data-widget_type=\"elementskit-button.default\">\n\t\t\t\t<div class=\"elementor-widget-container\">\n\t\t\t\t\t<div class=\"ekit-wid-con\" >\t\t<div class=\"ekit-btn-wraper\">\n\t\t\t\t\t\t\t<a href=\"https:\/\/repairandshop.ch\/fr\/reparation-par-courrier\" class=\"elementskit-btn  whitespace--normal\" id=\"\">\n\t\t\t\t\tR\u00e9paration Par Courrier\t\t\t\t<\/a>\n\t\t\t\t\t<\/div>\n        <\/div>\t\t\t\t<\/div>\n\t\t\t\t<\/div>\n\t\t\t\t<\/div>\n\t\t\t\t<\/div>\n\t\t\t\t<\/div>\n\t\t<div id=\"e-n-tab-content-2045825103\" role=\"tabpanel\" aria-labelledby=\"e-n-tab-title-2045825103\" data-tab-index=\"3\" style=\"--n-tabs-title-order: 3;\" class=\" elementor-element elementor-element-39ff85b e-con-full e-flex e-con e-child\" data-id=\"39ff85b\" data-element_type=\"container\" data-e-type=\"container\" data-settings=\"{&quot;_ha_eqh_enable&quot;:false}\">\n\t\t<div class=\"wd-negative-gap elementor-element elementor-element-43f268d e-flex e-con-boxed e-con e-child\" data-id=\"43f268d\" data-element_type=\"container\" data-e-type=\"container\" data-settings=\"{&quot;_ha_eqh_enable&quot;:false}\">\n\t\t\t\t\t<div class=\"e-con-inner\">\n\t\t\t\t<div class=\"elementor-element elementor-element-13ae04d color-scheme-inherit text-left elementor-widget elementor-widget-text-editor\" data-id=\"13ae04d\" data-element_type=\"widget\" data-e-type=\"widget\" data-widget_type=\"text-editor.default\">\n\t\t\t\t<div class=\"elementor-widget-container\">\n\t\t\t\t\t\t\t\t\t<h3 data-start=\"151\" data-end=\"233\">R\u00e9paration connecteur de charge MacBook Pro M4 2024 \u2013 Remplacement du port de charge<\/h3><div class=\"flex flex-col text-sm pb-25\"><article class=\"text-token-text-primary w-full focus:outline-none [--shadow-height:45px] has-data-writing-block:pointer-events-none has-data-writing-block:-mt-(--shadow-height) has-data-writing-block:pt-(--shadow-height) [&amp;:has([data-writing-block])&gt;*]:pointer-events-auto scroll-mt-[calc(var(--header-height)+min(200px,max(70px,20svh)))]\" dir=\"auto\" tabindex=\"-1\" data-turn-id=\"request-WEB:a136cf3c-6271-441a-8a16-36a799b635aa-3\" data-testid=\"conversation-turn-8\" data-scroll-anchor=\"true\" data-turn=\"assistant\"><div class=\"text-base my-auto mx-auto pb-10 [--thread-content-margin:--spacing(4)] @w-sm\/main:[--thread-content-margin:--spacing(6)] @w-lg\/main:[--thread-content-margin:--spacing(16)] px-(--thread-content-margin)\"><div class=\"[--thread-content-max-width:40rem] @w-lg\/main:[--thread-content-max-width:48rem] mx-auto max-w-(--thread-content-max-width) flex-1 group\/turn-messages focus-visible:outline-hidden relative flex w-full min-w-0 flex-col agent-turn\" tabindex=\"-1\"><div class=\"flex max-w-full flex-col grow\"><div class=\"min-h-8 text-message relative flex w-full flex-col items-end gap-2 text-start break-words whitespace-normal [.text-message+&amp;]:mt-1\" dir=\"auto\" data-message-author-role=\"assistant\" data-message-id=\"d1cdb544-0585-4316-8cf7-f0bf4e300032\" data-message-model-slug=\"gpt-5-2\"><div class=\"flex w-full flex-col gap-1 empty:hidden first:pt-[1px]\"><div class=\"markdown prose dark:prose-invert w-full wrap-break-word light markdown-new-styling\"><p data-start=\"88\" data-end=\"390\">Si vous devez effectuer une r\u00e9paration du connecteur de charge MacBook Pro M4 2024 ou si votre appareil rencontre des probl\u00e8mes d\u2019alimentation \u2014 comme une charge intermittente, une absence de r\u00e9action lors du branchement, une charge tr\u00e8s lente ou des d\u00e9connexions fr\u00e9quentes \u2014 vous \u00eates au bon endroit.<\/p><p data-start=\"392\" data-end=\"737\">Les causes les plus fr\u00e9quentes sont l\u2019accumulation de poussi\u00e8re ou de d\u00e9bris dans le port USB-C \/ MagSafe, l\u2019usure des contacts internes, une surtension, des dommages caus\u00e9s par un liquide ou un c\u00e2ble d\u00e9fectueux. Ces d\u00e9fauts peuvent emp\u00eacher votre MacBook Pro M4 2024 de se charger correctement ou d\u2019assurer une alimentation stable et s\u00e9curis\u00e9e.<\/p><p data-start=\"739\" data-end=\"1173\">Notre service professionnel de r\u00e9paration du port de charge MacBook comprend un diagnostic complet du syst\u00e8me d\u2019alimentation, un nettoyage technique approfondi ou, si n\u00e9cessaire, le remplacement du module de charge avec des pi\u00e8ces d\u2019origine de haute qualit\u00e9, parfaitement compatibles avec l\u2019architecture Apple Silicon. Nous v\u00e9rifions \u00e9galement la carte m\u00e8re et le circuit de gestion d\u2019\u00e9nergie afin d\u2019assurer un fonctionnement optimal.<\/p><p data-start=\"1175\" data-end=\"1359\" data-is-last-node=\"\" data-is-only-node=\"\">Toutes nos r\u00e9parations MacBook sont r\u00e9alis\u00e9es rapidement, avec pr\u00e9cision et sous garantie, afin de vous assurer une recharge fiable, une alimentation stable et une tranquillit\u00e9 totale.<\/p><\/div><\/div><\/div><\/div><div class=\"z-0 flex min-h-[46px] justify-start\">\u00a0<\/div><div class=\"mt-3 w-full empty:hidden\"><div class=\"text-center\">\u00a0<\/div><\/div><\/div><\/div><\/article><\/div><div class=\"pointer-events-none h-px w-px absolute bottom-0\" aria-hidden=\"true\" data-edge=\"true\">\u00a0<\/div>\t\t\t\t\t\t\t\t<\/div>\n\t\t\t\t<\/div>\n\t\t\t\t\t<\/div>\n\t\t\t\t<\/div>\n\t\t<div class=\"elementor-element elementor-element-e11d4d6 e-con-full e-flex e-con e-child\" data-id=\"e11d4d6\" data-element_type=\"container\" data-e-type=\"container\" data-settings=\"{&quot;_ha_eqh_enable&quot;:false}\">\n\t\t<div class=\"elementor-element elementor-element-bb6ab09 e-con-full e-flex e-con e-child\" data-id=\"bb6ab09\" data-element_type=\"container\" data-e-type=\"container\" data-settings=\"{&quot;_ha_eqh_enable&quot;:false}\">\n\t\t\t\t<div class=\"elementor-element elementor-element-229476f elementor-align-center ha-has-bg-overlay elementor-widget elementor-widget-elementskit-button\" data-id=\"229476f\" data-element_type=\"widget\" data-e-type=\"widget\" data-widget_type=\"elementskit-button.default\">\n\t\t\t\t<div class=\"elementor-widget-container\">\n\t\t\t\t\t<div class=\"ekit-wid-con\" >\t\t<div class=\"ekit-btn-wraper\">\n\t\t\t\t\t\t\t<a href=\"https:\/\/repairandshop.ch\/fr\/reparation-sur-place\/\" class=\"elementskit-btn  whitespace--normal\" id=\"\">\n\t\t\t\t\tR\u00e9paration Sur Place\t\t\t\t<\/a>\n\t\t\t\t\t<\/div>\n        <\/div>\t\t\t\t<\/div>\n\t\t\t\t<\/div>\n\t\t\t\t<\/div>\n\t\t<div class=\"elementor-element elementor-element-259d077 e-con-full e-flex e-con e-child\" data-id=\"259d077\" data-element_type=\"container\" data-e-type=\"container\" data-settings=\"{&quot;_ha_eqh_enable&quot;:false}\">\n\t\t\t\t<div class=\"elementor-element elementor-element-1563782 elementor-align-center ha-has-bg-overlay elementor-widget elementor-widget-elementskit-button\" data-id=\"1563782\" data-element_type=\"widget\" data-e-type=\"widget\" data-widget_type=\"elementskit-button.default\">\n\t\t\t\t<div class=\"elementor-widget-container\">\n\t\t\t\t\t<div class=\"ekit-wid-con\" >\t\t<div class=\"ekit-btn-wraper\">\n\t\t\t\t\t\t\t<a href=\"https:\/\/repairandshop.ch\/fr\/reparation-par-courrier\" class=\"elementskit-btn  whitespace--normal\" id=\"\">\n\t\t\t\t\tR\u00e9paration Par Courrier\t\t\t\t<\/a>\n\t\t\t\t\t<\/div>\n        <\/div>\t\t\t\t<\/div>\n\t\t\t\t<\/div>\n\t\t\t\t<\/div>\n\t\t\t\t<\/div>\n\t\t\t\t<\/div>\n\t\t<div id=\"e-n-tab-content-2045825104\" role=\"tabpanel\" aria-labelledby=\"e-n-tab-title-2045825104\" data-tab-index=\"4\" style=\"--n-tabs-title-order: 4;\" class=\" elementor-element elementor-element-082bc67 e-con-full e-flex e-con e-child\" data-id=\"082bc67\" data-element_type=\"container\" data-e-type=\"container\" data-settings=\"{&quot;_ha_eqh_enable&quot;:false}\">\n\t\t<div class=\"wd-negative-gap elementor-element elementor-element-dd939f8 e-flex e-con-boxed e-con e-child\" data-id=\"dd939f8\" data-element_type=\"container\" data-e-type=\"container\" data-settings=\"{&quot;_ha_eqh_enable&quot;:false}\">\n\t\t\t\t\t<div class=\"e-con-inner\">\n\t\t\t\t<div class=\"elementor-element elementor-element-deb9c81 color-scheme-inherit text-left elementor-widget elementor-widget-text-editor\" data-id=\"deb9c81\" data-element_type=\"widget\" data-e-type=\"widget\" data-widget_type=\"text-editor.default\">\n\t\t\t\t<div class=\"elementor-widget-container\">\n\t\t\t\t\t\t\t\t\t<h3 data-start=\"188\" data-end=\"253\">R\u00e9paration haut-parleurs MacBook Pro M4 2024 \u2013 Remplacement du module audio<\/h3><p data-start=\"79\" data-end=\"662\">Si vous devez effectuer une r\u00e9paration des haut-parleurs de votre MacBook Pro M4 2024 en raison de gr\u00e9sillements, distorsions, sons \u00e9touff\u00e9s, vibrations anormales ou d\u2019un volume inhabituellement faible, il s\u2019agit le plus souvent d\u2019un d\u00e9faut du module audio interne. Les causes fr\u00e9quentes incluent l\u2019accumulation de poussi\u00e8re, des r\u00e9sidus, des dommages caus\u00e9s par un liquide ou une surcharge sonore prolong\u00e9e pouvant alt\u00e9rer les membranes des haut-parleurs. M\u00eame de fines particules ou une humidit\u00e9 interne peuvent perturber la qualit\u00e9 sonore et affecter les performances acoustiques.<\/p><p data-start=\"664\" data-end=\"1100\">Notre r\u00e9paration professionnelle des haut-parleurs MacBook comprend un diagnostic audio complet, un nettoyage interne sp\u00e9cialis\u00e9 ou, si n\u00e9cessaire, le remplacement du module haut-parleur avec des pi\u00e8ces d\u2019origine de haute qualit\u00e9, parfaitement compatibles avec le syst\u00e8me audio haute fid\u00e9lit\u00e9 Apple. Vous retrouvez ainsi un son clair, puissant et \u00e9quilibr\u00e9, id\u00e9al pour les visioconf\u00e9rences, le montage vid\u00e9o, la musique ou le streaming.<\/p><p data-start=\"1102\" data-end=\"1323\" data-is-last-node=\"\" data-is-only-node=\"\">Toutes nos interventions sont r\u00e9alis\u00e9es rapidement, avec pr\u00e9cision et sous garantie, afin que votre MacBook Pro M4 2024 offre \u00e0 nouveau une exp\u00e9rience sonore immersive, nette et parfaitement stable, comme au premier jour.<\/p>\t\t\t\t\t\t\t\t<\/div>\n\t\t\t\t<\/div>\n\t\t\t\t\t<\/div>\n\t\t\t\t<\/div>\n\t\t<div class=\"elementor-element elementor-element-0136360 e-con-full e-flex e-con e-child\" data-id=\"0136360\" data-element_type=\"container\" data-e-type=\"container\" data-settings=\"{&quot;_ha_eqh_enable&quot;:false}\">\n\t\t<div class=\"elementor-element elementor-element-7cecf94 e-con-full e-flex e-con e-child\" data-id=\"7cecf94\" data-element_type=\"container\" data-e-type=\"container\" data-settings=\"{&quot;_ha_eqh_enable&quot;:false}\">\n\t\t\t\t<div class=\"elementor-element elementor-element-776eca1 elementor-align-center ha-has-bg-overlay elementor-widget elementor-widget-elementskit-button\" data-id=\"776eca1\" data-element_type=\"widget\" data-e-type=\"widget\" data-widget_type=\"elementskit-button.default\">\n\t\t\t\t<div class=\"elementor-widget-container\">\n\t\t\t\t\t<div class=\"ekit-wid-con\" >\t\t<div class=\"ekit-btn-wraper\">\n\t\t\t\t\t\t\t<a href=\"https:\/\/repairandshop.ch\/fr\/reparation-sur-place\/\" class=\"elementskit-btn  whitespace--normal\" id=\"\">\n\t\t\t\t\tR\u00e9paration Sur Place\t\t\t\t<\/a>\n\t\t\t\t\t<\/div>\n        <\/div>\t\t\t\t<\/div>\n\t\t\t\t<\/div>\n\t\t\t\t<\/div>\n\t\t<div class=\"elementor-element elementor-element-9bff5f2 e-con-full e-flex e-con e-child\" data-id=\"9bff5f2\" data-element_type=\"container\" data-e-type=\"container\" data-settings=\"{&quot;_ha_eqh_enable&quot;:false}\">\n\t\t\t\t<div class=\"elementor-element elementor-element-c5eb4c5 elementor-align-center ha-has-bg-overlay elementor-widget elementor-widget-elementskit-button\" data-id=\"c5eb4c5\" data-element_type=\"widget\" data-e-type=\"widget\" data-widget_type=\"elementskit-button.default\">\n\t\t\t\t<div class=\"elementor-widget-container\">\n\t\t\t\t\t<div class=\"ekit-wid-con\" >\t\t<div class=\"ekit-btn-wraper\">\n\t\t\t\t\t\t\t<a href=\"https:\/\/repairandshop.ch\/fr\/reparation-par-courrier\" class=\"elementskit-btn  whitespace--normal\" id=\"\">\n\t\t\t\t\tR\u00e9paration Par Courrier\t\t\t\t<\/a>\n\t\t\t\t\t<\/div>\n        <\/div>\t\t\t\t<\/div>\n\t\t\t\t<\/div>\n\t\t\t\t<\/div>\n\t\t\t\t<\/div>\n\t\t\t\t<\/div>\n\t\t<div id=\"e-n-tab-content-2045825105\" role=\"tabpanel\" aria-labelledby=\"e-n-tab-title-2045825105\" data-tab-index=\"5\" style=\"--n-tabs-title-order: 5;\" class=\" elementor-element elementor-element-c19f013 e-con-full e-flex e-con e-child\" data-id=\"c19f013\" data-element_type=\"container\" data-e-type=\"container\" data-settings=\"{&quot;_ha_eqh_enable&quot;:false}\">\n\t\t<div class=\"wd-negative-gap elementor-element elementor-element-6fb424d e-flex e-con-boxed e-con e-child\" data-id=\"6fb424d\" data-element_type=\"container\" data-e-type=\"container\" data-settings=\"{&quot;_ha_eqh_enable&quot;:false}\">\n\t\t\t\t\t<div class=\"e-con-inner\">\n\t\t\t\t<div class=\"elementor-element elementor-element-2b47990 color-scheme-inherit text-left elementor-widget elementor-widget-text-editor\" data-id=\"2b47990\" data-element_type=\"widget\" data-e-type=\"widget\" data-widget_type=\"text-editor.default\">\n\t\t\t\t<div class=\"elementor-widget-container\">\n\t\t\t\t\t\t\t\t\t<h3 data-start=\"206\" data-end=\"270\">R\u00e9paration Haut-parleurs MacBook Pro M4 2024 \u2013 R\u00e9paration du syst\u00e8me audio<\/h3><p data-start=\"78\" data-end=\"541\">Si vous devez faire une r\u00e9paration des haut-parleurs de votre MacBook Pro M4 2024 parce que le son est d\u00e9form\u00e9, gr\u00e9sillant, tr\u00e8s faible ou totalement absent, cela indique le plus souvent un probl\u00e8me au niveau du syst\u00e8me audio interne ou de ses composants associ\u00e9s. Les utilisateurs constatent ce d\u00e9faut notamment lors des visioconf\u00e9rences, de la lecture de musique, du montage vid\u00e9o ou du streaming, lorsque la qualit\u00e9 sonore se d\u00e9grade soudainement ou dispara\u00eet.<\/p><p data-start=\"543\" data-end=\"939\">Les causes typiques sont l\u2019accumulation de poussi\u00e8re ou de r\u00e9sidus dans les grilles audio, les dommages li\u00e9s \u00e0 l\u2019humidit\u00e9, les d\u00e9faillances mat\u00e9rielles des modules haut-parleurs, ou plus rarement un dysfonctionnement logiciel apr\u00e8s une mise \u00e0 jour syst\u00e8me. M\u00eame de fines particules ou une exposition \u00e0 un liquide peuvent provoquer des vibrations, des distorsions ou une perte de puissance sonore.<\/p><p data-start=\"941\" data-end=\"1411\">Notre r\u00e9paration professionnelle des haut-parleurs MacBook Pro comprend une inspection compl\u00e8te du syst\u00e8me audio, un nettoyage interne minutieux ou, si n\u00e9cessaire, le remplacement du module haut-parleur d\u00e9fectueux avec des pi\u00e8ces d\u2019origine de haute qualit\u00e9, parfaitement compatibles avec l\u2019architecture Apple Silicon. Apr\u00e8s la r\u00e9paration, votre MacBook Pro M4 2024 retrouve un son clair, puissant et \u00e9quilibr\u00e9, id\u00e9al pour le travail cr\u00e9atif comme pour le divertissement.<\/p><p data-start=\"1413\" data-end=\"1609\" data-is-last-node=\"\" data-is-only-node=\"\">Toutes nos interventions sont effectu\u00e9es rapidement, de mani\u00e8re fiable et avec garantie, afin que votre MacBook Pro M4 2024 vous offre \u00e0 nouveau une qualit\u00e9 audio immersive et parfaitement stable.<\/p>\t\t\t\t\t\t\t\t<\/div>\n\t\t\t\t<\/div>\n\t\t<div class=\"elementor-element elementor-element-c39ae25 e-con-full e-flex e-con e-child\" data-id=\"c39ae25\" data-element_type=\"container\" data-e-type=\"container\" data-settings=\"{&quot;_ha_eqh_enable&quot;:false}\">\n\t\t<div class=\"elementor-element elementor-element-eeccc81 e-con-full e-flex e-con e-child\" data-id=\"eeccc81\" data-element_type=\"container\" data-e-type=\"container\" data-settings=\"{&quot;_ha_eqh_enable&quot;:false}\">\n\t\t\t\t<div class=\"elementor-element elementor-element-7c1e98a elementor-align-center ha-has-bg-overlay elementor-widget elementor-widget-elementskit-button\" data-id=\"7c1e98a\" data-element_type=\"widget\" data-e-type=\"widget\" data-widget_type=\"elementskit-button.default\">\n\t\t\t\t<div class=\"elementor-widget-container\">\n\t\t\t\t\t<div class=\"ekit-wid-con\" >\t\t<div class=\"ekit-btn-wraper\">\n\t\t\t\t\t\t\t<a href=\"https:\/\/repairandshop.ch\/fr\/reparation-sur-place\/\" class=\"elementskit-btn  whitespace--normal\" id=\"\">\n\t\t\t\t\tR\u00e9paration Sur Place\t\t\t\t<\/a>\n\t\t\t\t\t<\/div>\n        <\/div>\t\t\t\t<\/div>\n\t\t\t\t<\/div>\n\t\t\t\t<\/div>\n\t\t<div class=\"elementor-element elementor-element-9f108a1 e-con-full e-flex e-con e-child\" data-id=\"9f108a1\" data-element_type=\"container\" data-e-type=\"container\" data-settings=\"{&quot;_ha_eqh_enable&quot;:false}\">\n\t\t\t\t<div class=\"elementor-element elementor-element-245c838 elementor-align-center ha-has-bg-overlay elementor-widget elementor-widget-elementskit-button\" data-id=\"245c838\" data-element_type=\"widget\" data-e-type=\"widget\" data-widget_type=\"elementskit-button.default\">\n\t\t\t\t<div class=\"elementor-widget-container\">\n\t\t\t\t\t<div class=\"ekit-wid-con\" >\t\t<div class=\"ekit-btn-wraper\">\n\t\t\t\t\t\t\t<a href=\"https:\/\/repairandshop.ch\/fr\/reparation-par-courrier\" class=\"elementskit-btn  whitespace--normal\" id=\"\">\n\t\t\t\t\tR\u00e9paration Par Courrier\t\t\t\t<\/a>\n\t\t\t\t\t<\/div>\n        <\/div>\t\t\t\t<\/div>\n\t\t\t\t<\/div>\n\t\t\t\t<\/div>\n\t\t\t\t<\/div>\n\t\t\t\t\t<\/div>\n\t\t\t\t<\/div>\n\t\t\t\t<\/div>\n\t\t<div id=\"e-n-tab-content-2045825106\" role=\"tabpanel\" aria-labelledby=\"e-n-tab-title-2045825106\" data-tab-index=\"6\" style=\"--n-tabs-title-order: 6;\" class=\" elementor-element elementor-element-7e08f98 e-con-full e-flex e-con e-child\" data-id=\"7e08f98\" data-element_type=\"container\" data-e-type=\"container\" data-settings=\"{&quot;_ha_eqh_enable&quot;:false}\">\n\t\t<div class=\"wd-negative-gap elementor-element elementor-element-f971894 e-flex e-con-boxed e-con e-child\" data-id=\"f971894\" data-element_type=\"container\" data-e-type=\"container\" data-settings=\"{&quot;_ha_eqh_enable&quot;:false}\">\n\t\t\t\t\t<div class=\"e-con-inner\">\n\t\t\t\t<div class=\"elementor-element elementor-element-9757622 color-scheme-inherit text-left elementor-widget elementor-widget-text-editor\" data-id=\"9757622\" data-element_type=\"widget\" data-e-type=\"widget\" data-widget_type=\"text-editor.default\">\n\t\t\t\t<div class=\"elementor-widget-container\">\n\t\t\t\t\t\t\t\t\t<h3 data-start=\"211\" data-end=\"290\">R\u00e9paration cam\u00e9ra arri\u00e8re MacBook Pro M4 2024 \u2013 R\u00e9paration de la cam\u00e9ra principale<\/h3><p data-start=\"82\" data-end=\"524\">Si vous devez effectuer une r\u00e9paration de la cam\u00e9ra de votre MacBook Pro M4 2024 parce que l\u2019image est floue, sombre, affiche un \u00e9cran noir ou pr\u00e9sente des probl\u00e8mes de nettet\u00e9 lors des visioconf\u00e9rences, il s\u2019agit le plus souvent d\u2019un d\u00e9faut mat\u00e9riel du module cam\u00e9ra FaceTime. Les causes typiques sont les chocs, une pression excessive sur l\u2019\u00e9cran, des dommages li\u00e9s \u00e0 un liquide ou une nappe interne endommag\u00e9e lors d\u2019une fermeture brusque.<\/p><p data-start=\"526\" data-end=\"852\">D\u2019autres dysfonctionnements peuvent appara\u00eetre, comme une image fig\u00e9e, un message indiquant qu\u2019aucune cam\u00e9ra n\u2019est d\u00e9tect\u00e9e, des couleurs anormales ou des plantages d\u2019applications comme FaceTime, Zoom ou Teams. Un capteur mal calibr\u00e9 ou un module d\u00e9fectueux peut emp\u00eacher d\u2019atteindre la qualit\u00e9 vid\u00e9o HD habituelle du MacBook.<\/p><p data-start=\"854\" data-end=\"1275\">Notre r\u00e9paration professionnelle de la cam\u00e9ra MacBook Pro comprend un diagnostic complet du module cam\u00e9ra ainsi que le remplacement de la cam\u00e9ra d\u00e9fectueuse avec une pi\u00e8ce d\u2019origine de haute qualit\u00e9, parfaitement compatible avec le syst\u00e8me Apple Silicon. Apr\u00e8s la r\u00e9paration, votre MacBook Pro M4 2024 retrouve une image nette, lumineuse et parfaitement stable pour vos appels vid\u00e9o, r\u00e9unions en ligne et enregistrements.<\/p><p data-start=\"1277\" data-end=\"1464\" data-is-last-node=\"\" data-is-only-node=\"\">Toutes nos interventions sont r\u00e9alis\u00e9es rapidement, de mani\u00e8re fiable et avec garantie, afin que la cam\u00e9ra de votre MacBook Pro M4 2024 redevienne totalement fonctionnelle et performante.<\/p>\t\t\t\t\t\t\t\t<\/div>\n\t\t\t\t<\/div>\n\t\t\t\t\t<\/div>\n\t\t\t\t<\/div>\n\t\t<div class=\"elementor-element elementor-element-fd222b2 e-con-full e-flex e-con e-child\" data-id=\"fd222b2\" data-element_type=\"container\" data-e-type=\"container\" data-settings=\"{&quot;_ha_eqh_enable&quot;:false}\">\n\t\t<div class=\"elementor-element elementor-element-a1c39f9 e-con-full e-flex e-con e-child\" data-id=\"a1c39f9\" data-element_type=\"container\" data-e-type=\"container\" data-settings=\"{&quot;_ha_eqh_enable&quot;:false}\">\n\t\t\t\t<div class=\"elementor-element elementor-element-9b79478 elementor-align-center ha-has-bg-overlay elementor-widget elementor-widget-elementskit-button\" data-id=\"9b79478\" data-element_type=\"widget\" data-e-type=\"widget\" data-widget_type=\"elementskit-button.default\">\n\t\t\t\t<div class=\"elementor-widget-container\">\n\t\t\t\t\t<div class=\"ekit-wid-con\" >\t\t<div class=\"ekit-btn-wraper\">\n\t\t\t\t\t\t\t<a href=\"https:\/\/repairandshop.ch\/fr\/reparation-sur-place\/\" class=\"elementskit-btn  whitespace--normal\" id=\"\">\n\t\t\t\t\tR\u00e9paration Sur Place\t\t\t\t<\/a>\n\t\t\t\t\t<\/div>\n        <\/div>\t\t\t\t<\/div>\n\t\t\t\t<\/div>\n\t\t\t\t<\/div>\n\t\t<div class=\"elementor-element elementor-element-f6b90b9 e-con-full e-flex e-con e-child\" data-id=\"f6b90b9\" data-element_type=\"container\" data-e-type=\"container\" data-settings=\"{&quot;_ha_eqh_enable&quot;:false}\">\n\t\t\t\t<div class=\"elementor-element elementor-element-2b353a8 elementor-align-center ha-has-bg-overlay elementor-widget elementor-widget-elementskit-button\" data-id=\"2b353a8\" data-element_type=\"widget\" data-e-type=\"widget\" data-widget_type=\"elementskit-button.default\">\n\t\t\t\t<div class=\"elementor-widget-container\">\n\t\t\t\t\t<div class=\"ekit-wid-con\" >\t\t<div class=\"ekit-btn-wraper\">\n\t\t\t\t\t\t\t<a href=\"https:\/\/repairandshop.ch\/fr\/reparation-par-courrier\" class=\"elementskit-btn  whitespace--normal\" id=\"\">\n\t\t\t\t\tR\u00e9paration Par Courrier\t\t\t\t<\/a>\n\t\t\t\t\t<\/div>\n        <\/div>\t\t\t\t<\/div>\n\t\t\t\t<\/div>\n\t\t\t\t<\/div>\n\t\t\t\t<\/div>\n\t\t\t\t<\/div>\n\t\t<div id=\"e-n-tab-content-2045825107\" role=\"tabpanel\" aria-labelledby=\"e-n-tab-title-2045825107\" data-tab-index=\"7\" style=\"--n-tabs-title-order: 7;\" class=\" elementor-element elementor-element-e676807 e-con-full e-flex e-con e-child\" data-id=\"e676807\" data-element_type=\"container\" data-e-type=\"container\" data-settings=\"{&quot;_ha_eqh_enable&quot;:false}\">\n\t\t<div class=\"wd-negative-gap elementor-element elementor-element-4245cb1 e-flex e-con-boxed e-con e-child\" data-id=\"4245cb1\" data-element_type=\"container\" data-e-type=\"container\" data-settings=\"{&quot;_ha_eqh_enable&quot;:false}\">\n\t\t\t\t\t<div class=\"e-con-inner\">\n\t\t\t\t<div class=\"elementor-element elementor-element-d066f0e color-scheme-inherit text-left elementor-widget elementor-widget-text-editor\" data-id=\"d066f0e\" data-element_type=\"widget\" data-e-type=\"widget\" data-widget_type=\"text-editor.default\">\n\t\t\t\t<div class=\"elementor-widget-container\">\n\t\t\t\t\t\t\t\t\t<article class=\"text-token-text-primary w-full focus:outline-none [--shadow-height:45px] has-data-writing-block:pointer-events-none has-data-writing-block:-mt-(--shadow-height) has-data-writing-block:pt-(--shadow-height) [&amp;:has([data-writing-block])&gt;*]:pointer-events-auto scroll-mt-(--header-height)\" dir=\"auto\" tabindex=\"-1\" data-turn-id=\"d8d1ac60-3f6d-4873-92fc-aab4f5df376d\" data-testid=\"conversation-turn-15\" data-scroll-anchor=\"false\" data-turn=\"user\"><\/article><article class=\"text-token-text-primary w-full focus:outline-none [--shadow-height:45px] has-data-writing-block:pointer-events-none has-data-writing-block:-mt-(--shadow-height) has-data-writing-block:pt-(--shadow-height) [&amp;:has([data-writing-block])&gt;*]:pointer-events-auto scroll-mt-[calc(var(--header-height)+min(200px,max(70px,20svh)))]\" dir=\"auto\" tabindex=\"-1\" data-turn-id=\"request-WEB:a136cf3c-6271-441a-8a16-36a799b635aa-7\" data-testid=\"conversation-turn-16\" data-scroll-anchor=\"true\" data-turn=\"assistant\"><div class=\"text-base my-auto mx-auto pb-10 [--thread-content-margin:--spacing(4)] @w-sm\/main:[--thread-content-margin:--spacing(6)] @w-lg\/main:[--thread-content-margin:--spacing(16)] px-(--thread-content-margin)\"><div class=\"[--thread-content-max-width:40rem] @w-lg\/main:[--thread-content-max-width:48rem] mx-auto max-w-(--thread-content-max-width) flex-1 group\/turn-messages focus-visible:outline-hidden relative flex w-full min-w-0 flex-col agent-turn\" tabindex=\"-1\"><div class=\"flex max-w-full flex-col grow\"><div class=\"min-h-8 text-message relative flex w-full flex-col items-end gap-2 text-start break-words whitespace-normal [.text-message+&amp;]:mt-1\" dir=\"auto\" data-message-author-role=\"assistant\" data-message-id=\"c462c257-980f-4ed4-b910-a408fec24b91\" data-message-model-slug=\"gpt-5-2\"><div class=\"flex w-full flex-col gap-1 empty:hidden first:pt-[1px]\"><div class=\"markdown prose dark:prose-invert w-full wrap-break-word light markdown-new-styling\"><h2 data-start=\"0\" data-end=\"83\">R\u00e9paration cam\u00e9ra avant MacBook Pro M4 2024 \u2013 R\u00e9paration de la cam\u00e9ra FaceTime HD<\/h2><\/div><\/div><\/div><\/div><\/div><\/div><\/article><p data-start=\"85\" data-end=\"544\">Si vous devez effectuer une r\u00e9paration de la cam\u00e9ra avant de votre MacBook Pro M4 2024 parce que l\u2019image affiche un \u00e9cran noir, reste fig\u00e9e, appara\u00eet floue ou que la nettet\u00e9 ne s\u2019ajuste plus correctement, cela indique g\u00e9n\u00e9ralement un probl\u00e8me au niveau de la cam\u00e9ra FaceTime HD int\u00e9gr\u00e9e. Les causes les plus fr\u00e9quentes sont une nappe endommag\u00e9e, un module cam\u00e9ra d\u00e9fectueux, une pression excessive sur l\u2019\u00e9cran ou, plus rarement, un dysfonctionnement logiciel.<\/p><p data-start=\"546\" data-end=\"1031\">Notre service professionnel de r\u00e9paration de la cam\u00e9ra MacBook Pro contr\u00f4le avec pr\u00e9cision le module cam\u00e9ra, les connexions internes ainsi que les param\u00e8tres syst\u00e8me. Si n\u00e9cessaire, nous proc\u00e9dons au remplacement complet du module cam\u00e9ra avant avec une pi\u00e8ce d\u2019origine de haute qualit\u00e9, parfaitement compatible avec l\u2019architecture Apple Silicon. En compl\u00e9ment, nous effectuons des v\u00e9rifications logicielles et des r\u00e9initialisations syst\u00e8me afin de restaurer toutes les fonctionnalit\u00e9s.<\/p><p data-start=\"1033\" data-end=\"1262\" data-is-last-node=\"\" data-is-only-node=\"\">Apr\u00e8s la r\u00e9paration, la cam\u00e9ra avant de votre MacBook Pro M4 2024 fonctionne \u00e0 nouveau parfaitement \u2014 pour des visioconf\u00e9rences nettes, des r\u00e9unions en ligne fluides et une image claire et professionnelle en toutes circonstances.<\/p>\t\t\t\t\t\t\t\t<\/div>\n\t\t\t\t<\/div>\n\t\t\t\t\t<\/div>\n\t\t\t\t<\/div>\n\t\t<div class=\"elementor-element elementor-element-efd8e6f e-con-full e-flex e-con e-child\" data-id=\"efd8e6f\" data-element_type=\"container\" data-e-type=\"container\" data-settings=\"{&quot;_ha_eqh_enable&quot;:false}\">\n\t\t<div class=\"elementor-element elementor-element-8e4e956 e-con-full e-flex e-con e-child\" data-id=\"8e4e956\" data-element_type=\"container\" data-e-type=\"container\" data-settings=\"{&quot;_ha_eqh_enable&quot;:false}\">\n\t\t\t\t<div class=\"elementor-element elementor-element-c524454 elementor-align-center ha-has-bg-overlay elementor-widget elementor-widget-elementskit-button\" data-id=\"c524454\" data-element_type=\"widget\" data-e-type=\"widget\" data-widget_type=\"elementskit-button.default\">\n\t\t\t\t<div class=\"elementor-widget-container\">\n\t\t\t\t\t<div class=\"ekit-wid-con\" >\t\t<div class=\"ekit-btn-wraper\">\n\t\t\t\t\t\t\t<a href=\"https:\/\/repairandshop.ch\/fr\/reparation-sur-place\/\" class=\"elementskit-btn  whitespace--normal\" id=\"\">\n\t\t\t\t\tR\u00e9paration Sur Place\t\t\t\t<\/a>\n\t\t\t\t\t<\/div>\n        <\/div>\t\t\t\t<\/div>\n\t\t\t\t<\/div>\n\t\t\t\t<\/div>\n\t\t<div class=\"elementor-element elementor-element-48be0c0 e-con-full e-flex e-con e-child\" data-id=\"48be0c0\" data-element_type=\"container\" data-e-type=\"container\" data-settings=\"{&quot;_ha_eqh_enable&quot;:false}\">\n\t\t\t\t<div class=\"elementor-element elementor-element-71cb55f elementor-align-center ha-has-bg-overlay elementor-widget elementor-widget-elementskit-button\" data-id=\"71cb55f\" data-element_type=\"widget\" data-e-type=\"widget\" data-widget_type=\"elementskit-button.default\">\n\t\t\t\t<div class=\"elementor-widget-container\">\n\t\t\t\t\t<div class=\"ekit-wid-con\" >\t\t<div class=\"ekit-btn-wraper\">\n\t\t\t\t\t\t\t<a href=\"https:\/\/repairandshop.ch\/fr\/reparation-par-courrier\" class=\"elementskit-btn  whitespace--normal\" id=\"\">\n\t\t\t\t\tR\u00e9paration Par Courrier\t\t\t\t<\/a>\n\t\t\t\t\t<\/div>\n        <\/div>\t\t\t\t<\/div>\n\t\t\t\t<\/div>\n\t\t\t\t<\/div>\n\t\t\t\t<\/div>\n\t\t\t\t<\/div>\n\t\t\t\t\t<\/div>\n\t\t<\/div>\n\t\t\t\t\t\t<\/div>\n\t\t\t\t<\/div>\n\t\t\t\t\t<\/div>\n\t\t\t\t<\/div>\n\t\t<div class=\"wd-negative-gap elementor-element elementor-element-5aaf9ea e-flex e-con-boxed e-con e-parent\" data-id=\"5aaf9ea\" data-element_type=\"container\" data-e-type=\"container\" data-settings=\"{&quot;_ha_eqh_enable&quot;:false}\">\n\t\t\t\t\t<div class=\"e-con-inner\">\n\t\t<div class=\"elementor-element elementor-element-b88cf4e e-con-full e-flex e-con e-child\" data-id=\"b88cf4e\" data-element_type=\"container\" data-e-type=\"container\" data-settings=\"{&quot;_ha_eqh_enable&quot;:false}\">\n\t\t\t\t<div class=\"elementor-element elementor-element-b70ab2a elementor-widget elementor-widget-heading\" data-id=\"b70ab2a\" data-element_type=\"widget\" data-e-type=\"widget\" data-widget_type=\"heading.default\">\n\t\t\t\t<div class=\"elementor-widget-container\">\n\t\t\t\t\t<h2 class=\"elementor-heading-title elementor-size-default\">Remplacement batterie MacBook Pro M4 2024 &amp; r\u00e9solution des probl\u00e8mes de charge<\/h2>\t\t\t\t<\/div>\n\t\t\t\t<\/div>\n\t\t\t\t<div class=\"elementor-element elementor-element-19728a2 color-scheme-inherit text-left elementor-widget elementor-widget-text-editor\" data-id=\"19728a2\" data-element_type=\"widget\" data-e-type=\"widget\" data-widget_type=\"text-editor.default\">\n\t\t\t\t<div class=\"elementor-widget-container\">\n\t\t\t\t\t\t\t\t\t<p data-start=\"82\" data-end=\"404\">Votre MacBook Pro M4 2024 se d\u00e9charge rapidement, s\u2019\u00e9teint de mani\u00e8re inattendue ou se recharge tr\u00e8s lentement ? Nous sommes sp\u00e9cialis\u00e9s dans le changement batterie MacBook Pro M4 2024 ainsi que dans la r\u00e9paration des ports de charge (USB-C \/ MagSafe), afin que votre ordinateur reste pleinement op\u00e9rationnel au quotidien.<\/p><p data-start=\"406\" data-end=\"683\">Que vous recherchiez un remplacement batterie MacBook, un changement batterie MacBook Pro ou un service professionnel de r\u00e9paration pr\u00e8s de chez vous, nos techniciens exp\u00e9riment\u00e9s vous proposent des solutions rapides, fiables et efficaces, adapt\u00e9es aux appareils Apple Silicon.<\/p><p data-start=\"685\" data-end=\"1327\">Avec le temps, les batteries lithium-polym\u00e8re s\u2019usent naturellement. Toutefois, des probl\u00e8mes comme une autonomie tr\u00e8s faible, des coupures soudaines, une charge intermittente ou un MacBook qui ne s\u2019allume plus peuvent indiquer un d\u00e9faut plus profond du syst\u00e8me d\u2019alimentation. Nous contr\u00f4lons minutieusement la batterie, le nombre de cycles, la capacit\u00e9 maximale, le port de charge et les circuits de gestion d\u2019\u00e9nergie, afin de d\u00e9tecter et corriger tout dommage invisible. Gr\u00e2ce \u00e0 des pi\u00e8ces d\u2019origine de haute qualit\u00e9, nous r\u00e9tablissons l\u2019autonomie, optimisons l\u2019efficacit\u00e9 de charge et pr\u00e9venons les risques de surchauffe ou de gonflement.<\/p><p data-start=\"1329\" data-end=\"1590\">La majorit\u00e9 des remplacements batterie MacBook Pro M4 2024 sont effectu\u00e9s avec pr\u00e9cision et dans les meilleurs d\u00e9lais. Nous vous donnons \u00e9galement des conseils pratiques pour pr\u00e9server la batterie de votre MacBook et prolonger sa dur\u00e9e de vie sur le long terme.<\/p><p data-start=\"1592\" data-end=\"1896\" data-is-last-node=\"\" data-is-only-node=\"\">Vous souhaitez conna\u00eetre le prix du changement batterie MacBook Pro M4 2024 ? Nos tarifs sont transparents, justes et sans frais cach\u00e9s. Apr\u00e8s intervention, votre MacBook retrouve une autonomie stable, une recharge fiable et des performances optimales, pour travailler en toute s\u00e9r\u00e9nit\u00e9 toute la journ\u00e9e.<\/p>\t\t\t\t\t\t\t\t<\/div>\n\t\t\t\t<\/div>\n\t\t\t\t<\/div>\n\t\t<div class=\"elementor-element elementor-element-42ddf3d e-con-full e-flex e-con e-child\" data-id=\"42ddf3d\" data-element_type=\"container\" data-e-type=\"container\" data-settings=\"{&quot;_ha_eqh_enable&quot;:false}\">\n\t\t\t\t<div class=\"elementor-element elementor-element-fa95f14 elementor-widget elementor-widget-heading\" data-id=\"fa95f14\" data-element_type=\"widget\" data-e-type=\"widget\" data-widget_type=\"heading.default\">\n\t\t\t\t<div class=\"elementor-widget-container\">\n\t\t\t\t\t<h2 class=\"elementor-heading-title elementor-size-default\">R\u00e9paration \u00e9cran MacBook Pro M4 2024 &amp; r\u00e9paration du touchscreen<\/h2>\t\t\t\t<\/div>\n\t\t\t\t<\/div>\n\t\t\t\t<div class=\"elementor-element elementor-element-5094f9d color-scheme-inherit text-left elementor-widget elementor-widget-text-editor\" data-id=\"5094f9d\" data-element_type=\"widget\" data-e-type=\"widget\" data-widget_type=\"text-editor.default\">\n\t\t\t\t<div class=\"elementor-widget-container\">\n\t\t\t\t\t\t\t\t\t<p data-start=\"75\" data-end=\"837\">Un \u00e9cran MacBook Pro M4 2024 fissur\u00e9 ou endommag\u00e9 peut rendre l\u2019utilisation de votre appareil tr\u00e8s frustrante, surtout lorsque le display MacBook Pro M4 2024 ne fonctionne plus alors que l\u2019ordinateur est allum\u00e9.<br data-start=\"357\" data-end=\"360\" \/>Chez Repairandshop, nous sommes sp\u00e9cialis\u00e9s dans la r\u00e9paration \u00e9cran MacBook Pro M4 2024, le remplacement d\u2019\u00e9cran MacBook Pro M4 2024 et la r\u00e9paration du touchscreen MacBook, afin de restaurer une fonctionnalit\u00e9 compl\u00e8te et une qualit\u00e9 d\u2019affichage optimale.<br data-start=\"617\" data-end=\"620\" \/>Que l\u2019\u00e9cran reste noir, affiche des pixels clignotants ou que certaines zones tactiles ne r\u00e9pondent plus, nos r\u00e9parateurs MacBook assurent un changement d\u2019\u00e9cran MacBook Pro M4 2024 pr\u00e9cis, avec des pi\u00e8ces d\u2019origine.<\/p><p data-start=\"839\" data-end=\"1281\">Les dommages surviennent le plus souvent apr\u00e8s des chutes, des chocs l\u00e9gers ou une exposition \u00e0 l\u2019humidit\u00e9, pouvant affecter les connexions internes. Notre processus de r\u00e9paration \u00e9cran MacBook Pro M4 2024 ne se limite pas au simple remplacement : nous v\u00e9rifions \u00e9galement les d\u00e9fauts cach\u00e9s pouvant impacter la batterie ou le fonctionnement global. Cela permet de pr\u00e9venir d\u2019autres pannes et de prolonger la dur\u00e9e de vie de votre appareil.<\/p><p data-start=\"1283\" data-end=\"1629\">Nous effectuons \u00e9galement le r\u00e9glage du ch\u00e2ssis, le contr\u00f4le des connecteurs et la calibration des pixels, afin que votre MacBook Pro M4 2024 retrouve l\u2019aspect et les sensations du neuf. Les r\u00e9parations sont r\u00e9alis\u00e9es rapidement, le plus souvent en moins d\u2019une heure, avec une garantie r\u00e9paration de 180 jours sur les pi\u00e8ces et la main-d\u2019\u0153uvre.<\/p><p data-start=\"1631\" data-end=\"1967\">Repairandshop propose ses services dans plusieurs villes de Suisse, notamment \u00e0<br data-start=\"1710\" data-end=\"1713\" \/>La Chaux-de-Fonds, Neuch\u00e2tel, Bern, Biel\/Bienne, Yverdon, Z\u00fcrich, Basel, Olten et Solothurn.<br data-start=\"1805\" data-end=\"1808\" \/>Gr\u00e2ce \u00e0 notre service de r\u00e9paration MacBook Pro M4 2024 professionnel, vous pouvez rapidement travailler, naviguer et capturer vos projets sans interruption.<\/p>\t\t\t\t\t\t\t\t<\/div>\n\t\t\t\t<\/div>\n\t\t\t\t<\/div>\n\t\t\t\t\t<\/div>\n\t\t\t\t<\/div>\n\t\t<div class=\"wd-negative-gap elementor-element elementor-element-8cd6ea9 e-flex e-con-boxed e-con e-parent\" data-id=\"8cd6ea9\" data-element_type=\"container\" data-e-type=\"container\" data-settings=\"{&quot;_ha_eqh_enable&quot;:false}\">\n\t\t\t\t\t<div class=\"e-con-inner\">\n\t\t<div class=\"elementor-element elementor-element-2b4353c e-con-full e-flex e-con e-child\" data-id=\"2b4353c\" data-element_type=\"container\" data-e-type=\"container\" data-settings=\"{&quot;_ha_eqh_enable&quot;:false}\">\n\t\t\t\t<div class=\"elementor-element elementor-element-20bb990 elementor-widget elementor-widget-heading\" data-id=\"20bb990\" data-element_type=\"widget\" data-e-type=\"widget\" data-widget_type=\"heading.default\">\n\t\t\t\t<div class=\"elementor-widget-container\">\n\t\t\t\t\t<h2 class=\"elementor-heading-title elementor-size-default\">R\u00e9paration cam\u00e9ra, haut-parleur &amp; microphone MacBook Pro M4 2024<\/h2>\t\t\t\t<\/div>\n\t\t\t\t<\/div>\n\t\t\t\t<div class=\"elementor-element elementor-element-97d7073 color-scheme-inherit text-left elementor-widget elementor-widget-text-editor\" data-id=\"97d7073\" data-element_type=\"widget\" data-e-type=\"widget\" data-widget_type=\"text-editor.default\">\n\t\t\t\t<div class=\"elementor-widget-container\">\n\t\t\t\t\t\t\t\t\t<p data-start=\"123\" data-end=\"963\">Des images nettes, une qualit\u00e9 audio claire et des appels fiables sont essentiels pour une exp\u00e9rience MacBook optimale.<br data-start=\"313\" data-end=\"316\" \/>Chez Repairandshop, nous sommes sp\u00e9cialis\u00e9s dans la r\u00e9paration cam\u00e9ra MacBook Pro M4 2024, la r\u00e9paration cam\u00e9ra avant MacBook Pro M4 2024, la r\u00e9paration cam\u00e9ra arri\u00e8re MacBook Pro M4 2024, le remplacement cam\u00e9ra MacBook Pro M4 2024, la r\u00e9paration haut-parleur MacBook Pro M4 2024 et la r\u00e9paration microphone MacBook Pro M4 2024, afin de garantir le bon fonctionnement de votre appareil.<br data-start=\"702\" data-end=\"705\" \/>Que votre cam\u00e9ra produise des images floues, que le haut-parleur diffuse un son d\u00e9form\u00e9 ou que le microphone ne fonctionne plus pendant les appels, nos r\u00e9parateurs MacBook diagnostiquent chaque panne avec pr\u00e9cision et la r\u00e9parent avec des pi\u00e8ces d\u2019origine.<\/p><p data-start=\"965\" data-end=\"1596\">Les probl\u00e8mes de cam\u00e9ra surviennent fr\u00e9quemment apr\u00e8s des chutes, une exposition \u00e0 l\u2019humidit\u00e9 ou l\u2019usure des composants internes, ce qui d\u00e9grade la qualit\u00e9 photo et vid\u00e9o. Gr\u00e2ce \u00e0 notre service de r\u00e9paration cam\u00e9ra MacBook Pro M4 2024 et \u00e0 la r\u00e9paration cam\u00e9ra MacBook Pro M4 2024 express, nous r\u00e9tablissons des images nettes, des couleurs \u00e9clatantes et des vid\u00e9os fluides.<br data-start=\"1338\" data-end=\"1341\" \/>Les d\u00e9fauts du haut-parleur ou du microphone peuvent perturber les appels, les visioconf\u00e9rences et les enregistrements audio. Nous contr\u00f4lons ces \u00e9l\u00e9ments avec soin, rempla\u00e7ons les composants si n\u00e9cessaire et garantissons une performance audio optimale.<\/p><p data-start=\"1598\" data-end=\"1888\">Nous v\u00e9rifions \u00e9galement les dommages indirects pouvant \u00eatre caus\u00e9s par les pannes audio ou cam\u00e9ra, afin de prolonger la dur\u00e9e de vie de votre MacBook Pro M4 2024. Les r\u00e9parations sont rapides, g\u00e9n\u00e9ralement r\u00e9alis\u00e9es en moins d\u2019une heure, et incluent une garantie r\u00e9paration de 180 jours.<\/p><p data-start=\"1890\" data-end=\"2244\">Repairandshop propose ses services dans plusieurs villes de Suisse, notamment \u00e0<br data-start=\"1969\" data-end=\"1972\" \/>La Chaux-de-Fonds, Neuch\u00e2tel, Bern, Thun, Interlaken, M\u00fcnsingen, Biel\/Bienne, Yverdon, Z\u00fcrich, Basel, Olten et Solothurn.<br data-start=\"2093\" data-end=\"2096\" \/>Gr\u00e2ce \u00e0 notre service de r\u00e9paration MacBook Pro M4 2024 professionnel, vous pouvez \u00e0 nouveau utiliser pleinement votre MacBook en toute fiabilit\u00e9.<\/p>\t\t\t\t\t\t\t\t<\/div>\n\t\t\t\t<\/div>\n\t\t\t\t<\/div>\n\t\t<div class=\"elementor-element elementor-element-6f92f7b e-con-full e-flex e-con e-child\" data-id=\"6f92f7b\" data-element_type=\"container\" data-e-type=\"container\" data-settings=\"{&quot;_ha_eqh_enable&quot;:false}\">\n\t\t\t\t<div class=\"elementor-element elementor-element-c639c47 elementor-widget elementor-widget-heading\" data-id=\"c639c47\" data-element_type=\"widget\" data-e-type=\"widget\" data-widget_type=\"heading.default\">\n\t\t\t\t<div class=\"elementor-widget-container\">\n\t\t\t\t\t<h2 class=\"elementor-heading-title elementor-size-default\">R\u00e9paration d\u00e9g\u00e2ts liquides MacBook Pro M4 2024 &amp; r\u00e9paration Logic Board \/ carte m\u00e8re<\/h2>\t\t\t\t<\/div>\n\t\t\t\t<\/div>\n\t\t\t\t<div class=\"elementor-element elementor-element-31d2af3 color-scheme-inherit text-left elementor-widget elementor-widget-text-editor\" data-id=\"31d2af3\" data-element_type=\"widget\" data-e-type=\"widget\" data-widget_type=\"text-editor.default\">\n\t\t\t\t<div class=\"elementor-widget-container\">\n\t\t\t\t\t\t\t\t\t<p data-start=\"123\" data-end=\"919\">M\u00eame un l\u00e9ger d\u00e9g\u00e2t des eaux MacBook Pro M4 2024 peut provoquer de graves dysfonctionnements, endommager les composants internes et r\u00e9duire les performances globales.<br data-start=\"380\" data-end=\"383\" \/>Chez Repairandshop, nous sommes sp\u00e9cialis\u00e9s dans la r\u00e9paration d\u00e9g\u00e2t des eaux MacBook Pro M4 2024, le dommage liquide MacBook Pro M4 2024 et la r\u00e9paration Logic Board MacBook Pro M4 2024 \/ carte m\u00e8re, afin de restaurer enti\u00e8rement le bon fonctionnement de votre appareil.<br data-start=\"654\" data-end=\"657\" \/>Que votre MacBook ait \u00e9t\u00e9 mouill\u00e9, que du liquide se soit infiltr\u00e9 dans l\u2019\u00e9cran, le connecteur de charge ou les circuits internes, nos r\u00e9parateurs MacBook effectuent un diagnostic pr\u00e9cis et proc\u00e8dent \u00e0 une r\u00e9paration avec des pi\u00e8ces d\u2019origine de haute qualit\u00e9.<\/p><p data-start=\"921\" data-end=\"1451\">Les d\u00e9g\u00e2ts des eaux MacBook Pro M4 2024 peuvent provoquer des pannes cach\u00e9es, telles qu\u2019une d\u00e9charge rapide de la batterie, une charge lente, une surchauffe ou des probl\u00e8mes logiciels, qui apparaissent parfois plusieurs jours apr\u00e8s l\u2019incident.<br data-start=\"1164\" data-end=\"1167\" \/>Gr\u00e2ce \u00e0 notre service d\u00e9g\u00e2t des eaux MacBook Pro M4 2024 et \u00e0 la r\u00e9paration Logic Board MacBook Pro M4 2024 express, nous contr\u00f4lons chaque composant, en particulier la carte m\u00e8re MacBook Pro M4 2024, afin d\u2019\u00e9viter les dommages secondaires et de garantir une fiabilit\u00e9 \u00e0 long terme.<\/p><p data-start=\"1453\" data-end=\"1778\">Nous proposons \u00e9galement un diagnostic complet de tous les syst\u00e8mes pour d\u00e9tecter rapidement d\u2019\u00e9ventuelles pertes de performance. Les r\u00e9parations sont efficaces, g\u00e9n\u00e9ralement r\u00e9alis\u00e9es en quelques heures, et incluent une garantie r\u00e9paration d\u00e9g\u00e2t des eaux MacBook Pro M4 2024 de 180 jours sur les pi\u00e8ces et la main-d\u2019\u0153uvre.<\/p><p data-start=\"1780\" data-end=\"2151\">Repairandshop propose ses services dans plusieurs villes de Suisse, notamment \u00e0<br data-start=\"1859\" data-end=\"1862\" \/>La Chaux-de-Fonds, Neuch\u00e2tel, Bern, Thun, Interlaken, M\u00fcnsingen, Biel\/Bienne, Yverdon, Z\u00fcrich, Basel, Olten et Solothurn.<br data-start=\"1983\" data-end=\"1986\" \/>Gr\u00e2ce \u00e0 notre service de r\u00e9paration MacBook Pro M4 2024 professionnel, votre appareil reste s\u00e9curis\u00e9, pleinement fonctionnel et prot\u00e9g\u00e9 contre de futurs probl\u00e8mes.<\/p>\t\t\t\t\t\t\t\t<\/div>\n\t\t\t\t<\/div>\n\t\t\t\t<\/div>\n\t\t\t\t\t<\/div>\n\t\t\t\t<\/div>\n\t\t<div class=\"wd-negative-gap elementor-element elementor-element-3588f35 e-flex e-con-boxed e-con e-parent\" data-id=\"3588f35\" data-element_type=\"container\" data-e-type=\"container\" data-settings=\"{&quot;_ha_eqh_enable&quot;:false}\">\n\t\t\t\t\t<div class=\"e-con-inner\">\n\t\t<div class=\"elementor-element elementor-element-f30e620 e-con-full e-flex e-con e-child\" data-id=\"f30e620\" data-element_type=\"container\" data-e-type=\"container\" data-settings=\"{&quot;_ha_eqh_enable&quot;:false}\">\n\t\t\t\t<div class=\"elementor-element elementor-element-ed85745 elementor-widget elementor-widget-heading\" data-id=\"ed85745\" data-element_type=\"widget\" data-e-type=\"widget\" data-widget_type=\"heading.default\">\n\t\t\t\t<div class=\"elementor-widget-container\">\n\t\t\t\t\t<h2 class=\"elementor-heading-title elementor-size-default\">R\u00e9paration logiciel MacBook Pro M4 2024, bouton Power &amp; boutons<\/h2>\t\t\t\t<\/div>\n\t\t\t\t<\/div>\n\t\t\t\t<div class=\"elementor-element elementor-element-9827610 color-scheme-inherit text-left elementor-widget elementor-widget-text-editor\" data-id=\"9827610\" data-element_type=\"widget\" data-e-type=\"widget\" data-widget_type=\"text-editor.default\">\n\t\t\t\t<div class=\"elementor-widget-container\">\n\t\t\t\t\t\t\t\t\t<p data-start=\"124\" data-end=\"827\">Des touches qui ne r\u00e9pondent pas, des applications fig\u00e9es ou des red\u00e9marrages inattendus peuvent fortement compliquer l\u2019utilisation de votre MacBook.<br data-start=\"343\" data-end=\"346\" \/>Chez Repairandshop, nous sommes sp\u00e9cialis\u00e9s dans la r\u00e9paration logiciel MacBook Pro M4 2024, la r\u00e9paration bouton Power MacBook Pro M4 2024 et la r\u00e9paration des boutons MacBook Pro M4 2024 (volume \/ lat\u00e9raux), afin de rendre votre appareil \u00e0 nouveau parfaitement fonctionnel.<br data-start=\"621\" data-end=\"624\" \/>Que votre MacBook se bloque, que les applications plantent ou que les boutons ne r\u00e9agissent plus, nos r\u00e9parateurs MacBook proposent des solutions rapides, pr\u00e9cises et fiables avec des pi\u00e8ces d\u2019origine.<\/p><p data-start=\"829\" data-end=\"1351\">Notre processus de r\u00e9paration commence par un diagnostic complet afin d\u2019identifier les probl\u00e8mes de macOS, les erreurs logicielles, les conflits d\u2019applications ou les dysfonctionnements syst\u00e8me affectant les performances. Nous contr\u00f4lons \u00e9galement les boutons Power et les touches lat\u00e9rales pour d\u00e9tecter toute usure, d\u00e9t\u00e9rioration ou mauvais alignement.<br data-start=\"1183\" data-end=\"1186\" \/>Une intervention pr\u00e9coce permet d\u2019\u00e9viter d\u2019autres pannes, des plantages ou des red\u00e9marrages impr\u00e9vus, et de prolonger la dur\u00e9e de vie de votre MacBook Pro M4 2024.<\/p><p data-start=\"1353\" data-end=\"1730\">Notre service complet comprend la restauration du logiciel MacBook Pro M4 2024, le remplacement du bouton Power MacBook Pro M4 2024, la r\u00e9paration des boutons MacBook Pro M4 2024 et la correction des d\u00e9fauts internes, afin que votre appareil r\u00e9agisse \u00e0 nouveau parfaitement.<br data-start=\"1627\" data-end=\"1630\" \/>Toutes nos r\u00e9parations incluent une garantie r\u00e9paration logiciel MacBook Pro M4 2024 de 180 jours.<\/p><p data-start=\"1732\" data-end=\"2123\">Repairandshop propose ses services dans plusieurs villes de Suisse, notamment \u00e0<br data-start=\"1811\" data-end=\"1814\" \/>La Chaux-de-Fonds, Neuch\u00e2tel, Bern, Thun, Interlaken, M\u00fcnsingen, Biel\/Bienne, Yverdon, Z\u00fcrich, Basel, Olten et Solothurn.<br data-start=\"1935\" data-end=\"1938\" \/>Gr\u00e2ce \u00e0 notre service de r\u00e9paration MacBook Pro M4 2024 professionnel, vous pouvez utiliser votre appareil librement pour le travail, la cr\u00e9ation, la navigation ou un usage personnel.<\/p>\t\t\t\t\t\t\t\t<\/div>\n\t\t\t\t<\/div>\n\t\t\t\t<\/div>\n\t\t<div class=\"elementor-element elementor-element-df0cd0f e-con-full e-flex e-con e-child\" data-id=\"df0cd0f\" data-element_type=\"container\" data-e-type=\"container\" data-settings=\"{&quot;_ha_eqh_enable&quot;:false}\">\n\t\t\t\t<div class=\"elementor-element elementor-element-6b8b20b elementor-widget elementor-widget-heading\" data-id=\"6b8b20b\" data-element_type=\"widget\" data-e-type=\"widget\" data-widget_type=\"heading.default\">\n\t\t\t\t<div class=\"elementor-widget-container\">\n\t\t\t\t\t<h2 class=\"elementor-heading-title elementor-size-default\">Surchauffe MacBook Pro M4 2024, probl\u00e8mes de stockage &amp; de performance<\/h2>\t\t\t\t<\/div>\n\t\t\t\t<\/div>\n\t\t\t\t<div class=\"elementor-element elementor-element-9f5e0a5 color-scheme-inherit text-left elementor-widget elementor-widget-text-editor\" data-id=\"9f5e0a5\" data-element_type=\"widget\" data-e-type=\"widget\" data-widget_type=\"text-editor.default\">\n\t\t\t\t<div class=\"elementor-widget-container\">\n\t\t\t\t\t\t\t\t\t<p data-start=\"124\" data-end=\"867\">Votre MacBook chauffe pendant une utilisation normale, fonctionne lentement ou rencontre des probl\u00e8mes de m\u00e9moire ?<br data-start=\"316\" data-end=\"319\" \/>Chez Repairandshop, nous sommes sp\u00e9cialis\u00e9s dans la r\u00e9paration surchauffe MacBook Pro M4 2024, la r\u00e9solution des probl\u00e8mes de stockage MacBook Pro M4 2024 et l\u2019optimisation des performances MacBook Pro M4 2024, afin que votre appareil redevienne fluide et efficace.<br data-start=\"584\" data-end=\"587\" \/>Que les applications ralentissent, que les vid\u00e9os saccadent ou que votre MacBook Pro M4 2024 soit globalement lent, nos r\u00e9parateurs MacBook analysent avec pr\u00e9cision le mat\u00e9riel et le logiciel pour identifier la cause et appliquer des solutions cibl\u00e9es avec des pi\u00e8ces d\u2019origine.<\/p><p data-start=\"869\" data-end=\"1448\">La surchauffe est souvent li\u00e9e \u00e0 une batterie MacBook Pro M4 2024 qui surchauffe, \u00e0 une surcharge du mat\u00e9riel interne ou \u00e0 des erreurs logicielles. Nous contr\u00f4lons la Logic Board MacBook Pro M4 2024 \/ carte m\u00e8re, la batterie et les circuits internes afin d\u2019\u00e9viter d\u2019autres probl\u00e8mes d\u2019alimentation, les arr\u00eats inattendus ou les pertes de performance.<br data-start=\"1219\" data-end=\"1222\" \/>Nous analysons \u00e9galement la m\u00e9moire MacBook Pro M4 2024, supprimons les fichiers inutiles, corrigeons les conflits de cache et optimisons le syst\u00e8me de stockage MacBook Pro M4 2024 pour am\u00e9liorer la vitesse et la r\u00e9activit\u00e9.<\/p><p data-start=\"1450\" data-end=\"1764\">En compl\u00e9ment des r\u00e9parations mat\u00e9rielles, nous effectuons des mises \u00e0 jour syst\u00e8me et des r\u00e9glages fins, afin que votre MacBook Pro M4 2024 puisse \u00e0 nouveau \u00eatre utilis\u00e9 de mani\u00e8re rapide, fiable et s\u00e9curis\u00e9e.<br data-start=\"1660\" data-end=\"1663\" \/>Toutes nos interventions incluent une garantie service surchauffe MacBook Pro M4 2024 de 180 jours.<\/p><p data-start=\"1766\" data-end=\"2123\">Repairandshop propose ses services dans plusieurs villes de Suisse, notamment \u00e0<br data-start=\"1845\" data-end=\"1848\" \/>La Chaux-de-Fonds, Neuch\u00e2tel, Bern, Thun, Interlaken, M\u00fcnsingen, Biel\/Bienne, Yverdon, Z\u00fcrich, Basel, Olten et Solothurn.<br data-start=\"1969\" data-end=\"1972\" \/>Gr\u00e2ce \u00e0 notre service de r\u00e9paration MacBook Pro M4 2024 professionnel, votre appareil reste frais, performant et pleinement fonctionnel au quotidien.<\/p>\t\t\t\t\t\t\t\t<\/div>\n\t\t\t\t<\/div>\n\t\t\t\t<\/div>\n\t\t\t\t\t<\/div>\n\t\t\t\t<\/div>\n\t\t<div class=\"wd-negative-gap elementor-element elementor-element-13d1421 e-flex e-con-boxed e-con e-parent\" data-id=\"13d1421\" data-element_type=\"container\" data-e-type=\"container\" data-settings=\"{&quot;_ha_eqh_enable&quot;:false}\">\n\t\t\t\t\t<div class=\"e-con-inner\">\n\t\t\t\t<div class=\"elementor-element elementor-element-6c8906c elementor-widget elementor-widget-heading\" data-id=\"6c8906c\" data-element_type=\"widget\" data-e-type=\"widget\" data-widget_type=\"heading.default\">\n\t\t\t\t<div class=\"elementor-widget-container\">\n\t\t\t\t\t<h2 class=\"elementor-heading-title elementor-size-default\">Faqs<\/h2>\t\t\t\t<\/div>\n\t\t\t\t<\/div>\n\t\t\t\t<div class=\"elementor-element elementor-element-0f0482e elementor-widget elementor-widget-wd_accordion\" data-id=\"0f0482e\" data-element_type=\"widget\" data-e-type=\"widget\" data-widget_type=\"wd_accordion.default\">\n\t\t\t\t<div class=\"elementor-widget-container\">\n\t\t\t\t\t\n\t\t<div class=\"wd-accordion wd-style-default wd-titles-left wd-opener-pos-left wd-opener-style-arrow\" data-state=\"first\">\n\t\t\t\t\t\t\t\n\t\t\t\t<div class=\"wd-accordion-item\">\n\t\t\t\t\t<div class=\"wd-accordion-title wd-role-btn wd-active\" data-accordion-index=\"0\" tabindex=\"0\">\n\t\t\t\t\t\t<div class=\"wd-accordion-title-text\">\n\t\t\t\t\t\t\t\t\t\t\t\t\t\t<span>\n\t\t\t\t\t\t\t\tQue faire si mon MacBook Pro M4 2024 a un \u00e9cran cass\u00e9 ?\t\t\t\t\t\t\t<\/span>\n\t\t\t\t\t\t<\/div>\n\t\t\t\t\t\t<span class=\"wd-accordion-opener\"><\/span>\n\t\t\t\t\t<\/div>\n\n\t\t\t\t\t<div class=\"wd-accordion-content wd-entry-content wd-active\" data-accordion-index=\"0\">\n\t\t\t\t\t\t\t\t\t\t\t\t\t\n\t\t\t\t\t\t\t<p>Si votre \u00e9cran MacBook Pro M4 2024 pr\u00e9sente des fissures, un affichage noir ou un tactile qui ne r\u00e9pond plus, il est indispensable de proc\u00e9der \u00e0 une r\u00e9paration \u00e9cran MacBook Pro M4 2024 compl\u00e8te. Chez nos r\u00e9parateurs MacBook professionnels, nous effectuons le changement \u00e9cran MacBook Pro M4 2024 avec un \u00e9cran d\u2019origine, afin de garantir une qualit\u00e9 d\u2019affichage identique \u00e0 celle d\u2019origine. R\u00e9parer l\u2019\u00e9cran MacBook Pro M4 2024 permet de restaurer la visibilit\u00e9, la fluidit\u00e9 tactile et la s\u00e9curit\u00e9 de l\u2019ordinateur.<\/p>\n\t\t\t\t\t\t\t\t\t\t\t\t\t\t\t\t\t\t<\/div>\n\t\t\t\t<\/div>\n\t\t\t\t\t\t\t\n\t\t\t\t<div class=\"wd-accordion-item\">\n\t\t\t\t\t<div class=\"wd-accordion-title wd-role-btn\" data-accordion-index=\"1\" tabindex=\"0\">\n\t\t\t\t\t\t<div class=\"wd-accordion-title-text\">\n\t\t\t\t\t\t\t\t\t\t\t\t\t\t<span>\n\t\t\t\t\t\t\t\tQuel est le prix du changement de batterie MacBook Pro M4 2024 ?\t\t\t\t\t\t\t<\/span>\n\t\t\t\t\t\t<\/div>\n\t\t\t\t\t\t<span class=\"wd-accordion-opener\"><\/span>\n\t\t\t\t\t<\/div>\n\n\t\t\t\t\t<div class=\"wd-accordion-content wd-entry-content\" data-accordion-index=\"1\">\n\t\t\t\t\t\t\t\t\t\t\t\t\t\n\t\t\t\t\t\t\t<p>Le prix changement batterie MacBook Pro M4 2024 est de 89 CHF, incluant la pi\u00e8ce, la main-d\u2019\u0153uvre et la garantie. Le changement batterie MacBook devient n\u00e9cessaire lorsque l\u2019autonomie diminue, que l\u2019ordinateur s\u2019\u00e9teint soudainement ou chauffe. Nous r\u00e9alisons le remplacement batterie MacBook Pro M4 2024 et le changement batterie Apple avec pr\u00e9cision pour r\u00e9tablir les performances d\u2019origine.<\/p>\n\t\t\t\t\t\t\t\t\t\t\t\t\t\t\t\t\t\t<\/div>\n\t\t\t\t<\/div>\n\t\t\t\t\t\t\t\n\t\t\t\t<div class=\"wd-accordion-item\">\n\t\t\t\t\t<div class=\"wd-accordion-title wd-role-btn\" data-accordion-index=\"2\" tabindex=\"0\">\n\t\t\t\t\t\t<div class=\"wd-accordion-title-text\">\n\t\t\t\t\t\t\t\t\t\t\t\t\t\t<span>\n\t\t\t\t\t\t\t\tPourquoi mon MacBook Pro M4 2024 ne tient plus la charge ?\t\t\t\t\t\t\t<\/span>\n\t\t\t\t\t\t<\/div>\n\t\t\t\t\t\t<span class=\"wd-accordion-opener\"><\/span>\n\t\t\t\t\t<\/div>\n\n\t\t\t\t\t<div class=\"wd-accordion-content wd-entry-content\" data-accordion-index=\"2\">\n\t\t\t\t\t\t\t\t\t\t\t\t\t\n\t\t\t\t\t\t\t<p>Un MacBook Pro M4 2024 qui se d\u00e9charge rapidement souffre g\u00e9n\u00e9ralement d\u2019un probl\u00e8me de batterie, d\u2019un d\u00e9faut logiciel ou d\u2019un composant interne endommag\u00e9. Un remplacement batterie MacBook Pro M4 2024 ou une r\u00e9paration MacBook permet de retrouver une autonomie stable et une charge s\u00e9curis\u00e9e.<\/p>\n\t\t\t\t\t\t\t\t\t\t\t\t\t\t\t\t\t\t<\/div>\n\t\t\t\t<\/div>\n\t\t\t\t\t\t\t\n\t\t\t\t<div class=\"wd-accordion-item\">\n\t\t\t\t\t<div class=\"wd-accordion-title wd-role-btn\" data-accordion-index=\"3\" tabindex=\"0\">\n\t\t\t\t\t\t<div class=\"wd-accordion-title-text\">\n\t\t\t\t\t\t\t\t\t\t\t\t\t\t<span>\n\t\t\t\t\t\t\t\tQue faire si mon MacBook Pro M4 2024 ne charge plus ?\t\t\t\t\t\t\t<\/span>\n\t\t\t\t\t\t<\/div>\n\t\t\t\t\t\t<span class=\"wd-accordion-opener\"><\/span>\n\t\t\t\t\t<\/div>\n\n\t\t\t\t\t<div class=\"wd-accordion-content wd-entry-content\" data-accordion-index=\"3\">\n\t\t\t\t\t\t\t\t\t\t\t\t\t\n\t\t\t\t\t\t\t<p>Lorsque votre MacBook Pro M4 2024 ne charge plus ou affiche une charge instable, le probl\u00e8me provient g\u00e9n\u00e9ralement du connecteur de charge MacBook, du c\u00e2ble ou de l\u2019oxydation interne. Nous effectuons le remplacement du connecteur, y compris le Connecteur de charge MacBook Pro M4 2024, afin de garantir une alimentation stable et une synchronisation correcte.<\/p>\n\t\t\t\t\t\t\t\t\t\t\t\t\t\t\t\t\t\t<\/div>\n\t\t\t\t<\/div>\n\t\t\t\t\t\t\t\n\t\t\t\t<div class=\"wd-accordion-item\">\n\t\t\t\t\t<div class=\"wd-accordion-title wd-role-btn\" data-accordion-index=\"4\" tabindex=\"0\">\n\t\t\t\t\t\t<div class=\"wd-accordion-title-text\">\n\t\t\t\t\t\t\t\t\t\t\t\t\t\t<span>\n\t\t\t\t\t\t\t\tEst-il possible de r\u00e9parer la vitre arri\u00e8re de l\u2019MacBook Pro M4 2024 ?\t\t\t\t\t\t\t<\/span>\n\t\t\t\t\t\t<\/div>\n\t\t\t\t\t\t<span class=\"wd-accordion-opener\"><\/span>\n\t\t\t\t\t<\/div>\n\n\t\t\t\t\t<div class=\"wd-accordion-content wd-entry-content\" data-accordion-index=\"4\">\n\t\t\t\t\t\t\t\t\t\t\t\t\t\n\t\t\t\t\t\t\t<p data-start=\"2278\" data-end=\"2594\">Oui, la vitre arri\u00e8re du MacBook Pro M4 2024 peut \u00eatre remplac\u00e9e en cas de fissure, choc ou casse. M\u00eame si certains mod\u00e8les plus anciens sont souvent recherch\u00e9s, nous r\u00e9alisons \u00e9galement la r\u00e9paration de la vitre arri\u00e8re MacBook Pro M4 2024 avec des outils sp\u00e9cialis\u00e9s, sans endommager la structure de l\u2019ordinateur.<\/p>\n\t\t\t\t\t\t\t\t\t\t\t\t\t\t\t\t\t\t<\/div>\n\t\t\t\t<\/div>\n\t\t\t\t\t\t\t\n\t\t\t\t<div class=\"wd-accordion-item\">\n\t\t\t\t\t<div class=\"wd-accordion-title wd-role-btn\" data-accordion-index=\"5\" tabindex=\"0\">\n\t\t\t\t\t\t<div class=\"wd-accordion-title-text\">\n\t\t\t\t\t\t\t\t\t\t\t\t\t\t<span>\n\t\t\t\t\t\t\t\tMon MacBook Pro M4 2024 est lent et surchauffe, que faire ?\t\t\t\t\t\t\t<\/span>\n\t\t\t\t\t\t<\/div>\n\t\t\t\t\t\t<span class=\"wd-accordion-opener\"><\/span>\n\t\t\t\t\t<\/div>\n\n\t\t\t\t\t<div class=\"wd-accordion-content wd-entry-content\" data-accordion-index=\"5\">\n\t\t\t\t\t\t\t\t\t\t\t\t\t\n\t\t\t\t\t\t\t<p>La lenteur et la surchauffe d\u2019un MacBook Pro M4 2024 sont souvent dues \u00e0 une batterie us\u00e9e, une surcharge m\u00e9moire ou un d\u00e9faut logiciel. Une r\u00e9paration compl\u00e8te, un remplacement de batterie MacBook ou une optimisation du syst\u00e8me permet de restaurer la fluidit\u00e9 de l\u2019ordinateur et d\u2019\u00e9viter les pannes futures.<\/p>\n\t\t\t\t\t\t\t\t\t\t\t\t\t\t\t\t\t\t<\/div>\n\t\t\t\t<\/div>\n\t\t\t\t\t\t\t\n\t\t\t\t<div class=\"wd-accordion-item\">\n\t\t\t\t\t<div class=\"wd-accordion-title wd-role-btn\" data-accordion-index=\"6\" tabindex=\"0\">\n\t\t\t\t\t\t<div class=\"wd-accordion-title-text\">\n\t\t\t\t\t\t\t\t\t\t\t\t\t\t<span>\n\t\t\t\t\t\t\t\tQuelle est la diff\u00e9rence entre r\u00e9paration \u00e9cran pas cher et \u00e9cran d\u2019origine ?\t\t\t\t\t\t\t<\/span>\n\t\t\t\t\t\t<\/div>\n\t\t\t\t\t\t<span class=\"wd-accordion-opener\"><\/span>\n\t\t\t\t\t<\/div>\n\n\t\t\t\t\t<div class=\"wd-accordion-content wd-entry-content\" data-accordion-index=\"6\">\n\t\t\t\t\t\t\t\t\t\t\t\t\t\n\t\t\t\t\t\t\t<p>Une r\u00e9paration \u00e9cran MacBook Pro M4 2024 \u00e0 moindre co\u00fbt utilise souvent des \u00e9crans compatibles, alors qu\u2019un \u00e9cran d\u2019origine garantit une luminosit\u00e9 parfaite, une meilleure dur\u00e9e de vie et une compatibilit\u00e9 totale avec le tactile et les capteurs int\u00e9gr\u00e9s. Pour un MacBook Pro M4 2024, nous recommandons toujours un \u00e9cran de qualit\u00e9 premium ou d\u2019origine Apple.<\/p>\n\t\t\t\t\t\t\t\t\t\t\t\t\t\t\t\t\t\t<\/div>\n\t\t\t\t<\/div>\n\t\t\t\t\t<\/div>\n\t\t\t\t\t\t<\/div>\n\t\t\t\t<\/div>\n\t\t\t\t\t<\/div>\n\t\t\t\t<\/div>\n\t\t\t\t<\/div>\n\t\t\n    <div class=\"xs_social_share_widget xs_share_url after_content \t\tmain_content  wslu-style-1 wslu-share-box-shaped wslu-fill-colored wslu-none wslu-share-horizontal wslu-theme-font-no wslu-main_content\">\n\n\t\t\n        <ul>\n\t\t\t        <\/ul>\n    <\/div> \n","protected":false},"excerpt":{"rendered":"<p>R\u00e9paration MacBook Pro M4 2024 Prix \u200b\u200bde r\u00e9paration : R\u00e9paration \u00e9cran MacBook Pro M4 2024 qualit\u00e9 premium (garantie 6 mois)<\/p>\n","protected":false},"author":1,"featured_media":42375,"parent":29400,"menu_order":0,"comment_status":"closed","ping_status":"closed","template":"","meta":{"postBodyCss":"","postBodyMargin":[],"postBodyPadding":[],"postBodyBackground":{"backgroundType":"classic","gradient":""},"footnotes":""},"class_list":["post-28715","page","type-page","status-publish","has-post-thumbnail","hentry"],"yoast_head":"<!-- This site is optimized with the Yoast SEO Premium plugin v26.8 (Yoast SEO v27.3) - https:\/\/yoast.com\/product\/yoast-seo-premium-wordpress\/ -->\n<title>R\u00e9paration Samsung A90 | \u00c9cran, Batterie, Service<\/title>\n<meta name=\"description\" content=\"R\u00e9paration Samsung A90 avec diagnostic rapide, \u00e9cran &amp; batterie remplac\u00e9s par des experts. Service fiable, pi\u00e8ces de qualit\u00e9 et garantie professionnelle.\" \/>\n<meta name=\"robots\" content=\"index, follow, max-snippet:-1, max-image-preview:large, max-video-preview:-1\" \/>\n<link rel=\"canonical\" href=\"https:\/\/repairandshop.ch\/fr\/samsung\/galaxy-serie-a\/reparation-galaxy-a90-5g-sm-a905\/\" \/>\n<meta property=\"og:locale\" content=\"fr_FR\" \/>\n<meta property=\"og:type\" content=\"article\" \/>\n<meta property=\"og:title\" content=\"Galaxy A90 5G (SM-A905)\" \/>\n<meta property=\"og:description\" content=\"R\u00e9paration Samsung A90 avec diagnostic rapide, \u00e9cran &amp; batterie remplac\u00e9s par des experts. Service fiable, pi\u00e8ces de qualit\u00e9 et garantie professionnelle.\" \/>\n<meta property=\"og:url\" content=\"https:\/\/repairandshop.ch\/fr\/samsung\/galaxy-serie-a\/reparation-galaxy-a90-5g-sm-a905\/\" \/>\n<meta property=\"og:site_name\" content=\"repairandshop\" \/>\n<meta property=\"article:modified_time\" content=\"2026-04-12T16:29:12+00:00\" \/>\n<meta property=\"og:image\" content=\"https:\/\/repairandshop.ch\/wp-content\/uploads\/2025\/11\/galaxy-a90-5g-reparatur.png\" \/>\n\t<meta property=\"og:image:width\" content=\"300\" \/>\n\t<meta property=\"og:image:height\" content=\"300\" \/>\n\t<meta property=\"og:image:type\" content=\"image\/png\" \/>\n<meta name=\"twitter:card\" content=\"summary_large_image\" \/>\n<meta name=\"twitter:label1\" content=\"Dur\u00e9e de lecture estim\u00e9e\" \/>\n\t<meta name=\"twitter:data1\" content=\"30 minutes\" \/>\n<!-- \/ Yoast SEO Premium plugin. -->","yoast_head_json":{"title":"R\u00e9paration Samsung A90 | \u00c9cran, Batterie, Service","description":"R\u00e9paration Samsung A90 avec diagnostic rapide, \u00e9cran & batterie remplac\u00e9s par des experts. Service fiable, pi\u00e8ces de qualit\u00e9 et garantie professionnelle.","robots":{"index":"index","follow":"follow","max-snippet":"max-snippet:-1","max-image-preview":"max-image-preview:large","max-video-preview":"max-video-preview:-1"},"canonical":"https:\/\/repairandshop.ch\/fr\/samsung\/galaxy-serie-a\/reparation-galaxy-a90-5g-sm-a905\/","og_locale":"fr_FR","og_type":"article","og_title":"Galaxy A90 5G (SM-A905)","og_description":"R\u00e9paration Samsung A90 avec diagnostic rapide, \u00e9cran & batterie remplac\u00e9s par des experts. Service fiable, pi\u00e8ces de qualit\u00e9 et garantie professionnelle.","og_url":"https:\/\/repairandshop.ch\/fr\/samsung\/galaxy-serie-a\/reparation-galaxy-a90-5g-sm-a905\/","og_site_name":"repairandshop","article_modified_time":"2026-04-12T16:29:12+00:00","og_image":[{"width":300,"height":300,"url":"https:\/\/repairandshop.ch\/wp-content\/uploads\/2025\/11\/galaxy-a90-5g-reparatur.png","type":"image\/png"}],"twitter_card":"summary_large_image","twitter_misc":{"Dur\u00e9e de lecture estim\u00e9e":"30 minutes"},"schema":{"@context":"https:\/\/schema.org","@graph":[{"@type":"WebPage","@id":"https:\/\/repairandshop.ch\/fr\/samsung\/galaxy-serie-a\/reparation-galaxy-a90-5g-sm-a905\/","url":"https:\/\/repairandshop.ch\/fr\/samsung\/galaxy-serie-a\/reparation-galaxy-a90-5g-sm-a905\/","name":"R\u00e9paration Samsung A90 | \u00c9cran, Batterie, Service","isPartOf":{"@id":"https:\/\/repairandshop.ch\/fr\/#website"},"primaryImageOfPage":{"@id":"https:\/\/repairandshop.ch\/fr\/samsung\/galaxy-serie-a\/reparation-galaxy-a90-5g-sm-a905\/#primaryimage"},"image":{"@id":"https:\/\/repairandshop.ch\/fr\/samsung\/galaxy-serie-a\/reparation-galaxy-a90-5g-sm-a905\/#primaryimage"},"thumbnailUrl":"https:\/\/repairandshop.ch\/wp-content\/uploads\/2025\/11\/galaxy-a90-5g-reparatur.png","datePublished":"2025-03-10T17:36:31+00:00","dateModified":"2026-04-12T16:29:12+00:00","description":"R\u00e9paration Samsung A90 avec diagnostic rapide, \u00e9cran & batterie remplac\u00e9s par des experts. Service fiable, pi\u00e8ces de qualit\u00e9 et garantie professionnelle.","breadcrumb":{"@id":"https:\/\/repairandshop.ch\/fr\/samsung\/galaxy-serie-a\/reparation-galaxy-a90-5g-sm-a905\/#breadcrumb"},"inLanguage":"fr-FR","potentialAction":[{"@type":"ReadAction","target":["https:\/\/repairandshop.ch\/fr\/samsung\/galaxy-serie-a\/reparation-galaxy-a90-5g-sm-a905\/"]}]},{"@type":"ImageObject","inLanguage":"fr-FR","@id":"https:\/\/repairandshop.ch\/fr\/samsung\/galaxy-serie-a\/reparation-galaxy-a90-5g-sm-a905\/#primaryimage","url":"https:\/\/repairandshop.ch\/wp-content\/uploads\/2025\/11\/galaxy-a90-5g-reparatur.png","contentUrl":"https:\/\/repairandshop.ch\/wp-content\/uploads\/2025\/11\/galaxy-a90-5g-reparatur.png","width":300,"height":300,"caption":"Samsung galaxy a90 5g reparatur"},{"@type":"BreadcrumbList","@id":"https:\/\/repairandshop.ch\/fr\/samsung\/galaxy-serie-a\/reparation-galaxy-a90-5g-sm-a905\/#breadcrumb","itemListElement":[{"@type":"ListItem","position":1,"name":"Home","item":"https:\/\/repairandshop.ch\/fr\/"},{"@type":"ListItem","position":2,"name":"R\u00e9paration Samsung","item":"https:\/\/repairandshop.ch\/fr\/samsung\/"},{"@type":"ListItem","position":3,"name":"S\u00e9rie R\u00e9paration Galaxy A","item":"https:\/\/repairandshop.ch\/fr\/samsung\/galaxy-serie-a\/"},{"@type":"ListItem","position":4,"name":"Galaxy A90 5G (SM-A905)"}]},{"@type":"WebSite","@id":"https:\/\/repairandshop.ch\/fr\/#website","url":"https:\/\/repairandshop.ch\/fr\/","name":"Repair And Shop","description":"","publisher":{"@id":"https:\/\/repairandshop.ch\/fr\/#organization"},"potentialAction":[{"@type":"SearchAction","target":{"@type":"EntryPoint","urlTemplate":"https:\/\/repairandshop.ch\/fr\/?s={search_term_string}"},"query-input":{"@type":"PropertyValueSpecification","valueRequired":true,"valueName":"search_term_string"}}],"inLanguage":"fr-FR"},{"@type":"Organization","@id":"https:\/\/repairandshop.ch\/fr\/#organization","name":"Repair And Shop","url":"https:\/\/repairandshop.ch\/fr\/","logo":{"@type":"ImageObject","inLanguage":"fr-FR","@id":"https:\/\/repairandshop.ch\/fr\/#\/schema\/logo\/image\/","url":"https:\/\/repairandshop.ch\/wp-content\/uploads\/2025\/02\/RepairandShop-Logo.png","contentUrl":"https:\/\/repairandshop.ch\/wp-content\/uploads\/2025\/02\/RepairandShop-Logo.png","width":834,"height":193,"caption":"Repair And Shop"},"image":{"@id":"https:\/\/repairandshop.ch\/fr\/#\/schema\/logo\/image\/"}}]}},"_links":{"self":[{"href":"https:\/\/repairandshop.ch\/fr\/wp-json\/wp\/v2\/pages\/28715","targetHints":{"allow":["GET"]}}],"collection":[{"href":"https:\/\/repairandshop.ch\/fr\/wp-json\/wp\/v2\/pages"}],"about":[{"href":"https:\/\/repairandshop.ch\/fr\/wp-json\/wp\/v2\/types\/page"}],"author":[{"embeddable":true,"href":"https:\/\/repairandshop.ch\/fr\/wp-json\/wp\/v2\/users\/1"}],"replies":[{"embeddable":true,"href":"https:\/\/repairandshop.ch\/fr\/wp-json\/wp\/v2\/comments?post=28715"}],"version-history":[{"count":57,"href":"https:\/\/repairandshop.ch\/fr\/wp-json\/wp\/v2\/pages\/28715\/revisions"}],"predecessor-version":[{"id":74863,"href":"https:\/\/repairandshop.ch\/fr\/wp-json\/wp\/v2\/pages\/28715\/revisions\/74863"}],"up":[{"embeddable":true,"href":"https:\/\/repairandshop.ch\/fr\/wp-json\/wp\/v2\/pages\/29400"}],"wp:featuredmedia":[{"embeddable":true,"href":"https:\/\/repairandshop.ch\/fr\/wp-json\/wp\/v2\/media\/42375"}],"wp:attachment":[{"href":"https:\/\/repairandshop.ch\/fr\/wp-json\/wp\/v2\/media?parent=28715"}],"curies":[{"name":"wp","href":"https:\/\/api.w.org\/{rel}","templated":true}]}}