{"id":31375,"date":"2025-06-01T20:47:21","date_gmt":"2025-06-01T20:47:21","guid":{"rendered":"https:\/\/repairandshop.ch\/lausanne\/"},"modified":"2025-07-23T09:25:39","modified_gmt":"2025-07-23T09:25:39","slug":"lausanne","status":"publish","type":"page","link":"https:\/\/repairandshop.ch\/fr\/lausanne\/","title":{"rendered":"Lausanne"},"content":{"rendered":"\t\t<div data-elementor-type=\"wp-page\" data-elementor-id=\"31375\" class=\"elementor elementor-31375 elementor-31237\" data-elementor-post-type=\"page\">\n\t\t\t\t<div class=\"wd-negative-gap elementor-element elementor-element-0b56c44 e-flex e-con-boxed e-con e-parent\" data-id=\"0b56c44\" data-element_type=\"container\" data-e-type=\"container\" data-settings=\"{&quot;_ha_eqh_enable&quot;:false}\">\n\t\t\t\t\t<div class=\"e-con-inner\">\n\t\t\t\t<div class=\"elementor-element elementor-element-ed3cb26 elementor-widget elementor-widget-heading\" data-id=\"ed3cb26\" data-element_type=\"widget\" data-e-type=\"widget\" data-widget_type=\"heading.default\">\n\t\t\t\t<div class=\"elementor-widget-container\">\n\t\t\t\t\t<h1 class=\"elementor-heading-title elementor-size-default\">R\u00e9paration iPhone Lausanne<\/h1>\t\t\t\t<\/div>\n\t\t\t\t<\/div>\n\t\t\t\t\t<\/div>\n\t\t\t\t<\/div>\n\t\t<div class=\"wd-negative-gap elementor-element elementor-element-a2d809b e-flex e-con-boxed e-con e-parent\" data-id=\"a2d809b\" data-element_type=\"container\" data-e-type=\"container\" data-settings=\"{&quot;background_background&quot;:&quot;classic&quot;,&quot;_ha_eqh_enable&quot;:false}\">\n\t\t\t\t\t<div class=\"e-con-inner\">\n\t\t<div class=\"elementor-element elementor-element-7b3316b e-con-full e-flex e-con e-child\" data-id=\"7b3316b\" data-element_type=\"container\" data-e-type=\"container\" data-settings=\"{&quot;_ha_eqh_enable&quot;:false}\">\n\t\t\t\t<div class=\"elementor-element elementor-element-9b32868 elementor-widget elementor-widget-image\" data-id=\"9b32868\" data-element_type=\"widget\" data-e-type=\"widget\" data-widget_type=\"image.default\">\n\t\t\t\t<div class=\"elementor-widget-container\">\n\t\t\t\t\t\t\t\t\t\t\t\t\t\t\t<img decoding=\"async\" src=\"https:\/\/repairandshop.ch\/wp-content\/uploads\/elementor\/thumbs\/repairandshoo-interlaken-r5pedgura5idezsmgnean8gfgbl48j1ejcjf9xku0c.jpg\" title=\"repairandshoo interlaken\" alt=\"repairandshoo interlaken\" loading=\"lazy\" \/>\t\t\t\t\t\t\t\t\t\t\t\t\t\t\t<\/div>\n\t\t\t\t<\/div>\n\t\t\t\t<div class=\"elementor-element elementor-element-e01c9c0 elementor-widget elementor-widget-heading\" data-id=\"e01c9c0\" data-element_type=\"widget\" data-e-type=\"widget\" data-widget_type=\"heading.default\">\n\t\t\t\t<div class=\"elementor-widget-container\">\n\t\t\t\t\t<h2 class=\"elementor-heading-title elementor-size-default\">Horaires d'ouverture :<\/h2>\t\t\t\t<\/div>\n\t\t\t\t<\/div>\n\t\t\t\t<div class=\"elementor-element elementor-element-c05c377 color-scheme-inherit text-left elementor-widget elementor-widget-text-editor\" data-id=\"c05c377\" data-element_type=\"widget\" data-e-type=\"widget\" data-widget_type=\"text-editor.default\">\n\t\t\t\t<div class=\"elementor-widget-container\">\n\t\t\t\t\t\t\t\t\t<div class=\"row store-hours-row\"><div class=\"store-hours-day typography-caption column large-7 medium-4\"><div class=\"row store-hours-row\"><div class=\"store-hours-day typography-caption column large-7 medium-4\">Mo, Di, Mi, Fr: 09:00 &#8211; 18:00 Uhr<br>Do 13:30 &#8211; 18:00 Uhr<br>Sa 10:00 &#8211; 16:00 Uhr<\/div><\/div><div class=\"row store-hours-row\"><div class=\"store-hours-day typography-caption column large-7 medium-4\">Dimanche : Ferm\u00e9<\/div><\/div><\/div><\/div>\t\t\t\t\t\t\t\t<\/div>\n\t\t\t\t<\/div>\n\t\t\t\t<\/div>\n\t\t<div class=\"elementor-element elementor-element-1296086 e-con-full e-flex e-con e-child\" data-id=\"1296086\" data-element_type=\"container\" data-e-type=\"container\" data-settings=\"{&quot;_ha_eqh_enable&quot;:false}\">\n\t\t\t\t<div class=\"elementor-element elementor-element-9aaca89 elementor-widget elementor-widget-heading\" data-id=\"9aaca89\" data-element_type=\"widget\" data-e-type=\"widget\" data-widget_type=\"heading.default\">\n\t\t\t\t<div class=\"elementor-widget-container\">\n\t\t\t\t\t<h2 class=\"elementor-heading-title elementor-size-default\">Adresse<\/h2>\t\t\t\t<\/div>\n\t\t\t\t<\/div>\n\t\t\t\t<div class=\"elementor-element elementor-element-41c98f9 color-scheme-inherit text-left elementor-widget elementor-widget-text-editor\" data-id=\"41c98f9\" data-element_type=\"widget\" data-e-type=\"widget\" data-widget_type=\"text-editor.default\">\n\t\t\t\t<div class=\"elementor-widget-container\">\n\t\t\t\t\t\t\t\t\t<div class=\"row store-hours-row\"><div class=\"store-hours-day typography-caption column large-7 medium-4\">Sur ce site , nous acceptons uniquement les envois par coursier- et par la poste.<br data-start=\"116\" data-end=\"119\">Pour plus d&rsquo; informations, veuillez nous contacter.<\/div><div class=\"store-hours-day typography-caption column large-7 medium-4\">+41 32 926 14 34<\/div><\/div>\t\t\t\t\t\t\t\t<\/div>\n\t\t\t\t<\/div>\n\t\t<div class=\"elementor-element elementor-element-928c869 e-con-full e-flex e-con e-child\" data-id=\"928c869\" data-element_type=\"container\" data-e-type=\"container\" data-settings=\"{&quot;_ha_eqh_enable&quot;:false}\">\n\t\t<div class=\"elementor-element elementor-element-8a16b6b e-con-full e-flex e-con e-child\" data-id=\"8a16b6b\" data-element_type=\"container\" data-e-type=\"container\" data-settings=\"{&quot;_ha_eqh_enable&quot;:false}\">\n\t\t\t\t<div class=\"elementor-element elementor-element-8a67632 elementor-widget elementor-widget-button\" data-id=\"8a67632\" data-element_type=\"widget\" data-e-type=\"widget\" data-widget_type=\"button.default\">\n\t\t\t\t<div class=\"elementor-widget-container\">\n\t\t\t\t\t\t\t\t\t<div class=\"elementor-button-wrapper\">\n\t\t\t\t\t<a class=\"elementor-button elementor-button-link elementor-size-sm\" href=\"#\">\n\t\t\t\t\t\t<span class=\"elementor-button-content-wrapper\">\n\t\t\t\t\t\t\t\t\t<span class=\"elementor-button-text\">Itin\u00e9raire et carte&gt;<\/span>\n\t\t\t\t\t<\/span>\n\t\t\t\t\t<\/a>\n\t\t\t\t<\/div>\n\t\t\t\t\t\t\t\t<\/div>\n\t\t\t\t<\/div>\n\t\t\t\t<\/div>\n\t\t<div class=\"elementor-element elementor-element-feb293f e-con-full e-flex e-con e-child\" data-id=\"feb293f\" data-element_type=\"container\" data-e-type=\"container\" data-settings=\"{&quot;_ha_eqh_enable&quot;:false}\">\n\t\t\t\t<div class=\"elementor-element elementor-element-26f3a2a elementor-align-center elementor-widget elementor-widget-button\" data-id=\"26f3a2a\" data-element_type=\"widget\" data-e-type=\"widget\" data-widget_type=\"button.default\">\n\t\t\t\t<div class=\"elementor-widget-container\">\n\t\t\t\t\t\t\t\t\t<div class=\"elementor-button-wrapper\">\n\t\t\t\t\t<a class=\"elementor-button elementor-button-link elementor-size-sm\" href=\"#\">\n\t\t\t\t\t\t<span class=\"elementor-button-content-wrapper\">\n\t\t\t\t\t\t<span class=\"elementor-button-icon\">\n\t\t\t\t<svg aria-hidden=\"true\" class=\"e-font-icon-svg e-fas-map-marker-alt\" viewBox=\"0 0 384 512\" xmlns=\"http:\/\/www.w3.org\/2000\/svg\"><path d=\"M172.268 501.67C26.97 291.031 0 269.413 0 192 0 85.961 85.961 0 192 0s192 85.961 192 192c0 77.413-26.97 99.031-172.268 309.67-9.535 13.774-29.93 13.773-39.464 0zM192 272c44.183 0 80-35.817 80-80s-35.817-80-80-80-80 35.817-80 80 35.817 80 80 80z\"><\/path><\/svg>\t\t\t<\/span>\n\t\t\t\t\t\t\t\t\t<span class=\"elementor-button-text\">Cartes<\/span>\n\t\t\t\t\t<\/span>\n\t\t\t\t\t<\/a>\n\t\t\t\t<\/div>\n\t\t\t\t\t\t\t\t<\/div>\n\t\t\t\t<\/div>\n\t\t\t\t<\/div>\n\t\t\t\t<\/div>\n\t\t<div class=\"elementor-element elementor-element-7d80db4 e-con-full e-flex e-con e-child\" data-id=\"7d80db4\" data-element_type=\"container\" data-e-type=\"container\" data-settings=\"{&quot;_ha_eqh_enable&quot;:false}\">\n\t\t\t\t<div class=\"elementor-element elementor-element-e2e1737 elementor-align-justify elementor-widget elementor-widget-button\" data-id=\"e2e1737\" data-element_type=\"widget\" data-e-type=\"widget\" data-widget_type=\"button.default\">\n\t\t\t\t<div class=\"elementor-widget-container\">\n\t\t\t\t\t\t\t\t\t<div class=\"elementor-button-wrapper\">\n\t\t\t\t\t<a class=\"elementor-button elementor-button-link elementor-size-sm\" href=\"#\">\n\t\t\t\t\t\t<span class=\"elementor-button-content-wrapper\">\n\t\t\t\t\t\t<span class=\"elementor-button-icon\">\n\t\t\t\t<svg aria-hidden=\"true\" class=\"e-font-icon-svg e-fas-map-marker-alt\" viewBox=\"0 0 384 512\" xmlns=\"http:\/\/www.w3.org\/2000\/svg\"><path d=\"M172.268 501.67C26.97 291.031 0 269.413 0 192 0 85.961 85.961 0 192 0s192 85.961 192 192c0 77.413-26.97 99.031-172.268 309.67-9.535 13.774-29.93 13.773-39.464 0zM192 272c44.183 0 80-35.817 80-80s-35.817-80-80-80-80 35.817-80 80 35.817 80 80 80z\"><\/path><\/svg>\t\t\t<\/span>\n\t\t\t\t\t\t\t\t\t<span class=\"elementor-button-text\">Apporter pour r\u00e9paration<\/span>\n\t\t\t\t\t<\/span>\n\t\t\t\t\t<\/a>\n\t\t\t\t<\/div>\n\t\t\t\t\t\t\t\t<\/div>\n\t\t\t\t<\/div>\n\t\t\t\t<div class=\"elementor-element elementor-element-ed0044e elementor-align-justify elementor-widget elementor-widget-button\" data-id=\"ed0044e\" data-element_type=\"widget\" data-e-type=\"widget\" data-widget_type=\"button.default\">\n\t\t\t\t<div class=\"elementor-widget-container\">\n\t\t\t\t\t\t\t\t\t<div class=\"elementor-button-wrapper\">\n\t\t\t\t\t<a class=\"elementor-button elementor-button-link elementor-size-sm\" href=\"#\">\n\t\t\t\t\t\t<span class=\"elementor-button-content-wrapper\">\n\t\t\t\t\t\t<span class=\"elementor-button-icon\">\n\t\t\t\t<svg aria-hidden=\"true\" class=\"e-font-icon-svg e-far-calendar-alt\" viewBox=\"0 0 448 512\" xmlns=\"http:\/\/www.w3.org\/2000\/svg\"><path d=\"M148 288h-40c-6.6 0-12-5.4-12-12v-40c0-6.6 5.4-12 12-12h40c6.6 0 12 5.4 12 12v40c0 6.6-5.4 12-12 12zm108-12v-40c0-6.6-5.4-12-12-12h-40c-6.6 0-12 5.4-12 12v40c0 6.6 5.4 12 12 12h40c6.6 0 12-5.4 12-12zm96 0v-40c0-6.6-5.4-12-12-12h-40c-6.6 0-12 5.4-12 12v40c0 6.6 5.4 12 12 12h40c6.6 0 12-5.4 12-12zm-96 96v-40c0-6.6-5.4-12-12-12h-40c-6.6 0-12 5.4-12 12v40c0 6.6 5.4 12 12 12h40c6.6 0 12-5.4 12-12zm-96 0v-40c0-6.6-5.4-12-12-12h-40c-6.6 0-12 5.4-12 12v40c0 6.6 5.4 12 12 12h40c6.6 0 12-5.4 12-12zm192 0v-40c0-6.6-5.4-12-12-12h-40c-6.6 0-12 5.4-12 12v40c0 6.6 5.4 12 12 12h40c6.6 0 12-5.4 12-12zm96-260v352c0 26.5-21.5 48-48 48H48c-26.5 0-48-21.5-48-48V112c0-26.5 21.5-48 48-48h48V12c0-6.6 5.4-12 12-12h40c6.6 0 12 5.4 12 12v52h128V12c0-6.6 5.4-12 12-12h40c6.6 0 12 5.4 12 12v52h48c26.5 0 48 21.5 48 48zm-48 346V160H48v298c0 3.3 2.7 6 6 6h340c3.3 0 6-2.7 6-6z\"><\/path><\/svg>\t\t\t<\/span>\n\t\t\t\t\t\t\t\t\t<span class=\"elementor-button-text\">Prendre rendez-vous en ligne !<\/span>\n\t\t\t\t\t<\/span>\n\t\t\t\t\t<\/a>\n\t\t\t\t<\/div>\n\t\t\t\t\t\t\t\t<\/div>\n\t\t\t\t<\/div>\n\t\t\t\t<\/div>\n\t\t\t\t<\/div>\n\t\t\t\t\t<\/div>\n\t\t\t\t<\/div>\n\t\t<div class=\"wd-negative-gap elementor-element elementor-element-683c268 e-flex e-con-boxed e-con e-parent\" data-id=\"683c268\" data-element_type=\"container\" data-e-type=\"container\" data-settings=\"{&quot;_ha_eqh_enable&quot;:false}\">\n\t\t\t\t\t<div class=\"e-con-inner\">\n\t\t<div class=\"elementor-element elementor-element-4840368 e-con-full e-flex e-con e-child\" data-id=\"4840368\" data-element_type=\"container\" data-e-type=\"container\" data-settings=\"{&quot;_ha_eqh_enable&quot;:false}\">\n\t\t\t\t<div class=\"elementor-element elementor-element-7cd302b elementor-align-justify elementor-widget elementor-widget-button\" data-id=\"7cd302b\" data-element_type=\"widget\" data-e-type=\"widget\" data-widget_type=\"button.default\">\n\t\t\t\t<div class=\"elementor-widget-container\">\n\t\t\t\t\t\t\t\t\t<div class=\"elementor-button-wrapper\">\n\t\t\t\t\t<a class=\"elementor-button elementor-button-link elementor-size-sm\" href=\"https:\/\/repairandshop.ch\/fr\/contact\/\">\n\t\t\t\t\t\t<span class=\"elementor-button-content-wrapper\">\n\t\t\t\t\t\t\t\t\t<span class=\"elementor-button-text\">Contact<\/span>\n\t\t\t\t\t<\/span>\n\t\t\t\t\t<\/a>\n\t\t\t\t<\/div>\n\t\t\t\t\t\t\t\t<\/div>\n\t\t\t\t<\/div>\n\t\t\t\t<\/div>\n\t\t<div class=\"elementor-element elementor-element-6b92d8b e-con-full e-flex e-con e-child\" data-id=\"6b92d8b\" data-element_type=\"container\" data-e-type=\"container\" data-settings=\"{&quot;_ha_eqh_enable&quot;:false}\">\n\t\t\t\t<div class=\"elementor-element elementor-element-c9b151b elementor-align-justify elementor-widget elementor-widget-button\" data-id=\"c9b151b\" data-element_type=\"widget\" data-e-type=\"widget\" data-widget_type=\"button.default\">\n\t\t\t\t<div class=\"elementor-widget-container\">\n\t\t\t\t\t\t\t\t\t<div class=\"elementor-button-wrapper\">\n\t\t\t\t\t<a class=\"elementor-button elementor-button-link elementor-size-sm\" href=\"#\">\n\t\t\t\t\t\t<span class=\"elementor-button-content-wrapper\">\n\t\t\t\t\t\t\t\t\t<span class=\"elementor-button-text\">Informations<\/span>\n\t\t\t\t\t<\/span>\n\t\t\t\t\t<\/a>\n\t\t\t\t<\/div>\n\t\t\t\t\t\t\t\t<\/div>\n\t\t\t\t<\/div>\n\t\t\t\t<\/div>\n\t\t\t\t\t<\/div>\n\t\t\t\t<\/div>\n\t\t<div class=\"wd-negative-gap elementor-element elementor-element-47f0adf e-flex e-con-boxed e-con e-parent\" data-id=\"47f0adf\" data-element_type=\"container\" data-e-type=\"container\" data-settings=\"{&quot;_ha_eqh_enable&quot;:false}\">\n\t\t\t\t\t<div class=\"e-con-inner\">\n\t\t<div class=\"elementor-element elementor-element-2945ecf e-con-full e-flex e-con e-child\" data-id=\"2945ecf\" data-element_type=\"container\" data-e-type=\"container\" data-settings=\"{&quot;_ha_eqh_enable&quot;:false}\">\n\t\t\t\t<div class=\"elementor-element elementor-element-3a6526a elementor-button-align-start elementor-widget elementor-widget-form\" data-id=\"3a6526a\" data-element_type=\"widget\" data-e-type=\"widget\" data-settings=\"{&quot;step_next_label&quot;:&quot;Suivant&quot;,&quot;step_previous_label&quot;:&quot;Previous&quot;,&quot;step_type&quot;:&quot;number_text&quot;,&quot;step_icon_shape&quot;:&quot;circle&quot;}\" data-widget_type=\"form.default\">\n\t\t\t\t<div class=\"elementor-widget-container\">\n\t\t\t\t\t\t\t<form class=\"elementor-form\" method=\"post\" name=\"Nouvelle forme\" aria-label=\"Nouvelle forme\">\n\t\t\t<input type=\"hidden\" name=\"post_id\" value=\"31375\"\/>\n\t\t\t<input type=\"hidden\" name=\"form_id\" value=\"3a6526a\"\/>\n\t\t\t<input type=\"hidden\" name=\"referer_title\" value=\"repairandshop\" \/>\n\n\t\t\t\n\t\t\t<div class=\"elementor-form-fields-wrapper elementor-labels-above\">\n\t\t\t\t\t\t\t\t<div class=\"elementor-field-type-text elementor-field-group elementor-column elementor-field-group-name elementor-col-100\">\n\t\t\t\t\t\t\t\t\t\t\t\t<label for=\"form-field-name\" class=\"elementor-field-label\">\n\t\t\t\t\t\t\t\tNom\t\t\t\t\t\t\t<\/label>\n\t\t\t\t\t\t\t\t\t\t\t\t\t\t<input size=\"1\" type=\"text\" name=\"form_fields[name]\" id=\"form-field-name\" class=\"elementor-field elementor-size-sm  elementor-field-textual\">\n\t\t\t\t\t\t\t\t\t\t\t<\/div>\n\t\t\t\t\t\t\t\t<div class=\"elementor-field-type-email elementor-field-group elementor-column elementor-field-group-email elementor-col-100 elementor-field-required elementor-mark-required\">\n\t\t\t\t\t\t\t\t\t\t\t\t<label for=\"form-field-email\" class=\"elementor-field-label\">\n\t\t\t\t\t\t\t\tEmail\t\t\t\t\t\t\t<\/label>\n\t\t\t\t\t\t\t\t\t\t\t\t\t\t<input size=\"1\" type=\"email\" name=\"form_fields[email]\" id=\"form-field-email\" class=\"elementor-field elementor-size-sm  elementor-field-textual\" required=\"required\">\n\t\t\t\t\t\t\t\t\t\t\t<\/div>\n\t\t\t\t\t\t\t\t<div class=\"elementor-field-type-textarea elementor-field-group elementor-column elementor-field-group-message elementor-col-100\">\n\t\t\t\t\t\t\t\t\t\t\t\t<label for=\"form-field-message\" class=\"elementor-field-label\">\n\t\t\t\t\t\t\t\tMessage\t\t\t\t\t\t\t<\/label>\n\t\t\t\t\t\t<textarea class=\"elementor-field-textual elementor-field  elementor-size-sm\" name=\"form_fields[message]\" id=\"form-field-message\" rows=\"4\"><\/textarea>\t\t\t\t<\/div>\n\t\t\t\t\t\t\t\t<div class=\"elementor-field-group elementor-column elementor-field-type-submit elementor-col-100 e-form__buttons\">\n\t\t\t\t\t<button class=\"elementor-button elementor-size-sm\" type=\"submit\">\n\t\t\t\t\t\t<span class=\"elementor-button-content-wrapper\">\n\t\t\t\t\t\t\t\t\t\t\t\t\t\t\t\t\t\t\t\t\t\t<span class=\"elementor-button-text\">Envoyer<\/span>\n\t\t\t\t\t\t\t\t\t\t\t\t\t<\/span>\n\t\t\t\t\t<\/button>\n\t\t\t\t<\/div>\n\t\t\t<\/div>\n\t\t<\/form>\n\t\t\t\t\t\t<\/div>\n\t\t\t\t<\/div>\n\t\t\t\t<\/div>\n\t\t<div class=\"elementor-element elementor-element-0c316e3 e-con-full e-flex e-con e-child\" data-id=\"0c316e3\" data-element_type=\"container\" data-e-type=\"container\" data-settings=\"{&quot;_ha_eqh_enable&quot;:false}\">\n\t\t\t\t<div class=\"elementor-element elementor-element-5fe7acd elementor-widget elementor-widget-image\" data-id=\"5fe7acd\" data-element_type=\"widget\" data-e-type=\"widget\" data-widget_type=\"image.default\">\n\t\t\t\t<div class=\"elementor-widget-container\">\n\t\t\t\t\t\t\t\t\t\t\t\t\t\t\t<img loading=\"lazy\" decoding=\"async\" width=\"262\" height=\"262\" src=\"https:\/\/repairandshop.ch\/wp-content\/uploads\/2025\/02\/Handy-Reparatur-Express-vor-Ort-Macbook-ipad-watch-iphone-surface-microsoft-samsung-huawei-htc-sony-google-pixel.webp\" class=\"attachment-large size-large wp-image-25017\" alt=\"\" srcset=\"https:\/\/repairandshop.ch\/wp-content\/uploads\/2025\/02\/Handy-Reparatur-Express-vor-Ort-Macbook-ipad-watch-iphone-surface-microsoft-samsung-huawei-htc-sony-google-pixel.webp 262w, https:\/\/repairandshop.ch\/wp-content\/uploads\/2025\/02\/Handy-Reparatur-Express-vor-Ort-Macbook-ipad-watch-iphone-surface-microsoft-samsung-huawei-htc-sony-google-pixel-150x150.webp 150w\" sizes=\"auto, (max-width: 262px) 100vw, 262px\" \/>\t\t\t\t\t\t\t\t\t\t\t\t\t\t\t<\/div>\n\t\t\t\t<\/div>\n\t\t\t\t<div class=\"elementor-element elementor-element-60f8486 elementor-widget elementor-widget-heading\" data-id=\"60f8486\" data-element_type=\"widget\" data-e-type=\"widget\" data-widget_type=\"heading.default\">\n\t\t\t\t<div class=\"elementor-widget-container\">\n\t\t\t\t\t<h2 class=\"elementor-heading-title elementor-size-default\">Service et assistance<\/h2>\t\t\t\t<\/div>\n\t\t\t\t<\/div>\n\t\t\t\t<div class=\"elementor-element elementor-element-7a0be68 elementor-align-center elementor-widget elementor-widget-button\" data-id=\"7a0be68\" data-element_type=\"widget\" data-e-type=\"widget\" data-widget_type=\"button.default\">\n\t\t\t\t<div class=\"elementor-widget-container\">\n\t\t\t\t\t\t\t\t\t<div class=\"elementor-button-wrapper\">\n\t\t\t\t\t<a class=\"elementor-button elementor-button-link elementor-size-sm\" href=\"https:\/\/repairandshop.ch\/fr\/contact\/\">\n\t\t\t\t\t\t<span class=\"elementor-button-content-wrapper\">\n\t\t\t\t\t\t\t\t\t<span class=\"elementor-button-text\">Plus d'infos &gt;<\/span>\n\t\t\t\t\t<\/span>\n\t\t\t\t\t<\/a>\n\t\t\t\t<\/div>\n\t\t\t\t\t\t\t\t<\/div>\n\t\t\t\t<\/div>\n\t\t\t\t<div class=\"elementor-element elementor-element-bca8434 color-scheme-inherit text-left elementor-widget elementor-widget-text-editor\" data-id=\"bca8434\" data-element_type=\"widget\" data-e-type=\"widget\" data-widget_type=\"text-editor.default\">\n\t\t\t\t<div class=\"elementor-widget-container\">\n\t\t\t\t\t\t\t\t\t<div class=\"row store-hours-row\"><div class=\"store-hours-day typography-caption column large-7 medium-4\"><h3 data-start=\"209\" data-end=\"308\"><strong data-start=\"213\" data-end=\"308\">Support et aide concernant les ordinateurs de poche, les tablettes et les ordinateurs portables &#8211; Le service technique de Repairandshop<\/strong><\/h3><p data-start=\"310\" data-end=\"505\">Tu as un probl\u00e8me avec <strong data-start=\"338\" data-end=\"407\">le mat\u00e9riel ou le logiciel de ton smartphone, de ta tablette ou de ton ordinateur portable<\/strong>?<br data-start=\"408\" data-end=\"411\" \/>Ton appareil ne d\u00e9marre plus, ne r\u00e9agit que lentement ou affiche <strong data-start=\"485\" data-end=\"504\">des messages d&rsquo;erreur<\/strong> r\u00e9p\u00e9t\u00e9s?<\/p><p data-start=\"507\" data-end=\"747\">Alors n&rsquo;h\u00e9site pas \u00e0 contacter les <strong data-start=\"545\" data-end=\"583\">experts techniques de Repairandshop<\/strong>.<br data-start=\"584\" data-end=\"587\" \/>Qu&rsquo;il s&rsquo;agisse d&rsquo;une <strong data-start=\"595\" data-end=\"614\"> r\u00e9paration det\u00e9l\u00e9phone portable<\/strong>, d&rsquo;<strong data-start=\"616\" data-end=\"640\"> une assistance pourtablette<\/strong> ou d&rsquo; <strong data-start=\"646\" data-end=\"666\">une assistancepour ordinateur portable<\/strong> &#8211; nous sommes \u00e0 tes c\u00f4t\u00e9s avec une aide rapide, comp\u00e9tente et simple.<\/p><h3 data-start=\"749\" data-end=\"797\">\ud83d\udcec Voici comment contacter notre service de r\u00e9paration :<\/h3><p data-start=\"799\" data-end=\"974\">\ud83d\udcde <strong data-start=\"802\" data-end=\"817\">Par t\u00e9l\u00e9phone<\/strong> &#8211; pour un conseil direct et rapide sur la r\u00e9paration ou l &lsquo;installation de ton t\u00e9l\u00e9phone portable<br data-start=\"894\" data-end=\"897\" \/>\ud83d\udce7 <strong data-start=\"900\" data-end=\"914\">Par e-mail<\/strong> &#8211; envoie-nous volontiers une br\u00e8ve description de ton probl\u00e8me<\/p><p data-start=\"976\" data-end=\"1058\">\ud83d\udc49 Contacte-nous <strong data-start=\"979\" data-end=\"1006\">maintenant<\/strong> &#8211; nous trouverons la solution adapt\u00e9e \u00e0 ta demande !<\/p><\/div><\/div>\t\t\t\t\t\t\t\t<\/div>\n\t\t\t\t<\/div>\n\t\t\t\t<div class=\"elementor-element elementor-element-13355da elementor-widget-divider--view-line elementor-widget elementor-widget-divider\" data-id=\"13355da\" data-element_type=\"widget\" data-e-type=\"widget\" data-widget_type=\"divider.default\">\n\t\t\t\t<div class=\"elementor-widget-container\">\n\t\t\t\t\t\t\t<div class=\"elementor-divider\">\n\t\t\t<span class=\"elementor-divider-separator\">\n\t\t\t\t\t\t<\/span>\n\t\t<\/div>\n\t\t\t\t\t\t<\/div>\n\t\t\t\t<\/div>\n\t\t\t\t<div class=\"elementor-element elementor-element-b7c5d23 color-scheme-inherit text-left elementor-widget elementor-widget-text-editor\" data-id=\"b7c5d23\" data-element_type=\"widget\" data-e-type=\"widget\" data-widget_type=\"text-editor.default\">\n\t\t\t\t<div class=\"elementor-widget-container\">\n\t\t\t\t\t\t\t\t\t<div class=\"row store-hours-row\"><div class=\"store-hours-day typography-caption column large-7 medium-4\"><h3 data-start=\"195\" data-end=\"287\"><strong data-start=\"199\" data-end=\"287\">R\u00e9paration rapide pour smartphone, tablette, ordinateur portable &amp; ; smartwatch &#8211; chez Repairandshop<\/strong><\/h3><p data-start=\"289\" data-end=\"384\">Ton <strong data-start=\"294\" data-end=\"308\">smartphone<\/strong>, <strong data-start=\"310\" data-end=\"320\">ta tablette<\/strong>, <strong data-start=\"322\" data-end=\"334\">ton ordinateur portable<\/strong> ou <strong data-start=\"346\" data-end=\"360\">ta smartwatch<\/strong> a besoin d&rsquo;une r\u00e9paration?<\/p><p data-start=\"386\" data-end=\"597\">Qu&rsquo;il s&rsquo;agisse d&rsquo;<strong data-start=\"389\" data-end=\"413\"> un \u00e9cranfissur\u00e9<\/strong>, d&rsquo;<strong data-start=\"415\" data-end=\"433\">une batteriefaible<\/strong> ou d&rsquo;autres <strong data-start=\"446\" data-end=\"466\">probl\u00e8mes mat\u00e9riels<\/strong>, nous sommes l\u00e0 pour toi!<br data-start=\"490\" data-end=\"493\" \/>Fais r\u00e9parer ton appareil par nos techniciens exp\u00e9riment\u00e9s de <strong data-start=\"543\" data-end=\"585\">mani\u00e8re rapide, professionnelle et fiable<\/strong>.<\/p><p data-start=\"599\" data-end=\"635\">Tu as trois possibilit\u00e9s simples:<\/p><p data-start=\"637\" data-end=\"767\">\u2705 <strong data-start=\"639\" data-end=\"668\">Prendre rendez-vous en ligne<\/strong><br data-start=\"668\" data-end=\"671\" \/>\u2705 <strong data-start=\"673\" data-end=\"727\">Se rendre dans un magasin Repairandshop pr\u00e8s de chez toi<\/strong><br data-start=\"727\" data-end=\"730\" \/>\u2705 <strong data-start=\"732\" data-end=\"767\">Envoyer facilement l&rsquo;appareil par la poste<\/strong><\/p><p data-start=\"769\" data-end=\"922\">\u27a1\ufe0f <strong data-start=\"772\" data-end=\"793\"> R\u00e9paration del&rsquo;\u00e9cran<\/strong>, <strong data-start=\"795\" data-end=\"809\">remplacement de la batterie<\/strong>, <strong data-start=\"811\" data-end=\"828\">d\u00e9g\u00e2ts des eaux<\/strong>, <strong data-start=\"830\" data-end=\"850\">probl\u00e8mes de logiciels<\/strong> &#8211; nous nous en occupons.<br data-start=\"875\" data-end=\"878\" \/>Avec 6 mois de garantie sur toutes les r\u00e9parations.<\/p><p data-start=\"924\" data-end=\"1007\"><strong data-start=\"924\" data-end=\"1007\">Repairandshop &#8211; ton partenaire pour des r\u00e9parations rapides &amp; ; s\u00fbres en Suisse.<\/strong><\/p><\/div><\/div>\t\t\t\t\t\t\t\t<\/div>\n\t\t\t\t<\/div>\n\t\t\t\t<\/div>\n\t\t\t\t\t<\/div>\n\t\t\t\t<\/div>\n\t\t<div class=\"wd-negative-gap elementor-element elementor-element-c617c3a e-flex e-con-boxed e-con e-parent\" data-id=\"c617c3a\" data-element_type=\"container\" data-e-type=\"container\" data-settings=\"{&quot;_ha_eqh_enable&quot;:false}\">\n\t\t\t\t\t<div class=\"e-con-inner\">\n\t\t<div class=\"elementor-element elementor-element-91b60de e-con-full e-flex e-con e-child\" data-id=\"91b60de\" data-element_type=\"container\" data-e-type=\"container\" data-settings=\"{&quot;_ha_eqh_enable&quot;:false}\">\n\t\t\t\t<div class=\"elementor-element elementor-element-ca5eed3 elementor-widget elementor-widget-heading\" data-id=\"ca5eed3\" data-element_type=\"widget\" data-e-type=\"widget\" data-widget_type=\"heading.default\">\n\t\t\t\t<div class=\"elementor-widget-container\">\n\t\t\t\t\t<h2 class=\"elementor-heading-title elementor-size-default\">R\u00e9paration iPhone Lausanne<\/h2>\t\t\t\t<\/div>\n\t\t\t\t<\/div>\n\t\t\t\t<div class=\"elementor-element elementor-element-b69435d elementor-widget elementor-widget-image\" data-id=\"b69435d\" data-element_type=\"widget\" data-e-type=\"widget\" data-widget_type=\"image.default\">\n\t\t\t\t<div class=\"elementor-widget-container\">\n\t\t\t\t\t\t\t\t\t\t\t\t\t\t\t<img loading=\"lazy\" decoding=\"async\" width=\"500\" height=\"500\" src=\"https:\/\/repairandshop.ch\/wp-content\/uploads\/2025\/04\/apple-iphone-15-pro-max-removebg-preview-1.png\" class=\"attachment-large size-large wp-image-26934\" alt=\"\" srcset=\"https:\/\/repairandshop.ch\/wp-content\/uploads\/2025\/04\/apple-iphone-15-pro-max-removebg-preview-1.png 500w, https:\/\/repairandshop.ch\/wp-content\/uploads\/2025\/04\/apple-iphone-15-pro-max-removebg-preview-1-300x300.png 300w, https:\/\/repairandshop.ch\/wp-content\/uploads\/2025\/04\/apple-iphone-15-pro-max-removebg-preview-1-150x150.png 150w\" sizes=\"auto, (max-width: 500px) 100vw, 500px\" \/>\t\t\t\t\t\t\t\t\t\t\t\t\t\t\t<\/div>\n\t\t\t\t<\/div>\n\t\t\t\t<div class=\"elementor-element elementor-element-6db7fa2 color-scheme-inherit text-left elementor-widget elementor-widget-text-editor\" data-id=\"6db7fa2\" data-element_type=\"widget\" data-e-type=\"widget\" data-widget_type=\"text-editor.default\">\n\t\t\t\t<div class=\"elementor-widget-container\">\n\t\t\t\t\t\t\t\t\t<div class=\"row store-hours-row\"><div class=\"store-hours-day typography-caption column large-7 medium-4\"><h3 data-start=\"301\" data-end=\"663\"><strong data-start=\"301\" data-end=\"383\">Apple iPhone r\u00e9paration \u00e0 Lausanne &#8211; rapide, professionnelle &amp; pour tous les mod\u00e8les<\/strong><\/h3><p data-start=\"301\" data-end=\"663\"><br data-start=\"383\" data-end=\"386\" \/>Un bref moment d&rsquo;inattention &#8211; et c&rsquo;est d\u00e9j\u00e0 arriv\u00e9 : L&rsquo;iPhone tombe par terre, l&rsquo;\u00e9cran est fissur\u00e9 ou des probl\u00e8mes techniques surviennent. Dans de tels cas, une <strong data-start=\"587\" data-end=\"619\">r\u00e9paration professionnelle de l&rsquo;iPhone \u00e0 Lausanne<\/strong> est n\u00e9cessaire &#8211; et c&rsquo;est pr\u00e9cis\u00e9ment pour cela que nous sommes l\u00e0.<\/p><p data-start=\"665\" data-end=\"1038\">Chez Repairandshop, nous proposons une <strong data-start=\"725\" data-end=\"751\">r\u00e9paration rapide et fiable de l&rsquo;iPhone d&rsquo;Apple<\/strong> &#8211; qu&rsquo;il s&rsquo;agisse d&rsquo;une <strong data-start=\"786\" data-end=\"814\">r\u00e9paration d&rsquo;\u00e9cran d&rsquo;iPhone<\/strong>, d&rsquo;un <strong data-start=\"822\" data-end=\"837\">remplacement de batterie<\/strong>, de <strong data-start=\"839\" data-end=\"858\">d\u00e9fauts mat\u00e9riels<\/strong> ou <strong data-start=\"864\" data-end=\"884\">de probl\u00e8mes logiciels<\/strong>. Nous r\u00e9parons tous les mod\u00e8les d&rsquo;iPhone, y compris <strong data-start=\"940\" data-end=\"971\">la r\u00e9paration de l&rsquo;\u00e9cran de l&rsquo;iPhone 11<\/strong>, avec des pi\u00e8ces de rechange de haute qualit\u00e9 et une \u00e9quipe de techniciens exp\u00e9riment\u00e9s.<\/p><h3 data-start=\"1040\" data-end=\"1074\"><strong data-start=\"1040\" data-end=\"1074\">Voici comment fonctionne la r\u00e9paration :<\/strong><\/h3><p data-start=\"1076\" data-end=\"1163\">Pour que nous puissions \u00e9valuer correctement les dommages, veuillez nous les communiquer le plus pr\u00e9cis\u00e9ment possible:<\/p><ul data-start=\"1165\" data-end=\"1366\"><li data-start=\"1165\" data-end=\"1288\"><p data-start=\"1167\" data-end=\"1288\">Quel est le type d&rsquo;erreur (par ex. fissure dans l&rsquo;\u00e9cran, pas de son, batterie d\u00e9fectueuse &#8211; <strong data-start=\"1257\" data-end=\"1285\">r\u00e9paration classique de l&rsquo;\u00e9cran de l&rsquo;iPhone<\/strong>) ?<\/p><\/li><li data-start=\"1289\" data-end=\"1366\"><p data-start=\"1291\" data-end=\"1366\">Comment le dommage est survenu (par ex. chute, d\u00e9g\u00e2t des eaux, erreur de logiciel)<\/p><\/li><\/ul><p data-start=\"1368\" data-end=\"1575\">Sur la base de ces informations , nous \u00e9laborons une proposition de solution individuelle et remettons rapidement et de mani\u00e8re fiable votre iPhone en pleine forme &#8211; pour que vous puissiez \u00e0 nouveau l&rsquo;utiliser sans restriction au quotidien.<\/p><p data-start=\"1577\" data-end=\"1981\">Notre <strong data-start=\"1584\" data-end=\"1604\">service de<a href=\"https:\/\/repairandshop.ch\/fr\/reparation-iphone\/\"> r\u00e9paration iPhone<\/a><\/strong> comprend <strong data-start=\"1613\" data-end=\"1630\">le remplacement de l&rsquo;\u00e9cran<\/strong>, <strong data-start=\"1632\" data-end=\"1647\">le service de la batterie<\/strong>, <strong data-start=\"1649\" data-end=\"1686\">la r\u00e9paration de l&rsquo;appareil photo et du haut-parleur<\/strong> ainsi que le <strong data-start=\"1697\" data-end=\"1726\">diagnostic des pannes complexes<\/strong>.<br data-start=\"1727\" data-end=\"1730\" \/>Nous effectuons efficacement toute <strong data-start=\"1746\" data-end=\"1784\">r\u00e9paration d&rsquo;\u00e9cran iPhone tous mod\u00e8les<\/strong> &#8211; de l&rsquo;<strong data-start=\"1807\" data-end=\"1819\">iPhone 6<\/strong> \u00e0 l<a href=\"https:\/\/repairandshop.ch\/fr\/reparation-iphone\/reparation-iphone-16-pro-max\/\">&lsquo;<strong data-start=\"1828\" data-end=\"1849\">iPhone 15 Pro Max<\/strong><\/a>.<br data-start=\"1850\" data-end=\"1853\" \/>Profitez d&rsquo;une <strong data-start=\"1873\" data-end=\"1906\">tarification transparente<\/strong>, d&rsquo;<strong data-start=\"1908\" data-end=\"1932\">un traitement rapide<\/strong> et d&rsquo;<strong data-start=\"1937\" data-end=\"1959\">une garantie de 6 mois<\/strong> sur toutes les r\u00e9parations.<\/p><p data-start=\"1983\" data-end=\"2165\">Qu&rsquo;il s&rsquo;agisse d&rsquo;une <strong data-start=\"1986\" data-end=\"2006\"> r\u00e9paration<\/strong> <strong data-start=\"2008\" data-end=\"2028\">d&rsquo;iPhone, d&rsquo;une r\u00e9paration d&rsquo;iPhone<\/strong>, d&rsquo;une <strong data-start=\"2030\" data-end=\"2058\"> r\u00e9paration d&rsquo;\u00e9cran<\/strong> <strong data-start=\"2064\" data-end=\"2092\">d&rsquo;iPhone ou d&rsquo; une r\u00e9paration d&rsquo;\u00e9cran d&rsquo;iPhone<\/strong> &#8211; nous vous aidons sur place \u00e0 <strong data-start=\"2123\" data-end=\"2135\">Lausanne<\/strong> de mani\u00e8re rapide et comp\u00e9tente.<\/p><p data-start=\"2167\" data-end=\"2314\">Venez simplement nous voir \u00e0 <strong data-start=\"2222\" data-end=\"2234\">Lausanne<\/strong> avec votre appareil d\u00e9fectueux ou contactez-nous par t\u00e9l\u00e9phone &#8211; nous nous ferons un plaisir de vous aider.<\/p><\/div><\/div>\t\t\t\t\t\t\t\t<\/div>\n\t\t\t\t<\/div>\n\t\t\t\t<div class=\"elementor-element elementor-element-31e9a5d elementor-align-center elementor-widget elementor-widget-button\" data-id=\"31e9a5d\" data-element_type=\"widget\" data-e-type=\"widget\" data-widget_type=\"button.default\">\n\t\t\t\t<div class=\"elementor-widget-container\">\n\t\t\t\t\t\t\t\t\t<div class=\"elementor-button-wrapper\">\n\t\t\t\t\t<a class=\"elementor-button elementor-button-link elementor-size-sm\" href=\"https:\/\/repairandshop.ch\/fr\/reparation-iphone\/\">\n\t\t\t\t\t\t<span class=\"elementor-button-content-wrapper\">\n\t\t\t\t\t\t\t\t\t<span class=\"elementor-button-text\">Pour la r\u00e9paration<\/span>\n\t\t\t\t\t<\/span>\n\t\t\t\t\t<\/a>\n\t\t\t\t<\/div>\n\t\t\t\t\t\t\t\t<\/div>\n\t\t\t\t<\/div>\n\t\t\t\t<\/div>\n\t\t<div class=\"elementor-element elementor-element-f887ab4 e-con-full e-flex e-con e-child\" data-id=\"f887ab4\" data-element_type=\"container\" data-e-type=\"container\" data-settings=\"{&quot;_ha_eqh_enable&quot;:false}\">\n\t\t\t\t<div class=\"elementor-element elementor-element-4c5d870 elementor-widget elementor-widget-heading\" data-id=\"4c5d870\" data-element_type=\"widget\" data-e-type=\"widget\" data-widget_type=\"heading.default\">\n\t\t\t\t<div class=\"elementor-widget-container\">\n\t\t\t\t\t<h2 class=\"elementor-heading-title elementor-size-default\">R\u00e9paration Samsung Lausanne<\/h2>\t\t\t\t<\/div>\n\t\t\t\t<\/div>\n\t\t\t\t<div class=\"elementor-element elementor-element-a4e7fe2 elementor-widget elementor-widget-image\" data-id=\"a4e7fe2\" data-element_type=\"widget\" data-e-type=\"widget\" data-widget_type=\"image.default\">\n\t\t\t\t<div class=\"elementor-widget-container\">\n\t\t\t\t\t\t\t\t\t\t\t\t\t\t\t<img loading=\"lazy\" decoding=\"async\" width=\"225\" height=\"225\" src=\"https:\/\/repairandshop.ch\/wp-content\/uploads\/2025\/04\/s25-Photoroom.png\" class=\"attachment-large size-large wp-image-26916\" alt=\"\" srcset=\"https:\/\/repairandshop.ch\/wp-content\/uploads\/2025\/04\/s25-Photoroom.png 225w, https:\/\/repairandshop.ch\/wp-content\/uploads\/2025\/04\/s25-Photoroom-150x150.png 150w\" sizes=\"auto, (max-width: 225px) 100vw, 225px\" \/>\t\t\t\t\t\t\t\t\t\t\t\t\t\t\t<\/div>\n\t\t\t\t<\/div>\n\t\t\t\t<div class=\"elementor-element elementor-element-e0b4c01 color-scheme-inherit text-left elementor-widget elementor-widget-text-editor\" data-id=\"e0b4c01\" data-element_type=\"widget\" data-e-type=\"widget\" data-widget_type=\"text-editor.default\">\n\t\t\t\t<div class=\"elementor-widget-container\">\n\t\t\t\t\t\t\t\t\t<div class=\"row store-hours-row\"><div class=\"store-hours-day typography-caption column large-7 medium-4\"><h3 data-start=\"290\" data-end=\"380\"><strong data-start=\"294\" data-end=\"380\">R\u00e9paration Samsung \u00e0 Lausanne &#8211; Nous remettons rapidement ton Galaxy en pleine forme<\/strong><\/h3><p data-start=\"382\" data-end=\"628\">Dans la vie quotidienne moderne , ton <strong data-start=\"410\" data-end=\"439\">smartphone Samsung Galaxy<\/strong> est un compagnon indispensable &#8211; que ce soit au travail, en d\u00e9placement ou pendant les loisirs. C&rsquo;est d&rsquo;autant plus \u00e9nervant lorsque l&rsquo;appareil tombe soudainement en panne, que l&rsquo;<strong data-start=\"580\" data-end=\"598\">\u00e9cran se brise<\/strong> ou que la <strong data-start=\"608\" data-end=\"627\">batterie faiblit<\/strong>.<\/p><p data-start=\"630\" data-end=\"947\">Chez <strong data-start=\"634\" data-end=\"660\">Repairandshop Lausanne<\/strong>, tu es \u00e0 la bonne adresse. Nos techniciens exp\u00e9riment\u00e9s sont sp\u00e9cialis\u00e9s dans la <strong data-start=\"725\" data-end=\"746\"> r\u00e9paration de Samsung<\/strong> et r\u00e9parent ton appareil rapidement, de mani\u00e8re fiable et \u00e0 des prix \u00e9quitables. Qu&rsquo;il s&rsquo;agisse d&rsquo;une <strong data-start=\"847\" data-end=\"874\"> r\u00e9paration de t\u00e9l\u00e9phone portable Samsung<\/strong>, d&rsquo;<strong data-start=\"876\" data-end=\"905\"> une r\u00e9parationd&rsquo;\u00e9cran Samsung<\/strong> ou d&rsquo; <strong data-start=\"911\" data-end=\"926\">un remplacement de batterie<\/strong>, nous sommes pr\u00eats \u00e0 intervenir.<\/p><h3 data-start=\"954\" data-end=\"1000\"><strong data-start=\"958\" data-end=\"1000\">Samsung en panne ? Nous t&rsquo; aidons imm\u00e9diatement! <\/strong><\/h3><p data-start=\"1002\" data-end=\"1271\">Qu&rsquo;il s&rsquo;agisse d&rsquo;un \u00e9cran fissur\u00e9, d&rsquo;une batterie faible, de probl\u00e8mes de charge, d&rsquo;une panne d&rsquo;appareil photo ou d&rsquo; une erreur de logiciel, nous analysons le dommage avec pr\u00e9cision et le r\u00e9parons de mani\u00e8re professionnelle. M\u00eame une <strong data-start=\"1167\" data-end=\"1195\">r\u00e9paration de Samsung Galaxy<\/strong> ou une <strong data-start=\"1216\" data-end=\"1245\"> r\u00e9paration compl\u00e8te de l&rsquo;\u00e9cran Samsung<\/strong> ne nous pose aucun probl\u00e8me.<\/p><p data-start=\"1273\" data-end=\"1550\">Nous offrons la <strong data-start=\"1284\" data-end=\"1313\">r\u00e9paration d&rsquo;\u00e9cran Samsung<\/strong> pour toutes les s\u00e9ries Galaxy &#8211; <strong data-start=\"1339\" data-end=\"1361\">S, A, Note, Z, Tab<\/strong> et plus. M\u00eame pour les clients qui cherchent sp\u00e9cifiquement <strong data-start=\"1408\" data-end=\"1435\">Handy Reparatur Samsung<\/strong>, <strong data-start=\"1437\" data-end=\"1466\">Samsung Reparatur Service<\/strong> ou <strong data-start=\"1472\" data-end=\"1499\">Reparatur Handy Samsung<\/strong>, nous sommes la bonne adresse \u00e0 Lausanne.<\/p><h3 data-start=\"1557\" data-end=\"1622\"><strong data-start=\"1561\" data-end=\"1622\">Pourquoi choisir Repairandshop Lausanne pour votre r\u00e9paration de Samsung ?<\/strong><\/h3><p data-start=\"1624\" data-end=\"1942\">\u2705 <strong data-start=\"1626\" data-end=\"1649\">R\u00e9parations express<\/strong>, souvent dans les 30 minutes<br data-start=\"1679\" data-end=\"1682\" \/>\u2705 <strong data-start=\"1684\" data-end=\"1711\">Techniciens certifi\u00e9s<\/strong> avec des ann\u00e9es d&rsquo;exp\u00e9rience<br data-start=\"1737\" data-end=\"1740\" \/>\u2705 <strong data-start=\"1742\" data-end=\"1763\">R\u00e9paration Samsung<\/strong> pour tous les mod\u00e8les<br data-start=\"1780\" data-end=\"1783\" \/>\u2705 <strong data-start=\"1785\" data-end=\"1814\">R\u00e9paration d&rsquo;\u00e9cran Samsung<\/strong> avec des pi\u00e8ces de rechange test\u00e9es<br data-start=\"1841\" data-end=\"1844\" \/>\u2705 <strong data-start=\"1846\" data-end=\"1867\">Garantie de 6 mois<\/strong> &amp; ; prix transparents<br data-start=\"1889\" data-end=\"1892\" \/>\u2705 <strong data-start=\"1894\" data-end=\"1918\">Conseil personnel<\/strong> &amp; ; traitement rapide<\/p><p data-start=\"1949\" data-end=\"2145\">Convaincs-toi de notre qualit\u00e9 &#8211; viens directement dans notre succursale de <strong data-start=\"2066\" data-end=\"2078\">Lausanne<\/strong> avec ton <strong data-start=\"2026\" data-end=\"2044\">Samsung Galaxy<\/strong> d\u00e9fectueux ou contacte-nous par t\u00e9l\u00e9phone. <strong data-start=\"2113\" data-end=\"2145\">Nous nous ferons un plaisir de t&rsquo; aider!<\/strong><\/p><\/div><\/div>\t\t\t\t\t\t\t\t<\/div>\n\t\t\t\t<\/div>\n\t\t\t\t<div class=\"elementor-element elementor-element-c4dbc90 elementor-align-center elementor-widget elementor-widget-button\" data-id=\"c4dbc90\" data-element_type=\"widget\" data-e-type=\"widget\" data-widget_type=\"button.default\">\n\t\t\t\t<div class=\"elementor-widget-container\">\n\t\t\t\t\t\t\t\t\t<div class=\"elementor-button-wrapper\">\n\t\t\t\t\t<a class=\"elementor-button elementor-button-link elementor-size-sm\" href=\"https:\/\/repairandshop.ch\/fr\/reparation-samsung\/\">\n\t\t\t\t\t\t<span class=\"elementor-button-content-wrapper\">\n\t\t\t\t\t\t\t\t\t<span class=\"elementor-button-text\">Pour la r\u00e9paration<\/span>\n\t\t\t\t\t<\/span>\n\t\t\t\t\t<\/a>\n\t\t\t\t<\/div>\n\t\t\t\t\t\t\t\t<\/div>\n\t\t\t\t<\/div>\n\t\t\t\t<\/div>\n\t\t\t\t\t<\/div>\n\t\t\t\t<\/div>\n\t\t<div class=\"wd-negative-gap elementor-element elementor-element-9d22134 e-flex e-con-boxed e-con e-parent\" data-id=\"9d22134\" data-element_type=\"container\" data-e-type=\"container\" data-settings=\"{&quot;_ha_eqh_enable&quot;:false}\">\n\t\t\t\t\t<div class=\"e-con-inner\">\n\t\t<div class=\"elementor-element elementor-element-c18a174 e-con-full e-flex e-con e-child\" data-id=\"c18a174\" data-element_type=\"container\" data-e-type=\"container\" data-settings=\"{&quot;_ha_eqh_enable&quot;:false}\">\n\t\t\t\t<div class=\"elementor-element elementor-element-951d419 elementor-widget elementor-widget-heading\" data-id=\"951d419\" data-element_type=\"widget\" data-e-type=\"widget\" data-widget_type=\"heading.default\">\n\t\t\t\t<div class=\"elementor-widget-container\">\n\t\t\t\t\t<h2 class=\"elementor-heading-title elementor-size-default\">R\u00e9paration Huawei Lausanne<\/h2>\t\t\t\t<\/div>\n\t\t\t\t<\/div>\n\t\t\t\t<div class=\"elementor-element elementor-element-f37b5b4 elementor-widget elementor-widget-image\" data-id=\"f37b5b4\" data-element_type=\"widget\" data-e-type=\"widget\" data-widget_type=\"image.default\">\n\t\t\t\t<div class=\"elementor-widget-container\">\n\t\t\t\t\t\t\t\t\t\t\t\t\t\t\t<img loading=\"lazy\" decoding=\"async\" width=\"1024\" height=\"1024\" src=\"https:\/\/repairandshop.ch\/wp-content\/uploads\/2025\/04\/fbc18faebfa971cb3f55bdf455ef51d21fae76a5.png\" class=\"attachment-large size-large wp-image-26925\" alt=\"\" srcset=\"https:\/\/repairandshop.ch\/wp-content\/uploads\/2025\/04\/fbc18faebfa971cb3f55bdf455ef51d21fae76a5.png 1024w, https:\/\/repairandshop.ch\/wp-content\/uploads\/2025\/04\/fbc18faebfa971cb3f55bdf455ef51d21fae76a5-300x300.png 300w, https:\/\/repairandshop.ch\/wp-content\/uploads\/2025\/04\/fbc18faebfa971cb3f55bdf455ef51d21fae76a5-150x150.png 150w, https:\/\/repairandshop.ch\/wp-content\/uploads\/2025\/04\/fbc18faebfa971cb3f55bdf455ef51d21fae76a5-768x768.png 768w, https:\/\/repairandshop.ch\/wp-content\/uploads\/2025\/04\/fbc18faebfa971cb3f55bdf455ef51d21fae76a5-600x600.png 600w\" sizes=\"auto, (max-width: 1024px) 100vw, 1024px\" \/>\t\t\t\t\t\t\t\t\t\t\t\t\t\t\t<\/div>\n\t\t\t\t<\/div>\n\t\t\t\t<div class=\"elementor-element elementor-element-51583a6 color-scheme-inherit text-left elementor-widget elementor-widget-text-editor\" data-id=\"51583a6\" data-element_type=\"widget\" data-e-type=\"widget\" data-widget_type=\"text-editor.default\">\n\t\t\t\t<div class=\"elementor-widget-container\">\n\t\t\t\t\t\t\t\t\t<div class=\"row store-hours-row\"><div class=\"store-hours-day typography-caption column large-7 medium-4\"><h3 data-start=\"184\" data-end=\"257\"><strong data-start=\"184\" data-end=\"257\">R\u00e9paration Huawei \u00e0 Lausanne &#8211; professionnelle, rapide et fiable<\/strong><\/h3><p data-start=\"259\" data-end=\"559\">Un moment d&rsquo;inattention &#8211; et voil\u00e0 que ton smartphone Huawei a une fissure sur l&rsquo;\u00e9cran, un dos endommag\u00e9 ou ne r\u00e9agit plus correctement ? Pas de quoi s&rsquo;inqui\u00e9ter : chez Repairandshop \u00e0 Lausanne, nous sommes sp\u00e9cialis\u00e9s dans la r\u00e9paration de Huawei et nous t&rsquo;aidons rapidement et sans complications. <\/p><p data-start=\"561\" data-end=\"944\">Qu&rsquo;il s&rsquo;agisse d&rsquo;un \u00e9cran cass\u00e9, d&rsquo;un probl\u00e8me de batterie, d&rsquo;un d\u00e9faut mat\u00e9riel ou d&rsquo;une erreur de logiciel, nos techniciens exp\u00e9riment\u00e9s analysent les dommages avec pr\u00e9cision et remettent ton appareil en pleine forme gr\u00e2ce \u00e0 notre service de r\u00e9paration professionnel Huawei \u00e0 Lausanne.<\/p><p data-start=\"561\" data-end=\"944\">Que ce soit pour la r\u00e9paration de l&rsquo;\u00e9cran Huawei, la r\u00e9paration de la batterie Huawei ou la r\u00e9paration g\u00e9n\u00e9rale Huawei, nous offrons un service rapide et fiable pour tous les mod\u00e8les.<\/p><h3 data-start=\"946\" data-end=\"1001\"><strong data-start=\"946\" data-end=\"1001\">Comment fonctionne notre r\u00e9paration Huawei \u00e0 Lausanne<\/strong><\/h3><p data-start=\"1003\" data-end=\"1080\">Pour que nous puissions t&rsquo; aider au mieux, informe-nous le plus pr\u00e9cis\u00e9ment possible:<\/p><ul data-start=\"1082\" data-end=\"1338\"><li data-start=\"1082\" data-end=\"1256\"><p data-start=\"1084\" data-end=\"1256\">Quel est le dysfonctionnement (par ex. l&rsquo;\u00e9cran reste noir, la batterie ne se charge pas, l &lsquo;appareil photo est d\u00e9fectueux &#8211; cas classique pour la r\u00e9paration de l&rsquo;\u00e9cran Huawei ou la r\u00e9paration du t\u00e9l\u00e9phone portable Huawei )<\/p><\/li><li data-start=\"1257\" data-end=\"1338\"><p data-start=\"1259\" data-end=\"1338\">Comment le dommage est survenu (par ex. chute, contact avec l&rsquo;eau, d\u00e9faut technique )<\/p><\/li><\/ul><p data-start=\"1340\" data-end=\"1625\">Sur la base de ta description , nous \u00e9tablissons une proposition de solution individuelle &#8211; transparente, juste et avec pour objectif de r\u00e9tablir le fonctionnement complet de ton smartphone. Notre service certifi\u00e9 Huawei \u00e0 Lausanne te propose une aide rapide avec des pi\u00e8ces de rechange en qualit\u00e9 d&rsquo;origine. <\/p><p data-start=\"1627\" data-end=\"1793\">Rends-nous visite dans notre succursale \u00e0 Lausanne ou contacte-nous par t\u00e9l\u00e9phone &#8211; nous t&rsquo; aiderons rapidement et personnellement pour tout type de r\u00e9paration Huawei.<\/p><\/div><\/div>\t\t\t\t\t\t\t\t<\/div>\n\t\t\t\t<\/div>\n\t\t\t\t<div class=\"elementor-element elementor-element-be894a3 elementor-align-center elementor-widget elementor-widget-button\" data-id=\"be894a3\" data-element_type=\"widget\" data-e-type=\"widget\" data-widget_type=\"button.default\">\n\t\t\t\t<div class=\"elementor-widget-container\">\n\t\t\t\t\t\t\t\t\t<div class=\"elementor-button-wrapper\">\n\t\t\t\t\t<a class=\"elementor-button elementor-button-link elementor-size-sm\" href=\"https:\/\/repairandshop.ch\/huawei-reparatur\/\">\n\t\t\t\t\t\t<span class=\"elementor-button-content-wrapper\">\n\t\t\t\t\t\t\t\t\t<span class=\"elementor-button-text\">Pour la r\u00e9paration<\/span>\n\t\t\t\t\t<\/span>\n\t\t\t\t\t<\/a>\n\t\t\t\t<\/div>\n\t\t\t\t\t\t\t\t<\/div>\n\t\t\t\t<\/div>\n\t\t\t\t<\/div>\n\t\t<div class=\"elementor-element elementor-element-5574e37 e-con-full e-flex e-con e-child\" data-id=\"5574e37\" data-element_type=\"container\" data-e-type=\"container\" data-settings=\"{&quot;_ha_eqh_enable&quot;:false}\">\n\t\t\t\t<div class=\"elementor-element elementor-element-06cbb7d elementor-widget elementor-widget-heading\" data-id=\"06cbb7d\" data-element_type=\"widget\" data-e-type=\"widget\" data-widget_type=\"heading.default\">\n\t\t\t\t<div class=\"elementor-widget-container\">\n\t\t\t\t\t<h2 class=\"elementor-heading-title elementor-size-default\">R\u00e9paration de t\u00e9l\u00e9phones portables Lausanne<\/h2>\t\t\t\t<\/div>\n\t\t\t\t<\/div>\n\t\t\t\t<div class=\"elementor-element elementor-element-7fa4585 elementor-widget elementor-widget-image\" data-id=\"7fa4585\" data-element_type=\"widget\" data-e-type=\"widget\" data-widget_type=\"image.default\">\n\t\t\t\t<div class=\"elementor-widget-container\">\n\t\t\t\t\t\t\t\t\t\t\t\t\t\t\t<img loading=\"lazy\" decoding=\"async\" width=\"650\" height=\"650\" src=\"https:\/\/repairandshop.ch\/wp-content\/uploads\/2025\/04\/apple-iphone-15-pro-256gb-blue-titanium.jpg.webp\" class=\"attachment-large size-large wp-image-26937\" alt=\"\" srcset=\"https:\/\/repairandshop.ch\/wp-content\/uploads\/2025\/04\/apple-iphone-15-pro-256gb-blue-titanium.jpg.webp 650w, https:\/\/repairandshop.ch\/wp-content\/uploads\/2025\/04\/apple-iphone-15-pro-256gb-blue-titanium.jpg-300x300.webp 300w, https:\/\/repairandshop.ch\/wp-content\/uploads\/2025\/04\/apple-iphone-15-pro-256gb-blue-titanium.jpg-150x150.webp 150w, https:\/\/repairandshop.ch\/wp-content\/uploads\/2025\/04\/apple-iphone-15-pro-256gb-blue-titanium.jpg-600x600.webp 600w\" sizes=\"auto, (max-width: 650px) 100vw, 650px\" \/>\t\t\t\t\t\t\t\t\t\t\t\t\t\t\t<\/div>\n\t\t\t\t<\/div>\n\t\t\t\t<div class=\"elementor-element elementor-element-08ec9ce color-scheme-inherit text-left elementor-widget elementor-widget-text-editor\" data-id=\"08ec9ce\" data-element_type=\"widget\" data-e-type=\"widget\" data-widget_type=\"text-editor.default\">\n\t\t\t\t<div class=\"elementor-widget-container\">\n\t\t\t\t\t\t\t\t\t<div class=\"row store-hours-row\"><div class=\"store-hours-day typography-caption column large-7 medium-4\"><h3 data-start=\"210\" data-end=\"296\"><strong data-start=\"210\" data-end=\"296\">R\u00e9paration de t\u00e9l\u00e9phone portable \u00e0 Lausanne &#8211; nous remettons rapidement ton smartphone en \u00e9tat de marche<\/strong><\/h3><p data-start=\"298\" data-end=\"574\">Les smartphones sont aujourd&rsquo;hui indispensables dans la vie quotidienne, que ce soit pour le travail, les d\u00e9placements ou la communication avec la famille et les amis. Mais que faire si le t\u00e9l\u00e9phone portable tombe soudainement en panne ou est endommag\u00e9 ?  Alors tu as besoin d&rsquo;une r\u00e9paration rapide et professionnelle de ton t\u00e9l\u00e9phone portable \u00e0 Lausanne.<\/p><p data-start=\"576\" data-end=\"914\">Chez Repairandshop Lausanne, tu es entre de bonnes mains. Nos techniciens exp\u00e9riment\u00e9s et form\u00e9s veillent \u00e0 ce que ton smartphone soit rapidement \u00e0 nouveau op\u00e9rationnel apr\u00e8s une panne &#8211; de mani\u00e8re fiable, professionnelle et \u00e0 des prix \u00e9quitables. Qu&rsquo;il s&rsquo;agisse d&rsquo;une r\u00e9paration de smartphone \u00e0 Lausanne, d&rsquo;une r\u00e9paration d&rsquo;\u00e9cran de t\u00e9l\u00e9phone portable ou d&rsquo;un remplacement de batterie, nous vous aidons imm\u00e9diatement.  <\/p><h3 data-start=\"916\" data-end=\"970\"><strong data-start=\"916\" data-end=\"970\">Ton smartphone est en panne? Nous sommes l\u00e0 pour t&rsquo; aider! <\/strong><\/h3><p data-start=\"972\" data-end=\"1319\">Qu&rsquo; il s &lsquo; agisse d&rsquo;un \u00e9cran fissur\u00e9, d&rsquo;une batterie vide, d&rsquo;un probl\u00e8me de charge ou d&rsquo;une erreur de logiciel, nous effectuons la r\u00e9paration de ton t\u00e9l\u00e9phone portable \u00e0 Lausanne rapidement et efficacement afin que tu puisses \u00e0 nouveau utiliser ton appareil sans restriction au quotidien. Notre service de r\u00e9paration express est id\u00e9al pour les clients qui ne veulent pas attendre trop longtemps. <\/p><h3 data-start=\"1321\" data-end=\"1354\"><strong data-start=\"1321\" data-end=\"1354\">Pourquoi Repairandshop Lausanne ?<\/strong><\/h3><ul data-start=\"1356\" data-end=\"1647\"><li data-start=\"1356\" data-end=\"1415\"><p data-start=\"1358\" data-end=\"1415\">Temps de r\u00e9paration rapide &#8211; souvent en moins de 30 minutes<\/p><\/li><li data-start=\"1416\" data-end=\"1468\"><p data-start=\"1418\" data-end=\"1468\">Des techniciens sp\u00e9cialis\u00e9s avec une longue exp\u00e9rience<\/p><\/li><li data-start=\"1469\" data-end=\"1513\"><p data-start=\"1471\" data-end=\"1513\">R\u00e9paration de t\u00e9l\u00e9phones portables de toutes marques et de tous mod\u00e8les<\/p><\/li><li data-start=\"1514\" data-end=\"1563\"><p data-start=\"1516\" data-end=\"1563\">Pi\u00e8ces de rechange de qualit\u00e9 et garantie de 6 mois<\/p><\/li><li data-start=\"1564\" data-end=\"1647\"><p data-start=\"1566\" data-end=\"1647\">Conseilpersonnalis\u00e9, prix transparents et service local de t\u00e9l\u00e9phonie mobile \u00e0 Lausanne<\/p><\/li><\/ul><p data-start=\"1649\" data-end=\"1806\">Convaincs-toi toi-m\u00eame de la qualit\u00e9 de notre travail &#8211; rends-nous visite directement \u00e0 Lausanne avec ton appareil d\u00e9fectueux ou appelle-nous. Nous nous r\u00e9jouissons de pouvoir t&rsquo;aider ! <\/p><\/div><\/div>\t\t\t\t\t\t\t\t<\/div>\n\t\t\t\t<\/div>\n\t\t\t\t<div class=\"elementor-element elementor-element-e96dc13 elementor-align-center elementor-widget elementor-widget-button\" data-id=\"e96dc13\" data-element_type=\"widget\" data-e-type=\"widget\" data-widget_type=\"button.default\">\n\t\t\t\t<div class=\"elementor-widget-container\">\n\t\t\t\t\t\t\t\t\t<div class=\"elementor-button-wrapper\">\n\t\t\t\t\t<a class=\"elementor-button elementor-button-link elementor-size-sm\" href=\"https:\/\/repairandshop.ch\/fr\/reparation-de-telephone-portable\/\">\n\t\t\t\t\t\t<span class=\"elementor-button-content-wrapper\">\n\t\t\t\t\t\t\t\t\t<span class=\"elementor-button-text\">Pour la r\u00e9paration<\/span>\n\t\t\t\t\t<\/span>\n\t\t\t\t\t<\/a>\n\t\t\t\t<\/div>\n\t\t\t\t\t\t\t\t<\/div>\n\t\t\t\t<\/div>\n\t\t\t\t<\/div>\n\t\t\t\t\t<\/div>\n\t\t\t\t<\/div>\n\t\t<div class=\"wd-negative-gap elementor-element elementor-element-07d9299 e-flex e-con-boxed e-con e-parent\" data-id=\"07d9299\" data-element_type=\"container\" data-e-type=\"container\" data-settings=\"{&quot;_ha_eqh_enable&quot;:false}\">\n\t\t\t\t\t<div class=\"e-con-inner\">\n\t\t<div class=\"elementor-element elementor-element-fc4dfdb e-con-full e-flex e-con e-child\" data-id=\"fc4dfdb\" data-element_type=\"container\" data-e-type=\"container\" data-settings=\"{&quot;_ha_eqh_enable&quot;:false}\">\n\t\t\t\t<div class=\"elementor-element elementor-element-c77c2a7 elementor-widget elementor-widget-heading\" data-id=\"c77c2a7\" data-element_type=\"widget\" data-e-type=\"widget\" data-widget_type=\"heading.default\">\n\t\t\t\t<div class=\"elementor-widget-container\">\n\t\t\t\t\t<h2 class=\"elementor-heading-title elementor-size-default\">R\u00e9paration iPad Lausanne<\/h2>\t\t\t\t<\/div>\n\t\t\t\t<\/div>\n\t\t\t\t<div class=\"elementor-element elementor-element-a664ff3 elementor-widget elementor-widget-image\" data-id=\"a664ff3\" data-element_type=\"widget\" data-e-type=\"widget\" data-widget_type=\"image.default\">\n\t\t\t\t<div class=\"elementor-widget-container\">\n\t\t\t\t\t\t\t\t\t\t\t\t\t\t\t<img loading=\"lazy\" decoding=\"async\" width=\"1024\" height=\"1024\" src=\"https:\/\/repairandshop.ch\/wp-content\/uploads\/2025\/04\/freepik_br_8b52de61-cf14-4db1-8000-a9f215fc64b1.png\" class=\"attachment-large size-large wp-image-26943\" alt=\"\" srcset=\"https:\/\/repairandshop.ch\/wp-content\/uploads\/2025\/04\/freepik_br_8b52de61-cf14-4db1-8000-a9f215fc64b1.png 1024w, https:\/\/repairandshop.ch\/wp-content\/uploads\/2025\/04\/freepik_br_8b52de61-cf14-4db1-8000-a9f215fc64b1-300x300.png 300w, https:\/\/repairandshop.ch\/wp-content\/uploads\/2025\/04\/freepik_br_8b52de61-cf14-4db1-8000-a9f215fc64b1-150x150.png 150w, https:\/\/repairandshop.ch\/wp-content\/uploads\/2025\/04\/freepik_br_8b52de61-cf14-4db1-8000-a9f215fc64b1-768x768.png 768w, https:\/\/repairandshop.ch\/wp-content\/uploads\/2025\/04\/freepik_br_8b52de61-cf14-4db1-8000-a9f215fc64b1-600x600.png 600w\" sizes=\"auto, (max-width: 1024px) 100vw, 1024px\" \/>\t\t\t\t\t\t\t\t\t\t\t\t\t\t\t<\/div>\n\t\t\t\t<\/div>\n\t\t\t\t<div class=\"elementor-element elementor-element-caa5355 color-scheme-inherit text-left elementor-widget elementor-widget-text-editor\" data-id=\"caa5355\" data-element_type=\"widget\" data-e-type=\"widget\" data-widget_type=\"text-editor.default\">\n\t\t\t\t<div class=\"elementor-widget-container\">\n\t\t\t\t\t\t\t\t\t<div class=\"row store-hours-row\"><div class=\"store-hours-day typography-caption column large-7 medium-4\"><div class=\"row store-hours-row\"><div class=\"store-hours-day typography-caption column large-7 medium-4\"><h3 data-start=\"146\" data-end=\"176\"><strong data-start=\"146\" data-end=\"176\">R\u00e9paration de l&rsquo; iPad \u00e0 Lausanne<\/strong><\/h3><p data-start=\"178\" data-end=\"429\">Que ce soit au travail, pour \u00e9tudier ou pour se divertir, un iPad en \u00e9tat de marche fait partie int\u00e9grante de la journ\u00e9e pour beaucoup. C&rsquo;est d&rsquo;autant plus g\u00eanant lorsque l&rsquo;appareil est soudainement d\u00e9fectueux, que l&rsquo;\u00e9cran est fissur\u00e9 ou qu&rsquo;il ne r\u00e9agit plus correctement.<\/p><p data-start=\"431\" data-end=\"765\">Chez Repairandshop Lausanne , nous t&rsquo; aidons rapidement et de mani\u00e8re comp\u00e9tente. Nos techniciens exp\u00e9riment\u00e9s sont sp\u00e9cialis\u00e9s dans la r\u00e9paration professionnelle d&rsquo; iPad &#8211; de l&rsquo; iPad classique \u00e0 l &lsquo; iPad Pro ou l&rsquo;iPad Air. Qu&rsquo;il s&rsquo;agisse de la r\u00e9paration de l&rsquo;\u00e9cran de l&rsquo; iPad, de la r\u00e9paration du verre de l&rsquo;iPad ou de la r\u00e9paration de la batterie de l&rsquo;iPad, nous nous occupons de chaque mod\u00e8le de mani\u00e8re fiable.<\/p><p data-start=\"767\" data-end=\"838\"><strong data-start=\"767\" data-end=\"838\">Ton iPad ne fonctionne plus? Nous le r\u00e9parons! <\/strong><\/p><p data-start=\"840\" data-end=\"1274\">Qu&rsquo;il s&rsquo;agisse d&rsquo;un \u00e9cran fissur\u00e9, d&rsquo;un probl\u00e8me de batterie, d&rsquo;un port de chargement d\u00e9fectueux ou d&rsquo; une erreur de logiciel, nous analysons les dommages avec pr\u00e9cision et remettons rapidement ton iPad en \u00e9tat. Nos services incluent \u00e9galement la r\u00e9paration de l&rsquo;\u00e9cran de l&rsquo; iPad, la r\u00e9paration des d\u00e9g\u00e2ts d&rsquo;eau et la r\u00e9paration du verre de l&rsquo;iPad.<\/p><p data-start=\"840\" data-end=\"1274\">Nous t&rsquo;informons au pr\u00e9alable et de mani\u00e8re transparente sur les co\u00fbts de r\u00e9paration de l&rsquo;\u00e9cran de l&rsquo;iPad &#8211; chez nous, tu n&rsquo;auras pas de surprises.<\/p><h3 data-start=\"1281\" data-end=\"1314\"><strong data-start=\"1281\" data-end=\"1314\">Pourquoi Repairandshop Lausanne ?<\/strong><\/h3><ul data-start=\"1316\" data-end=\"1680\"><li data-start=\"1316\" data-end=\"1385\"><p data-start=\"1318\" data-end=\"1385\">R\u00e9paration rapide et professionnelle de l&rsquo;\u00e9cran de l&rsquo; iPad pour tous les mod\u00e8les<\/p><\/li><li data-start=\"1386\" data-end=\"1436\"><p data-start=\"1388\" data-end=\"1436\">Longue exp\u00e9rience dans la r\u00e9paration d&rsquo;Apple iPad<\/p><\/li><li data-start=\"1437\" data-end=\"1484\"><p data-start=\"1439\" data-end=\"1484\">Pi\u00e8ces de rechange de haute qualit\u00e9 &amp; 6 mois de garantie<\/p><\/li><li data-start=\"1485\" data-end=\"1547\"><p data-start=\"1487\" data-end=\"1547\">Un service personnalis\u00e9, des prix justes &amp; un conseil transparent<\/p><\/li><li data-start=\"1548\" data-end=\"1601\"><p data-start=\"1550\" data-end=\"1601\">R\u00e9paration sur place ou envoi pratique possible<\/p><\/li><li data-start=\"1602\" data-end=\"1680\"><p data-start=\"1604\" data-end=\"1680\">Aussi comme alternative \u00e0 la r\u00e9paration de l&rsquo;iPad chez Apple avec des d\u00e9lais d&rsquo;attente plus courts<\/p><\/li><\/ul><p data-start=\"1687\" data-end=\"1854\">Convaincs-toi de la qualit\u00e9 de nos services &#8211; rends-nous visite \u00e0 Lausanne avec ton iPad d\u00e9fectueux ou appelle-nous. Ta solution fiable pour toute r\u00e9paration d&rsquo;iPad Apple.<\/p><\/div><\/div><\/div><\/div>\t\t\t\t\t\t\t\t<\/div>\n\t\t\t\t<\/div>\n\t\t\t\t<div class=\"elementor-element elementor-element-2473b09 elementor-align-center elementor-widget elementor-widget-button\" data-id=\"2473b09\" data-element_type=\"widget\" data-e-type=\"widget\" data-widget_type=\"button.default\">\n\t\t\t\t<div class=\"elementor-widget-container\">\n\t\t\t\t\t\t\t\t\t<div class=\"elementor-button-wrapper\">\n\t\t\t\t\t<a class=\"elementor-button elementor-button-link elementor-size-sm\" href=\"https:\/\/repairandshop.ch\/fr\/ipad-reparation\/\">\n\t\t\t\t\t\t<span class=\"elementor-button-content-wrapper\">\n\t\t\t\t\t\t\t\t\t<span class=\"elementor-button-text\">Pour la r\u00e9paration<\/span>\n\t\t\t\t\t<\/span>\n\t\t\t\t\t<\/a>\n\t\t\t\t<\/div>\n\t\t\t\t\t\t\t\t<\/div>\n\t\t\t\t<\/div>\n\t\t\t\t<\/div>\n\t\t<div class=\"elementor-element elementor-element-3529b1b e-con-full e-flex e-con e-child\" data-id=\"3529b1b\" data-element_type=\"container\" data-e-type=\"container\" data-settings=\"{&quot;_ha_eqh_enable&quot;:false}\">\n\t\t\t\t<div class=\"elementor-element elementor-element-cd6a91b elementor-widget elementor-widget-heading\" data-id=\"cd6a91b\" data-element_type=\"widget\" data-e-type=\"widget\" data-widget_type=\"heading.default\">\n\t\t\t\t<div class=\"elementor-widget-container\">\n\t\t\t\t\t<h2 class=\"elementor-heading-title elementor-size-default\">R\u00e9paration Apple Watch Lausanne<\/h2>\t\t\t\t<\/div>\n\t\t\t\t<\/div>\n\t\t\t\t<div class=\"elementor-element elementor-element-d68b925 elementor-widget elementor-widget-image\" data-id=\"d68b925\" data-element_type=\"widget\" data-e-type=\"widget\" data-widget_type=\"image.default\">\n\t\t\t\t<div class=\"elementor-widget-container\">\n\t\t\t\t\t\t\t\t\t\t\t\t\t\t\t<img loading=\"lazy\" decoding=\"async\" width=\"700\" height=\"664\" src=\"https:\/\/repairandshop.ch\/wp-content\/uploads\/2025\/04\/81e6cff1-f28f-4631-8a24-a88c9d68d309.png\" class=\"attachment-large size-large wp-image-26946\" alt=\"\" srcset=\"https:\/\/repairandshop.ch\/wp-content\/uploads\/2025\/04\/81e6cff1-f28f-4631-8a24-a88c9d68d309.png 700w, https:\/\/repairandshop.ch\/wp-content\/uploads\/2025\/04\/81e6cff1-f28f-4631-8a24-a88c9d68d309-300x285.png 300w, https:\/\/repairandshop.ch\/wp-content\/uploads\/2025\/04\/81e6cff1-f28f-4631-8a24-a88c9d68d309-150x142.png 150w\" sizes=\"auto, (max-width: 700px) 100vw, 700px\" \/>\t\t\t\t\t\t\t\t\t\t\t\t\t\t\t<\/div>\n\t\t\t\t<\/div>\n\t\t\t\t<div class=\"elementor-element elementor-element-0bde222 color-scheme-inherit text-left elementor-widget elementor-widget-text-editor\" data-id=\"0bde222\" data-element_type=\"widget\" data-e-type=\"widget\" data-widget_type=\"text-editor.default\">\n\t\t\t\t<div class=\"elementor-widget-container\">\n\t\t\t\t\t\t\t\t\t<div class=\"row store-hours-row\"><div class=\"store-hours-day typography-caption column large-7 medium-4\"><h3 data-start=\"169\" data-end=\"206\"><strong data-start=\"169\" data-end=\"206\">R\u00e9paration Apple Watch \u00e0 Lausanne<\/strong><\/h3><p data-start=\"208\" data-end=\"479\">Une chute, un choc ou un probl\u00e8me technique &#8211; et voil\u00e0 que ton Apple Watch pr\u00e9sente un \u00e9cran fissur\u00e9, un bo\u00eetier endommag\u00e9 ou des dysfonctionnements. Les probl\u00e8mes de logiciel, de configuration ou de connectivit\u00e9 peuvent aussi rapidement devenir un d\u00e9fi au quotidien.<\/p><p data-start=\"481\" data-end=\"813\">Chez Repairandshop Lausanne , nous sommes sp\u00e9cialis\u00e9s dans la r\u00e9paration d&rsquo;appareils Apple Watch- de l&rsquo;Apple Watch Series 1 \u00e0 l&rsquo; Apple Watch Ultra 2. Que tu aies besoin d&rsquo;une r\u00e9paration d&rsquo;\u00e9cran Apple Watch, d&rsquo;une r\u00e9paration de verre Apple Watch ou d&rsquo;une r\u00e9paration d&rsquo;\u00e9cran Apple Watch SE, nous t&rsquo; aidons rapidement et de mani\u00e8re fiable.<\/p><h3 data-start=\"815\" data-end=\"866\"><strong data-start=\"815\" data-end=\"866\">Probl\u00e8mes typiques de l&rsquo;Apple Watch que nous r\u00e9solvons :<\/strong><\/h3><p data-start=\"870\" data-end=\"938\">\u00c9cran fissur\u00e9 ou cass\u00e9 (Apple Watch r\u00e9paration \u00e9cran), Verre frontal ray\u00e9 ou \u00e9br\u00e9ch\u00e9 (Apple Watch r\u00e9paration verre), Probl\u00e8mes de charge ou batterie faible (Apple Watch r\u00e9paration batterie), Erreurs de logiciel, Probl\u00e8mes avec watchOS, Erreurs de mise \u00e0 jour, Probl\u00e8mes de connexion avec l&rsquo;iPhone ou WLAN\/Bluetooth, Configuration, Synchronisation &amp; ; Support de mise \u00e0 jour, \u00c9cran tactile ne r\u00e9pond pas ou avec retard, Couronne num\u00e9rique coinc\u00e9e ou ne fonctionne pas, Pas de son ou pas de vibration, D\u00e9g\u00e2ts d&rsquo;eau ou humidit\u00e9 dans le bo\u00eetier<\/p><h3 data-start=\"1416\" data-end=\"1441\"><strong data-start=\"1416\" data-end=\"1441\">Mod\u00e8les pris en charge:<\/strong><\/h3><ul data-start=\"1443\" data-end=\"1589\"><li data-start=\"1443\" data-end=\"1491\"><p data-start=\"1445\" data-end=\"1491\">Apple Watch s\u00e9ries 1, 2, 3, 4, 5, 6, 7, 8, 9<\/p><\/li><li data-start=\"1492\" data-end=\"1517\"><p data-start=\"1494\" data-end=\"1517\">Apple Watch SE et SE 2, Apple Watch Ultra et Ultra 2, mod\u00e8les Edition, Herm\u00e8s et Nike+<\/p><\/li><\/ul><p data-start=\"1591\" data-end=\"1696\">Pour que nous puissions te proposer la meilleure solution possible, nous te prions de nous d\u00e9crire le plus pr\u00e9cis\u00e9ment possible ton cas :<\/p><ul data-start=\"1698\" data-end=\"1872\"><li data-start=\"1698\" data-end=\"1792\"><p data-start=\"1700\" data-end=\"1792\">Quel est le dysfonctionnement (par ex. l&rsquo;\u00e9cran reste noir, la batterie ne se charge pas, les applications se plantent)<\/p><\/li><li data-start=\"1793\" data-end=\"1872\"><p data-start=\"1795\" data-end=\"1872\">Comment le dommage est survenu (par ex. chute, d\u00e9g\u00e2t des eaux, erreur de logiciel)<\/p><\/li><\/ul><p data-start=\"1874\" data-end=\"2125\">Sur cette base , nous \u00e9tablissons une proposition de r\u00e9paration individuelle pour ton Apple Watch &#8211; transparente, efficace et juste. Sur demande , nous t&rsquo; informons \u00e9galement sur la liste des prix de r\u00e9paration de l&rsquo;Apple Watch et sur les co\u00fbts de r\u00e9paration de l&rsquo;\u00e9cran de l&rsquo; Apple Watch.<\/p><\/div><\/div>\t\t\t\t\t\t\t\t<\/div>\n\t\t\t\t<\/div>\n\t\t\t\t<div class=\"elementor-element elementor-element-0b658da elementor-align-center elementor-widget elementor-widget-button\" data-id=\"0b658da\" data-element_type=\"widget\" data-e-type=\"widget\" data-widget_type=\"button.default\">\n\t\t\t\t<div class=\"elementor-widget-container\">\n\t\t\t\t\t\t\t\t\t<div class=\"elementor-button-wrapper\">\n\t\t\t\t\t<a class=\"elementor-button elementor-button-link elementor-size-sm\" href=\"https:\/\/repairandshop.ch\/fr\/reparation-de-lapple-watch\/\">\n\t\t\t\t\t\t<span class=\"elementor-button-content-wrapper\">\n\t\t\t\t\t\t\t\t\t<span class=\"elementor-button-text\">Pour la r\u00e9paration<\/span>\n\t\t\t\t\t<\/span>\n\t\t\t\t\t<\/a>\n\t\t\t\t<\/div>\n\t\t\t\t\t\t\t\t<\/div>\n\t\t\t\t<\/div>\n\t\t\t\t<\/div>\n\t\t\t\t\t<\/div>\n\t\t\t\t<\/div>\n\t\t<div class=\"wd-negative-gap elementor-element elementor-element-d58e1ae e-flex e-con-boxed e-con e-parent\" data-id=\"d58e1ae\" data-element_type=\"container\" data-e-type=\"container\" data-settings=\"{&quot;_ha_eqh_enable&quot;:false}\">\n\t\t\t\t\t<div class=\"e-con-inner\">\n\t\t<div class=\"elementor-element elementor-element-2272d9a e-con-full e-flex e-con e-child\" data-id=\"2272d9a\" data-element_type=\"container\" data-e-type=\"container\" data-settings=\"{&quot;_ha_eqh_enable&quot;:false}\">\n\t\t\t\t<div class=\"elementor-element elementor-element-341f2b8 elementor-widget elementor-widget-heading\" data-id=\"341f2b8\" data-element_type=\"widget\" data-e-type=\"widget\" data-widget_type=\"heading.default\">\n\t\t\t\t<div class=\"elementor-widget-container\">\n\t\t\t\t\t<h2 class=\"elementor-heading-title elementor-size-default\">R\u00e9paration MacBook Lausanne<\/h2>\t\t\t\t<\/div>\n\t\t\t\t<\/div>\n\t\t\t\t<div class=\"elementor-element elementor-element-8850bf3 elementor-widget elementor-widget-image\" data-id=\"8850bf3\" data-element_type=\"widget\" data-e-type=\"widget\" data-widget_type=\"image.default\">\n\t\t\t\t<div class=\"elementor-widget-container\">\n\t\t\t\t\t\t\t\t\t\t\t\t\t\t\t<img loading=\"lazy\" decoding=\"async\" width=\"1000\" height=\"1000\" src=\"https:\/\/repairandshop.ch\/wp-content\/uploads\/2025\/04\/mba-13inch-15inch.png\" class=\"attachment-large size-large wp-image-26952\" alt=\"\" srcset=\"https:\/\/repairandshop.ch\/wp-content\/uploads\/2025\/04\/mba-13inch-15inch.png 1000w, https:\/\/repairandshop.ch\/wp-content\/uploads\/2025\/04\/mba-13inch-15inch-300x300.png 300w, https:\/\/repairandshop.ch\/wp-content\/uploads\/2025\/04\/mba-13inch-15inch-150x150.png 150w, https:\/\/repairandshop.ch\/wp-content\/uploads\/2025\/04\/mba-13inch-15inch-768x768.png 768w, https:\/\/repairandshop.ch\/wp-content\/uploads\/2025\/04\/mba-13inch-15inch-600x600.png 600w\" sizes=\"auto, (max-width: 1000px) 100vw, 1000px\" \/>\t\t\t\t\t\t\t\t\t\t\t\t\t\t\t<\/div>\n\t\t\t\t<\/div>\n\t\t\t\t<div class=\"elementor-element elementor-element-540627d color-scheme-inherit text-left elementor-widget elementor-widget-text-editor\" data-id=\"540627d\" data-element_type=\"widget\" data-e-type=\"widget\" data-widget_type=\"text-editor.default\">\n\t\t\t\t<div class=\"elementor-widget-container\">\n\t\t\t\t\t\t\t\t\t<div class=\"row store-hours-row\"><div class=\"store-hours-day typography-caption column large-7 medium-4\"><h3 data-start=\"287\" data-end=\"324\"><strong data-start=\"291\" data-end=\"324\">R\u00e9paration MacBook \u00e0 Lausanne<\/strong><\/h3><p data-start=\"326\" data-end=\"575\">Votre MacBook est devenu lent, l&rsquo;\u00e9cran clignote ou la batterie ne tient plus la route? Alors vous \u00eates \u00e0 la bonne adresse chez Repairandshop Lausanne. Nous proposons des r\u00e9parations de MacBook professionnelles, rapides et \u00e9quitables &#8211; pour tous les mod\u00e8les et toutes les g\u00e9n\u00e9rations.<\/p><p data-start=\"577\" data-end=\"884\">Nos techniciens certifi\u00e9s ont de nombreuses ann\u00e9es d&rsquo;exp\u00e9rience dans la r\u00e9paration des MacBooks Apple &#8211; qu &lsquo;il s&rsquo;agisse de MacBook Pro, MacBook Air ou de mod\u00e8les plus anciens. Nous r\u00e9parons tout , de l&rsquo; \u00e9cran au clavier en passant par la batterie, le ventilateur et les probl\u00e8mes de logiciel, pour que votre appareil fonctionne \u00e0 nouveau de mani\u00e8re fiable.<\/p><h3 data-start=\"891\" data-end=\"936\"><strong data-start=\"895\" data-end=\"936\">R\u00e9parations typiques de MacBook chez nous :<\/strong><\/h3><ul data-start=\"938\" data-end=\"1706\"><li data-start=\"938\" data-end=\"1049\"><p data-start=\"940\" data-end=\"1049\">Remplacement d&rsquo;un \u00e9cran fissur\u00e9 ou d\u00e9fectueux ( r\u00e9paration \u00e9cran MacBook , r\u00e9paration \u00e9cran MacBook Pro)<\/p><\/li><li data-start=\"1050\" data-end=\"1143\"><p data-start=\"1052\" data-end=\"1143\">Remplacement de la batterie en cas de faibles performances, de probl\u00e8mes de charge ou de gonflement (r\u00e9paration de la batterie du MacBook)<\/p><\/li><li data-start=\"1144\" data-end=\"1209\"><p data-start=\"1146\" data-end=\"1209\">R\u00e9paration ou remplacement du clavier, du trackpad et de la Touch Bar<\/p><\/li><li data-start=\"1210\" data-end=\"1280\"><p data-start=\"1212\" data-end=\"1280\">installation macOS, r\u00e9cup\u00e9ration de donn\u00e9es, probl\u00e8mes de d\u00e9marrage, optimisation du syst\u00e8me<\/p><\/li><li data-start=\"1281\" data-end=\"1347\"><p data-start=\"1283\" data-end=\"1347\">Nettoyage, entretien et r\u00e9paration du ventilateur en cas de surchauffe ou de bruit<\/p><\/li><li data-start=\"1348\" data-end=\"1407\"><p data-start=\"1350\" data-end=\"1407\">R\u00e9paration ou remplacement de la carte logique en cas d&rsquo;erreur mat\u00e9rielle<\/p><\/li><li data-start=\"1408\" data-end=\"1482\"><p data-start=\"1410\" data-end=\"1482\">Remplacement de la prise de charge, des ports USB-C, des prises HDMI ou des prises casque<\/p><\/li><li data-start=\"1483\" data-end=\"1526\"><p data-start=\"1485\" data-end=\"1526\">R\u00e9paration ou mise \u00e0 niveau du SSD\/disque dur<\/p><\/li><li data-start=\"1527\" data-end=\"1588\"><p data-start=\"1529\" data-end=\"1588\">Diagnostic d&rsquo;erreurs, contr\u00f4le du mat\u00e9riel et solutions individuelles<\/p><\/li><li data-start=\"1589\" data-end=\"1634\"><p data-start=\"1591\" data-end=\"1634\">Analyse des dommages caus\u00e9s par les liquides et r\u00e9paration<\/p><\/li><li data-start=\"1635\" data-end=\"1706\"><p data-start=\"1637\" data-end=\"1706\">Co\u00fbts de r\u00e9paration de l&rsquo;\u00e9cran du MacBook Pro et conseils transparents sur les prix<\/p><\/li><\/ul><h3 data-start=\"1713\" data-end=\"1748\"><strong data-start=\"1717\" data-end=\"1748\">Nous proposons des r\u00e9parations pour :<\/strong><\/h3><ul data-start=\"1750\" data-end=\"1995\"><li data-start=\"1750\" data-end=\"1812\"><p data-start=\"1752\" data-end=\"1812\">R\u00e9paration MacBook Pro (13&Prime;, 14&Prime;, 15&Prime;, 16&Prime; &#8211; toutes les ann\u00e9es)<\/p><\/li><li data-start=\"1813\" data-end=\"1871\"><p data-start=\"1815\" data-end=\"1871\">R\u00e9paration MacBook Air (M1, M2 et anciennes g\u00e9n\u00e9rations)<\/p><\/li><li data-start=\"1872\" data-end=\"1922\"><p data-start=\"1874\" data-end=\"1922\">R\u00e9paration Apple pour MacBook tous mod\u00e8les<\/p><\/li><li data-start=\"1923\" data-end=\"1995\"><p data-start=\"1925\" data-end=\"1995\">Aussi pour les entreprises, les agences ou les \u00e9tudiants &#8211; avec des solutions flexibles<\/p><\/li><\/ul><p data-start=\"2002\" data-end=\"2285\">Notre atelier de Lausanne est parfaitement \u00e9quip\u00e9 pour effectuer des r\u00e9parations complexes de MacBook Pro, MacBook Air ou Apple MacBook de mani\u00e8re fiable et rapide. Gr\u00e2ce aux pi\u00e8ces de rechange d&rsquo;origine et \u00e0 la garantie de 6 mois, vous profitez d&rsquo;une qualit\u00e9 maximale.<\/p><p data-start=\"2287\" data-end=\"2499\">Passez nous voir ou appelez-nous &#8211; nous vous conseillerons volontiers personnellement. Pour plus d&rsquo; informations sur votre r\u00e9paration, notre liste de prix ou les co\u00fbts concrets de r\u00e9paration de l&rsquo;\u00e9cran de votre MacBook, veuillez consulter notre site web.<\/p><\/div><\/div>\t\t\t\t\t\t\t\t<\/div>\n\t\t\t\t<\/div>\n\t\t\t\t<div class=\"elementor-element elementor-element-3dbc2dc elementor-align-center elementor-widget elementor-widget-button\" data-id=\"3dbc2dc\" data-element_type=\"widget\" data-e-type=\"widget\" data-widget_type=\"button.default\">\n\t\t\t\t<div class=\"elementor-widget-container\">\n\t\t\t\t\t\t\t\t\t<div class=\"elementor-button-wrapper\">\n\t\t\t\t\t<a class=\"elementor-button elementor-button-link elementor-size-sm\" href=\"https:\/\/repairandshop.ch\/fr\/reparation-macbook\/\">\n\t\t\t\t\t\t<span class=\"elementor-button-content-wrapper\">\n\t\t\t\t\t\t\t\t\t<span class=\"elementor-button-text\">Pour la r\u00e9paration<\/span>\n\t\t\t\t\t<\/span>\n\t\t\t\t\t<\/a>\n\t\t\t\t<\/div>\n\t\t\t\t\t\t\t\t<\/div>\n\t\t\t\t<\/div>\n\t\t\t\t<\/div>\n\t\t<div class=\"elementor-element elementor-element-cc103d4 e-con-full e-flex e-con e-child\" data-id=\"cc103d4\" data-element_type=\"container\" data-e-type=\"container\" data-settings=\"{&quot;_ha_eqh_enable&quot;:false}\">\n\t\t\t\t<div class=\"elementor-element elementor-element-e862ec3 elementor-widget elementor-widget-heading\" data-id=\"e862ec3\" data-element_type=\"widget\" data-e-type=\"widget\" data-widget_type=\"heading.default\">\n\t\t\t\t<div class=\"elementor-widget-container\">\n\t\t\t\t\t<h2 class=\"elementor-heading-title elementor-size-default\">R\u00e9paration Microsoft Surface Lausanne<\/h2>\t\t\t\t<\/div>\n\t\t\t\t<\/div>\n\t\t\t\t<div class=\"elementor-element elementor-element-c6b547c elementor-widget elementor-widget-image\" data-id=\"c6b547c\" data-element_type=\"widget\" data-e-type=\"widget\" data-widget_type=\"image.default\">\n\t\t\t\t<div class=\"elementor-widget-container\">\n\t\t\t\t\t\t\t\t\t\t\t\t\t\t\t<img loading=\"lazy\" decoding=\"async\" width=\"1000\" height=\"1000\" src=\"https:\/\/repairandshop.ch\/wp-content\/uploads\/2025\/05\/Microsoft-Surface-Reparatur-Interlaken-1.webp\" class=\"attachment-large size-large wp-image-28603\" alt=\"Microsoft Surface Reparatur Interlaken\" srcset=\"https:\/\/repairandshop.ch\/wp-content\/uploads\/2025\/05\/Microsoft-Surface-Reparatur-Interlaken-1.webp 1000w, https:\/\/repairandshop.ch\/wp-content\/uploads\/2025\/05\/Microsoft-Surface-Reparatur-Interlaken-1-300x300.webp 300w, https:\/\/repairandshop.ch\/wp-content\/uploads\/2025\/05\/Microsoft-Surface-Reparatur-Interlaken-1-150x150.webp 150w, https:\/\/repairandshop.ch\/wp-content\/uploads\/2025\/05\/Microsoft-Surface-Reparatur-Interlaken-1-768x768.webp 768w, https:\/\/repairandshop.ch\/wp-content\/uploads\/2025\/05\/Microsoft-Surface-Reparatur-Interlaken-1-600x600.webp 600w\" sizes=\"auto, (max-width: 1000px) 100vw, 1000px\" \/>\t\t\t\t\t\t\t\t\t\t\t\t\t\t\t<\/div>\n\t\t\t\t<\/div>\n\t\t\t\t<div class=\"elementor-element elementor-element-f896ffa color-scheme-inherit text-left elementor-widget elementor-widget-text-editor\" data-id=\"f896ffa\" data-element_type=\"widget\" data-e-type=\"widget\" data-widget_type=\"text-editor.default\">\n\t\t\t\t<div class=\"elementor-widget-container\">\n\t\t\t\t\t\t\t\t\t<div class=\"row store-hours-row\"><div class=\"store-hours-day typography-caption column large-7 medium-4\"><h3 data-start=\"107\" data-end=\"150\"><strong data-start=\"107\" data-end=\"150\">R\u00e9paration Microsoft Surface \u00e0 Lausanne<\/strong><\/h3><p data-start=\"152\" data-end=\"349\">Votre Microsoft Surface pr\u00e9sente des fissures \u00e0 l&rsquo;\u00e9cran, des probl\u00e8mes de bo\u00eetier ou des d\u00e9fauts techniques comme une faible performance de la batterie ou une erreur de m\u00e9moire? Alors vous \u00eates \u00e0 la bonne adresse chez Repairandshop Lausanne . <\/p><p data-start=\"351\" data-end=\"627\">Nos techniciens exp\u00e9riment\u00e9s sont sp\u00e9cialis\u00e9s dans la r\u00e9paration de toute la s\u00e9rie Surface &#8211; de la Surface Pro au Surface Book en passant par le Surface Laptop. Qu&rsquo;il s&rsquo;agisse d&rsquo;un probl\u00e8me mat\u00e9riel ou logiciel, nous remettons votre appareil en \u00e9tat de marche rapidement et de mani\u00e8re professionnelle. <\/p><p data-start=\"629\" data-end=\"1210\">Pour ce faire, nous utilisons exclusivement des pi\u00e8ces de rechange contr\u00f4l\u00e9es et offrons une garantie de 6 mois sur tous les travaux effectu\u00e9s.<br data-start=\"754\" data-end=\"757\">Nous trouvons \u00e9galement la solution ad\u00e9quate pour les anciens mod\u00e8les ou les erreurs inhabituelles.<br data-start=\"842\" data-end=\"845\">Nous proposons en outre des solutions professionnelles individuelles pour les entreprises disposant de plusieurs appareils.<br data-start=\"930\" data-end=\"933\">Toutes les r\u00e9parations sont effectu\u00e9es selon des directives de qualit\u00e9 strictes dans notre atelier dot\u00e9 d&rsquo;un \u00e9quipement moderne.<br data-start=\"1049\" data-end=\"1052\">Nos diagnostics sont gratuits si vous d\u00e9cidez de faire r\u00e9parer votre appareil.<br data-start=\"1130\" data-end=\"1133\">Vous pouvez d\u00e9poser votre appareil en personne ou le renvoyer facilement par courrier.<\/p><h3 data-start=\"1217\" data-end=\"1258\"><strong data-start=\"1217\" data-end=\"1258\">R\u00e9parations typiques de Surface chez nous :<\/strong><\/h3><ul data-start=\"1260\" data-end=\"1920\"><li data-start=\"1260\" data-end=\"1341\"><p data-start=\"1262\" data-end=\"1341\">Remplacement d&rsquo;\u00e9cran en cas d&rsquo; \u00e9cran cass\u00e9, scintillant ou non r\u00e9actif<\/p><\/li><li data-start=\"1342\" data-end=\"1435\"><p data-start=\"1344\" data-end=\"1435\">R\u00e9paration de la batterie en cas de faible autonomie, de probl\u00e8mes de charge ou d&rsquo;appareils qui ne s&rsquo;allument pas<\/p><\/li><li data-start=\"1436\" data-end=\"1504\"><p data-start=\"1438\" data-end=\"1504\">Remplacement de la m\u00e9moire vive (RAM) ou du disque dur (SSD ) en cas de d\u00e9faillance de la m\u00e9moire<\/p><\/li><li data-start=\"1505\" data-end=\"1591\"><p data-start=\"1507\" data-end=\"1591\">R\u00e9paration des d\u00e9fauts de bo\u00eetier et de connexion (USB-C, port de charge, prise casque)<\/p><\/li><li data-start=\"1592\" data-end=\"1656\"><p data-start=\"1594\" data-end=\"1656\">Installation de logiciels, Mises \u00e0 jour syst\u00e8me, Probl\u00e8mes de BIOS et de pilotes<\/p><\/li><li data-start=\"1657\" data-end=\"1733\"><p data-start=\"1659\" data-end=\"1733\">Diagnostic d&rsquo;erreur, analyse de plantage du syst\u00e8me et propositions de solutions individuelles<\/p><\/li><li data-start=\"1734\" data-end=\"1787\"><p data-start=\"1736\" data-end=\"1787\">Surchauffe, probl\u00e8mes de ventilateur &amp; bruit<\/p><\/li><li data-start=\"1788\" data-end=\"1852\"><p data-start=\"1790\" data-end=\"1852\">R\u00e9paration en cas de dommages caus\u00e9s par des liquides ou d&rsquo;infiltration d&rsquo;humidit\u00e9<\/p><\/li><li data-start=\"1853\" data-end=\"1920\"><p data-start=\"1855\" data-end=\"1920\">R\u00e9paration apr\u00e8s un dommage d\u00fb \u00e0 une chute, une rupture d&rsquo;\u00e9cran ou une panne de syst\u00e8me<\/p><\/li><\/ul><h3 data-start=\"1927\" data-end=\"2018\"><strong data-start=\"1927\" data-end=\"2018\">Afin que nous puissions vous aider rapidement et de mani\u00e8re cibl\u00e9e, veuillez nous d\u00e9crire le plus pr\u00e9cis\u00e9ment possible :<\/strong><\/h3><ul data-start=\"2020\" data-end=\"2234\"><li data-start=\"2020\" data-end=\"2133\"><p data-start=\"2022\" data-end=\"2133\">Quelle est l &lsquo; erreur (par ex. l&rsquo;\u00e9cran reste noir, le toucher ne r\u00e9agit pas, l&rsquo;appareil ne d\u00e9marre pas, ne se charge pas) ?<\/p><\/li><li data-start=\"2134\" data-end=\"2234\"><p data-start=\"2136\" data-end=\"2234\">comment le dommage s&rsquo;est produit (par exemple, chute, infiltration de liquide, chute du syst\u00e8me ou court-circuit)<\/p><\/li><\/ul><p data-start=\"2236\" data-end=\"2463\">Sur la base de votre description , nous \u00e9tablissons une proposition de r\u00e9paration claire &#8211; transparente, professionnelle et \u00e0 des prix corrects. Vous recevez une estimation compl\u00e8te , y compris les co\u00fbts \u00e9ventuels , avant le d\u00e9but de la r\u00e9paration. <\/p><p data-start=\"2465\" data-end=\"2644\">Rendez-nous visite avec votre Microsoft Surface directement \u00e0 Lausanne ou contactez-nous au pr\u00e9alable &#8211; nous vous conseillerons volontiers personnellement et trouverons la solution adapt\u00e9e \u00e0 votre appareil.<\/p><\/div><\/div>\t\t\t\t\t\t\t\t<\/div>\n\t\t\t\t<\/div>\n\t\t\t\t<div class=\"elementor-element elementor-element-678a6eb elementor-align-center elementor-widget elementor-widget-button\" data-id=\"678a6eb\" data-element_type=\"widget\" data-e-type=\"widget\" data-widget_type=\"button.default\">\n\t\t\t\t<div class=\"elementor-widget-container\">\n\t\t\t\t\t\t\t\t\t<div class=\"elementor-button-wrapper\">\n\t\t\t\t\t<a class=\"elementor-button elementor-button-link elementor-size-sm\" href=\"https:\/\/repairandshop.ch\/fr\/microsoft-surface-reparation\/\">\n\t\t\t\t\t\t<span class=\"elementor-button-content-wrapper\">\n\t\t\t\t\t\t\t\t\t<span class=\"elementor-button-text\">Pour la r\u00e9paration<\/span>\n\t\t\t\t\t<\/span>\n\t\t\t\t\t<\/a>\n\t\t\t\t<\/div>\n\t\t\t\t\t\t\t\t<\/div>\n\t\t\t\t<\/div>\n\t\t\t\t<\/div>\n\t\t\t\t\t<\/div>\n\t\t\t\t<\/div>\n\t\t<div class=\"wd-negative-gap elementor-element elementor-element-20665c0 e-flex e-con-boxed e-con e-parent\" data-id=\"20665c0\" data-element_type=\"container\" data-e-type=\"container\" data-settings=\"{&quot;_ha_eqh_enable&quot;:false}\">\n\t\t\t\t\t<div class=\"e-con-inner\">\n\t\t<div class=\"elementor-element elementor-element-7f74663 e-con-full e-flex e-con e-child\" data-id=\"7f74663\" data-element_type=\"container\" data-e-type=\"container\" data-settings=\"{&quot;_ha_eqh_enable&quot;:false}\">\n\t\t\t\t<div class=\"elementor-element elementor-element-ba9e5bc elementor-widget elementor-widget-heading\" data-id=\"ba9e5bc\" data-element_type=\"widget\" data-e-type=\"widget\" data-widget_type=\"heading.default\">\n\t\t\t\t<div class=\"elementor-widget-container\">\n\t\t\t\t\t<h2 class=\"elementor-heading-title elementor-size-default\">R\u00e9paration de notebook\/PC \u00e0 Lausanne<\/h2>\t\t\t\t<\/div>\n\t\t\t\t<\/div>\n\t\t\t\t<div class=\"elementor-element elementor-element-d4fc202 elementor-widget elementor-widget-image\" data-id=\"d4fc202\" data-element_type=\"widget\" data-e-type=\"widget\" data-widget_type=\"image.default\">\n\t\t\t\t<div class=\"elementor-widget-container\">\n\t\t\t\t\t\t\t\t\t\t\t\t\t\t\t<img loading=\"lazy\" decoding=\"async\" width=\"1024\" height=\"1024\" src=\"https:\/\/repairandshop.ch\/wp-content\/uploads\/2025\/04\/ASUS-Zenbook-14-OLED_UX3405MA_Product-photo_3B_Ponder-Blue_08.png\" class=\"attachment-large size-large wp-image-26958\" alt=\"\" srcset=\"https:\/\/repairandshop.ch\/wp-content\/uploads\/2025\/04\/ASUS-Zenbook-14-OLED_UX3405MA_Product-photo_3B_Ponder-Blue_08.png 1024w, https:\/\/repairandshop.ch\/wp-content\/uploads\/2025\/04\/ASUS-Zenbook-14-OLED_UX3405MA_Product-photo_3B_Ponder-Blue_08-300x300.png 300w, https:\/\/repairandshop.ch\/wp-content\/uploads\/2025\/04\/ASUS-Zenbook-14-OLED_UX3405MA_Product-photo_3B_Ponder-Blue_08-150x150.png 150w, https:\/\/repairandshop.ch\/wp-content\/uploads\/2025\/04\/ASUS-Zenbook-14-OLED_UX3405MA_Product-photo_3B_Ponder-Blue_08-768x768.png 768w, https:\/\/repairandshop.ch\/wp-content\/uploads\/2025\/04\/ASUS-Zenbook-14-OLED_UX3405MA_Product-photo_3B_Ponder-Blue_08-600x600.png 600w\" sizes=\"auto, (max-width: 1024px) 100vw, 1024px\" \/>\t\t\t\t\t\t\t\t\t\t\t\t\t\t\t<\/div>\n\t\t\t\t<\/div>\n\t\t\t\t<div class=\"elementor-element elementor-element-0e1b02c color-scheme-inherit text-left elementor-widget elementor-widget-text-editor\" data-id=\"0e1b02c\" data-element_type=\"widget\" data-e-type=\"widget\" data-widget_type=\"text-editor.default\">\n\t\t\t\t<div class=\"elementor-widget-container\">\n\t\t\t\t\t\t\t\t\t<div class=\"row store-hours-row\"><div class=\"store-hours-day typography-caption column large-7 medium-4\"><h3 data-start=\"207\" data-end=\"285\"><strong data-start=\"211\" data-end=\"285\">R\u00e9paration d&rsquo;ordinateurs portables et de PC \u00e0 Lausanne &#8211; rapide, comp\u00e9tente et fiable<\/strong><\/h3><p data-start=\"287\" data-end=\"464\">Votre ordinateur portable ou votre PC ne d\u00e9marre plus, son \u00e9cran est d\u00e9fectueux, il surchauffe ou r\u00e9agit extr\u00eamement lentement? Pas de probl\u00e8me &#8211; chez Repairandshop Lausanne, vous \u00eates entre de bonnes mains. <\/p><p data-start=\"466\" data-end=\"712\">Nos techniciens informatiques exp\u00e9riment\u00e9s r\u00e9parent et entretiennent les ordinateurs portables, les ultrabooks et les PC de bureau de toutes les marques et de tous les mod\u00e8les, qu&rsquo;il s&rsquo;agisse de Windows ou de macOS. Que ce soit \u00e0 titre priv\u00e9 ou professionnel, nous veillons \u00e0 ce que votre appareil fonctionne \u00e0 nouveau rapidement, en toute s\u00e9curit\u00e9 et de mani\u00e8re professionnelle. <\/p><h3 data-start=\"719\" data-end=\"765\"><strong data-start=\"723\" data-end=\"765\">Nos services de r\u00e9paration et de maintenance :<\/strong><\/h3><ul data-start=\"767\" data-end=\"1289\"><li data-start=\"767\" data-end=\"850\"><p data-start=\"769\" data-end=\"850\"><strong data-start=\"769\" data-end=\"813\">R\u00e9paration de l&rsquo;\u00e9cran d&rsquo;un ordinateur portable \/ remplacement de l&rsquo;\u00e9cran LCD<\/strong> en cas de fissures, de bandes ou de scintillement<\/p><\/li><li data-start=\"851\" data-end=\"940\"><p data-start=\"853\" data-end=\"940\"><strong data-start=\"853\" data-end=\"911\">Remplacement du clavier, du trackpad, du disque dur (HDD\/SSD)<\/strong> en cas de d\u00e9faut ou de mise \u00e0 niveau<\/p><\/li><li data-start=\"941\" data-end=\"1010\"><p data-start=\"943\" data-end=\"1010\"><strong data-start=\"943\" data-end=\"980\">Extension de la RAM &amp; ; r\u00e9glage du mat\u00e9riel<\/strong> pour une meilleure vitesse<\/p><\/li><li data-start=\"1011\" data-end=\"1071\"><p data-start=\"1013\" data-end=\"1071\"><strong data-start=\"1013\" data-end=\"1051\">Remplacement de la batterie &amp; r\u00e9paration de la prise de charge<\/strong> en cas de probl\u00e8me de charge<\/p><\/li><li data-start=\"1072\" data-end=\"1140\"><p data-start=\"1074\" data-end=\"1140\"><strong data-start=\"1074\" data-end=\"1138\">R\u00e9installation de Windows\/macOS , pilotes, BIOS &amp; mises \u00e0 jour syst\u00e8me<\/strong><\/p><\/li><li data-start=\"1141\" data-end=\"1206\"><p data-start=\"1143\" data-end=\"1206\"><strong data-start=\"1143\" data-end=\"1204\">Suppression de virus, nettoyage du syst\u00e8me, sauvegarde &amp; ; r\u00e9cup\u00e9ration de donn\u00e9es<\/strong><\/p><\/li><li data-start=\"1207\" data-end=\"1289\"><p data-start=\"1209\" data-end=\"1289\"><strong data-start=\"1209\" data-end=\"1287\">Mise en place de logiciels, de r\u00e9seaux, de stockage en nuage &amp; ; solutions de s\u00e9curit\u00e9<\/strong><\/p><\/li><\/ul><h3 data-start=\"1296\" data-end=\"1339\"><strong data-start=\"1300\" data-end=\"1339\">Probl\u00e8mes typiques que nous r\u00e9solvons :<\/strong><\/h3><p data-start=\"1341\" data-end=\"1500\">D\u00e9marragelent, surchauffe, pas d&rsquo; image, pas de son , ports USB non fonctionnels, probl\u00e8mes de connexion \u00e0 Internet, blocages soudains du syst\u00e8me ou perte de donn\u00e9es.<\/p><p data-start=\"1502\" data-end=\"1617\">Nous vous conseillons honn\u00eatement, nous trouvons la solution ad\u00e9quate et nous vous proposons un devis transparent au pr\u00e9alable.<\/p><h3 data-start=\"1624\" data-end=\"1661\"><strong data-start=\"1628\" data-end=\"1661\">Pourquoi Repairandshop Lausanne ?<\/strong><\/h3><ul data-start=\"1663\" data-end=\"1951\"><li data-start=\"1663\" data-end=\"1716\"><p data-start=\"1665\" data-end=\"1716\">10 ans et plus d&rsquo;exp\u00e9rience dans la r\u00e9paration d&rsquo;ordinateurs portables et de PC<\/p><\/li><li data-start=\"1717\" data-end=\"1766\"><p data-start=\"1719\" data-end=\"1766\">De nombreuses r\u00e9parations termin\u00e9es le m\u00eame jour<\/p><\/li><li data-start=\"1767\" data-end=\"1831\"><p data-start=\"1769\" data-end=\"1831\">Des prix justes, une communication claire &amp; pas de co\u00fbts cach\u00e9s<\/p><\/li><li data-start=\"1832\" data-end=\"1882\"><p data-start=\"1834\" data-end=\"1882\">6 mois de garantie sur tous les services de r\u00e9paration<\/p><\/li><li data-start=\"1883\" data-end=\"1951\"><p data-start=\"1885\" data-end=\"1951\">Assistance personnelle, service rapide sur place &amp; ; option d&rsquo;exp\u00e9dition<\/p><\/li><\/ul><p data-start=\"1958\" data-end=\"2142\"><strong data-start=\"1958\" data-end=\"2142\">Venez nous rendre visite directement \u00e0 Lausanne ou contactez-nous par t\u00e9l\u00e9phone ou par e-mail &#8211; nous nous occupons de la r\u00e9paration de votre ordinateur portable et de votre PC rapidement, de mani\u00e8re professionnelle et fiable.<\/strong><\/p><\/div><\/div>\t\t\t\t\t\t\t\t<\/div>\n\t\t\t\t<\/div>\n\t\t\t\t<div class=\"elementor-element elementor-element-f1e27a5 elementor-align-center elementor-widget elementor-widget-button\" data-id=\"f1e27a5\" data-element_type=\"widget\" data-e-type=\"widget\" data-widget_type=\"button.default\">\n\t\t\t\t<div class=\"elementor-widget-container\">\n\t\t\t\t\t\t\t\t\t<div class=\"elementor-button-wrapper\">\n\t\t\t\t\t<a class=\"elementor-button elementor-button-link elementor-size-sm\" href=\"https:\/\/repairandshop.ch\/fr\/autres-modeles\/\">\n\t\t\t\t\t\t<span class=\"elementor-button-content-wrapper\">\n\t\t\t\t\t\t\t\t\t<span class=\"elementor-button-text\">Pour la r\u00e9paration<\/span>\n\t\t\t\t\t<\/span>\n\t\t\t\t\t<\/a>\n\t\t\t\t<\/div>\n\t\t\t\t\t\t\t\t<\/div>\n\t\t\t\t<\/div>\n\t\t\t\t<\/div>\n\t\t<div class=\"elementor-element elementor-element-c575667 e-con-full e-flex e-con e-child\" data-id=\"c575667\" data-element_type=\"container\" data-e-type=\"container\" data-settings=\"{&quot;_ha_eqh_enable&quot;:false}\">\n\t\t\t\t<div class=\"elementor-element elementor-element-354c680 elementor-widget elementor-widget-heading\" data-id=\"354c680\" data-element_type=\"widget\" data-e-type=\"widget\" data-widget_type=\"heading.default\">\n\t\t\t\t<div class=\"elementor-widget-container\">\n\t\t\t\t\t<h2 class=\"elementor-heading-title elementor-size-default\">R\u00e9paration Google Pixel Lausanne<\/h2>\t\t\t\t<\/div>\n\t\t\t\t<\/div>\n\t\t\t\t<div class=\"elementor-element elementor-element-17d76dc elementor-widget elementor-widget-image\" data-id=\"17d76dc\" data-element_type=\"widget\" data-e-type=\"widget\" data-widget_type=\"image.default\">\n\t\t\t\t<div class=\"elementor-widget-container\">\n\t\t\t\t\t\t\t\t\t\t\t\t\t\t\t<img loading=\"lazy\" decoding=\"async\" width=\"1024\" height=\"1024\" src=\"https:\/\/repairandshop.ch\/wp-content\/uploads\/2025\/04\/pixel-9-pro_t_porcelain-1024x1024.avif\" class=\"attachment-large size-large wp-image-26961\" alt=\"\" srcset=\"https:\/\/repairandshop.ch\/wp-content\/uploads\/2025\/04\/pixel-9-pro_t_porcelain-1024x1024.avif 1024w, https:\/\/repairandshop.ch\/wp-content\/uploads\/2025\/04\/pixel-9-pro_t_porcelain-300x300.avif 300w, https:\/\/repairandshop.ch\/wp-content\/uploads\/2025\/04\/pixel-9-pro_t_porcelain-150x150.avif 150w, https:\/\/repairandshop.ch\/wp-content\/uploads\/2025\/04\/pixel-9-pro_t_porcelain-768x768.avif 768w, https:\/\/repairandshop.ch\/wp-content\/uploads\/2025\/04\/pixel-9-pro_t_porcelain-1536x1536.avif 1536w, https:\/\/repairandshop.ch\/wp-content\/uploads\/2025\/04\/pixel-9-pro_t_porcelain-2048x2048.avif 2048w, https:\/\/repairandshop.ch\/wp-content\/uploads\/2025\/04\/pixel-9-pro_t_porcelain-600x600.avif 600w, https:\/\/repairandshop.ch\/wp-content\/uploads\/2025\/04\/pixel-9-pro_t_porcelain-1200x1200.avif 1200w\" sizes=\"auto, (max-width: 1024px) 100vw, 1024px\" \/>\t\t\t\t\t\t\t\t\t\t\t\t\t\t\t<\/div>\n\t\t\t\t<\/div>\n\t\t\t\t<div class=\"elementor-element elementor-element-c7b22dc color-scheme-inherit text-left elementor-widget elementor-widget-text-editor\" data-id=\"c7b22dc\" data-element_type=\"widget\" data-e-type=\"widget\" data-widget_type=\"text-editor.default\">\n\t\t\t\t<div class=\"elementor-widget-container\">\n\t\t\t\t\t\t\t\t\t<div class=\"row store-hours-row\"><div class=\"store-hours-day typography-caption column large-7 medium-4\"><h3 data-start=\"157\" data-end=\"199\"><strong data-start=\"161\" data-end=\"199\">R\u00e9paration Google Pixel \u00e0 Lausanne<\/strong><\/h3><p data-start=\"201\" data-end=\"394\">Ton smartphone Google Pixel est endommag\u00e9? L&rsquo; \u00e9cran est fissur\u00e9, la batterie faiblit ou l&rsquo;appareil ne r\u00e9agit plus comme d&rsquo;habitude? Chez Repairandshop \u00e0 Lausanne, tu es \u00e0 la bonne adresse.<\/p><p data-start=\"396\" data-end=\"685\">Nos techniciens exp\u00e9riment\u00e9s sont sp\u00e9cialis\u00e9s dans la r\u00e9paration de tous les mod\u00e8les de Google Pixel, du Pixel 3 au dernier Pixel 8 Pro. Nous r\u00e9parons les dommages typiques rapidement, de mani\u00e8re professionnelle et avec des pi\u00e8ces de rechange de haute qualit\u00e9, afin que tu puisses bient\u00f4t \u00e0 nouveau utiliser ton smartphone sans restriction.<\/p><p data-start=\"687\" data-end=\"949\">Nous utilisons uniquement des composants d&rsquo;origine ou proches de l&rsquo;original pour des r\u00e9sultats durables.<br data-start=\"782\" data-end=\"785\" \/>M\u00eame pour les anciens appareils Google Pixel, nous trouvons des solutions de r\u00e9paration adapt\u00e9es.<br data-start=\"863\" data-end=\"866\" \/>Sur demande, nous \u00e9tablissons un diagnostic d&rsquo;erreur gratuit &#8211; sur place ou par envoi.<\/p><h3 data-start=\"956\" data-end=\"1006\"><strong data-start=\"960\" data-end=\"1006\">R\u00e9parations typiques de Google Pixel chez nous :<\/strong><\/h3><ul data-start=\"1008\" data-end=\"1506\"><li data-start=\"1008\" data-end=\"1087\"><p data-start=\"1010\" data-end=\"1087\">Remplacement d&rsquo;\u00e9cran en cas d&rsquo; \u00e9cran fissur\u00e9, d\u00e9fectueux ou non r\u00e9actif<\/p><\/li><li data-start=\"1088\" data-end=\"1164\"><p data-start=\"1090\" data-end=\"1164\">Remplacement de la batterie en cas de faible performance, de d\u00e9charge rapide ou de probl\u00e8mes de charge<\/p><\/li><li data-start=\"1165\" data-end=\"1233\"><p data-start=\"1167\" data-end=\"1233\">R\u00e9paration du port de chargement, de la cam\u00e9ra, du microphone ou des haut-parleurs<\/p><\/li><li data-start=\"1234\" data-end=\"1310\"><p data-start=\"1236\" data-end=\"1310\">R\u00e9solution des erreurs logicielles, des blocages, des boucles de d\u00e9marrage ou des probl\u00e8mes de mise \u00e0 jour<\/p><\/li><li data-start=\"1311\" data-end=\"1373\"><p data-start=\"1313\" data-end=\"1373\">R\u00e9cup\u00e9ration de donn\u00e9es, restauration du syst\u00e8me et diagnostic de la m\u00e9moire<\/p><\/li><li data-start=\"1374\" data-end=\"1435\"><p data-start=\"1376\" data-end=\"1435\">Traitement des d\u00e9g\u00e2ts des eaux et nettoyage int\u00e9rieur professionnel<\/p><\/li><li data-start=\"1436\" data-end=\"1506\"><p data-start=\"1438\" data-end=\"1506\">Nettoyage des ports obstru\u00e9s et remplacement des composants endommag\u00e9s<\/p><\/li><\/ul><h3 data-start=\"1513\" data-end=\"1550\"><strong data-start=\"1517\" data-end=\"1550\">Pourquoi Repairandshop Lausanne ?<\/strong><\/h3><ul data-start=\"1552\" data-end=\"1928\"><li data-start=\"1552\" data-end=\"1630\"><p data-start=\"1554\" data-end=\"1630\"><strong data-start=\"1554\" data-end=\"1575\">R\u00e9paration express<\/strong> &#8211; de nombreux dommages r\u00e9gl\u00e9s en 30 \u00e0 60 minutes<\/p><\/li><li data-start=\"1631\" data-end=\"1695\"><p data-start=\"1633\" data-end=\"1695\">Technicien sp\u00e9cialis\u00e9 dans la <strong data-start=\"1667\" data-end=\"1693\"> r\u00e9paration de Google Pixel<\/strong><\/p><\/li><li data-start=\"1696\" data-end=\"1749\"><p data-start=\"1698\" data-end=\"1749\">Seules des pi\u00e8ces de rechange contr\u00f4l\u00e9es &amp; de haute qualit\u00e9 sont utilis\u00e9es<\/p><\/li><li data-start=\"1750\" data-end=\"1794\"><p data-start=\"1752\" data-end=\"1794\"><strong data-start=\"1752\" data-end=\"1773\">6 mois de garantie<\/strong> sur chaque r\u00e9paration<\/p><\/li><li data-start=\"1795\" data-end=\"1860\"><p data-start=\"1797\" data-end=\"1860\">Des prix justes et des conseils transparents sans co\u00fbts cach\u00e9s<\/p><\/li><li data-start=\"1861\" data-end=\"1928\"><p data-start=\"1863\" data-end=\"1928\"><strong data-start=\"1863\" data-end=\"1894\">Service sur place \u00e0 Lausanne<\/strong> ou envoi pratique possible<\/p><\/li><\/ul><p data-start=\"1935\" data-end=\"2089\"><strong data-start=\"1935\" data-end=\"2089\">Rends-nous visite directement \u00e0 Lausanne ou contacte-nous en ligne &#8211; nous t&rsquo;aiderons rapidement et de mani\u00e8re fiable \u00e0 r\u00e9parer ton smartphone Google Pixel.<\/strong><\/p><\/div><\/div>\t\t\t\t\t\t\t\t<\/div>\n\t\t\t\t<\/div>\n\t\t\t\t<div class=\"elementor-element elementor-element-a20c4ee elementor-align-center elementor-widget elementor-widget-button\" data-id=\"a20c4ee\" data-element_type=\"widget\" data-e-type=\"widget\" data-widget_type=\"button.default\">\n\t\t\t\t<div class=\"elementor-widget-container\">\n\t\t\t\t\t\t\t\t\t<div class=\"elementor-button-wrapper\">\n\t\t\t\t\t<a class=\"elementor-button elementor-button-link elementor-size-sm\" href=\"https:\/\/repairandshop.ch\/fr\/reparation-de-telephone-portable\/\">\n\t\t\t\t\t\t<span class=\"elementor-button-content-wrapper\">\n\t\t\t\t\t\t\t\t\t<span class=\"elementor-button-text\">Pour la r\u00e9paration<\/span>\n\t\t\t\t\t<\/span>\n\t\t\t\t\t<\/a>\n\t\t\t\t<\/div>\n\t\t\t\t\t\t\t\t<\/div>\n\t\t\t\t<\/div>\n\t\t\t\t<\/div>\n\t\t\t\t\t<\/div>\n\t\t\t\t<\/div>\n\t\t\t\t<\/div>\n\t\t\n    <div class=\"xs_social_share_widget xs_share_url after_content \t\tmain_content  wslu-style-1 wslu-share-box-shaped wslu-fill-colored wslu-none wslu-share-horizontal wslu-theme-font-no wslu-main_content\">\n\n\t\t\n        <ul>\n\t\t\t        <\/ul>\n    <\/div> \n","protected":false},"excerpt":{"rendered":"<p>R\u00e9paration iPhone Lausanne Horaires d&rsquo;ouverture : Mo, Di, Mi, Fr: 09:00 &#8211; 18:00 UhrDo 13:30 &#8211; 18:00 UhrSa 10:00 &#8211;<\/p>\n","protected":false},"author":1,"featured_media":28350,"parent":0,"menu_order":0,"comment_status":"closed","ping_status":"closed","template":"","meta":{"postBodyCss":"","postBodyMargin":[],"postBodyPadding":[],"postBodyBackground":{"backgroundType":"classic","gradient":""},"footnotes":""},"class_list":["post-31375","page","type-page","status-publish","has-post-thumbnail","hentry"],"yoast_head":"<!-- This site is optimized with the Yoast SEO Premium plugin v26.8 (Yoast SEO v27.3) - https:\/\/yoast.com\/product\/yoast-seo-premium-wordpress\/ -->\n<title>R\u00e9paration iPhone Lausanne \u2013 Smartphone, iPad, Mac &amp; PC<\/title>\n<meta name=\"description\" content=\"R\u00e9paration iPhone \u00e0 Lausanne: \u00e9cran cass\u00e9, batterie, r\u00e9paration Apple et smartphone. Service rapide, garanti 6 mois, devis gratuit. R\u00e9parateur de confiance!\" \/>\n<meta name=\"robots\" content=\"index, follow, max-snippet:-1, max-image-preview:large, max-video-preview:-1\" \/>\n<link rel=\"canonical\" href=\"https:\/\/repairandshop.ch\/fr\/lausanne\/\" \/>\n<meta property=\"og:locale\" content=\"fr_FR\" \/>\n<meta property=\"og:type\" content=\"article\" \/>\n<meta property=\"og:title\" content=\"Lausanne\" \/>\n<meta property=\"og:description\" content=\"R\u00e9paration iPhone \u00e0 Lausanne: \u00e9cran cass\u00e9, batterie, r\u00e9paration Apple et smartphone. Service rapide, garanti 6 mois, devis gratuit. R\u00e9parateur de confiance!\" \/>\n<meta property=\"og:url\" content=\"https:\/\/repairandshop.ch\/fr\/lausanne\/\" \/>\n<meta property=\"og:site_name\" content=\"repairandshop\" \/>\n<meta property=\"article:modified_time\" content=\"2025-07-23T09:25:39+00:00\" \/>\n<meta property=\"og:image\" content=\"https:\/\/repairandshop.ch\/wp-content\/uploads\/2025\/05\/repairandshoo-interlaken.jpg\" \/>\n\t<meta property=\"og:image:width\" content=\"1600\" \/>\n\t<meta property=\"og:image:height\" content=\"900\" \/>\n\t<meta property=\"og:image:type\" content=\"image\/jpeg\" \/>\n<meta name=\"twitter:card\" content=\"summary_large_image\" \/>\n<meta name=\"twitter:label1\" content=\"Dur\u00e9e de lecture estim\u00e9e\" \/>\n\t<meta name=\"twitter:data1\" content=\"21 minutes\" \/>\n<!-- \/ Yoast SEO Premium plugin. -->","yoast_head_json":{"title":"R\u00e9paration iPhone Lausanne \u2013 Smartphone, iPad, Mac & PC","description":"R\u00e9paration iPhone \u00e0 Lausanne: \u00e9cran cass\u00e9, batterie, r\u00e9paration Apple et smartphone. Service rapide, garanti 6 mois, devis gratuit. R\u00e9parateur de confiance!","robots":{"index":"index","follow":"follow","max-snippet":"max-snippet:-1","max-image-preview":"max-image-preview:large","max-video-preview":"max-video-preview:-1"},"canonical":"https:\/\/repairandshop.ch\/fr\/lausanne\/","og_locale":"fr_FR","og_type":"article","og_title":"Lausanne","og_description":"R\u00e9paration iPhone \u00e0 Lausanne: \u00e9cran cass\u00e9, batterie, r\u00e9paration Apple et smartphone. Service rapide, garanti 6 mois, devis gratuit. R\u00e9parateur de confiance!","og_url":"https:\/\/repairandshop.ch\/fr\/lausanne\/","og_site_name":"repairandshop","article_modified_time":"2025-07-23T09:25:39+00:00","og_image":[{"width":1600,"height":900,"url":"https:\/\/repairandshop.ch\/wp-content\/uploads\/2025\/05\/repairandshoo-interlaken.jpg","type":"image\/jpeg"}],"twitter_card":"summary_large_image","twitter_misc":{"Dur\u00e9e de lecture estim\u00e9e":"21 minutes"},"schema":{"@context":"https:\/\/schema.org","@graph":[{"@type":"WebPage","@id":"https:\/\/repairandshop.ch\/fr\/lausanne\/","url":"https:\/\/repairandshop.ch\/fr\/lausanne\/","name":"R\u00e9paration iPhone Lausanne \u2013 Smartphone, iPad, Mac & PC","isPartOf":{"@id":"https:\/\/repairandshop.ch\/fr\/#website"},"primaryImageOfPage":{"@id":"https:\/\/repairandshop.ch\/fr\/lausanne\/#primaryimage"},"image":{"@id":"https:\/\/repairandshop.ch\/fr\/lausanne\/#primaryimage"},"thumbnailUrl":"https:\/\/repairandshop.ch\/wp-content\/uploads\/2025\/05\/repairandshoo-interlaken.jpg","datePublished":"2025-06-01T20:47:21+00:00","dateModified":"2025-07-23T09:25:39+00:00","description":"R\u00e9paration iPhone \u00e0 Lausanne: \u00e9cran cass\u00e9, batterie, r\u00e9paration Apple et smartphone. Service rapide, garanti 6 mois, devis gratuit. R\u00e9parateur de confiance!","breadcrumb":{"@id":"https:\/\/repairandshop.ch\/fr\/lausanne\/#breadcrumb"},"inLanguage":"fr-FR","potentialAction":[{"@type":"ReadAction","target":["https:\/\/repairandshop.ch\/fr\/lausanne\/"]}]},{"@type":"ImageObject","inLanguage":"fr-FR","@id":"https:\/\/repairandshop.ch\/fr\/lausanne\/#primaryimage","url":"https:\/\/repairandshop.ch\/wp-content\/uploads\/2025\/05\/repairandshoo-interlaken.jpg","contentUrl":"https:\/\/repairandshop.ch\/wp-content\/uploads\/2025\/05\/repairandshoo-interlaken.jpg","width":1600,"height":900},{"@type":"BreadcrumbList","@id":"https:\/\/repairandshop.ch\/fr\/lausanne\/#breadcrumb","itemListElement":[{"@type":"ListItem","position":1,"name":"Home","item":"https:\/\/repairandshop.ch\/fr\/"},{"@type":"ListItem","position":2,"name":"Lausanne"}]},{"@type":"WebSite","@id":"https:\/\/repairandshop.ch\/fr\/#website","url":"https:\/\/repairandshop.ch\/fr\/","name":"Repair And Shop","description":"","publisher":{"@id":"https:\/\/repairandshop.ch\/fr\/#organization"},"potentialAction":[{"@type":"SearchAction","target":{"@type":"EntryPoint","urlTemplate":"https:\/\/repairandshop.ch\/fr\/?s={search_term_string}"},"query-input":{"@type":"PropertyValueSpecification","valueRequired":true,"valueName":"search_term_string"}}],"inLanguage":"fr-FR"},{"@type":"Organization","@id":"https:\/\/repairandshop.ch\/fr\/#organization","name":"Repair And Shop","url":"https:\/\/repairandshop.ch\/fr\/","logo":{"@type":"ImageObject","inLanguage":"fr-FR","@id":"https:\/\/repairandshop.ch\/fr\/#\/schema\/logo\/image\/","url":"https:\/\/repairandshop.ch\/wp-content\/uploads\/2025\/02\/RepairandShop-Logo.png","contentUrl":"https:\/\/repairandshop.ch\/wp-content\/uploads\/2025\/02\/RepairandShop-Logo.png","width":834,"height":193,"caption":"Repair And Shop"},"image":{"@id":"https:\/\/repairandshop.ch\/fr\/#\/schema\/logo\/image\/"}}]}},"_links":{"self":[{"href":"https:\/\/repairandshop.ch\/fr\/wp-json\/wp\/v2\/pages\/31375","targetHints":{"allow":["GET"]}}],"collection":[{"href":"https:\/\/repairandshop.ch\/fr\/wp-json\/wp\/v2\/pages"}],"about":[{"href":"https:\/\/repairandshop.ch\/fr\/wp-json\/wp\/v2\/types\/page"}],"author":[{"embeddable":true,"href":"https:\/\/repairandshop.ch\/fr\/wp-json\/wp\/v2\/users\/1"}],"replies":[{"embeddable":true,"href":"https:\/\/repairandshop.ch\/fr\/wp-json\/wp\/v2\/comments?post=31375"}],"version-history":[{"count":0,"href":"https:\/\/repairandshop.ch\/fr\/wp-json\/wp\/v2\/pages\/31375\/revisions"}],"wp:featuredmedia":[{"embeddable":true,"href":"https:\/\/repairandshop.ch\/fr\/wp-json\/wp\/v2\/media\/28350"}],"wp:attachment":[{"href":"https:\/\/repairandshop.ch\/fr\/wp-json\/wp\/v2\/media?parent=31375"}],"curies":[{"name":"wp","href":"https:\/\/api.w.org\/{rel}","templated":true}]}}