{"id":82951,"date":"2026-07-08T20:41:38","date_gmt":"2026-07-08T20:41:38","guid":{"rendered":"https:\/\/repairandshop.ch\/reparation-apple-iphone-16e\/"},"modified":"2026-08-29T18:43:51","modified_gmt":"2026-08-29T18:43:51","slug":"reparation-apple-iphone-16e","status":"publish","type":"page","link":"https:\/\/repairandshop.ch\/fr\/reparation-apple-iphone-16e\/","title":{"rendered":"R\u00e9paration Apple iPhone 16e"},"content":{"rendered":"\t\t<div data-elementor-type=\"wp-page\" data-elementor-id=\"82951\" class=\"elementor elementor-82951 elementor-82948\" data-elementor-post-type=\"page\">\n\t\t\t\t<div class=\"wd-negative-gap elementor-element elementor-element-a656370 e-flex e-con-boxed e-con e-parent\" data-id=\"a656370\" data-element_type=\"container\" data-e-type=\"container\" data-settings=\"{&quot;_ha_eqh_enable&quot;:&quot;yes&quot;,&quot;_ha_eqh_widget&quot;:[&quot;heading&quot;,&quot;image&quot;,&quot;text-editor&quot;],&quot;_ha_eqh_to&quot;:&quot;widget&quot;,&quot;_ha_eqh_disable_on_tablet&quot;:&quot;no&quot;,&quot;_ha_eqh_disable_on_mobile&quot;:&quot;yes&quot;}\">\n\t\t\t\t\t<div class=\"e-con-inner\">\n\t\t<div class=\"elementor-element elementor-element-2f78a64 e-con-full e-flex e-con e-child\" data-id=\"2f78a64\" data-element_type=\"container\" data-e-type=\"container\" data-settings=\"{&quot;_ha_eqh_enable&quot;:false}\">\n\t\t\t\t<div class=\"elementor-element elementor-element-24cc0ac elementor-widget elementor-widget-heading\" data-id=\"24cc0ac\" data-element_type=\"widget\" data-e-type=\"widget\" data-widget_type=\"heading.default\">\n\t\t\t\t<div class=\"elementor-widget-container\">\n\t\t\t\t\t<h1 class=\"elementor-heading-title elementor-size-default\">R\u00e9paration Apple iPhone 16e<\/h1>\t\t\t\t<\/div>\n\t\t\t\t<\/div>\n\t\t\t\t<div class=\"elementor-element elementor-element-c749051 elementor-widget elementor-widget-image\" data-id=\"c749051\" data-element_type=\"widget\" data-e-type=\"widget\" data-widget_type=\"image.default\">\n\t\t\t\t<div class=\"elementor-widget-container\">\n\t\t\t\t\t\t\t\t\t\t\t\t\t\t\t<img loading=\"lazy\" decoding=\"async\" width=\"532\" height=\"650\" src=\"https:\/\/repairandshop.ch\/wp-content\/uploads\/2026\/07\/apple-iphone-16e-1.jpg\" class=\"attachment-large size-large wp-image-83973\" alt=\"\" srcset=\"https:\/\/repairandshop.ch\/wp-content\/uploads\/2026\/07\/apple-iphone-16e-1.jpg 532w, https:\/\/repairandshop.ch\/wp-content\/uploads\/2026\/07\/apple-iphone-16e-1-246x300.jpg 246w, https:\/\/repairandshop.ch\/wp-content\/uploads\/2026\/07\/apple-iphone-16e-1-150x183.jpg 150w\" sizes=\"auto, (max-width: 532px) 100vw, 532px\" \/>\t\t\t\t\t\t\t\t\t\t\t\t\t\t\t<\/div>\n\t\t\t\t<\/div>\n\t\t\t\t<\/div>\n\t\t<div class=\"elementor-element elementor-element-42145e7 e-con-full e-flex e-con e-child\" data-id=\"42145e7\" data-element_type=\"container\" data-e-type=\"container\" data-settings=\"{&quot;_ha_eqh_enable&quot;:false}\">\n\t\t\t\t<div class=\"elementor-element elementor-element-03bbf21 ha-has-bg-overlay elementor-widget elementor-widget-heading\" data-id=\"03bbf21\" data-element_type=\"widget\" data-e-type=\"widget\" data-widget_type=\"heading.default\">\n\t\t\t\t<div class=\"elementor-widget-container\">\n\t\t\t\t\t<h2 class=\"elementor-heading-title elementor-size-default\">prix de r\u00e9paration Apple iPhone 16e<\/h2>\t\t\t\t<\/div>\n\t\t\t\t<\/div>\n\t\t\t\t<div class=\"elementor-element elementor-element-7bdcaf5 ha-has-bg-overlay elementor-widget elementor-widget-price-list\" data-id=\"7bdcaf5\" data-element_type=\"widget\" data-e-type=\"widget\" data-widget_type=\"price-list.default\">\n\t\t\t\t<div class=\"elementor-widget-container\">\n\t\t\t\t\t\n\t\t<ul class=\"elementor-price-list\">\n\n\t\t\t\t\t\t\t\t\t<li><a class=\"elementor-price-list-item\" href=\"#\">\t\t\t\t\n\t\t\t\t<div class=\"elementor-price-list-text\">\n\t\t\t\t\t\t\t\t\t<div class=\"elementor-price-list-header\">\n\t\t\t\t\t\t\t\t\t\t\t<span class=\"elementor-price-list-title\">\n\t\t\t\t\t\t\tR\u00e9paration de l'\u00e9cran Apple iPhone 16e \t\t\t\t\t\t<\/span>\n\t\t\t\t\t\t\t\t\t\t\t\t\t\t\t\t\t\t\t\t\t\t\t\t<span class=\"elementor-price-list-price\">149  CHF<\/span>\n\t\t\t\t\t\t\t\t\t\t<\/div>\n\t\t\t\t\t\t\t\t\t\t\t\t<\/div>\n\t\t\t\t<\/a><\/li>\t\t\t\t\t\n\t\t<\/ul>\n\n\t\t\t\t\t\t<\/div>\n\t\t\t\t<\/div>\n\t\t\t\t<div class=\"elementor-element elementor-element-6fd2872 ha-has-bg-overlay elementor-widget elementor-widget-price-list\" data-id=\"6fd2872\" data-element_type=\"widget\" data-e-type=\"widget\" data-widget_type=\"price-list.default\">\n\t\t\t\t<div class=\"elementor-widget-container\">\n\t\t\t\t\t\n\t\t<ul class=\"elementor-price-list\">\n\n\t\t\t\t\t\t\t\t\t<li><a class=\"elementor-price-list-item\" href=\"#\">\t\t\t\t\n\t\t\t\t<div class=\"elementor-price-list-text\">\n\t\t\t\t\t\t\t\t\t<div class=\"elementor-price-list-header\">\n\t\t\t\t\t\t\t\t\t\t\t<span class=\"elementor-price-list-title\">\n\t\t\t\t\t\t\tRemplacement de la batterie Apple iPhone 16e\t\t\t\t\t\t<\/span>\n\t\t\t\t\t\t\t\t\t\t\t\t\t\t\t\t\t\t\t\t\t\t\t\t<span class=\"elementor-price-list-price\">89 CHF<\/span>\n\t\t\t\t\t\t\t\t\t\t<\/div>\n\t\t\t\t\t\t\t\t\t\t\t\t<\/div>\n\t\t\t\t<\/a><\/li>\t\t\t\t\t\n\t\t<\/ul>\n\n\t\t\t\t\t\t<\/div>\n\t\t\t\t<\/div>\n\t\t\t\t<div class=\"elementor-element elementor-element-68e2bdb ha-has-bg-overlay elementor-widget elementor-widget-price-list\" data-id=\"68e2bdb\" data-element_type=\"widget\" data-e-type=\"widget\" data-widget_type=\"price-list.default\">\n\t\t\t\t<div class=\"elementor-widget-container\">\n\t\t\t\t\t\n\t\t<ul class=\"elementor-price-list\">\n\n\t\t\t\t\t\t\t\t\t<li><a class=\"elementor-price-list-item\" href=\"#\">\t\t\t\t\n\t\t\t\t<div class=\"elementor-price-list-text\">\n\t\t\t\t\t\t\t\t\t<div class=\"elementor-price-list-header\">\n\t\t\t\t\t\t\t\t\t\t\t<span class=\"elementor-price-list-title\">\n\t\t\t\t\t\t\tR\u00e9paration de la vitre arri\u00e8re Apple iPhone 16e \t\t\t\t\t\t<\/span>\n\t\t\t\t\t\t\t\t\t\t\t\t\t\t\t\t\t\t\t\t\t\t\t\t<span class=\"elementor-price-list-price\">119 CHF<\/span>\n\t\t\t\t\t\t\t\t\t\t<\/div>\n\t\t\t\t\t\t\t\t\t\t\t\t<\/div>\n\t\t\t\t<\/a><\/li>\t\t\t\t\t\n\t\t<\/ul>\n\n\t\t\t\t\t\t<\/div>\n\t\t\t\t<\/div>\n\t\t\t\t<div class=\"elementor-element elementor-element-8e92842 ha-has-bg-overlay elementor-widget elementor-widget-price-list\" data-id=\"8e92842\" data-element_type=\"widget\" data-e-type=\"widget\" data-widget_type=\"price-list.default\">\n\t\t\t\t<div class=\"elementor-widget-container\">\n\t\t\t\t\t\n\t\t<ul class=\"elementor-price-list\">\n\n\t\t\t\t\t\t\t\t\t<li><a class=\"elementor-price-list-item\" href=\"#\">\t\t\t\t\n\t\t\t\t<div class=\"elementor-price-list-text\">\n\t\t\t\t\t\t\t\t\t<div class=\"elementor-price-list-header\">\n\t\t\t\t\t\t\t\t\t\t\t<span class=\"elementor-price-list-title\">\n\t\t\t\t\t\t\tR\u00e9paration du connecteur de charge Apple iPhone 16e \t\t\t\t\t\t<\/span>\n\t\t\t\t\t\t\t\t\t\t\t\t\t\t\t\t\t\t\t\t\t\t\t\t<span class=\"elementor-price-list-price\">99 CHF<\/span>\n\t\t\t\t\t\t\t\t\t\t<\/div>\n\t\t\t\t\t\t\t\t\t\t\t\t<\/div>\n\t\t\t\t<\/a><\/li>\t\t\t\t\t\n\t\t<\/ul>\n\n\t\t\t\t\t\t<\/div>\n\t\t\t\t<\/div>\n\t\t\t\t<div class=\"elementor-element elementor-element-4bfe74c ha-has-bg-overlay elementor-widget elementor-widget-price-list\" data-id=\"4bfe74c\" data-element_type=\"widget\" data-e-type=\"widget\" data-widget_type=\"price-list.default\">\n\t\t\t\t<div class=\"elementor-widget-container\">\n\t\t\t\t\t\n\t\t<ul class=\"elementor-price-list\">\n\n\t\t\t\t\t\t\t\t\t<li><a class=\"elementor-price-list-item\" href=\"#\">\t\t\t\t\n\t\t\t\t<div class=\"elementor-price-list-text\">\n\t\t\t\t\t\t\t\t\t<div class=\"elementor-price-list-header\">\n\t\t\t\t\t\t\t\t\t\t\t<span class=\"elementor-price-list-title\">\n\t\t\t\t\t\t\tR\u00e9paration de la cam\u00e9ra avant Apple iPhone 16e \t\t\t\t\t\t<\/span>\n\t\t\t\t\t\t\t\t\t\t\t\t\t\t\t\t\t\t\t\t\t\t\t\t<span class=\"elementor-price-list-price\"> 99 CHF<\/span>\n\t\t\t\t\t\t\t\t\t\t<\/div>\n\t\t\t\t\t\t\t\t\t\t\t\t<\/div>\n\t\t\t\t<\/a><\/li>\t\t\t\t\t\n\t\t<\/ul>\n\n\t\t\t\t\t\t<\/div>\n\t\t\t\t<\/div>\n\t\t\t\t<div class=\"elementor-element elementor-element-cd67fe0 ha-has-bg-overlay elementor-widget elementor-widget-price-list\" data-id=\"cd67fe0\" data-element_type=\"widget\" data-e-type=\"widget\" data-widget_type=\"price-list.default\">\n\t\t\t\t<div class=\"elementor-widget-container\">\n\t\t\t\t\t\n\t\t<ul class=\"elementor-price-list\">\n\n\t\t\t\t\t\t\t\t\t<li><a class=\"elementor-price-list-item\" href=\"#\">\t\t\t\t\n\t\t\t\t<div class=\"elementor-price-list-text\">\n\t\t\t\t\t\t\t\t\t<div class=\"elementor-price-list-header\">\n\t\t\t\t\t\t\t\t\t\t\t<span class=\"elementor-price-list-title\">\n\t\t\t\t\t\t\tR\u00e9paration de la cam\u00e9ra arri\u00e8re Apple iPhone 16e \t\t\t\t\t\t<\/span>\n\t\t\t\t\t\t\t\t\t\t\t\t\t\t\t\t\t\t\t\t\t\t\t\t<span class=\"elementor-price-list-price\">129 CHF<\/span>\n\t\t\t\t\t\t\t\t\t\t<\/div>\n\t\t\t\t\t\t\t\t\t\t\t\t<\/div>\n\t\t\t\t<\/a><\/li>\t\t\t\t\t\n\t\t<\/ul>\n\n\t\t\t\t\t\t<\/div>\n\t\t\t\t<\/div>\n\t\t\t\t<div class=\"elementor-element elementor-element-2864696 ha-has-bg-overlay elementor-widget elementor-widget-price-list\" data-id=\"2864696\" data-element_type=\"widget\" data-e-type=\"widget\" data-widget_type=\"price-list.default\">\n\t\t\t\t<div class=\"elementor-widget-container\">\n\t\t\t\t\t\n\t\t<ul class=\"elementor-price-list\">\n\n\t\t\t\t\t\t\t\t\t<li><a class=\"elementor-price-list-item\" href=\"#\">\t\t\t\t\n\t\t\t\t<div class=\"elementor-price-list-text\">\n\t\t\t\t\t\t\t\t\t<div class=\"elementor-price-list-header\">\n\t\t\t\t\t\t\t\t\t\t\t<span class=\"elementor-price-list-title\">\n\t\t\t\t\t\t\tR\u00e9paration de l'\u00e9couteur interne Apple iPhone 16e \t\t\t\t\t\t<\/span>\n\t\t\t\t\t\t\t\t\t\t\t\t\t\t\t\t\t\t\t\t\t\t\t\t<span class=\"elementor-price-list-price\"> 79 CHF<\/span>\n\t\t\t\t\t\t\t\t\t\t<\/div>\n\t\t\t\t\t\t\t\t\t\t\t\t<\/div>\n\t\t\t\t<\/a><\/li>\t\t\t\t\t\n\t\t<\/ul>\n\n\t\t\t\t\t\t<\/div>\n\t\t\t\t<\/div>\n\t\t\t\t<div class=\"elementor-element elementor-element-676ed8c ha-has-bg-overlay elementor-widget elementor-widget-price-list\" data-id=\"676ed8c\" data-element_type=\"widget\" data-e-type=\"widget\" data-widget_type=\"price-list.default\">\n\t\t\t\t<div class=\"elementor-widget-container\">\n\t\t\t\t\t\n\t\t<ul class=\"elementor-price-list\">\n\n\t\t\t\t\t\t\t\t\t<li><a class=\"elementor-price-list-item\" href=\"#\">\t\t\t\t\n\t\t\t\t<div class=\"elementor-price-list-text\">\n\t\t\t\t\t\t\t\t\t<div class=\"elementor-price-list-header\">\n\t\t\t\t\t\t\t\t\t\t\t<span class=\"elementor-price-list-title\">\n\t\t\t\t\t\t\tR\u00e9paration du haut-parleur Apple iPhone 16e \t\t\t\t\t\t<\/span>\n\t\t\t\t\t\t\t\t\t\t\t\t\t\t\t\t\t\t\t\t\t\t\t\t<span class=\"elementor-price-list-price\"> 79 CHF<\/span>\n\t\t\t\t\t\t\t\t\t\t<\/div>\n\t\t\t\t\t\t\t\t\t\t\t\t<\/div>\n\t\t\t\t<\/a><\/li>\t\t\t\t\t\n\t\t<\/ul>\n\n\t\t\t\t\t\t<\/div>\n\t\t\t\t<\/div>\n\t\t\t\t<div class=\"elementor-element elementor-element-f0043b8 ha-has-bg-overlay elementor-widget elementor-widget-price-list\" data-id=\"f0043b8\" data-element_type=\"widget\" data-e-type=\"widget\" data-widget_type=\"price-list.default\">\n\t\t\t\t<div class=\"elementor-widget-container\">\n\t\t\t\t\t\n\t\t<ul class=\"elementor-price-list\">\n\n\t\t\t\t\t\t\t\t\t<li><a class=\"elementor-price-list-item\" href=\"#\">\t\t\t\t\n\t\t\t\t<div class=\"elementor-price-list-text\">\n\t\t\t\t\t\t\t\t\t<div class=\"elementor-price-list-header\">\n\t\t\t\t\t\t\t\t\t\t\t<span class=\"elementor-price-list-title\">\n\t\t\t\t\t\t\tR\u00e9paration du microphone Apple iPhone 16e \t\t\t\t\t\t<\/span>\n\t\t\t\t\t\t\t\t\t\t\t\t\t\t\t\t\t\t\t\t\t\t\t\t<span class=\"elementor-price-list-price\">79 CHF<\/span>\n\t\t\t\t\t\t\t\t\t\t<\/div>\n\t\t\t\t\t\t\t\t\t\t\t\t<\/div>\n\t\t\t\t<\/a><\/li>\t\t\t\t\t\n\t\t<\/ul>\n\n\t\t\t\t\t\t<\/div>\n\t\t\t\t<\/div>\n\t\t\t\t<div class=\"elementor-element elementor-element-e72fb75 ha-has-bg-overlay elementor-widget elementor-widget-price-list\" data-id=\"e72fb75\" data-element_type=\"widget\" data-e-type=\"widget\" data-widget_type=\"price-list.default\">\n\t\t\t\t<div class=\"elementor-widget-container\">\n\t\t\t\t\t\n\t\t<ul class=\"elementor-price-list\">\n\n\t\t\t\t\t\t\t\t\t<li><a class=\"elementor-price-list-item\" href=\"#\">\t\t\t\t\n\t\t\t\t<div class=\"elementor-price-list-text\">\n\t\t\t\t\t\t\t\t\t<div class=\"elementor-price-list-header\">\n\t\t\t\t\t\t\t\t\t\t\t<span class=\"elementor-price-list-title\">\n\t\t\t\t\t\t\tR\u00e9paration du bouton Marche\/Arr\u00eat Apple iPhone 16e \t\t\t\t\t\t<\/span>\n\t\t\t\t\t\t\t\t\t\t\t\t\t\t\t\t\t\t\t\t\t\t\t\t<span class=\"elementor-price-list-price\"> 79 CHF<\/span>\n\t\t\t\t\t\t\t\t\t\t<\/div>\n\t\t\t\t\t\t\t\t\t\t\t\t<\/div>\n\t\t\t\t<\/a><\/li>\t\t\t\t\t\n\t\t<\/ul>\n\n\t\t\t\t\t\t<\/div>\n\t\t\t\t<\/div>\n\t\t\t\t<div class=\"elementor-element elementor-element-e2462bd ha-has-bg-overlay elementor-widget elementor-widget-price-list\" data-id=\"e2462bd\" data-element_type=\"widget\" data-e-type=\"widget\" data-widget_type=\"price-list.default\">\n\t\t\t\t<div class=\"elementor-widget-container\">\n\t\t\t\t\t\n\t\t<ul class=\"elementor-price-list\">\n\n\t\t\t\t\t\t\t\t\t<li><a class=\"elementor-price-list-item\" href=\"#\">\t\t\t\t\n\t\t\t\t<div class=\"elementor-price-list-text\">\n\t\t\t\t\t\t\t\t\t<div class=\"elementor-price-list-header\">\n\t\t\t\t\t\t\t\t\t\t\t<span class=\"elementor-price-list-title\">\n\t\t\t\t\t\t\tR\u00e9paration des boutons de volume Apple iPhone 16e \t\t\t\t\t\t<\/span>\n\t\t\t\t\t\t\t\t\t\t\t\t\t\t\t\t\t\t\t\t\t\t\t\t<span class=\"elementor-price-list-price\">79  CHF<\/span>\n\t\t\t\t\t\t\t\t\t\t<\/div>\n\t\t\t\t\t\t\t\t\t\t\t\t<\/div>\n\t\t\t\t<\/a><\/li>\t\t\t\t\t\n\t\t<\/ul>\n\n\t\t\t\t\t\t<\/div>\n\t\t\t\t<\/div>\n\t\t\t\t<div class=\"elementor-element elementor-element-cdb2850 ha-has-bg-overlay elementor-widget elementor-widget-price-list\" data-id=\"cdb2850\" data-element_type=\"widget\" data-e-type=\"widget\" data-widget_type=\"price-list.default\">\n\t\t\t\t<div class=\"elementor-widget-container\">\n\t\t\t\t\t\n\t\t<ul class=\"elementor-price-list\">\n\n\t\t\t\t\t\t\t\t\t<li><a class=\"elementor-price-list-item\" href=\"#\">\t\t\t\t\n\t\t\t\t<div class=\"elementor-price-list-text\">\n\t\t\t\t\t\t\t\t\t<div class=\"elementor-price-list-header\">\n\t\t\t\t\t\t\t\t\t\t\t<span class=\"elementor-price-list-title\">\n\t\t\t\t\t\t\tRemplacement du moteur de vibration Apple iPhone 16e \t\t\t\t\t\t<\/span>\n\t\t\t\t\t\t\t\t\t\t\t\t\t\t\t\t\t\t\t\t\t\t\t\t<span class=\"elementor-price-list-price\"> 79 CHF<\/span>\n\t\t\t\t\t\t\t\t\t\t<\/div>\n\t\t\t\t\t\t\t\t\t\t\t\t<\/div>\n\t\t\t\t<\/a><\/li>\t\t\t\t\t\n\t\t<\/ul>\n\n\t\t\t\t\t\t<\/div>\n\t\t\t\t<\/div>\n\t\t\t\t<div class=\"elementor-element elementor-element-d8a40d0 ha-has-bg-overlay elementor-widget elementor-widget-price-list\" data-id=\"d8a40d0\" data-element_type=\"widget\" data-e-type=\"widget\" data-widget_type=\"price-list.default\">\n\t\t\t\t<div class=\"elementor-widget-container\">\n\t\t\t\t\t\n\t\t<ul class=\"elementor-price-list\">\n\n\t\t\t\t\t\t\t\t\t<li><a class=\"elementor-price-list-item\" href=\"#\">\t\t\t\t\n\t\t\t\t<div class=\"elementor-price-list-text\">\n\t\t\t\t\t\t\t\t\t<div class=\"elementor-price-list-header\">\n\t\t\t\t\t\t\t\t\t\t\t<span class=\"elementor-price-list-title\">\n\t\t\t\t\t\t\tR\u00e9paration logicielle Apple iPhone 16e \t\t\t\t\t\t<\/span>\n\t\t\t\t\t\t\t\t\t\t\t\t\t\t\t\t\t\t\t\t\t\t\t\t<span class=\"elementor-price-list-price\">59 CHF<\/span>\n\t\t\t\t\t\t\t\t\t\t<\/div>\n\t\t\t\t\t\t\t\t\t\t\t\t<\/div>\n\t\t\t\t<\/a><\/li>\t\t\t\t\t\n\t\t<\/ul>\n\n\t\t\t\t\t\t<\/div>\n\t\t\t\t<\/div>\n\t\t\t\t<div class=\"elementor-element elementor-element-b72991c ha-has-bg-overlay elementor-widget elementor-widget-price-list\" data-id=\"b72991c\" data-element_type=\"widget\" data-e-type=\"widget\" data-widget_type=\"price-list.default\">\n\t\t\t\t<div class=\"elementor-widget-container\">\n\t\t\t\t\t\n\t\t<ul class=\"elementor-price-list\">\n\n\t\t\t\t\t\t\t\t\t<li><a class=\"elementor-price-list-item\" href=\"#\">\t\t\t\t\n\t\t\t\t<div class=\"elementor-price-list-text\">\n\t\t\t\t\t\t\t\t\t<div class=\"elementor-price-list-header\">\n\t\t\t\t\t\t\t\t\t\t\t<span class=\"elementor-price-list-title\">\n\t\t\t\t\t\t\tService de diagnostic Apple iPhone 16e\t\t\t\t\t\t<\/span>\n\t\t\t\t\t\t\t\t\t\t\t\t\t\t\t\t\t\t\t\t\t\t\t\t<span class=\"elementor-price-list-price\">29  CHF<\/span>\n\t\t\t\t\t\t\t\t\t\t<\/div>\n\t\t\t\t\t\t\t\t\t\t\t\t<\/div>\n\t\t\t\t<\/a><\/li>\t\t\t\t\t\n\t\t<\/ul>\n\n\t\t\t\t\t\t<\/div>\n\t\t\t\t<\/div>\n\t\t\t\t<div class=\"elementor-element elementor-element-5e2bca1 ha-has-bg-overlay elementor-widget elementor-widget-price-list\" data-id=\"5e2bca1\" data-element_type=\"widget\" data-e-type=\"widget\" data-widget_type=\"price-list.default\">\n\t\t\t\t<div class=\"elementor-widget-container\">\n\t\t\t\t\t\n\t\t<ul class=\"elementor-price-list\">\n\n\t\t\t\t\t\t\t\t\t<li><a class=\"elementor-price-list-item\" href=\"#\">\t\t\t\t\n\t\t\t\t<div class=\"elementor-price-list-text\">\n\t\t\t\t\t\t\t\t\t<div class=\"elementor-price-list-header\">\n\t\t\t\t\t\t\t\t\t\t\t<span class=\"elementor-price-list-title\">\n\t\t\t\t\t\t\tR\u00e9paration Face ID Apple iPhone 16e \t\t\t\t\t\t<\/span>\n\t\t\t\t\t\t\t\t\t\t\t\t\t\t\t\t\t\t\t\t\t\t\t\t<span class=\"elementor-price-list-price\">129  CHF<\/span>\n\t\t\t\t\t\t\t\t\t\t<\/div>\n\t\t\t\t\t\t\t\t\t\t\t\t<\/div>\n\t\t\t\t<\/a><\/li>\t\t\t\t\t\n\t\t<\/ul>\n\n\t\t\t\t\t\t<\/div>\n\t\t\t\t<\/div>\n\t\t\t\t<div class=\"elementor-element elementor-element-7cde3dd ha-has-bg-overlay elementor-widget elementor-widget-price-list\" data-id=\"7cde3dd\" data-element_type=\"widget\" data-e-type=\"widget\" data-widget_type=\"price-list.default\">\n\t\t\t\t<div class=\"elementor-widget-container\">\n\t\t\t\t\t\n\t\t<ul class=\"elementor-price-list\">\n\n\t\t\t\t\t\t\t\t\t<li><a class=\"elementor-price-list-item\" href=\"#\">\t\t\t\t\n\t\t\t\t<div class=\"elementor-price-list-text\">\n\t\t\t\t\t\t\t\t\t<div class=\"elementor-price-list-header\">\n\t\t\t\t\t\t\t\t\t\t\t<span class=\"elementor-price-list-title\">\n\t\t\t\t\t\t\tR\u00e9paration des d\u00e9g\u00e2ts caus\u00e9s par l'eau Apple iPhone 16e \t\t\t\t\t\t<\/span>\n\t\t\t\t\t\t\t\t\t\t\t\t\t\t\t\t\t\t\t\t\t\t\t\t<span class=\"elementor-price-list-price\"> 69 CHF<\/span>\n\t\t\t\t\t\t\t\t\t\t<\/div>\n\t\t\t\t\t\t\t\t\t\t\t\t<\/div>\n\t\t\t\t<\/a><\/li>\t\t\t\t\t\n\t\t<\/ul>\n\n\t\t\t\t\t\t<\/div>\n\t\t\t\t<\/div>\n\t\t\t\t<\/div>\n\t\t\t\t\t<\/div>\n\t\t\t\t<\/div>\n\t\t<div class=\"wd-negative-gap elementor-element elementor-element-53baed8 e-flex e-con-boxed e-con e-parent\" data-id=\"53baed8\" data-element_type=\"container\" data-e-type=\"container\" data-settings=\"{&quot;_ha_eqh_enable&quot;:false}\">\n\t\t\t\t\t<div class=\"e-con-inner\">\n\t\t<div class=\"elementor-element elementor-element-a35af09 e-con-full e-flex e-con e-child\" data-id=\"a35af09\" data-element_type=\"container\" data-e-type=\"container\" data-settings=\"{&quot;_ha_eqh_enable&quot;:false}\">\n\t\t\t\t<div class=\"elementor-element elementor-element-15d621b elementor-align-center ha-has-bg-overlay elementor-widget elementor-widget-elementskit-button\" data-id=\"15d621b\" data-element_type=\"widget\" data-e-type=\"widget\" data-widget_type=\"elementskit-button.default\">\n\t\t\t\t<div class=\"elementor-widget-container\">\n\t\t\t\t\t<div class=\"ekit-wid-con\" >\t\t<div class=\"ekit-btn-wraper\">\n\t\t\t\t\t\t\t<a href=\"https:\/\/repairandshop.ch\/fr\/apporter-pour-reparation\/\" class=\"elementskit-btn  whitespace--normal\" id=\"\">\n\t\t\t\t\t<i aria-hidden=\"true\" class=\"huge huge-maps-location-01\"><\/i>Apporter Pour R\u00e9paration\t\t\t\t<\/a>\n\t\t\t\t\t<\/div>\n        <\/div>\t\t\t\t<\/div>\n\t\t\t\t<\/div>\n\t\t\t\t<\/div>\n\t\t<div class=\"elementor-element elementor-element-9c3b370 e-con-full e-flex e-con e-child\" data-id=\"9c3b370\" data-element_type=\"container\" data-e-type=\"container\" data-settings=\"{&quot;_ha_eqh_enable&quot;:false}\">\n\t\t\t\t<div class=\"elementor-element elementor-element-2c6d3cc elementor-align-center elementor-widget elementor-widget-elementskit-button\" data-id=\"2c6d3cc\" data-element_type=\"widget\" data-e-type=\"widget\" data-widget_type=\"elementskit-button.default\">\n\t\t\t\t<div class=\"elementor-widget-container\">\n\t\t\t\t\t<div class=\"ekit-wid-con\" >\t\t<div class=\"ekit-btn-wraper\">\n\t\t\t\t\t\t\t<a href=\"https:\/\/repairandshop.ch\/fr\/envoyer-pour-reparation\/\" class=\"elementskit-btn  whitespace--normal\" id=\"\">\n\t\t\t\t\t<i aria-hidden=\"true\" class=\"huge huge-store-location-02\"><\/i>Envoyer Pour R\u00e9paration\t\t\t\t<\/a>\n\t\t\t\t\t<\/div>\n        <\/div>\t\t\t\t<\/div>\n\t\t\t\t<\/div>\n\t\t\t\t<\/div>\n\t\t\t\t\t<\/div>\n\t\t\t\t<\/div>\n\t\t<div class=\"wd-negative-gap elementor-element elementor-element-ec4caf1 e-flex e-con-boxed e-con e-parent\" data-id=\"ec4caf1\" data-element_type=\"container\" data-e-type=\"container\" data-settings=\"{&quot;_ha_eqh_enable&quot;:false}\">\n\t\t\t\t\t<div class=\"e-con-inner\">\n\t\t\t\t<div class=\"elementor-element elementor-element-03d3305 e-n-tabs-mobile elementor-widget elementor-widget-n-tabs\" data-id=\"03d3305\" data-element_type=\"widget\" data-e-type=\"widget\" data-widget_type=\"nested-tabs.default\">\n\t\t\t\t<div class=\"elementor-widget-container\">\n\t\t\t\t\t\t\t<div class=\"e-n-tabs\" data-widget-number=\"4010757\" aria-label=\"Onglets. Ouvrez des \u00e9l\u00e9ments avec Entrer ou Espace, fermez-les avec Echape et naviguez \u00e0 l&#039;aide des touches fl\u00e9ch\u00e9es.\">\n\t\t\t<div class=\"e-n-tabs-heading\" role=\"tablist\">\n\t\t\t\t\t<button id=\"e-n-tab-title-40107571\" data-tab-title-id=\"e-n-tab-title-40107571\" class=\"e-n-tab-title\" aria-selected=\"true\" data-tab-index=\"1\" role=\"tab\" tabindex=\"0\" aria-controls=\"e-n-tab-content-40107571\" style=\"--n-tabs-title-order: 1;\">\n\t\t\t\t\t<span class=\"e-n-tab-icon\">\n\t\t\t<svg aria-hidden=\"true\" class=\"e-font-icon-svg e-fas-tools\" viewBox=\"0 0 512 512\" xmlns=\"http:\/\/www.w3.org\/2000\/svg\"><path d=\"M501.1 395.7L384 278.6c-23.1-23.1-57.6-27.6-85.4-13.9L192 158.1V96L64 0 0 64l96 128h62.1l106.6 106.6c-13.6 27.8-9.2 62.3 13.9 85.4l117.1 117.1c14.6 14.6 38.2 14.6 52.7 0l52.7-52.7c14.5-14.6 14.5-38.2 0-52.7zM331.7 225c28.3 0 54.9 11 74.9 31l19.4 19.4c15.8-6.9 30.8-16.5 43.8-29.5 37.1-37.1 49.7-89.3 37.9-136.7-2.2-9-13.5-12.1-20.1-5.5l-74.4 74.4-67.9-11.3L334 98.9l74.4-74.4c6.6-6.6 3.4-17.9-5.7-20.2-47.4-11.7-99.6.9-136.6 37.9-28.5 28.5-41.9 66.1-41.2 103.6l82.1 82.1c8.1-1.9 16.5-2.9 24.7-2.9zm-103.9 82l-56.7-56.7L18.7 402.8c-25 25-25 65.5 0 90.5s65.5 25 90.5 0l123.6-123.6c-7.6-19.9-9.9-41.6-5-62.7zM64 472c-13.2 0-24-10.8-24-24 0-13.3 10.7-24 24-24s24 10.7 24 24c0 13.2-10.7 24-24 24z\"><\/path><\/svg>\t\t\t<svg aria-hidden=\"true\" class=\"e-font-icon-svg e-fas-tools\" viewBox=\"0 0 512 512\" xmlns=\"http:\/\/www.w3.org\/2000\/svg\"><path d=\"M501.1 395.7L384 278.6c-23.1-23.1-57.6-27.6-85.4-13.9L192 158.1V96L64 0 0 64l96 128h62.1l106.6 106.6c-13.6 27.8-9.2 62.3 13.9 85.4l117.1 117.1c14.6 14.6 38.2 14.6 52.7 0l52.7-52.7c14.5-14.6 14.5-38.2 0-52.7zM331.7 225c28.3 0 54.9 11 74.9 31l19.4 19.4c15.8-6.9 30.8-16.5 43.8-29.5 37.1-37.1 49.7-89.3 37.9-136.7-2.2-9-13.5-12.1-20.1-5.5l-74.4 74.4-67.9-11.3L334 98.9l74.4-74.4c6.6-6.6 3.4-17.9-5.7-20.2-47.4-11.7-99.6.9-136.6 37.9-28.5 28.5-41.9 66.1-41.2 103.6l82.1 82.1c8.1-1.9 16.5-2.9 24.7-2.9zm-103.9 82l-56.7-56.7L18.7 402.8c-25 25-25 65.5 0 90.5s65.5 25 90.5 0l123.6-123.6c-7.6-19.9-9.9-41.6-5-62.7zM64 472c-13.2 0-24-10.8-24-24 0-13.3 10.7-24 24-24s24 10.7 24 24c0 13.2-10.7 24-24 24z\"><\/path><\/svg>\t\t<\/span>\n\t\t\t\t\t<span class=\"e-n-tab-title-text\">\n\t\t\t\tDisplay \/ \u00c9cran\t\t\t<\/span>\n\t\t<\/button>\n\t\t\t\t<button id=\"e-n-tab-title-40107572\" data-tab-title-id=\"e-n-tab-title-40107572\" class=\"e-n-tab-title\" aria-selected=\"false\" data-tab-index=\"2\" role=\"tab\" tabindex=\"-1\" aria-controls=\"e-n-tab-content-40107572\" style=\"--n-tabs-title-order: 2;\">\n\t\t\t\t\t<span class=\"e-n-tab-icon\">\n\t\t\t<svg aria-hidden=\"true\" class=\"e-font-icon-svg e-fas-battery-three-quarters\" viewBox=\"0 0 640 512\" xmlns=\"http:\/\/www.w3.org\/2000\/svg\"><path d=\"M544 160v64h32v64h-32v64H64V160h480m16-64H48c-26.51 0-48 21.49-48 48v224c0 26.51 21.49 48 48 48h512c26.51 0 48-21.49 48-48v-16h8c13.255 0 24-10.745 24-24V184c0-13.255-10.745-24-24-24h-8v-16c0-26.51-21.49-48-48-48zm-144 96H96v128h320V192z\"><\/path><\/svg>\t\t\t<svg aria-hidden=\"true\" class=\"e-font-icon-svg e-fas-battery-three-quarters\" viewBox=\"0 0 640 512\" xmlns=\"http:\/\/www.w3.org\/2000\/svg\"><path d=\"M544 160v64h32v64h-32v64H64V160h480m16-64H48c-26.51 0-48 21.49-48 48v224c0 26.51 21.49 48 48 48h512c26.51 0 48-21.49 48-48v-16h8c13.255 0 24-10.745 24-24V184c0-13.255-10.745-24-24-24h-8v-16c0-26.51-21.49-48-48-48zm-144 96H96v128h320V192z\"><\/path><\/svg>\t\t<\/span>\n\t\t\t\t\t<span class=\"e-n-tab-title-text\">\n\t\t\t\tBatterie\t\t\t<\/span>\n\t\t<\/button>\n\t\t\t\t<button id=\"e-n-tab-title-40107573\" data-tab-title-id=\"e-n-tab-title-40107573\" class=\"e-n-tab-title\" aria-selected=\"false\" data-tab-index=\"3\" role=\"tab\" tabindex=\"-1\" aria-controls=\"e-n-tab-content-40107573\" style=\"--n-tabs-title-order: 3;\">\n\t\t\t\t\t<span class=\"e-n-tab-icon\">\n\t\t\t<svg aria-hidden=\"true\" class=\"e-font-icon-svg e-fas-charging-station\" viewBox=\"0 0 576 512\" xmlns=\"http:\/\/www.w3.org\/2000\/svg\"><path d=\"M336 448H16c-8.84 0-16 7.16-16 16v32c0 8.84 7.16 16 16 16h320c8.84 0 16-7.16 16-16v-32c0-8.84-7.16-16-16-16zm208-320V80c0-8.84-7.16-16-16-16s-16 7.16-16 16v48h-32V80c0-8.84-7.16-16-16-16s-16 7.16-16 16v48h-16c-8.84 0-16 7.16-16 16v32c0 35.76 23.62 65.69 56 75.93v118.49c0 13.95-9.5 26.92-23.26 29.19C431.22 402.5 416 388.99 416 372v-28c0-48.6-39.4-88-88-88h-8V64c0-35.35-28.65-64-64-64H96C60.65 0 32 28.65 32 64v352h288V304h8c22.09 0 40 17.91 40 40v24.61c0 39.67 28.92 75.16 68.41 79.01C481.71 452.05 520 416.41 520 372V251.93c32.38-10.24 56-40.17 56-75.93v-32c0-8.84-7.16-16-16-16h-16zm-283.91 47.76l-93.7 139c-2.2 3.33-6.21 5.24-10.39 5.24-7.67 0-13.47-6.28-11.67-12.92L167.35 224H108c-7.25 0-12.85-5.59-11.89-11.89l16-107C112.9 99.9 117.98 96 124 96h68c7.88 0 13.62 6.54 11.6 13.21L192 160h57.7c9.24 0 15.01 8.78 10.39 15.76z\"><\/path><\/svg>\t\t\t<svg aria-hidden=\"true\" class=\"e-font-icon-svg e-fas-charging-station\" viewBox=\"0 0 576 512\" xmlns=\"http:\/\/www.w3.org\/2000\/svg\"><path d=\"M336 448H16c-8.84 0-16 7.16-16 16v32c0 8.84 7.16 16 16 16h320c8.84 0 16-7.16 16-16v-32c0-8.84-7.16-16-16-16zm208-320V80c0-8.84-7.16-16-16-16s-16 7.16-16 16v48h-32V80c0-8.84-7.16-16-16-16s-16 7.16-16 16v48h-16c-8.84 0-16 7.16-16 16v32c0 35.76 23.62 65.69 56 75.93v118.49c0 13.95-9.5 26.92-23.26 29.19C431.22 402.5 416 388.99 416 372v-28c0-48.6-39.4-88-88-88h-8V64c0-35.35-28.65-64-64-64H96C60.65 0 32 28.65 32 64v352h288V304h8c22.09 0 40 17.91 40 40v24.61c0 39.67 28.92 75.16 68.41 79.01C481.71 452.05 520 416.41 520 372V251.93c32.38-10.24 56-40.17 56-75.93v-32c0-8.84-7.16-16-16-16h-16zm-283.91 47.76l-93.7 139c-2.2 3.33-6.21 5.24-10.39 5.24-7.67 0-13.47-6.28-11.67-12.92L167.35 224H108c-7.25 0-12.85-5.59-11.89-11.89l16-107C112.9 99.9 117.98 96 124 96h68c7.88 0 13.62 6.54 11.6 13.21L192 160h57.7c9.24 0 15.01 8.78 10.39 15.76z\"><\/path><\/svg>\t\t<\/span>\n\t\t\t\t\t<span class=\"e-n-tab-title-text\">\n\t\t\t\tConnecteur de charge \/ Ne charge plus?\t\t\t<\/span>\n\t\t<\/button>\n\t\t\t\t<button id=\"e-n-tab-title-40107574\" data-tab-title-id=\"e-n-tab-title-40107574\" class=\"e-n-tab-title\" aria-selected=\"false\" data-tab-index=\"4\" role=\"tab\" tabindex=\"-1\" aria-controls=\"e-n-tab-content-40107574\" style=\"--n-tabs-title-order: 4;\">\n\t\t\t\t\t<span class=\"e-n-tab-icon\">\n\t\t\t<i aria-hidden=\"true\" class=\"huge huge-ear\"><\/i>\t\t\t<i aria-hidden=\"true\" class=\"huge huge-ear\"><\/i>\t\t<\/span>\n\t\t\t\t\t<span class=\"e-n-tab-title-text\">\n\t\t\t\t\u00c9couteur Interne \/ Earpeace\t\t\t<\/span>\n\t\t<\/button>\n\t\t\t\t<button id=\"e-n-tab-title-40107575\" data-tab-title-id=\"e-n-tab-title-40107575\" class=\"e-n-tab-title\" aria-selected=\"false\" data-tab-index=\"5\" role=\"tab\" tabindex=\"-1\" aria-controls=\"e-n-tab-content-40107575\" style=\"--n-tabs-title-order: 5;\">\n\t\t\t\t\t<span class=\"e-n-tab-icon\">\n\t\t\t<i aria-hidden=\"true\" class=\"hm hm-speaker-on\"><\/i>\t\t\t<i aria-hidden=\"true\" class=\"hm hm-speaker-on\"><\/i>\t\t<\/span>\n\t\t\t\t\t<span class=\"e-n-tab-title-text\">\n\t\t\t\tHaut-Parleur \/ Speaker\t\t\t<\/span>\n\t\t<\/button>\n\t\t\t\t<button id=\"e-n-tab-title-40107576\" data-tab-title-id=\"e-n-tab-title-40107576\" class=\"e-n-tab-title\" aria-selected=\"false\" data-tab-index=\"6\" role=\"tab\" tabindex=\"-1\" aria-controls=\"e-n-tab-content-40107576\" style=\"--n-tabs-title-order: 6;\">\n\t\t\t\t\t<span class=\"e-n-tab-icon\">\n\t\t\t<svg aria-hidden=\"true\" class=\"e-font-icon-svg e-fas-camera\" viewBox=\"0 0 512 512\" xmlns=\"http:\/\/www.w3.org\/2000\/svg\"><path d=\"M512 144v288c0 26.5-21.5 48-48 48H48c-26.5 0-48-21.5-48-48V144c0-26.5 21.5-48 48-48h88l12.3-32.9c7-18.7 24.9-31.1 44.9-31.1h125.5c20 0 37.9 12.4 44.9 31.1L376 96h88c26.5 0 48 21.5 48 48zM376 288c0-66.2-53.8-120-120-120s-120 53.8-120 120 53.8 120 120 120 120-53.8 120-120zm-32 0c0 48.5-39.5 88-88 88s-88-39.5-88-88 39.5-88 88-88 88 39.5 88 88z\"><\/path><\/svg>\t\t\t<svg aria-hidden=\"true\" class=\"e-font-icon-svg e-fas-camera\" viewBox=\"0 0 512 512\" xmlns=\"http:\/\/www.w3.org\/2000\/svg\"><path d=\"M512 144v288c0 26.5-21.5 48-48 48H48c-26.5 0-48-21.5-48-48V144c0-26.5 21.5-48 48-48h88l12.3-32.9c7-18.7 24.9-31.1 44.9-31.1h125.5c20 0 37.9 12.4 44.9 31.1L376 96h88c26.5 0 48 21.5 48 48zM376 288c0-66.2-53.8-120-120-120s-120 53.8-120 120 53.8 120 120 120 120-53.8 120-120zm-32 0c0 48.5-39.5 88-88 88s-88-39.5-88-88 39.5-88 88-88 88 39.5 88 88z\"><\/path><\/svg>\t\t<\/span>\n\t\t\t\t\t<span class=\"e-n-tab-title-text\">\n\t\t\t\tCam\u00e9ra Principale \t\t\t<\/span>\n\t\t<\/button>\n\t\t\t\t<button id=\"e-n-tab-title-40107577\" data-tab-title-id=\"e-n-tab-title-40107577\" class=\"e-n-tab-title\" aria-selected=\"false\" data-tab-index=\"7\" role=\"tab\" tabindex=\"-1\" aria-controls=\"e-n-tab-content-40107577\" style=\"--n-tabs-title-order: 7;\">\n\t\t\t\t\t<span class=\"e-n-tab-icon\">\n\t\t\t<svg aria-hidden=\"true\" class=\"e-font-icon-svg e-fas-camera-retro\" viewBox=\"0 0 512 512\" xmlns=\"http:\/\/www.w3.org\/2000\/svg\"><path d=\"M48 32C21.5 32 0 53.5 0 80v352c0 26.5 21.5 48 48 48h416c26.5 0 48-21.5 48-48V80c0-26.5-21.5-48-48-48H48zm0 32h106c3.3 0 6 2.7 6 6v20c0 3.3-2.7 6-6 6H38c-3.3 0-6-2.7-6-6V80c0-8.8 7.2-16 16-16zm426 96H38c-3.3 0-6-2.7-6-6v-36c0-3.3 2.7-6 6-6h138l30.2-45.3c1.1-1.7 3-2.7 5-2.7H464c8.8 0 16 7.2 16 16v74c0 3.3-2.7 6-6 6zM256 424c-66.2 0-120-53.8-120-120s53.8-120 120-120 120 53.8 120 120-53.8 120-120 120zm0-208c-48.5 0-88 39.5-88 88s39.5 88 88 88 88-39.5 88-88-39.5-88-88-88zm-48 104c-8.8 0-16-7.2-16-16 0-35.3 28.7-64 64-64 8.8 0 16 7.2 16 16s-7.2 16-16 16c-17.6 0-32 14.4-32 32 0 8.8-7.2 16-16 16z\"><\/path><\/svg>\t\t\t<svg aria-hidden=\"true\" class=\"e-font-icon-svg e-fas-camera-retro\" viewBox=\"0 0 512 512\" xmlns=\"http:\/\/www.w3.org\/2000\/svg\"><path d=\"M48 32C21.5 32 0 53.5 0 80v352c0 26.5 21.5 48 48 48h416c26.5 0 48-21.5 48-48V80c0-26.5-21.5-48-48-48H48zm0 32h106c3.3 0 6 2.7 6 6v20c0 3.3-2.7 6-6 6H38c-3.3 0-6-2.7-6-6V80c0-8.8 7.2-16 16-16zm426 96H38c-3.3 0-6-2.7-6-6v-36c0-3.3 2.7-6 6-6h138l30.2-45.3c1.1-1.7 3-2.7 5-2.7H464c8.8 0 16 7.2 16 16v74c0 3.3-2.7 6-6 6zM256 424c-66.2 0-120-53.8-120-120s53.8-120 120-120 120 53.8 120 120-53.8 120-120 120zm0-208c-48.5 0-88 39.5-88 88s39.5 88 88 88 88-39.5 88-88-39.5-88-88-88zm-48 104c-8.8 0-16-7.2-16-16 0-35.3 28.7-64 64-64 8.8 0 16 7.2 16 16s-7.2 16-16 16c-17.6 0-32 14.4-32 32 0 8.8-7.2 16-16 16z\"><\/path><\/svg>\t\t<\/span>\n\t\t\t\t\t<span class=\"e-n-tab-title-text\">\n\t\t\t\tCam\u00e9ra Avant\t\t\t<\/span>\n\t\t<\/button>\n\t\t\t\t\t<\/div>\n\t\t\t<div class=\"e-n-tabs-content\">\n\t\t\t\t<div id=\"e-n-tab-content-40107571\" role=\"tabpanel\" aria-labelledby=\"e-n-tab-title-40107571\" data-tab-index=\"1\" style=\"--n-tabs-title-order: 1;\" class=\"e-active elementor-element elementor-element-9f8ec64 e-con-full e-flex e-con e-child\" data-id=\"9f8ec64\" data-element_type=\"container\" data-e-type=\"container\" data-settings=\"{&quot;_ha_eqh_enable&quot;:false}\">\n\t\t<div class=\"wd-negative-gap elementor-element elementor-element-b15eb23 e-flex e-con-boxed e-con e-child\" data-id=\"b15eb23\" data-element_type=\"container\" data-e-type=\"container\" data-settings=\"{&quot;_ha_eqh_enable&quot;:false}\">\n\t\t\t\t\t<div class=\"e-con-inner\">\n\t\t\t\t<div class=\"elementor-element elementor-element-2a6c713 color-scheme-inherit text-left elementor-widget elementor-widget-text-editor\" data-id=\"2a6c713\" data-element_type=\"widget\" data-e-type=\"widget\" data-widget_type=\"text-editor.default\">\n\t\t\t\t<div class=\"elementor-widget-container\">\n\t\t\t\t\t\t\t\t\t<h3>R\u00e9paration \u00e9cran \/ vitre \/ affichage Apple iPhone 16e \u2013 Une clart\u00e9 comme au premier jour<\/h3><p>Lorsque l\u2019\u00e9cran de votre <strong>Apple iPhone 16e<\/strong> pr\u00e9sente des fissures, des rayures profondes, des lignes verticales, des taches noires, des pixels morts ou un \u00e9cran qui ne r\u00e9pond plus au toucher, cela indique g\u00e9n\u00e9ralement que l\u2019ensemble de l\u2019\u00e9cran est endommag\u00e9, souvent \u00e0 la suite d\u2019une chute, d\u2019un choc ou d\u2019une forte pression. Sur l\u2019<strong>iPhone 16e<\/strong>, la vitre, la dalle OLED et le tactile sont assembl\u00e9s en un seul module, ce qui n\u00e9cessite un <strong>remplacement complet de l\u2019\u00e9cran<\/strong> pour retrouver toutes les performances d\u2019origine.<\/p><p>Lors de la <strong>r\u00e9paration \u00e9cran Apple iPhone 16e<\/strong>, nos techniciens certifi\u00e9s remplacent avec pr\u00e9cision le module d\u2019affichage complet, comprenant la vitre, l\u2019\u00e9cran OLED et la couche tactile, \u00e0 l\u2019aide d\u2019une pi\u00e8ce de haute qualit\u00e9 (\u00e9cran Apple d\u2019origine ou qualit\u00e9 premium). Cette intervention permet de restaurer une qualit\u00e9 d\u2019image exceptionnelle, des couleurs \u00e9clatantes, un contraste \u00e9lev\u00e9, une luminosit\u00e9 optimale et une r\u00e9activit\u00e9 tactile parfaitement fluide.<\/p><p>Notre service de <strong>r\u00e9paration Apple iPhone 16e<\/strong> est rapide, fiable et r\u00e9alis\u00e9 selon les normes les plus strictes. Nous utilisons des \u00e9quipements professionnels, des outils de pr\u00e9cision et une protection ESD afin de pr\u00e9server tous les composants \u00e9lectroniques de votre appareil. Apr\u00e8s chaque r\u00e9paration, nous effectuons une s\u00e9rie de tests complets pour v\u00e9rifier le bon fonctionnement de l\u2019\u00e9cran tactile, de l\u2019affichage, de la luminosit\u00e9, des capteurs et des autres fonctions essentielles. Toutes nos r\u00e9parations sont couvertes par une garantie sur les pi\u00e8ces et la main-d\u2019\u0153uvre.<\/p><p>\u26a0\ufe0f Nous d\u00e9conseillons fortement toute tentative de remplacer l\u2019\u00e9cran de votre <strong>Apple iPhone 16e<\/strong> vous-m\u00eame. Les composants internes de l\u2019iPhone sont particuli\u00e8rement sensibles et une mauvaise manipulation peut endommager la carte m\u00e8re, les nappes de connexion ou d&rsquo;autres \u00e9l\u00e9ments, entra\u00eenant des r\u00e9parations beaucoup plus co\u00fbteuses.<\/p><p>Gr\u00e2ce \u00e0 notre <strong>remplacement \u00e9cran Apple iPhone 16e<\/strong> professionnel, votre smartphone retrouve un affichage parfaitement net, une excellente r\u00e9activit\u00e9 tactile et une finition impeccable, comme au premier jour, m\u00eame apr\u00e8s un \u00e9cran cass\u00e9.<\/p>\t\t\t\t\t\t\t\t<\/div>\n\t\t\t\t<\/div>\n\t\t<div class=\"elementor-element elementor-element-91b8999 e-con-full e-flex e-con e-child\" data-id=\"91b8999\" data-element_type=\"container\" data-e-type=\"container\" data-settings=\"{&quot;_ha_eqh_enable&quot;:false}\">\n\t\t<div class=\"elementor-element elementor-element-c84c589 e-con-full e-flex e-con e-child\" data-id=\"c84c589\" data-element_type=\"container\" data-e-type=\"container\" data-settings=\"{&quot;_ha_eqh_enable&quot;:false}\">\n\t\t\t\t<div class=\"elementor-element elementor-element-6dc6a06 elementor-align-center ha-has-bg-overlay elementor-widget elementor-widget-elementskit-button\" data-id=\"6dc6a06\" data-element_type=\"widget\" data-e-type=\"widget\" data-widget_type=\"elementskit-button.default\">\n\t\t\t\t<div class=\"elementor-widget-container\">\n\t\t\t\t\t<div class=\"ekit-wid-con\" >\t\t<div class=\"ekit-btn-wraper\">\n\t\t\t\t\t\t\t<a href=\"https:\/\/repairandshop.ch\/fr\/reparation-sur-place\/\" class=\"elementskit-btn  whitespace--normal\" id=\"\">\n\t\t\t\t\tR\u00e9paration Sur Place\t\t\t\t<\/a>\n\t\t\t\t\t<\/div>\n        <\/div>\t\t\t\t<\/div>\n\t\t\t\t<\/div>\n\t\t\t\t<\/div>\n\t\t<div class=\"elementor-element elementor-element-10425e0 e-con-full e-flex e-con e-child\" data-id=\"10425e0\" data-element_type=\"container\" data-e-type=\"container\" data-settings=\"{&quot;_ha_eqh_enable&quot;:false}\">\n\t\t\t\t<div class=\"elementor-element elementor-element-507907e elementor-align-center ha-has-bg-overlay elementor-widget elementor-widget-elementskit-button\" data-id=\"507907e\" data-element_type=\"widget\" data-e-type=\"widget\" data-widget_type=\"elementskit-button.default\">\n\t\t\t\t<div class=\"elementor-widget-container\">\n\t\t\t\t\t<div class=\"ekit-wid-con\" >\t\t<div class=\"ekit-btn-wraper\">\n\t\t\t\t\t\t\t<a href=\"https:\/\/repairandshop.ch\/fr\/reparation-par-courrier\" class=\"elementskit-btn  whitespace--normal\" id=\"\">\n\t\t\t\t\tR\u00e9paration Par Courrier\t\t\t\t<\/a>\n\t\t\t\t\t<\/div>\n        <\/div>\t\t\t\t<\/div>\n\t\t\t\t<\/div>\n\t\t\t\t<\/div>\n\t\t\t\t<\/div>\n\t\t\t\t\t<\/div>\n\t\t\t\t<\/div>\n\t\t\t\t<\/div>\n\t\t<div id=\"e-n-tab-content-40107572\" role=\"tabpanel\" aria-labelledby=\"e-n-tab-title-40107572\" data-tab-index=\"2\" style=\"--n-tabs-title-order: 2;\" class=\" elementor-element elementor-element-400cdaf e-con-full e-flex e-con e-child\" data-id=\"400cdaf\" data-element_type=\"container\" data-e-type=\"container\" data-settings=\"{&quot;_ha_eqh_enable&quot;:false}\">\n\t\t<div class=\"wd-negative-gap elementor-element elementor-element-e107f93 e-flex e-con-boxed e-con e-child\" data-id=\"e107f93\" data-element_type=\"container\" data-e-type=\"container\" data-settings=\"{&quot;_ha_eqh_enable&quot;:false}\">\n\t\t\t\t\t<div class=\"e-con-inner\">\n\t\t\t\t<div class=\"elementor-element elementor-element-19c6af4 color-scheme-inherit text-left elementor-widget elementor-widget-text-editor\" data-id=\"19c6af4\" data-element_type=\"widget\" data-e-type=\"widget\" data-widget_type=\"text-editor.default\">\n\t\t\t\t<div class=\"elementor-widget-container\">\n\t\t\t\t\t\t\t\t\t<h3>Changement batterie Apple iPhone 16e \u2013 Remplacement de la batterie<\/h3><p>Le <strong>changement de batterie Apple iPhone 16e<\/strong> est l\u2019une des r\u00e9parations les plus importantes pour pr\u00e9server les performances et l\u2019autonomie de votre smartphone. La batterie est un composant soumis \u00e0 une usure naturelle et, avec le temps, sa capacit\u00e9 diminue. Dans des conditions normales d\u2019utilisation, votre <strong>Apple iPhone 16e<\/strong> devrait tenir une journ\u00e9e compl\u00e8te. En revanche, si vous devez le recharger plusieurs fois par jour, si la batterie se d\u00e9charge rapidement ou si l\u2019appareil s\u2019\u00e9teint de mani\u00e8re inattendue, un <strong>remplacement de batterie<\/strong> est g\u00e9n\u00e9ralement n\u00e9cessaire.<\/p><p>Les causes les plus fr\u00e9quentes d\u2019une batterie d\u00e9fectueuse sont le vieillissement naturel, les cycles de charge r\u00e9p\u00e9t\u00e9s, les temp\u00e9ratures \u00e9lev\u00e9es, une utilisation intensive ou une capacit\u00e9 de batterie inf\u00e9rieure \u00e0 80 %. Pour \u00e9viter les pertes d\u2019autonomie, les ralentissements du syst\u00e8me ou les arr\u00eats inopin\u00e9s, un <strong>remplacement de batterie Apple iPhone 16e<\/strong> r\u00e9alis\u00e9 par des professionnels est la meilleure solution.<\/p><p>Dans notre atelier sp\u00e9cialis\u00e9 en <strong>r\u00e9paration Apple iPhone 16e<\/strong>, nous effectuons un diagnostic complet de l\u2019\u00e9tat de la batterie avant toute intervention. Si son remplacement est n\u00e9cessaire, nous installons une batterie Apple d\u2019origine ou de qualit\u00e9 premium afin de restaurer une autonomie optimale, une recharge rapide et des performances fiables au quotidien.<\/p><p>Toutes nos r\u00e9parations sont r\u00e9alis\u00e9es rapidement, avec soin et \u00e0 l\u2019aide d\u2019outils professionnels respectant les normes de s\u00e9curit\u00e9 Apple. Apr\u00e8s chaque intervention, nous effectuons des tests complets afin de v\u00e9rifier le bon fonctionnement de la batterie, de la recharge et des performances g\u00e9n\u00e9rales de l\u2019appareil. Toutes nos r\u00e9parations sont couvertes par une garantie sur les pi\u00e8ces et la main-d\u2019\u0153uvre.<\/p><p>Gr\u00e2ce \u00e0 notre <strong>changement de batterie Apple iPhone 16e<\/strong> professionnel, votre iPhone retrouve une excellente autonomie, une consommation d\u2019\u00e9nergie optimis\u00e9e et des performances fluides, pour une utilisation fiable comme au premier jour.<\/p>\t\t\t\t\t\t\t\t<\/div>\n\t\t\t\t<\/div>\n\t\t\t\t\t<\/div>\n\t\t\t\t<\/div>\n\t\t<div class=\"elementor-element elementor-element-52b9be8 e-con-full e-flex e-con e-child\" data-id=\"52b9be8\" data-element_type=\"container\" data-e-type=\"container\" data-settings=\"{&quot;_ha_eqh_enable&quot;:false}\">\n\t\t<div class=\"elementor-element elementor-element-e15060d e-con-full e-flex e-con e-child\" data-id=\"e15060d\" data-element_type=\"container\" data-e-type=\"container\" data-settings=\"{&quot;_ha_eqh_enable&quot;:false}\">\n\t\t\t\t<div class=\"elementor-element elementor-element-4e63e07 elementor-align-center ha-has-bg-overlay elementor-widget elementor-widget-elementskit-button\" data-id=\"4e63e07\" data-element_type=\"widget\" data-e-type=\"widget\" data-widget_type=\"elementskit-button.default\">\n\t\t\t\t<div class=\"elementor-widget-container\">\n\t\t\t\t\t<div class=\"ekit-wid-con\" >\t\t<div class=\"ekit-btn-wraper\">\n\t\t\t\t\t\t\t<a href=\"https:\/\/repairandshop.ch\/fr\/reparation-sur-place\/\" class=\"elementskit-btn  whitespace--normal\" id=\"\">\n\t\t\t\t\tR\u00e9paration Sur Place\t\t\t\t<\/a>\n\t\t\t\t\t<\/div>\n        <\/div>\t\t\t\t<\/div>\n\t\t\t\t<\/div>\n\t\t\t\t<\/div>\n\t\t<div class=\"elementor-element elementor-element-db050f1 e-con-full e-flex e-con e-child\" data-id=\"db050f1\" data-element_type=\"container\" data-e-type=\"container\" data-settings=\"{&quot;_ha_eqh_enable&quot;:false}\">\n\t\t\t\t<div class=\"elementor-element elementor-element-51672f1 elementor-align-center ha-has-bg-overlay elementor-widget elementor-widget-elementskit-button\" data-id=\"51672f1\" data-element_type=\"widget\" data-e-type=\"widget\" data-widget_type=\"elementskit-button.default\">\n\t\t\t\t<div class=\"elementor-widget-container\">\n\t\t\t\t\t<div class=\"ekit-wid-con\" >\t\t<div class=\"ekit-btn-wraper\">\n\t\t\t\t\t\t\t<a href=\"https:\/\/repairandshop.ch\/fr\/reparation-par-courrier\" class=\"elementskit-btn  whitespace--normal\" id=\"\">\n\t\t\t\t\tR\u00e9paration Par Courrier\t\t\t\t<\/a>\n\t\t\t\t\t<\/div>\n        <\/div>\t\t\t\t<\/div>\n\t\t\t\t<\/div>\n\t\t\t\t<\/div>\n\t\t\t\t<\/div>\n\t\t\t\t<\/div>\n\t\t<div id=\"e-n-tab-content-40107573\" role=\"tabpanel\" aria-labelledby=\"e-n-tab-title-40107573\" data-tab-index=\"3\" style=\"--n-tabs-title-order: 3;\" class=\" elementor-element elementor-element-c95acc1 e-con-full e-flex e-con e-child\" data-id=\"c95acc1\" data-element_type=\"container\" data-e-type=\"container\" data-settings=\"{&quot;_ha_eqh_enable&quot;:false}\">\n\t\t<div class=\"wd-negative-gap elementor-element elementor-element-eb70ae2 e-flex e-con-boxed e-con e-child\" data-id=\"eb70ae2\" data-element_type=\"container\" data-e-type=\"container\" data-settings=\"{&quot;_ha_eqh_enable&quot;:false}\">\n\t\t\t\t\t<div class=\"e-con-inner\">\n\t\t\t\t<div class=\"elementor-element elementor-element-52428ce color-scheme-inherit text-left elementor-widget elementor-widget-text-editor\" data-id=\"52428ce\" data-element_type=\"widget\" data-e-type=\"widget\" data-widget_type=\"text-editor.default\">\n\t\t\t\t<div class=\"elementor-widget-container\">\n\t\t\t\t\t\t\t\t\t<h3>R\u00e9paration du connecteur de charge Apple iPhone 16e \u2013 Remplacement du port de charge<\/h3><p>Si votre <strong>Apple iPhone 16e<\/strong> ne se recharge plus correctement, pr\u00e9sente une charge lente ou intermittente, ne reconna\u00eet plus le c\u00e2ble, affiche des messages d\u2019erreur ou rencontre des probl\u00e8mes de synchronisation avec un ordinateur, une <strong>r\u00e9paration du connecteur de charge<\/strong> peut \u00eatre n\u00e9cessaire.<\/p><p>Les causes les plus fr\u00e9quentes sont l\u2019accumulation de poussi\u00e8re, de peluches ou de salet\u00e9s dans le port de charge, l\u2019usure des contacts, la corrosion due \u00e0 l\u2019humidit\u00e9 ou des dommages provoqu\u00e9s par une chute ou un choc. Ces probl\u00e8mes peuvent emp\u00eacher votre <strong>Apple iPhone 16e<\/strong> de se recharger correctement ou de transf\u00e9rer des donn\u00e9es de mani\u00e8re fiable.<\/p><p>Notre service professionnel de <strong>r\u00e9paration du connecteur de charge Apple iPhone 16e<\/strong> commence par un diagnostic complet afin d\u2019identifier pr\u00e9cis\u00e9ment l\u2019origine de la panne. Si un simple nettoyage ne suffit pas, nos techniciens remplacent le connecteur de charge \u00e0 l\u2019aide d\u2019une pi\u00e8ce Apple d\u2019origine ou de qualit\u00e9 premium, garantissant une recharge stable, une connexion fiable et un fonctionnement optimal.<\/p><p>Toutes nos r\u00e9parations sont effectu\u00e9es avec des outils de pr\u00e9cision et dans le respect des normes de qualit\u00e9 les plus strictes. Apr\u00e8s chaque intervention, nous r\u00e9alisons des tests complets pour v\u00e9rifier le bon fonctionnement de la recharge, du transfert de donn\u00e9es et des autres composants li\u00e9s. Toutes nos r\u00e9parations sont couvertes par une garantie sur les pi\u00e8ces et la main-d\u2019\u0153uvre.<\/p><p>Gr\u00e2ce \u00e0 notre <strong>remplacement du connecteur de charge Apple iPhone 16e<\/strong>, votre iPhone retrouve une recharge rapide et stable, une synchronisation fiable avec vos appareils et des performances optimales au quotidien.<\/p>\t\t\t\t\t\t\t\t<\/div>\n\t\t\t\t<\/div>\n\t\t\t\t\t<\/div>\n\t\t\t\t<\/div>\n\t\t<div class=\"elementor-element elementor-element-36a829e e-con-full e-flex e-con e-child\" data-id=\"36a829e\" data-element_type=\"container\" data-e-type=\"container\" data-settings=\"{&quot;_ha_eqh_enable&quot;:false}\">\n\t\t<div class=\"elementor-element elementor-element-79f4a9f e-con-full e-flex e-con e-child\" data-id=\"79f4a9f\" data-element_type=\"container\" data-e-type=\"container\" data-settings=\"{&quot;_ha_eqh_enable&quot;:false}\">\n\t\t\t\t<div class=\"elementor-element elementor-element-554a866 elementor-align-center ha-has-bg-overlay elementor-widget elementor-widget-elementskit-button\" data-id=\"554a866\" data-element_type=\"widget\" data-e-type=\"widget\" data-widget_type=\"elementskit-button.default\">\n\t\t\t\t<div class=\"elementor-widget-container\">\n\t\t\t\t\t<div class=\"ekit-wid-con\" >\t\t<div class=\"ekit-btn-wraper\">\n\t\t\t\t\t\t\t<a href=\"https:\/\/repairandshop.ch\/fr\/reparation-sur-place\/\" class=\"elementskit-btn  whitespace--normal\" id=\"\">\n\t\t\t\t\tR\u00e9paration Sur Place\t\t\t\t<\/a>\n\t\t\t\t\t<\/div>\n        <\/div>\t\t\t\t<\/div>\n\t\t\t\t<\/div>\n\t\t\t\t<\/div>\n\t\t<div class=\"elementor-element elementor-element-c65ad48 e-con-full e-flex e-con e-child\" data-id=\"c65ad48\" data-element_type=\"container\" data-e-type=\"container\" data-settings=\"{&quot;_ha_eqh_enable&quot;:false}\">\n\t\t\t\t<div class=\"elementor-element elementor-element-c36daa6 elementor-align-center ha-has-bg-overlay elementor-widget elementor-widget-elementskit-button\" data-id=\"c36daa6\" data-element_type=\"widget\" data-e-type=\"widget\" data-widget_type=\"elementskit-button.default\">\n\t\t\t\t<div class=\"elementor-widget-container\">\n\t\t\t\t\t<div class=\"ekit-wid-con\" >\t\t<div class=\"ekit-btn-wraper\">\n\t\t\t\t\t\t\t<a href=\"https:\/\/repairandshop.ch\/fr\/reparation-par-courrier\" class=\"elementskit-btn  whitespace--normal\" id=\"\">\n\t\t\t\t\tR\u00e9paration Par Courrier\t\t\t\t<\/a>\n\t\t\t\t\t<\/div>\n        <\/div>\t\t\t\t<\/div>\n\t\t\t\t<\/div>\n\t\t\t\t<\/div>\n\t\t\t\t<\/div>\n\t\t\t\t<\/div>\n\t\t<div id=\"e-n-tab-content-40107574\" role=\"tabpanel\" aria-labelledby=\"e-n-tab-title-40107574\" data-tab-index=\"4\" style=\"--n-tabs-title-order: 4;\" class=\" elementor-element elementor-element-43143e1 e-con-full e-flex e-con e-child\" data-id=\"43143e1\" data-element_type=\"container\" data-e-type=\"container\" data-settings=\"{&quot;_ha_eqh_enable&quot;:false}\">\n\t\t<div class=\"wd-negative-gap elementor-element elementor-element-ca3493c e-flex e-con-boxed e-con e-child\" data-id=\"ca3493c\" data-element_type=\"container\" data-e-type=\"container\" data-settings=\"{&quot;_ha_eqh_enable&quot;:false}\">\n\t\t\t\t\t<div class=\"e-con-inner\">\n\t\t\t\t<div class=\"elementor-element elementor-element-8ea3c33 color-scheme-inherit text-left elementor-widget elementor-widget-text-editor\" data-id=\"8ea3c33\" data-element_type=\"widget\" data-e-type=\"widget\" data-widget_type=\"text-editor.default\">\n\t\t\t\t<div class=\"elementor-widget-container\">\n\t\t\t\t\t\t\t\t\t<h3>R\u00e9paration de l\u2019\u00e9couteur Apple iPhone 16e \u2013 Remplacement de l\u2019oreillette<\/h3><p>Si vous rencontrez des probl\u00e8mes de son lors de vos appels sur votre <strong>Apple iPhone 16e<\/strong>, tels qu\u2019un volume tr\u00e8s faible, des gr\u00e9sillements, un son d\u00e9form\u00e9 ou l\u2019impossibilit\u00e9 d\u2019entendre votre interlocuteur, une <strong>r\u00e9paration de l\u2019\u00e9couteur (oreillette)<\/strong> peut \u00eatre n\u00e9cessaire. Ces dysfonctionnements sont g\u00e9n\u00e9ralement caus\u00e9s par l\u2019accumulation de poussi\u00e8re ou de salet\u00e9s, une infiltration d\u2019humidit\u00e9, un choc ou une d\u00e9faillance du module haut-parleur interne.<\/p><p>Notre service professionnel de <strong>r\u00e9paration de l\u2019\u00e9couteur Apple iPhone 16e<\/strong> commence par un diagnostic complet afin de d\u00e9terminer si un nettoyage sp\u00e9cialis\u00e9 est suffisant ou si le remplacement de l\u2019oreillette est n\u00e9cessaire. Si le composant est endommag\u00e9, nos techniciens remplacent le module avec une pi\u00e8ce Apple d\u2019origine ou de qualit\u00e9 premium afin de restaurer une qualit\u00e9 sonore optimale.<\/p><p>Gr\u00e2ce \u00e0 cette intervention, vous retrouvez un son clair, puissant et sans distorsion lors de vos appels t\u00e9l\u00e9phoniques, de vos conversations FaceTime, de vos messages vocaux et de toutes vos communications audio.<\/p><p>Toutes nos r\u00e9parations sont r\u00e9alis\u00e9es avec des outils de pr\u00e9cision, selon des proc\u00e9dures professionnelles et dans le respect des normes de qualit\u00e9 les plus strictes. Apr\u00e8s chaque intervention, nous effectuons une s\u00e9rie de tests complets afin de v\u00e9rifier le bon fonctionnement de l\u2019\u00e9couteur et des autres composants audio de votre iPhone. Toutes nos r\u00e9parations sont couvertes par une garantie sur les pi\u00e8ces et la main-d\u2019\u0153uvre.<\/p><p>Gr\u00e2ce \u00e0 notre <strong>remplacement de l\u2019\u00e9couteur Apple iPhone 16e<\/strong>, votre iPhone retrouve une qualit\u00e9 audio exceptionnelle et des appels parfaitement audibles, pour une exp\u00e9rience utilisateur identique \u00e0 celle d\u2019un appareil neuf.<\/p>\t\t\t\t\t\t\t\t<\/div>\n\t\t\t\t<\/div>\n\t\t\t\t\t<\/div>\n\t\t\t\t<\/div>\n\t\t<div class=\"elementor-element elementor-element-258edcb e-con-full e-flex e-con e-child\" data-id=\"258edcb\" data-element_type=\"container\" data-e-type=\"container\" data-settings=\"{&quot;_ha_eqh_enable&quot;:false}\">\n\t\t<div class=\"elementor-element elementor-element-354220a e-con-full e-flex e-con e-child\" data-id=\"354220a\" data-element_type=\"container\" data-e-type=\"container\" data-settings=\"{&quot;_ha_eqh_enable&quot;:false}\">\n\t\t\t\t<div class=\"elementor-element elementor-element-ead4aea elementor-align-center ha-has-bg-overlay elementor-widget elementor-widget-elementskit-button\" data-id=\"ead4aea\" data-element_type=\"widget\" data-e-type=\"widget\" data-widget_type=\"elementskit-button.default\">\n\t\t\t\t<div class=\"elementor-widget-container\">\n\t\t\t\t\t<div class=\"ekit-wid-con\" >\t\t<div class=\"ekit-btn-wraper\">\n\t\t\t\t\t\t\t<a href=\"https:\/\/repairandshop.ch\/fr\/reparation-sur-place\/\" class=\"elementskit-btn  whitespace--normal\" id=\"\">\n\t\t\t\t\tR\u00e9paration Sur Place\t\t\t\t<\/a>\n\t\t\t\t\t<\/div>\n        <\/div>\t\t\t\t<\/div>\n\t\t\t\t<\/div>\n\t\t\t\t<\/div>\n\t\t<div class=\"elementor-element elementor-element-223c0ba e-con-full e-flex e-con e-child\" data-id=\"223c0ba\" data-element_type=\"container\" data-e-type=\"container\" data-settings=\"{&quot;_ha_eqh_enable&quot;:false}\">\n\t\t\t\t<div class=\"elementor-element elementor-element-2918402 elementor-align-center ha-has-bg-overlay elementor-widget elementor-widget-elementskit-button\" data-id=\"2918402\" data-element_type=\"widget\" data-e-type=\"widget\" data-widget_type=\"elementskit-button.default\">\n\t\t\t\t<div class=\"elementor-widget-container\">\n\t\t\t\t\t<div class=\"ekit-wid-con\" >\t\t<div class=\"ekit-btn-wraper\">\n\t\t\t\t\t\t\t<a href=\"https:\/\/repairandshop.ch\/fr\/reparation-par-courrier\" class=\"elementskit-btn  whitespace--normal\" id=\"\">\n\t\t\t\t\tR\u00e9paration Par Courrier\t\t\t\t<\/a>\n\t\t\t\t\t<\/div>\n        <\/div>\t\t\t\t<\/div>\n\t\t\t\t<\/div>\n\t\t\t\t<\/div>\n\t\t\t\t<\/div>\n\t\t\t\t<\/div>\n\t\t<div id=\"e-n-tab-content-40107575\" role=\"tabpanel\" aria-labelledby=\"e-n-tab-title-40107575\" data-tab-index=\"5\" style=\"--n-tabs-title-order: 5;\" class=\" elementor-element elementor-element-581ceee e-con-full e-flex e-con e-child\" data-id=\"581ceee\" data-element_type=\"container\" data-e-type=\"container\" data-settings=\"{&quot;_ha_eqh_enable&quot;:false}\">\n\t\t<div class=\"wd-negative-gap elementor-element elementor-element-483734b e-flex e-con-boxed e-con e-child\" data-id=\"483734b\" data-element_type=\"container\" data-e-type=\"container\" data-settings=\"{&quot;_ha_eqh_enable&quot;:false}\">\n\t\t\t\t\t<div class=\"e-con-inner\">\n\t\t\t\t<div class=\"elementor-element elementor-element-6b7de81 color-scheme-inherit text-left elementor-widget elementor-widget-text-editor\" data-id=\"6b7de81\" data-element_type=\"widget\" data-e-type=\"widget\" data-widget_type=\"text-editor.default\">\n\t\t\t\t<div class=\"elementor-widget-container\">\n\t\t\t\t\t\t\t\t\t<h3>R\u00e9paration du haut-parleur Apple iPhone 16e \u2013 Remplacement du speaker<\/h3><p>Si le haut-parleur de votre <strong>Apple iPhone 16e<\/strong> produit un son faible, d\u00e9form\u00e9, gr\u00e9sillant ou ne fonctionne plus du tout, une <strong>r\u00e9paration du haut-parleur<\/strong> peut \u00eatre n\u00e9cessaire. Ce type de probl\u00e8me se manifeste souvent lors des appels en mode haut-parleur, de l\u2019\u00e9coute de musique, du visionnage de vid\u00e9os, des notifications ou des conversations FaceTime, lorsque le son perd en qualit\u00e9 ou dispara\u00eet compl\u00e8tement.<\/p><p>Les causes les plus fr\u00e9quentes sont l\u2019accumulation de poussi\u00e8re, de salet\u00e9s ou de peluches dans la grille du haut-parleur, l\u2019exposition \u00e0 l\u2019humidit\u00e9, les dommages caus\u00e9s par une chute, l\u2019usure du module audio ou, plus rarement, un dysfonctionnement logiciel. M\u00eame de petites particules peuvent alt\u00e9rer la qualit\u00e9 sonore et provoquer des gr\u00e9sillements ou une baisse importante du volume.<\/p><p>Notre service professionnel de <strong>r\u00e9paration du haut-parleur Apple iPhone 16e<\/strong> commence par un diagnostic complet afin d\u2019identifier pr\u00e9cis\u00e9ment l\u2019origine de la panne. Si un nettoyage sp\u00e9cialis\u00e9 ne suffit pas, nos techniciens remplacent le module haut-parleur \u00e0 l\u2019aide d\u2019une pi\u00e8ce Apple d\u2019origine ou de qualit\u00e9 premium, garantissant une restitution sonore claire, puissante et sans distorsion.<\/p><p>Toutes les r\u00e9parations sont r\u00e9alis\u00e9es avec des \u00e9quipements professionnels et des outils de pr\u00e9cision afin de pr\u00e9server l\u2019int\u00e9grit\u00e9 de votre appareil. Apr\u00e8s chaque intervention, nous effectuons une s\u00e9rie de tests complets pour v\u00e9rifier le fonctionnement du haut-parleur, des appels, des notifications, de FaceTime et de la lecture multim\u00e9dia. Toutes nos r\u00e9parations sont couvertes par une garantie sur les pi\u00e8ces et la main-d\u2019\u0153uvre.<\/p><p>Gr\u00e2ce \u00e0 notre <strong>remplacement du haut-parleur Apple iPhone 16e<\/strong>, votre iPhone retrouve une qualit\u00e9 audio optimale, un volume puissant et un son parfaitement clair pour tous vos appels, vos vid\u00e9os et votre musique, comme au premier jour.<\/p>\t\t\t\t\t\t\t\t<\/div>\n\t\t\t\t<\/div>\n\t\t<div class=\"elementor-element elementor-element-bc6078b e-con-full e-flex e-con e-child\" data-id=\"bc6078b\" data-element_type=\"container\" data-e-type=\"container\" data-settings=\"{&quot;_ha_eqh_enable&quot;:false}\">\n\t\t<div class=\"elementor-element elementor-element-3f58b3c e-con-full e-flex e-con e-child\" data-id=\"3f58b3c\" data-element_type=\"container\" data-e-type=\"container\" data-settings=\"{&quot;_ha_eqh_enable&quot;:false}\">\n\t\t\t\t<div class=\"elementor-element elementor-element-9e2de42 elementor-align-center ha-has-bg-overlay elementor-widget elementor-widget-elementskit-button\" data-id=\"9e2de42\" data-element_type=\"widget\" data-e-type=\"widget\" data-widget_type=\"elementskit-button.default\">\n\t\t\t\t<div class=\"elementor-widget-container\">\n\t\t\t\t\t<div class=\"ekit-wid-con\" >\t\t<div class=\"ekit-btn-wraper\">\n\t\t\t\t\t\t\t<a href=\"https:\/\/repairandshop.ch\/fr\/reparation-sur-place\/\" class=\"elementskit-btn  whitespace--normal\" id=\"\">\n\t\t\t\t\tR\u00e9paration Sur Place\t\t\t\t<\/a>\n\t\t\t\t\t<\/div>\n        <\/div>\t\t\t\t<\/div>\n\t\t\t\t<\/div>\n\t\t\t\t<\/div>\n\t\t<div class=\"elementor-element elementor-element-424c421 e-con-full e-flex e-con e-child\" data-id=\"424c421\" data-element_type=\"container\" data-e-type=\"container\" data-settings=\"{&quot;_ha_eqh_enable&quot;:false}\">\n\t\t\t\t<div class=\"elementor-element elementor-element-943bb6c elementor-align-center ha-has-bg-overlay elementor-widget elementor-widget-elementskit-button\" data-id=\"943bb6c\" data-element_type=\"widget\" data-e-type=\"widget\" data-widget_type=\"elementskit-button.default\">\n\t\t\t\t<div class=\"elementor-widget-container\">\n\t\t\t\t\t<div class=\"ekit-wid-con\" >\t\t<div class=\"ekit-btn-wraper\">\n\t\t\t\t\t\t\t<a href=\"https:\/\/repairandshop.ch\/fr\/reparation-par-courrier\" class=\"elementskit-btn  whitespace--normal\" id=\"\">\n\t\t\t\t\tR\u00e9paration Par Courrier\t\t\t\t<\/a>\n\t\t\t\t\t<\/div>\n        <\/div>\t\t\t\t<\/div>\n\t\t\t\t<\/div>\n\t\t\t\t<\/div>\n\t\t\t\t<\/div>\n\t\t\t\t\t<\/div>\n\t\t\t\t<\/div>\n\t\t\t\t<\/div>\n\t\t<div id=\"e-n-tab-content-40107576\" role=\"tabpanel\" aria-labelledby=\"e-n-tab-title-40107576\" data-tab-index=\"6\" style=\"--n-tabs-title-order: 6;\" class=\" elementor-element elementor-element-5a436a7 e-con-full e-flex e-con e-child\" data-id=\"5a436a7\" data-element_type=\"container\" data-e-type=\"container\" data-settings=\"{&quot;_ha_eqh_enable&quot;:false}\">\n\t\t<div class=\"wd-negative-gap elementor-element elementor-element-1e1c804 e-flex e-con-boxed e-con e-child\" data-id=\"1e1c804\" data-element_type=\"container\" data-e-type=\"container\" data-settings=\"{&quot;_ha_eqh_enable&quot;:false}\">\n\t\t\t\t\t<div class=\"e-con-inner\">\n\t\t\t\t<div class=\"elementor-element elementor-element-815fd65 color-scheme-inherit text-left elementor-widget elementor-widget-text-editor\" data-id=\"815fd65\" data-element_type=\"widget\" data-e-type=\"widget\" data-widget_type=\"text-editor.default\">\n\t\t\t\t<div class=\"elementor-widget-container\">\n\t\t\t\t\t\t\t\t\t<h3>R\u00e9paration de la cam\u00e9ra arri\u00e8re Apple iPhone 16e \u2013 Remplacement de la cam\u00e9ra principale<\/h3><p>Si la <strong>cam\u00e9ra arri\u00e8re de votre Apple iPhone 16e<\/strong> produit des photos floues, affiche un \u00e9cran noir, rencontre des probl\u00e8mes de mise au point ou ne fonctionne plus correctement, une <strong>r\u00e9paration de la cam\u00e9ra principale<\/strong> peut \u00eatre n\u00e9cessaire. Ces dysfonctionnements sont g\u00e9n\u00e9ralement caus\u00e9s par une chute, un choc, une infiltration d\u2019humidit\u00e9, un d\u00e9faut mat\u00e9riel ou une connexion interne endommag\u00e9e.<\/p><p>D&rsquo;autres sympt\u00f4mes peuvent appara\u00eetre, tels que des taches sur les photos, des lignes \u00e0 l\u2019\u00e9cran, un autofocus d\u00e9faillant, des tremblements de l\u2019image, des erreurs lors de l\u2019ouverture de l\u2019application Appareil photo ou encore des plantages de l\u2019application. Un capteur ou une lentille endommag\u00e9s peuvent emp\u00eacher votre <strong>Apple iPhone 16e<\/strong> de capturer des photos et des vid\u00e9os avec la qualit\u00e9 d\u2019origine.<\/p><p>Notre service professionnel de <strong>r\u00e9paration de la cam\u00e9ra arri\u00e8re Apple iPhone 16e<\/strong> comprend un diagnostic complet afin d\u2019identifier pr\u00e9cis\u00e9ment la cause de la panne. Si le module photo est d\u00e9fectueux, nos techniciens le remplacent par une cam\u00e9ra Apple d\u2019origine ou de qualit\u00e9 premium, garantissant des performances optimales et une qualit\u00e9 d\u2019image exceptionnelle.<\/p><p>Apr\u00e8s l\u2019intervention, votre <strong>Apple iPhone 16e<\/strong> retrouve une mise au point rapide, des photos nettes, des couleurs fid\u00e8les et des vid\u00e9os fluides, vous permettant de profiter pleinement de toutes les fonctionnalit\u00e9s de l\u2019appareil photo.<\/p><p>Toutes nos r\u00e9parations sont r\u00e9alis\u00e9es avec des outils professionnels et selon des proc\u00e9dures rigoureuses afin de pr\u00e9server les performances de votre iPhone. Apr\u00e8s chaque intervention, nous effectuons des tests complets pour v\u00e9rifier la qualit\u00e9 des photos, des vid\u00e9os, de l\u2019autofocus, du flash et de toutes les fonctions de la cam\u00e9ra. Toutes nos r\u00e9parations sont couvertes par une garantie sur les pi\u00e8ces et la main-d\u2019\u0153uvre.<\/p><p>Gr\u00e2ce \u00e0 notre <strong>remplacement de la cam\u00e9ra arri\u00e8re Apple iPhone 16e<\/strong>, votre iPhone retrouve toute sa qualit\u00e9 photographique, avec des images nettes, des vid\u00e9os de haute qualit\u00e9 et des performances identiques \u00e0 celles d\u2019un appareil neuf.<\/p>\t\t\t\t\t\t\t\t<\/div>\n\t\t\t\t<\/div>\n\t\t\t\t\t<\/div>\n\t\t\t\t<\/div>\n\t\t<div class=\"elementor-element elementor-element-395590f e-con-full e-flex e-con e-child\" data-id=\"395590f\" data-element_type=\"container\" data-e-type=\"container\" data-settings=\"{&quot;_ha_eqh_enable&quot;:false}\">\n\t\t<div class=\"elementor-element elementor-element-0800741 e-con-full e-flex e-con e-child\" data-id=\"0800741\" data-element_type=\"container\" data-e-type=\"container\" data-settings=\"{&quot;_ha_eqh_enable&quot;:false}\">\n\t\t\t\t<div class=\"elementor-element elementor-element-4664d50 elementor-align-center ha-has-bg-overlay elementor-widget elementor-widget-elementskit-button\" data-id=\"4664d50\" data-element_type=\"widget\" data-e-type=\"widget\" data-widget_type=\"elementskit-button.default\">\n\t\t\t\t<div class=\"elementor-widget-container\">\n\t\t\t\t\t<div class=\"ekit-wid-con\" >\t\t<div class=\"ekit-btn-wraper\">\n\t\t\t\t\t\t\t<a href=\"https:\/\/repairandshop.ch\/fr\/reparation-sur-place\/\" class=\"elementskit-btn  whitespace--normal\" id=\"\">\n\t\t\t\t\tR\u00e9paration Sur Place\t\t\t\t<\/a>\n\t\t\t\t\t<\/div>\n        <\/div>\t\t\t\t<\/div>\n\t\t\t\t<\/div>\n\t\t\t\t<\/div>\n\t\t<div class=\"elementor-element elementor-element-4a71530 e-con-full e-flex e-con e-child\" data-id=\"4a71530\" data-element_type=\"container\" data-e-type=\"container\" data-settings=\"{&quot;_ha_eqh_enable&quot;:false}\">\n\t\t\t\t<div class=\"elementor-element elementor-element-85ea046 elementor-align-center ha-has-bg-overlay elementor-widget elementor-widget-elementskit-button\" data-id=\"85ea046\" data-element_type=\"widget\" data-e-type=\"widget\" data-widget_type=\"elementskit-button.default\">\n\t\t\t\t<div class=\"elementor-widget-container\">\n\t\t\t\t\t<div class=\"ekit-wid-con\" >\t\t<div class=\"ekit-btn-wraper\">\n\t\t\t\t\t\t\t<a href=\"https:\/\/repairandshop.ch\/fr\/reparation-par-courrier\" class=\"elementskit-btn  whitespace--normal\" id=\"\">\n\t\t\t\t\tR\u00e9paration Par Courrier\t\t\t\t<\/a>\n\t\t\t\t\t<\/div>\n        <\/div>\t\t\t\t<\/div>\n\t\t\t\t<\/div>\n\t\t\t\t<\/div>\n\t\t\t\t<\/div>\n\t\t\t\t<\/div>\n\t\t<div id=\"e-n-tab-content-40107577\" role=\"tabpanel\" aria-labelledby=\"e-n-tab-title-40107577\" data-tab-index=\"7\" style=\"--n-tabs-title-order: 7;\" class=\" elementor-element elementor-element-bc5142e e-con-full e-flex e-con e-child\" data-id=\"bc5142e\" data-element_type=\"container\" data-e-type=\"container\" data-settings=\"{&quot;_ha_eqh_enable&quot;:false}\">\n\t\t<div class=\"wd-negative-gap elementor-element elementor-element-6a0fd33 e-flex e-con-boxed e-con e-child\" data-id=\"6a0fd33\" data-element_type=\"container\" data-e-type=\"container\" data-settings=\"{&quot;_ha_eqh_enable&quot;:false}\">\n\t\t\t\t\t<div class=\"e-con-inner\">\n\t\t\t\t<div class=\"elementor-element elementor-element-3e2584d color-scheme-inherit text-left elementor-widget elementor-widget-text-editor\" data-id=\"3e2584d\" data-element_type=\"widget\" data-e-type=\"widget\" data-widget_type=\"text-editor.default\">\n\t\t\t\t<div class=\"elementor-widget-container\">\n\t\t\t\t\t\t\t\t\t<h3>R\u00e9paration de la cam\u00e9ra avant Apple iPhone 16e \u2013 Remplacement de la cam\u00e9ra selfie<\/h3><p>Si la <strong>cam\u00e9ra avant de votre Apple iPhone 16e<\/strong> affiche un \u00e9cran noir, prend des selfies flous, ne parvient plus \u00e0 effectuer la mise au point ou ne fonctionne plus correctement dans l\u2019application Appareil photo ou FaceTime, une <strong>r\u00e9paration de la cam\u00e9ra avant<\/strong> peut \u00eatre n\u00e9cessaire. Les causes les plus fr\u00e9quentes sont une chute, un choc, une infiltration d\u2019humidit\u00e9, un capteur endommag\u00e9, une lentille d\u00e9fectueuse ou un probl\u00e8me logiciel.<\/p><p>Notre service professionnel de <strong>r\u00e9paration de la cam\u00e9ra avant Apple iPhone 16e<\/strong> comprend un diagnostic complet afin d\u2019identifier pr\u00e9cis\u00e9ment l\u2019origine du dysfonctionnement. Si n\u00e9cessaire, nos techniciens remplacent le module de la cam\u00e9ra frontale par une pi\u00e8ce Apple d\u2019origine ou de qualit\u00e9 premium. Nous proc\u00e9dons \u00e9galement \u00e0 des v\u00e9rifications et \u00e0 des r\u00e9initialisations logicielles lorsque cela est n\u00e9cessaire afin de garantir le bon fonctionnement de la cam\u00e9ra.<\/p><p>Apr\u00e8s la r\u00e9paration, votre <strong>Apple iPhone 16e<\/strong> retrouve une cam\u00e9ra selfie parfaitement op\u00e9rationnelle, avec des photos nettes, une mise au point rapide et une excellente qualit\u00e9 d\u2019image pour les appels FaceTime, les visioconf\u00e9rences et les r\u00e9seaux sociaux.<\/p><p>Toutes nos interventions sont r\u00e9alis\u00e9es avec des outils de pr\u00e9cision et selon des proc\u00e9dures professionnelles afin de pr\u00e9server les performances de votre iPhone. Apr\u00e8s chaque r\u00e9paration, nous effectuons des tests complets pour v\u00e9rifier la qualit\u00e9 des selfies, le bon fonctionnement de FaceTime, de l\u2019application Appareil photo ainsi que des autres fonctions li\u00e9es \u00e0 la cam\u00e9ra avant. Toutes nos r\u00e9parations sont couvertes par une garantie sur les pi\u00e8ces et la main-d\u2019\u0153uvre.<\/p><p>Gr\u00e2ce \u00e0 notre <strong>remplacement de la cam\u00e9ra avant Apple iPhone 16e<\/strong>, votre iPhone retrouve des selfies d\u2019une grande nettet\u00e9, des appels vid\u00e9o fluides et une qualit\u00e9 d\u2019image exceptionnelle, comme au premier jour.<\/p>\t\t\t\t\t\t\t\t<\/div>\n\t\t\t\t<\/div>\n\t\t\t\t\t<\/div>\n\t\t\t\t<\/div>\n\t\t<div class=\"elementor-element elementor-element-3a7661a e-con-full e-flex e-con e-child\" data-id=\"3a7661a\" data-element_type=\"container\" data-e-type=\"container\" data-settings=\"{&quot;_ha_eqh_enable&quot;:false}\">\n\t\t<div class=\"elementor-element elementor-element-0926255 e-con-full e-flex e-con e-child\" data-id=\"0926255\" data-element_type=\"container\" data-e-type=\"container\" data-settings=\"{&quot;_ha_eqh_enable&quot;:false}\">\n\t\t\t\t<div class=\"elementor-element elementor-element-917c016 elementor-align-center ha-has-bg-overlay elementor-widget elementor-widget-elementskit-button\" data-id=\"917c016\" data-element_type=\"widget\" data-e-type=\"widget\" data-widget_type=\"elementskit-button.default\">\n\t\t\t\t<div class=\"elementor-widget-container\">\n\t\t\t\t\t<div class=\"ekit-wid-con\" >\t\t<div class=\"ekit-btn-wraper\">\n\t\t\t\t\t\t\t<a href=\"https:\/\/repairandshop.ch\/fr\/reparation-sur-place\/\" class=\"elementskit-btn  whitespace--normal\" id=\"\">\n\t\t\t\t\tR\u00e9paration Sur Place\t\t\t\t<\/a>\n\t\t\t\t\t<\/div>\n        <\/div>\t\t\t\t<\/div>\n\t\t\t\t<\/div>\n\t\t\t\t<\/div>\n\t\t<div class=\"elementor-element elementor-element-14a8c82 e-con-full e-flex e-con e-child\" data-id=\"14a8c82\" data-element_type=\"container\" data-e-type=\"container\" data-settings=\"{&quot;_ha_eqh_enable&quot;:false}\">\n\t\t\t\t<div class=\"elementor-element elementor-element-0c48f76 elementor-align-center ha-has-bg-overlay elementor-widget elementor-widget-elementskit-button\" data-id=\"0c48f76\" data-element_type=\"widget\" data-e-type=\"widget\" data-widget_type=\"elementskit-button.default\">\n\t\t\t\t<div class=\"elementor-widget-container\">\n\t\t\t\t\t<div class=\"ekit-wid-con\" >\t\t<div class=\"ekit-btn-wraper\">\n\t\t\t\t\t\t\t<a href=\"https:\/\/repairandshop.ch\/fr\/reparation-par-courrier\" class=\"elementskit-btn  whitespace--normal\" id=\"\">\n\t\t\t\t\tR\u00e9paration Par Courrier\t\t\t\t<\/a>\n\t\t\t\t\t<\/div>\n        <\/div>\t\t\t\t<\/div>\n\t\t\t\t<\/div>\n\t\t\t\t<\/div>\n\t\t\t\t<\/div>\n\t\t\t\t<\/div>\n\t\t\t\t\t<\/div>\n\t\t<\/div>\n\t\t\t\t\t\t<\/div>\n\t\t\t\t<\/div>\n\t\t\t\t\t<\/div>\n\t\t\t\t<\/div>\n\t\t<div class=\"wd-negative-gap elementor-element elementor-element-f47ae3d e-flex e-con-boxed e-con e-parent\" data-id=\"f47ae3d\" data-element_type=\"container\" data-e-type=\"container\" data-settings=\"{&quot;_ha_eqh_enable&quot;:false}\">\n\t\t\t\t\t<div class=\"e-con-inner\">\n\t\t<div class=\"elementor-element elementor-element-05130dc e-con-full e-flex e-con e-child\" data-id=\"05130dc\" data-element_type=\"container\" data-e-type=\"container\" data-settings=\"{&quot;_ha_eqh_enable&quot;:false}\">\n\t\t\t\t<div class=\"elementor-element elementor-element-fd94d3e elementor-widget elementor-widget-heading\" data-id=\"fd94d3e\" data-element_type=\"widget\" data-e-type=\"widget\" data-widget_type=\"heading.default\">\n\t\t\t\t<div class=\"elementor-widget-container\">\n\t\t\t\t\t<h2 class=\"elementor-heading-title elementor-size-default\">Remplacement batterie  iPhone 16e &amp; r\u00e9solution des probl\u00e8mes de charge<\/h2>\t\t\t\t<\/div>\n\t\t\t\t<\/div>\n\t\t\t\t<div class=\"elementor-element elementor-element-199b055 color-scheme-inherit text-left elementor-widget elementor-widget-text-editor\" data-id=\"199b055\" data-element_type=\"widget\" data-e-type=\"widget\" data-widget_type=\"text-editor.default\">\n\t\t\t\t<div class=\"elementor-widget-container\">\n\t\t\t\t\t\t\t\t\t<p>Votre <strong>Apple iPhone 16e<\/strong> se d\u00e9charge rapidement, s\u2019\u00e9teint de mani\u00e8re inattendue ou se recharge tr\u00e8s lentement ? Chez <strong>Repairandshop<\/strong>, nous sommes sp\u00e9cialis\u00e9s dans le <strong>changement de batterie Apple iPhone 16e<\/strong> ainsi que dans la <strong>r\u00e9paration du connecteur de charge<\/strong>, afin de garantir les meilleures performances et une autonomie optimale de votre appareil.<\/p><p>Que vous recherchiez un <strong>remplacement de batterie Apple iPhone 16e<\/strong>, une <strong>r\u00e9paration de batterie iPhone<\/strong>, ou un service professionnel de <strong>r\u00e9paration Apple iPhone 16e<\/strong> pr\u00e8s de chez vous, nos techniciens certifi\u00e9s vous proposent des interventions rapides, fiables et, dans la plupart des cas, r\u00e9alis\u00e9es le jour m\u00eame.<\/p><p>Avec le temps, toutes les batteries lithium-ion perdent progressivement de leur capacit\u00e9. Si votre <strong>Apple iPhone 16e<\/strong> pr\u00e9sente une autonomie r\u00e9duite, une recharge lente, des arr\u00eats inattendus, une batterie qui chauffe anormalement ou des difficult\u00e9s de charge, ces sympt\u00f4mes peuvent indiquer une batterie us\u00e9e ou un probl\u00e8me au niveau du connecteur de charge. Nous r\u00e9alisons un diagnostic complet de la batterie, du port de charge et des composants associ\u00e9s afin d\u2019identifier pr\u00e9cis\u00e9ment l\u2019origine du probl\u00e8me. Gr\u00e2ce \u00e0 des batteries Apple d\u2019origine ou de qualit\u00e9 premium et \u00e0 des pi\u00e8ces de remplacement de haute qualit\u00e9, nous restaurons l\u2019autonomie, la vitesse de charge et les performances globales de votre iPhone.<\/p><p>La majorit\u00e9 des <strong>remplacements de batterie Apple iPhone 16e<\/strong> sont effectu\u00e9s en moins d\u2019une heure. Nous vous fournissons \u00e9galement des conseils pratiques pour optimiser l\u2019autonomie de votre batterie, r\u00e9duire son usure et prolonger sa dur\u00e9e de vie.<\/p><p>Vous souhaitez conna\u00eetre le <strong>prix du changement de batterie Apple iPhone 16e<\/strong> ou le <strong>co\u00fbt du remplacement de la batterie<\/strong> ? Chez Repairandshop, nos tarifs sont transparents, comp\u00e9titifs et sans frais cach\u00e9s.<\/p><p>Repairandshop propose ses services dans plusieurs villes de Suisse, notamment \u00e0 <strong>La Chaux-de-Fonds, Neuch\u00e2tel, Berne, Thun, Interlaken, M\u00fcnsingen, Biel\/Bienne, Yverdon-les-Bains, Zurich, B\u00e2le, Olten<\/strong> et <strong>Soleure<\/strong>. Gr\u00e2ce \u00e0 notre expertise, votre <strong>Apple iPhone 16e<\/strong> retrouve une autonomie fiable, une recharge rapide et des performances optimales, pour vous accompagner toute la journ\u00e9e en toute s\u00e9r\u00e9nit\u00e9.<\/p>\t\t\t\t\t\t\t\t<\/div>\n\t\t\t\t<\/div>\n\t\t\t\t<\/div>\n\t\t<div class=\"elementor-element elementor-element-0a2a1c1 e-con-full e-flex e-con e-child\" data-id=\"0a2a1c1\" data-element_type=\"container\" data-e-type=\"container\" data-settings=\"{&quot;_ha_eqh_enable&quot;:false}\">\n\t\t\t\t<div class=\"elementor-element elementor-element-5add67a elementor-widget elementor-widget-heading\" data-id=\"5add67a\" data-element_type=\"widget\" data-e-type=\"widget\" data-widget_type=\"heading.default\">\n\t\t\t\t<div class=\"elementor-widget-container\">\n\t\t\t\t\t<h2 class=\"elementor-heading-title elementor-size-default\">R\u00e9paration \u00e9cran  iPhone 16e &amp; r\u00e9paration du touchscreen<\/h2>\t\t\t\t<\/div>\n\t\t\t\t<\/div>\n\t\t\t\t<div class=\"elementor-element elementor-element-268ed4c color-scheme-inherit text-left elementor-widget elementor-widget-text-editor\" data-id=\"268ed4c\" data-element_type=\"widget\" data-e-type=\"widget\" data-widget_type=\"text-editor.default\">\n\t\t\t\t<div class=\"elementor-widget-container\">\n\t\t\t\t\t\t\t\t\t<p>Un <strong>\u00e9cran Apple iPhone 16e<\/strong> fissur\u00e9, cass\u00e9 ou endommag\u00e9 peut rendre l\u2019utilisation de votre appareil tr\u00e8s difficile, surtout lorsque l\u2019\u00e9cran n\u2019affiche plus correctement les images, pr\u00e9sente des lignes, des taches noires, des pixels morts ou que le tactile ne r\u00e9pond plus alors que l\u2019iPhone est toujours allum\u00e9.<\/p><p>Chez <strong>Repairandshop<\/strong>, nous sommes sp\u00e9cialis\u00e9s dans la <strong>r\u00e9paration d\u2019\u00e9cran Apple iPhone 16e<\/strong>, le <strong>remplacement d\u2019\u00e9cran Apple iPhone 16e<\/strong> et la r\u00e9paration de tous les probl\u00e8mes li\u00e9s \u00e0 l\u2019affichage et au tactile, afin de restaurer les performances d\u2019origine de votre iPhone.<\/p><p>Que votre \u00e9cran reste noir, affiche des scintillements, des lignes verticales, des couleurs anormales ou que certaines zones tactiles soient inactives, nos techniciens certifi\u00e9s r\u00e9alisent un <strong>changement d\u2019\u00e9cran Apple iPhone 16e<\/strong> avec pr\u00e9cision en utilisant des \u00e9crans Apple d\u2019origine ou de qualit\u00e9 premium.<\/p><p>Les dommages surviennent g\u00e9n\u00e9ralement apr\u00e8s une chute, un choc ou une exposition \u00e0 l\u2019humidit\u00e9, pouvant \u00e9galement affecter les composants internes. C\u2019est pourquoi notre <strong>r\u00e9paration d\u2019\u00e9cran Apple iPhone 16e<\/strong> ne consiste pas uniquement \u00e0 remplacer l\u2019\u00e9cran. Nous effectuons \u00e9galement un diagnostic complet afin de d\u00e9tecter d\u2019\u00e9ventuels dommages cach\u00e9s pouvant toucher la batterie, les connecteurs ou d\u2019autres composants essentiels, ce qui permet d\u2019\u00e9viter des pannes futures et de prolonger la dur\u00e9e de vie de votre appareil.<\/p><p>Nos techniciens v\u00e9rifient \u00e9galement l\u2019alignement du ch\u00e2ssis, l\u2019\u00e9tat des connecteurs internes et le bon fonctionnement de tous les capteurs avant de proc\u00e9der \u00e0 la calibration compl\u00e8te du nouvel \u00e9cran. Vous retrouvez ainsi une qualit\u00e9 d\u2019affichage exceptionnelle, une luminosit\u00e9 optimale, des couleurs fid\u00e8les et une r\u00e9activit\u00e9 tactile identique \u00e0 celle d\u2019un iPhone neuf.<\/p><p>Comme la vitre, la dalle OLED et le tactile de l\u2019<strong>Apple iPhone 16e<\/strong> sont assembl\u00e9s en un seul module, le remplacement complet de l\u2019\u00e9cran est n\u00e9cessaire en cas de dommage. Cette m\u00e9thode garantit une finition parfaite ainsi que des performances visuelles et tactiles optimales.<\/p><p>La plupart de nos <strong>r\u00e9parations d\u2019\u00e9cran Apple iPhone 16e<\/strong> sont r\u00e9alis\u00e9es en moins d\u2019une heure. Toutes nos interventions sont couvertes par une <strong>garantie de 6 mois (180 jours)<\/strong> sur les pi\u00e8ces et la main-d\u2019\u0153uvre.<\/p><p>Repairandshop propose ses services dans plusieurs villes de Suisse, notamment \u00e0 <strong>La Chaux-de-Fonds, Neuch\u00e2tel, Berne, Biel\/Bienne, Yverdon-les-Bains, Zurich, B\u00e2le, Olten<\/strong> et <strong>Soleure<\/strong>.<\/p><p>Gr\u00e2ce \u00e0 notre <strong>service professionnel de r\u00e9paration d\u2019\u00e9cran Apple iPhone 16e<\/strong>, vous retrouvez rapidement un iPhone parfaitement fonctionnel, avec un affichage net, un tactile fluide et une exp\u00e9rience d\u2019utilisation comme au premier jour.<\/p>\t\t\t\t\t\t\t\t<\/div>\n\t\t\t\t<\/div>\n\t\t\t\t<\/div>\n\t\t\t\t\t<\/div>\n\t\t\t\t<\/div>\n\t\t<div class=\"wd-negative-gap elementor-element elementor-element-a5ee243 e-flex e-con-boxed e-con e-parent\" data-id=\"a5ee243\" data-element_type=\"container\" data-e-type=\"container\" data-settings=\"{&quot;_ha_eqh_enable&quot;:false}\">\n\t\t\t\t\t<div class=\"e-con-inner\">\n\t\t<div class=\"elementor-element elementor-element-c716956 e-con-full e-flex e-con e-child\" data-id=\"c716956\" data-element_type=\"container\" data-e-type=\"container\" data-settings=\"{&quot;_ha_eqh_enable&quot;:false}\">\n\t\t\t\t<div class=\"elementor-element elementor-element-7a245b1 elementor-widget elementor-widget-heading\" data-id=\"7a245b1\" data-element_type=\"widget\" data-e-type=\"widget\" data-widget_type=\"heading.default\">\n\t\t\t\t<div class=\"elementor-widget-container\">\n\t\t\t\t\t<h2 class=\"elementor-heading-title elementor-size-default\">R\u00e9paration cam\u00e9ra, haut-parleur &amp; microphone  iPhone 16e<\/h2>\t\t\t\t<\/div>\n\t\t\t\t<\/div>\n\t\t\t\t<div class=\"elementor-element elementor-element-06ba808 color-scheme-inherit text-left elementor-widget elementor-widget-text-editor\" data-id=\"06ba808\" data-element_type=\"widget\" data-e-type=\"widget\" data-widget_type=\"text-editor.default\">\n\t\t\t\t<div class=\"elementor-widget-container\">\n\t\t\t\t\t\t\t\t\t<p>Des <strong>photos nettes<\/strong>, une <strong>qualit\u00e9 audio exceptionnelle<\/strong> et des <strong>appels parfaitement audibles<\/strong> sont indispensables pour profiter pleinement de votre <strong>Apple iPhone 16e<\/strong>.<\/p><p>Chez <strong>Repairandshop<\/strong>, nous sommes sp\u00e9cialis\u00e9s dans la <strong>r\u00e9paration de la cam\u00e9ra Apple iPhone 16e<\/strong>, la <strong>r\u00e9paration de la cam\u00e9ra avant Apple iPhone 16e<\/strong>, la <strong>r\u00e9paration de la cam\u00e9ra arri\u00e8re Apple iPhone 16e<\/strong>, le <strong>remplacement de la cam\u00e9ra Apple iPhone 16e<\/strong>, la <strong>r\u00e9paration du haut-parleur Apple iPhone 16e<\/strong>, la <strong>r\u00e9paration de l\u2019\u00e9couteur Apple iPhone 16e<\/strong> ainsi que la <strong>r\u00e9paration du microphone Apple iPhone 16e<\/strong>, afin de restaurer toutes les fonctionnalit\u00e9s de votre appareil.<\/p><p>Que votre cam\u00e9ra produise des photos floues, que l\u2019application Appareil photo affiche un \u00e9cran noir, que le haut-parleur diffuse un son d\u00e9form\u00e9, que l\u2019\u00e9couteur soit difficile \u00e0 entendre ou que le microphone ne capte plus correctement votre voix pendant les appels, nos techniciens certifi\u00e9s r\u00e9alisent un diagnostic pr\u00e9cis et remplacent les composants d\u00e9fectueux par des pi\u00e8ces Apple d\u2019origine ou de qualit\u00e9 premium.<\/p><p>Les probl\u00e8mes de cam\u00e9ra apparaissent souvent apr\u00e8s une chute, un choc, une infiltration d\u2019humidit\u00e9 ou l\u2019usure naturelle des composants internes. Gr\u00e2ce \u00e0 notre <strong>service de r\u00e9paration de cam\u00e9ra Apple iPhone 16e<\/strong>, nous restaurons des photos nettes, des couleurs fid\u00e8les, une mise au point rapide et des vid\u00e9os fluides afin que vous retrouviez toute la qualit\u00e9 d\u2019image de votre iPhone.<\/p><p>Les d\u00e9faillances du haut-parleur, de l\u2019\u00e9couteur ou du microphone peuvent \u00e9galement affecter les appels t\u00e9l\u00e9phoniques, FaceTime, les visioconf\u00e9rences, les enregistrements vocaux et la lecture multim\u00e9dia. Nous inspectons soigneusement chaque composant audio, effectuons un nettoyage sp\u00e9cialis\u00e9 lorsque cela est possible ou rempla\u00e7ons les modules d\u00e9fectueux afin de garantir un son clair, puissant et sans distorsion.<\/p><p>Lors de chaque intervention, nous v\u00e9rifions \u00e9galement l\u2019absence de dommages internes pouvant affecter les performances de votre appareil. Cette approche permet d&rsquo;assurer une r\u00e9paration durable et de prolonger la dur\u00e9e de vie de votre <strong>Apple iPhone 16e<\/strong>. La plupart de nos r\u00e9parations sont r\u00e9alis\u00e9es en <strong>moins d&rsquo;une heure<\/strong> et b\u00e9n\u00e9ficient d&rsquo;une <strong>garantie de 180 jours<\/strong> sur les pi\u00e8ces et la main-d&rsquo;\u0153uvre.<\/p><p>Repairandshop propose ses services dans plusieurs villes de Suisse, notamment \u00e0 <strong>La Chaux-de-Fonds, Neuch\u00e2tel, Berne, Thun, Interlaken, M\u00fcnsingen, Biel\/Bienne, Yverdon-les-Bains, Zurich, B\u00e2le, Olten<\/strong> et <strong>Soleure<\/strong>.<\/p><p>Gr\u00e2ce \u00e0 notre <strong>service professionnel de r\u00e9paration Apple iPhone 16e<\/strong>, vous retrouvez rapidement un iPhone parfaitement fonctionnel, avec une qualit\u00e9 photo exceptionnelle, un son cristallin et des communications fiables au quotidien.<\/p>\t\t\t\t\t\t\t\t<\/div>\n\t\t\t\t<\/div>\n\t\t\t\t<\/div>\n\t\t<div class=\"elementor-element elementor-element-faeec0b e-con-full e-flex e-con e-child\" data-id=\"faeec0b\" data-element_type=\"container\" data-e-type=\"container\" data-settings=\"{&quot;_ha_eqh_enable&quot;:false}\">\n\t\t\t\t<div class=\"elementor-element elementor-element-bab1f90 elementor-widget elementor-widget-heading\" data-id=\"bab1f90\" data-element_type=\"widget\" data-e-type=\"widget\" data-widget_type=\"heading.default\">\n\t\t\t\t<div class=\"elementor-widget-container\">\n\t\t\t\t\t<h2 class=\"elementor-heading-title elementor-size-default\">R\u00e9paration d\u00e9g\u00e2ts liquides iPhone 16e &amp; r\u00e9paration Logic Board \/ carte m\u00e8re<\/h2>\t\t\t\t<\/div>\n\t\t\t\t<\/div>\n\t\t\t\t<div class=\"elementor-element elementor-element-1bb0c23 color-scheme-inherit text-left elementor-widget elementor-widget-text-editor\" data-id=\"1bb0c23\" data-element_type=\"widget\" data-e-type=\"widget\" data-widget_type=\"text-editor.default\">\n\t\t\t\t<div class=\"elementor-widget-container\">\n\t\t\t\t\t\t\t\t\t<p>M\u00eame un <strong>l\u00e9ger d\u00e9g\u00e2t des eaux sur votre Apple iPhone 16e<\/strong> peut provoquer des dysfonctionnements importants, endommager les composants internes et r\u00e9duire les performances de votre appareil.<\/p><p>Chez <strong>Repairandshop<\/strong>, nous sommes sp\u00e9cialis\u00e9s dans la <strong>r\u00e9paration des d\u00e9g\u00e2ts des eaux Apple iPhone 16e<\/strong>, le <strong>traitement des dommages caus\u00e9s par les liquides<\/strong> ainsi que la <strong>r\u00e9paration de la carte m\u00e8re (Logic Board) Apple iPhone 16e<\/strong>, afin de restaurer le bon fonctionnement de votre iPhone.<\/p><p>Que votre <strong>Apple iPhone 16e<\/strong> ait \u00e9t\u00e9 expos\u00e9 \u00e0 l&rsquo;eau, \u00e0 un autre liquide ou \u00e0 une forte humidit\u00e9, que du liquide se soit infiltr\u00e9 dans l&rsquo;\u00e9cran, le connecteur de charge, les cam\u00e9ras ou les circuits internes, nos techniciens certifi\u00e9s r\u00e9alisent un diagnostic complet et interviennent avec des \u00e9quipements professionnels ainsi que des pi\u00e8ces Apple d&rsquo;origine ou de qualit\u00e9 premium lorsque cela est n\u00e9cessaire.<\/p><p>Les <strong>d\u00e9g\u00e2ts des eaux sur un Apple iPhone 16e<\/strong> peuvent entra\u00eener des pannes invisibles qui apparaissent plusieurs heures ou plusieurs jours apr\u00e8s l&rsquo;incident, comme une d\u00e9charge rapide de la batterie, une recharge instable, une surchauffe, des probl\u00e8mes d&rsquo;affichage, des dysfonctionnements des cam\u00e9ras, des d\u00e9faillances audio ou encore des anomalies de la carte m\u00e8re. Gr\u00e2ce \u00e0 notre <strong>service sp\u00e9cialis\u00e9 de r\u00e9paration apr\u00e8s d\u00e9g\u00e2t des eaux Apple iPhone 16e<\/strong> et \u00e0 notre expertise en <strong>r\u00e9paration du Logic Board<\/strong>, nous inspectons minutieusement chaque composant afin de d\u00e9tecter la corrosion, de pr\u00e9venir les dommages secondaires et de garantir une r\u00e9paration durable.<\/p><p>Nous r\u00e9alisons \u00e9galement un <strong>diagnostic complet de tous les syst\u00e8mes<\/strong> de votre iPhone afin d&rsquo;identifier rapidement toute perte de performance ou tout composant susceptible de pr\u00e9senter une d\u00e9faillance future. Nos r\u00e9parations sont effectu\u00e9es rapidement, g\u00e9n\u00e9ralement en quelques heures selon l&rsquo;\u00e9tendue des dommages, et b\u00e9n\u00e9ficient d&rsquo;une <strong>garantie de 180 jours<\/strong> sur les pi\u00e8ces remplac\u00e9es et la main-d&rsquo;\u0153uvre.<\/p><p>Repairandshop propose ses services dans plusieurs villes de Suisse, notamment \u00e0 <strong>La Chaux-de-Fonds, Neuch\u00e2tel, Berne, Thun, Interlaken, M\u00fcnsingen, Biel\/Bienne, Yverdon-les-Bains, Zurich, B\u00e2le, Olten<\/strong> et <strong>Soleure<\/strong>.<\/p><p>Gr\u00e2ce \u00e0 notre <strong>service professionnel de r\u00e9paration des d\u00e9g\u00e2ts des eaux Apple iPhone 16e<\/strong>, votre iPhone retrouve un fonctionnement fiable, des performances optimales et une protection maximale contre les cons\u00e9quences \u00e0 long terme des infiltrations de liquide.<\/p>\t\t\t\t\t\t\t\t<\/div>\n\t\t\t\t<\/div>\n\t\t\t\t<\/div>\n\t\t\t\t\t<\/div>\n\t\t\t\t<\/div>\n\t\t<div class=\"wd-negative-gap elementor-element elementor-element-0ded67b e-flex e-con-boxed e-con e-parent\" data-id=\"0ded67b\" data-element_type=\"container\" data-e-type=\"container\" data-settings=\"{&quot;_ha_eqh_enable&quot;:false}\">\n\t\t\t\t\t<div class=\"e-con-inner\">\n\t\t<div class=\"elementor-element elementor-element-ca15a0f e-con-full e-flex e-con e-child\" data-id=\"ca15a0f\" data-element_type=\"container\" data-e-type=\"container\" data-settings=\"{&quot;_ha_eqh_enable&quot;:false}\">\n\t\t\t\t<div class=\"elementor-element elementor-element-d586ed1 elementor-widget elementor-widget-heading\" data-id=\"d586ed1\" data-element_type=\"widget\" data-e-type=\"widget\" data-widget_type=\"heading.default\">\n\t\t\t\t<div class=\"elementor-widget-container\">\n\t\t\t\t\t<h2 class=\"elementor-heading-title elementor-size-default\">R\u00e9paration logiciel  iPhone 16e, bouton Power &amp; boutons<\/h2>\t\t\t\t<\/div>\n\t\t\t\t<\/div>\n\t\t\t\t<div class=\"elementor-element elementor-element-8acbcc0 color-scheme-inherit text-left elementor-widget elementor-widget-text-editor\" data-id=\"8acbcc0\" data-element_type=\"widget\" data-e-type=\"widget\" data-widget_type=\"text-editor.default\">\n\t\t\t\t<div class=\"elementor-widget-container\">\n\t\t\t\t\t\t\t\t\t<p>Des <strong>boutons qui ne r\u00e9pondent plus<\/strong>, des <strong>applications qui se figent<\/strong>, des <strong>red\u00e9marrages inattendus<\/strong> ou des <strong>probl\u00e8mes logiciels<\/strong> peuvent rendre l&rsquo;utilisation de votre <strong>Apple iPhone 16e<\/strong> difficile au quotidien.<\/p><p>Chez <strong>Repairandshop<\/strong>, nous sommes sp\u00e9cialis\u00e9s dans la <strong>r\u00e9paration logicielle Apple iPhone 16e<\/strong>, la <strong>r\u00e9paration du bouton Marche\/Arr\u00eat (Power) Apple iPhone 16e<\/strong> ainsi que la <strong>r\u00e9paration des boutons de volume et des boutons lat\u00e9raux Apple iPhone 16e<\/strong>, afin de restaurer les performances et la fiabilit\u00e9 de votre appareil.<\/p><p>Que votre <strong>Apple iPhone 16e<\/strong> reste bloqu\u00e9 sur le logo Apple, red\u00e9marre en boucle, rencontre des erreurs iOS, que certaines applications se ferment de mani\u00e8re inattendue ou que les boutons Power, volume ou Action (selon la configuration du mod\u00e8le) ne r\u00e9pondent plus correctement, nos techniciens certifi\u00e9s r\u00e9alisent un diagnostic pr\u00e9cis et mettent en \u0153uvre la solution la plus adapt\u00e9e \u00e0 l&rsquo;aide de pi\u00e8ces Apple d&rsquo;origine ou de qualit\u00e9 premium.<\/p><p>Notre processus de r\u00e9paration d\u00e9bute par un <strong>diagnostic complet<\/strong> afin d&rsquo;identifier les probl\u00e8mes li\u00e9s aux mises \u00e0 jour d&rsquo;iOS, aux erreurs logicielles, aux conflits d&rsquo;applications, aux dysfonctionnements du syst\u00e8me ou aux composants mat\u00e9riels d\u00e9fectueux. Nous contr\u00f4lons \u00e9galement le bouton Marche\/Arr\u00eat, les boutons de volume ainsi que les autres commandes physiques afin de d\u00e9tecter toute usure, tout dommage ou tout d\u00e9faut de fonctionnement.<\/p><p>Une intervention rapide permet d&rsquo;\u00e9viter des probl\u00e8mes plus importants, tels qu&rsquo;une baisse des performances, une consommation excessive de la batterie, des red\u00e9marrages intempestifs ou des dysfonctionnements persistants du syst\u00e8me. Nous proposons notamment la <strong>restauration compl\u00e8te d&rsquo;iOS<\/strong>, la r\u00e9paration des boutons, le remplacement des composants d\u00e9fectueux et la correction des anomalies internes afin que votre <strong>Apple iPhone 16e<\/strong> retrouve un fonctionnement parfaitement fluide.<\/p><p>Toutes nos r\u00e9parations sont r\u00e9alis\u00e9es avec des \u00e9quipements professionnels, selon des proc\u00e9dures rigoureuses, et sont couvertes par une <strong>garantie de 180 jours<\/strong> sur les pi\u00e8ces et la main-d&rsquo;\u0153uvre.<\/p><p>Repairandshop propose ses services dans plusieurs villes de Suisse, notamment \u00e0 <strong>La Chaux-de-Fonds, Neuch\u00e2tel, Berne, Thun, Interlaken, M\u00fcnsingen, Biel\/Bienne, Yverdon-les-Bains, Zurich, B\u00e2le, Olten<\/strong> et <strong>Soleure<\/strong>.<\/p><p>Gr\u00e2ce \u00e0 notre <strong>service professionnel de r\u00e9paration Apple iPhone 16e<\/strong>, votre iPhone retrouve toute sa r\u00e9activit\u00e9, sa stabilit\u00e9 et ses performances d&rsquo;origine, que ce soit pour le travail, les appels, les r\u00e9seaux sociaux ou une utilisation quotidienne.<\/p>\t\t\t\t\t\t\t\t<\/div>\n\t\t\t\t<\/div>\n\t\t\t\t<\/div>\n\t\t<div class=\"elementor-element elementor-element-51260aa e-con-full e-flex e-con e-child\" data-id=\"51260aa\" data-element_type=\"container\" data-e-type=\"container\" data-settings=\"{&quot;_ha_eqh_enable&quot;:false}\">\n\t\t\t\t<div class=\"elementor-element elementor-element-c1be1d7 elementor-widget elementor-widget-heading\" data-id=\"c1be1d7\" data-element_type=\"widget\" data-e-type=\"widget\" data-widget_type=\"heading.default\">\n\t\t\t\t<div class=\"elementor-widget-container\">\n\t\t\t\t\t<h2 class=\"elementor-heading-title elementor-size-default\">Surchauffe iPhone 16e , probl\u00e8mes de stockage &amp; de performance<\/h2>\t\t\t\t<\/div>\n\t\t\t\t<\/div>\n\t\t\t\t<div class=\"elementor-element elementor-element-9c0769d color-scheme-inherit text-left elementor-widget elementor-widget-text-editor\" data-id=\"9c0769d\" data-element_type=\"widget\" data-e-type=\"widget\" data-widget_type=\"text-editor.default\">\n\t\t\t\t<div class=\"elementor-widget-container\">\n\t\t\t\t\t\t\t\t\t<p>Votre <strong>Apple iPhone 16e<\/strong> chauffe pendant une utilisation normale, fonctionne lentement ou rencontre des probl\u00e8mes de stockage et de performances ? Chez <strong>Repairandshop<\/strong>, nous sommes sp\u00e9cialis\u00e9s dans la <strong>r\u00e9paration de la surchauffe Apple iPhone 16e<\/strong>, la <strong>r\u00e9solution des probl\u00e8mes de stockage<\/strong> et l\u2019<strong>optimisation des performances Apple iPhone 16e<\/strong>, afin que votre iPhone retrouve toute sa rapidit\u00e9 et sa fluidit\u00e9.<\/p><p>Que les applications mettent du temps \u00e0 s\u2019ouvrir, que les vid\u00e9os saccadent, que votre <strong>Apple iPhone 16e<\/strong> ralentisse de mani\u00e8re g\u00e9n\u00e9rale ou que l\u2019appareil devienne anormalement chaud, nos techniciens certifi\u00e9s r\u00e9alisent un diagnostic complet du mat\u00e9riel et du logiciel afin d\u2019identifier pr\u00e9cis\u00e9ment la cause du probl\u00e8me et d\u2019appliquer la solution la plus adapt\u00e9e.<\/p><p>La surchauffe peut \u00eatre provoqu\u00e9e par une <strong>batterie us\u00e9e<\/strong>, un processeur fortement sollicit\u00e9, une application d\u00e9fectueuse, un espace de stockage satur\u00e9, des erreurs d\u2019iOS ou un dysfonctionnement de la <strong>carte m\u00e8re (Logic Board)<\/strong>. Nous contr\u00f4lons soigneusement la batterie, la Logic Board, les composants internes ainsi que le syst\u00e8me iOS afin de pr\u00e9venir les arr\u00eats inopin\u00e9s, les pertes de performances et les probl\u00e8mes d\u2019alimentation.<\/p><p>Nous analysons \u00e9galement le stockage de votre <strong>Apple iPhone 16e<\/strong>, supprimons les fichiers inutiles lorsque cela est appropri\u00e9, corrigeons les conflits logiciels, optimisons les performances du syst\u00e8me et v\u00e9rifions les mises \u00e0 jour iOS afin d&rsquo;am\u00e9liorer la vitesse, la stabilit\u00e9 et la r\u00e9activit\u00e9 de votre appareil.<\/p><p>En compl\u00e9ment des r\u00e9parations mat\u00e9rielles, nous effectuons les mises \u00e0 jour syst\u00e8me n\u00e9cessaires, des optimisations logicielles et des r\u00e9glages avanc\u00e9s afin que votre <strong>Apple iPhone 16e<\/strong> fonctionne \u00e0 nouveau de mani\u00e8re rapide, stable et s\u00e9curis\u00e9e. Toutes nos interventions sont r\u00e9alis\u00e9es avec des \u00e9quipements professionnels et b\u00e9n\u00e9ficient d&rsquo;une <strong>garantie de 180 jours<\/strong> sur les pi\u00e8ces remplac\u00e9es et la main-d&rsquo;\u0153uvre.<\/p><p>Repairandshop propose ses services dans plusieurs villes de Suisse, notamment \u00e0 <strong>La Chaux-de-Fonds, Neuch\u00e2tel, Berne, Thun, Interlaken, M\u00fcnsingen, Biel\/Bienne, Yverdon-les-Bains, Zurich, B\u00e2le, Olten<\/strong> et <strong>Soleure<\/strong>.<\/p><p>Gr\u00e2ce \u00e0 notre <strong>service professionnel de r\u00e9paration Apple iPhone 16e<\/strong>, votre iPhone retrouve des performances optimales, une temp\u00e9rature de fonctionnement stable et une excellente r\u00e9activit\u00e9 pour une utilisation fluide au quotidien.<\/p>\t\t\t\t\t\t\t\t<\/div>\n\t\t\t\t<\/div>\n\t\t\t\t<\/div>\n\t\t\t\t\t<\/div>\n\t\t\t\t<\/div>\n\t\t<div class=\"wd-negative-gap elementor-element elementor-element-b961403 e-flex e-con-boxed e-con e-parent\" data-id=\"b961403\" data-element_type=\"container\" data-e-type=\"container\" data-settings=\"{&quot;_ha_eqh_enable&quot;:false}\">\n\t\t\t\t\t<div class=\"e-con-inner\">\n\t\t\t\t<div class=\"elementor-element elementor-element-3b78f59 elementor-widget elementor-widget-heading\" data-id=\"3b78f59\" data-element_type=\"widget\" data-e-type=\"widget\" data-widget_type=\"heading.default\">\n\t\t\t\t<div class=\"elementor-widget-container\">\n\t\t\t\t\t<h2 class=\"elementor-heading-title elementor-size-default\">Faqs<\/h2>\t\t\t\t<\/div>\n\t\t\t\t<\/div>\n\t\t\t\t<div class=\"elementor-element elementor-element-62df11a elementor-widget elementor-widget-wd_accordion\" data-id=\"62df11a\" data-element_type=\"widget\" data-e-type=\"widget\" data-widget_type=\"wd_accordion.default\">\n\t\t\t\t<div class=\"elementor-widget-container\">\n\t\t\t\t\t\n\t\t<div class=\"wd-accordion wd-style-default wd-titles-left wd-opener-pos-left wd-opener-style-arrow\" data-state=\"first\">\n\t\t\t\t\t\t\t\n\t\t\t\t<div class=\"wd-accordion-item\">\n\t\t\t\t\t<div class=\"wd-accordion-title wd-role-btn wd-active\" data-accordion-index=\"0\" tabindex=\"0\">\n\t\t\t\t\t\t<div class=\"wd-accordion-title-text\">\n\t\t\t\t\t\t\t\t\t\t\t\t\t\t<span>\n\t\t\t\t\t\t\t\tCombien co\u00fbte une r\u00e9paration Apple iPhone 16e ?\t\t\t\t\t\t\t<\/span>\n\t\t\t\t\t\t<\/div>\n\t\t\t\t\t\t<span class=\"wd-accordion-opener\"><\/span>\n\t\t\t\t\t<\/div>\n\n\t\t\t\t\t<div class=\"wd-accordion-content wd-entry-content wd-active\" data-accordion-index=\"0\">\n\t\t\t\t\t\t\t\t\t\t\t\t\t\n\t\t\t\t\t\t\t<p data-start=\"429\" data-end=\"935\">Le prix d\u2019une r\u00e9paration Apple iPhone 16e d\u00e9pend du type de probl\u00e8me rencontr\u00e9, comme un \u00e9cran cass\u00e9, une batterie us\u00e9e, un connecteur de charge d\u00e9fectueux, une cam\u00e9ra endommag\u00e9e ou un probl\u00e8me logiciel. Chez Repairandshop, nous proposons des tarifs transparents avec un diagnostic pr\u00e9cis avant toute intervention.<\/p>\n\t\t\t\t\t\t\t\t\t\t\t\t\t\t\t\t\t\t<\/div>\n\t\t\t\t<\/div>\n\t\t\t\t\t\t\t\n\t\t\t\t<div class=\"wd-accordion-item\">\n\t\t\t\t\t<div class=\"wd-accordion-title wd-role-btn\" data-accordion-index=\"1\" tabindex=\"0\">\n\t\t\t\t\t\t<div class=\"wd-accordion-title-text\">\n\t\t\t\t\t\t\t\t\t\t\t\t\t\t<span>\n\t\t\t\t\t\t\t\tCombien de temps faut-il pour remplacer l\u2019\u00e9cran Apple iPhone 16e ?\t\t\t\t\t\t\t<\/span>\n\t\t\t\t\t\t<\/div>\n\t\t\t\t\t\t<span class=\"wd-accordion-opener\"><\/span>\n\t\t\t\t\t<\/div>\n\n\t\t\t\t\t<div class=\"wd-accordion-content wd-entry-content\" data-accordion-index=\"1\">\n\t\t\t\t\t\t\t\t\t\t\t\t\t\n\t\t\t\t\t\t\t<p data-start=\"1006\" data-end=\"1389\">La plupart des r\u00e9parations d\u2019\u00e9cran Apple iPhone 16e sont r\u00e9alis\u00e9es rapidement, g\u00e9n\u00e9ralement en moins d\u2019une heure. Nos techniciens remplacent le module \u00e9cran complet et effectuent des tests complets pour garantir un affichage parfait et un tactile fonctionnel.<\/p>\n\t\t\t\t\t\t\t\t\t\t\t\t\t\t\t\t\t\t<\/div>\n\t\t\t\t<\/div>\n\t\t\t\t\t\t\t\n\t\t\t\t<div class=\"wd-accordion-item\">\n\t\t\t\t\t<div class=\"wd-accordion-title wd-role-btn\" data-accordion-index=\"2\" tabindex=\"0\">\n\t\t\t\t\t\t<div class=\"wd-accordion-title-text\">\n\t\t\t\t\t\t\t\t\t\t\t\t\t\t<span>\n\t\t\t\t\t\t\t\tQuand faut-il changer la batterie Apple iPhone 16e ?\t\t\t\t\t\t\t<\/span>\n\t\t\t\t\t\t<\/div>\n\t\t\t\t\t\t<span class=\"wd-accordion-opener\"><\/span>\n\t\t\t\t\t<\/div>\n\n\t\t\t\t\t<div class=\"wd-accordion-content wd-entry-content\" data-accordion-index=\"2\">\n\t\t\t\t\t\t\t\t\t\t\t\t\t\n\t\t\t\t\t\t\t<p data-start=\"1454\" data-end=\"1796\">Un remplacement de batterie Apple iPhone 16e est recommand\u00e9 lorsque l\u2019autonomie diminue fortement, que l\u2019appareil se d\u00e9charge rapidement, chauffe anormalement ou s\u2019\u00e9teint de mani\u00e8re inattendue. Une batterie neuve permet de retrouver une meilleure autonomie et des performances stables.<\/p>\n\t\t\t\t\t\t\t\t\t\t\t\t\t\t\t\t\t\t<\/div>\n\t\t\t\t<\/div>\n\t\t\t\t\t\t\t\n\t\t\t\t<div class=\"wd-accordion-item\">\n\t\t\t\t\t<div class=\"wd-accordion-title wd-role-btn\" data-accordion-index=\"3\" tabindex=\"0\">\n\t\t\t\t\t\t<div class=\"wd-accordion-title-text\">\n\t\t\t\t\t\t\t\t\t\t\t\t\t\t<span>\n\t\t\t\t\t\t\t\tEst-il possible de r\u00e9parer un Apple iPhone 16e apr\u00e8s un d\u00e9g\u00e2t des eaux ?\t\t\t\t\t\t\t<\/span>\n\t\t\t\t\t\t<\/div>\n\t\t\t\t\t\t<span class=\"wd-accordion-opener\"><\/span>\n\t\t\t\t\t<\/div>\n\n\t\t\t\t\t<div class=\"wd-accordion-content wd-entry-content\" data-accordion-index=\"3\">\n\t\t\t\t\t\t\t\t\t\t\t\t\t\n\t\t\t\t\t\t\t<p data-start=\"1856\" data-end=\"2201\">Oui, une r\u00e9paration apr\u00e8s un d\u00e9g\u00e2t des eaux Apple iPhone 16e est possible selon l\u2019\u00e9tat des composants internes. Nos techniciens effectuent un diagnostic complet de la carte m\u00e8re, des connecteurs et des circuits afin de limiter les dommages et restaurer le fonctionnement de l\u2019appareil.<\/p>\n\t\t\t\t\t\t\t\t\t\t\t\t\t\t\t\t\t\t<\/div>\n\t\t\t\t<\/div>\n\t\t\t\t\t\t\t\n\t\t\t\t<div class=\"wd-accordion-item\">\n\t\t\t\t\t<div class=\"wd-accordion-title wd-role-btn\" data-accordion-index=\"4\" tabindex=\"0\">\n\t\t\t\t\t\t<div class=\"wd-accordion-title-text\">\n\t\t\t\t\t\t\t\t\t\t\t\t\t\t<span>\n\t\t\t\t\t\t\t\tPourquoi la cam\u00e9ra de mon Apple iPhone 16e ne fonctionne plus correctement ?\t\t\t\t\t\t\t<\/span>\n\t\t\t\t\t\t<\/div>\n\t\t\t\t\t\t<span class=\"wd-accordion-opener\"><\/span>\n\t\t\t\t\t<\/div>\n\n\t\t\t\t\t<div class=\"wd-accordion-content wd-entry-content\" data-accordion-index=\"4\">\n\t\t\t\t\t\t\t\t\t\t\t\t\t\n\t\t\t\t\t\t\t<p data-start=\"2278\" data-end=\"2594\">Une cam\u00e9ra Apple iPhone 16e d\u00e9fectueuse peut \u00eatre caus\u00e9e par une chute, un choc, de l\u2019humidit\u00e9 ou un probl\u00e8me mat\u00e9riel interne. Nous v\u00e9rifions le module cam\u00e9ra, les connexions et les composants associ\u00e9s afin de r\u00e9aliser une r\u00e9paration adapt\u00e9e.<\/p>\n\t\t\t\t\t\t\t\t\t\t\t\t\t\t\t\t\t\t<\/div>\n\t\t\t\t<\/div>\n\t\t\t\t\t\t\t\n\t\t\t\t<div class=\"wd-accordion-item\">\n\t\t\t\t\t<div class=\"wd-accordion-title wd-role-btn\" data-accordion-index=\"5\" tabindex=\"0\">\n\t\t\t\t\t\t<div class=\"wd-accordion-title-text\">\n\t\t\t\t\t\t\t\t\t\t\t\t\t\t<span>\n\t\t\t\t\t\t\t\tMon Apple iPhone 16e chauffe et devient lent, que faire ?\t\t\t\t\t\t\t<\/span>\n\t\t\t\t\t\t<\/div>\n\t\t\t\t\t\t<span class=\"wd-accordion-opener\"><\/span>\n\t\t\t\t\t<\/div>\n\n\t\t\t\t\t<div class=\"wd-accordion-content wd-entry-content\" data-accordion-index=\"5\">\n\t\t\t\t\t\t\t\t\t\t\t\t\t\n\t\t\t\t\t\t\t<p data-start=\"2660\" data-end=\"2951\">Une surchauffe ou un ralentissement peut \u00eatre li\u00e9 \u00e0 une batterie vieillissante, un stockage satur\u00e9, une application d\u00e9fectueuse ou un probl\u00e8me syst\u00e8me. Nos sp\u00e9cialistes effectuent une analyse compl\u00e8te du mat\u00e9riel et du logiciel pour optimiser les performances de votre iPhone.<\/p>\n\t\t\t\t\t\t\t\t\t\t\t\t\t\t\t\t\t\t<\/div>\n\t\t\t\t<\/div>\n\t\t\t\t\t\t\t\n\t\t\t\t<div class=\"wd-accordion-item\">\n\t\t\t\t\t<div class=\"wd-accordion-title wd-role-btn\" data-accordion-index=\"6\" tabindex=\"0\">\n\t\t\t\t\t\t<div class=\"wd-accordion-title-text\">\n\t\t\t\t\t\t\t\t\t\t\t\t\t\t<span>\n\t\t\t\t\t\t\t\tLes r\u00e9parations Apple iPhone 16e sont-elles garanties ?\t\t\t\t\t\t\t<\/span>\n\t\t\t\t\t\t<\/div>\n\t\t\t\t\t\t<span class=\"wd-accordion-opener\"><\/span>\n\t\t\t\t\t<\/div>\n\n\t\t\t\t\t<div class=\"wd-accordion-content wd-entry-content\" data-accordion-index=\"6\">\n\t\t\t\t\t\t\t\t\t\t\t\t\t\n\t\t\t\t\t\t\t<p data-start=\"3414\" data-end=\"3723\">Oui, toutes les r\u00e9parations Apple iPhone 16e effectu\u00e9es chez Repairandshop b\u00e9n\u00e9ficient d\u2019une garantie de <strong data-start=\"2313\" data-end=\"2326\">180 jours<\/strong> sur les pi\u00e8ces remplac\u00e9es et la main-d\u2019\u0153uvre, afin de vous assurer une r\u00e9paration fiable et durable.<\/p>\n\t\t\t\t\t\t\t\t\t\t\t\t\t\t\t\t\t\t<\/div>\n\t\t\t\t<\/div>\n\t\t\t\t\t<\/div>\n\t\t\t\t\t\t<\/div>\n\t\t\t\t<\/div>\n\t\t\t\t\t<\/div>\n\t\t\t\t<\/div>\n\t\t\t\t<\/div>\n\t\t\n    <div class=\"xs_social_share_widget xs_share_url after_content \t\tmain_content  wslu-style-1 wslu-share-box-shaped wslu-fill-colored wslu-none wslu-share-horizontal wslu-theme-font-no wslu-main_content\">\n\n\t\t\n        <ul>\n\t\t\t        <\/ul>\n    <\/div> \n","protected":false},"excerpt":{"rendered":"<p>R\u00e9paration Apple iPhone 16e prix de r\u00e9paration Apple iPhone 16e R\u00e9paration de l&rsquo;\u00e9cran Apple iPhone 16e 149 CHF Remplacement de<\/p>\n","protected":false},"author":1,"featured_media":0,"parent":0,"menu_order":0,"comment_status":"closed","ping_status":"closed","template":"","meta":{"postBodyCss":"","postBodyMargin":[],"postBodyPadding":[],"postBodyBackground":{"backgroundType":"classic","gradient":""},"footnotes":"","_members_access_role":[],"_members_access_error":""},"class_list":["post-82951","page","type-page","status-publish","hentry"],"yoast_head":"<!-- This site is optimized with the Yoast SEO Premium plugin v26.8 (Yoast SEO v27.7) - https:\/\/yoast.com\/product\/yoast-seo-premium-wordpress\/ -->\n<title>R\u00e9paration iPhone 16e | \u00c9cran, Batterie &amp; Cam\u00e9ra \u2013 Suisse<\/title>\n<meta name=\"description\" content=\"R\u00e9paration Apple iPhone 16e en Suisse : \u00e9cran, batterie, cam\u00e9ra, vitre arri\u00e8re, connecteur de charge, Face ID et d\u00e9g\u00e2ts des eaux. Service professionnel avec garantie.\" \/>\n<meta name=\"robots\" content=\"index, follow, max-snippet:-1, max-image-preview:large, max-video-preview:-1\" \/>\n<link rel=\"canonical\" href=\"https:\/\/repairandshop.ch\/fr\/reparation-apple-iphone-16e\/\" \/>\n<meta property=\"og:locale\" content=\"fr_FR\" \/>\n<meta property=\"og:type\" content=\"article\" \/>\n<meta property=\"og:title\" content=\"R\u00e9paration Apple iPhone 16e\" \/>\n<meta property=\"og:description\" content=\"R\u00e9paration Apple iPhone 16e en Suisse : \u00e9cran, batterie, cam\u00e9ra, vitre arri\u00e8re, connecteur de charge, Face ID et d\u00e9g\u00e2ts des eaux. Service professionnel avec garantie.\" \/>\n<meta property=\"og:url\" content=\"https:\/\/repairandshop.ch\/fr\/reparation-apple-iphone-16e\/\" \/>\n<meta property=\"og:site_name\" content=\"repairandshop\" \/>\n<meta property=\"article:modified_time\" content=\"2026-08-29T18:43:51+00:00\" \/>\n<meta property=\"og:image\" content=\"https:\/\/repairandshop.ch\/wp-content\/uploads\/2026\/07\/apple-iphone-16e-1.jpg\" \/>\n\t<meta property=\"og:image:width\" content=\"532\" \/>\n\t<meta property=\"og:image:height\" content=\"650\" \/>\n\t<meta property=\"og:image:type\" content=\"image\/jpeg\" \/>\n<meta name=\"twitter:card\" content=\"summary_large_image\" \/>\n<meta name=\"twitter:label1\" content=\"Dur\u00e9e de lecture estim\u00e9e\" \/>\n\t<meta name=\"twitter:data1\" content=\"36 minutes\" \/>\n<!-- \/ Yoast SEO Premium plugin. -->","yoast_head_json":{"title":"R\u00e9paration iPhone 16e | \u00c9cran, Batterie & Cam\u00e9ra \u2013 Suisse","description":"R\u00e9paration Apple iPhone 16e en Suisse : \u00e9cran, batterie, cam\u00e9ra, vitre arri\u00e8re, connecteur de charge, Face ID et d\u00e9g\u00e2ts des eaux. Service professionnel avec garantie.","robots":{"index":"index","follow":"follow","max-snippet":"max-snippet:-1","max-image-preview":"max-image-preview:large","max-video-preview":"max-video-preview:-1"},"canonical":"https:\/\/repairandshop.ch\/fr\/reparation-apple-iphone-16e\/","og_locale":"fr_FR","og_type":"article","og_title":"R\u00e9paration Apple iPhone 16e","og_description":"R\u00e9paration Apple iPhone 16e en Suisse : \u00e9cran, batterie, cam\u00e9ra, vitre arri\u00e8re, connecteur de charge, Face ID et d\u00e9g\u00e2ts des eaux. Service professionnel avec garantie.","og_url":"https:\/\/repairandshop.ch\/fr\/reparation-apple-iphone-16e\/","og_site_name":"repairandshop","article_modified_time":"2026-08-29T18:43:51+00:00","og_image":[{"width":532,"height":650,"url":"https:\/\/repairandshop.ch\/wp-content\/uploads\/2026\/07\/apple-iphone-16e-1.jpg","type":"image\/jpeg"}],"twitter_card":"summary_large_image","twitter_misc":{"Dur\u00e9e de lecture estim\u00e9e":"36 minutes"},"schema":{"@context":"https:\/\/schema.org","@graph":[{"@type":"WebPage","@id":"https:\/\/repairandshop.ch\/fr\/reparation-apple-iphone-16e\/","url":"https:\/\/repairandshop.ch\/fr\/reparation-apple-iphone-16e\/","name":"R\u00e9paration iPhone 16e | \u00c9cran, Batterie & Cam\u00e9ra \u2013 Suisse","isPartOf":{"@id":"https:\/\/repairandshop.ch\/fr\/#website"},"primaryImageOfPage":{"@id":"https:\/\/repairandshop.ch\/fr\/reparation-apple-iphone-16e\/#primaryimage"},"image":{"@id":"https:\/\/repairandshop.ch\/fr\/reparation-apple-iphone-16e\/#primaryimage"},"thumbnailUrl":"https:\/\/repairandshop.ch\/wp-content\/uploads\/2026\/07\/apple-iphone-16e-1.jpg","datePublished":"2026-07-08T20:41:38+00:00","dateModified":"2026-08-29T18:43:51+00:00","description":"R\u00e9paration Apple iPhone 16e en Suisse : \u00e9cran, batterie, cam\u00e9ra, vitre arri\u00e8re, connecteur de charge, Face ID et d\u00e9g\u00e2ts des eaux. Service professionnel avec garantie.","breadcrumb":{"@id":"https:\/\/repairandshop.ch\/fr\/reparation-apple-iphone-16e\/#breadcrumb"},"inLanguage":"fr-FR","potentialAction":[{"@type":"ReadAction","target":["https:\/\/repairandshop.ch\/fr\/reparation-apple-iphone-16e\/"]}]},{"@type":"ImageObject","inLanguage":"fr-FR","@id":"https:\/\/repairandshop.ch\/fr\/reparation-apple-iphone-16e\/#primaryimage","url":"https:\/\/repairandshop.ch\/wp-content\/uploads\/2026\/07\/apple-iphone-16e-1.jpg","contentUrl":"https:\/\/repairandshop.ch\/wp-content\/uploads\/2026\/07\/apple-iphone-16e-1.jpg"},{"@type":"BreadcrumbList","@id":"https:\/\/repairandshop.ch\/fr\/reparation-apple-iphone-16e\/#breadcrumb","itemListElement":[{"@type":"ListItem","position":1,"name":"Home","item":"https:\/\/repairandshop.ch\/fr\/"},{"@type":"ListItem","position":2,"name":"R\u00e9paration Apple iPhone 16e"}]},{"@type":"WebSite","@id":"https:\/\/repairandshop.ch\/fr\/#website","url":"https:\/\/repairandshop.ch\/fr\/","name":"Repair And Shop","description":"","publisher":{"@id":"https:\/\/repairandshop.ch\/fr\/#organization"},"potentialAction":[{"@type":"SearchAction","target":{"@type":"EntryPoint","urlTemplate":"https:\/\/repairandshop.ch\/fr\/?s={search_term_string}"},"query-input":{"@type":"PropertyValueSpecification","valueRequired":true,"valueName":"search_term_string"}}],"inLanguage":"fr-FR"},{"@type":"Organization","@id":"https:\/\/repairandshop.ch\/fr\/#organization","name":"Repair And Shop","url":"https:\/\/repairandshop.ch\/fr\/","logo":{"@type":"ImageObject","inLanguage":"fr-FR","@id":"https:\/\/repairandshop.ch\/fr\/#\/schema\/logo\/image\/","url":"https:\/\/repairandshop.ch\/wp-content\/uploads\/2025\/02\/RepairandShop-Logo.png","contentUrl":"https:\/\/repairandshop.ch\/wp-content\/uploads\/2025\/02\/RepairandShop-Logo.png","width":834,"height":193,"caption":"Repair And Shop"},"image":{"@id":"https:\/\/repairandshop.ch\/fr\/#\/schema\/logo\/image\/"}}]}},"_links":{"self":[{"href":"https:\/\/repairandshop.ch\/fr\/wp-json\/wp\/v2\/pages\/82951","targetHints":{"allow":["GET"]}}],"collection":[{"href":"https:\/\/repairandshop.ch\/fr\/wp-json\/wp\/v2\/pages"}],"about":[{"href":"https:\/\/repairandshop.ch\/fr\/wp-json\/wp\/v2\/types\/page"}],"author":[{"embeddable":true,"href":"https:\/\/repairandshop.ch\/fr\/wp-json\/wp\/v2\/users\/1"}],"replies":[{"embeddable":true,"href":"https:\/\/repairandshop.ch\/fr\/wp-json\/wp\/v2\/comments?post=82951"}],"version-history":[{"count":6,"href":"https:\/\/repairandshop.ch\/fr\/wp-json\/wp\/v2\/pages\/82951\/revisions"}],"predecessor-version":[{"id":87583,"href":"https:\/\/repairandshop.ch\/fr\/wp-json\/wp\/v2\/pages\/82951\/revisions\/87583"}],"wp:attachment":[{"href":"https:\/\/repairandshop.ch\/fr\/wp-json\/wp\/v2\/media?parent=82951"}],"curies":[{"name":"wp","href":"https:\/\/api.w.org\/{rel}","templated":true}]}}